{"id":2477,"date":"2022-04-06T18:08:49","date_gmt":"2022-04-06T16:08:49","guid":{"rendered":"https:\/\/lehangarzero.fr\/?post_type=mec-events&#038;p=2477"},"modified":"2022-04-27T20:28:50","modified_gmt":"2022-04-27T18:28:50","slug":"les-aperos-du-jeudi-625-300-283","status":"publish","type":"mec-events","link":"https:\/\/lehangarzero.fr\/en\/events\/les-aperos-du-jeudi-625-300-283\/","title":{"rendered":"Exposition photo"},"content":{"rendered":"<div class=\"cxmmr5t8 oygrvhab hcukyx3x c1et5uql o9v6fnle ii04i59q\">\n<div dir=\"auto\"><img fetchpriority=\"high\" decoding=\"async\" class=\"size-medium wp-image-2478 alignleft\" src=\"https:\/\/lehangarzero.fr\/wp-content\/uploads\/2022\/04\/IMG20220328164411-300x225.jpg\" alt=\"\" width=\"300\" height=\"225\" srcset=\"https:\/\/lehangarzero.fr\/wp-content\/uploads\/2022\/04\/IMG20220328164411-300x225.jpg 300w, https:\/\/lehangarzero.fr\/wp-content\/uploads\/2022\/04\/IMG20220328164411-1024x768.jpg 1024w, https:\/\/lehangarzero.fr\/wp-content\/uploads\/2022\/04\/IMG20220328164411-768x576.jpg 768w, https:\/\/lehangarzero.fr\/wp-content\/uploads\/2022\/04\/IMG20220328164411-1536x1152.jpg 1536w, https:\/\/lehangarzero.fr\/wp-content\/uploads\/2022\/04\/IMG20220328164411-2048x1536.jpg 2048w\" sizes=\"(max-width: 300px) 100vw, 300px\" \/>Dans le cadre du festival de photographie \u00ab\u00a0Are you experiencing ?\u00a0\u00bb, le Hangar Z\u00e9ro accueille une exposition d&rsquo;Axelle Cazier.<\/div>\n<\/div>\n<div class=\"cxmmr5t8 oygrvhab hcukyx3x c1et5uql o9v6fnle ii04i59q\">\n<div dir=\"auto\"><span class=\"pq6dq46d tbxw36s4 knj5qynh kvgmc6g5 ditlmg2l oygrvhab nvdbi5me sf5mxxl7 gl3lb2sf hhz5lgdu\"><img decoding=\"async\" src=\"https:\/\/static.xx.fbcdn.net\/images\/emoji.php\/v9\/t5d\/1\/16\/1f4f7.png\" alt=\"\ud83d\udcf7\" width=\"16\" height=\"16\" \/><\/span> Cette photographe, \u00e9tudiante \u00e0 SciencesPo retranscrit, au travers de ses photos, le mode de vie des agriculteurs Turcs qu&rsquo;elle a rencontr\u00e9s lors de voyages. Elle souhaite \u00e0 travers la photographie, retranscrire le mode de vie de ces agriculteurs et partager avec les Havrais.es son go\u00fbt prononc\u00e9 pour l\u2019aventure et la d\u00e9couverte.<\/div>\n<\/div>\n<div class=\"cxmmr5t8 oygrvhab hcukyx3x c1et5uql o9v6fnle ii04i59q\"><\/div>\n<div class=\"cxmmr5t8 oygrvhab hcukyx3x c1et5uql o9v6fnle ii04i59q\">\n<div dir=\"auto\"><\/div>\n<\/div>\n<div class=\"cxmmr5t8 oygrvhab hcukyx3x c1et5uql o9v6fnle ii04i59q\">\n<div dir=\"auto\">Pour en savoir plus sur l&rsquo;univers d&rsquo;Axelle Cazier : <a class=\"oajrlxb2 g5ia77u1 qu0x051f esr5mh6w e9989ue4 r7d6kgcz rq0escxv nhd2j8a9 nc684nl6 p7hjln8o kvgmc6g5 cxmmr5t8 oygrvhab hcukyx3x jb3vyjys rz4wbd8a qt6c0cv9 a8nywdso i1ao9s8h esuyzwwr f1sip0of lzcic4wl gpro0wi8 py34i1dx\" tabindex=\"0\" role=\"link\" href=\"http:\/\/areyou-experiencing.fr\/axelle-cazier\/?fbclid=IwAR0WePok1XyrztLOYpUrF0Vbyq1S6hZ39kCt6_n-mQ10sXIakutrWo6QrUU\" target=\"_blank\" rel=\"nofollow noopener\">http:\/\/areyou-experiencing.fr\/axelle-cazier\/<\/a><\/div>\n<div dir=\"auto\">Toutes les expositions : <a class=\"oajrlxb2 g5ia77u1 qu0x051f esr5mh6w e9989ue4 r7d6kgcz rq0escxv nhd2j8a9 nc684nl6 p7hjln8o kvgmc6g5 cxmmr5t8 oygrvhab hcukyx3x jb3vyjys rz4wbd8a qt6c0cv9 a8nywdso i1ao9s8h esuyzwwr f1sip0of lzcic4wl gpro0wi8 py34i1dx\" tabindex=\"0\" role=\"link\" href=\"http:\/\/areyou-experiencing.fr\/?fbclid=IwAR2TM4OKFM-ld4_9RVOnVTi-g2HS0UMPjIVKnprjwf66OMF3V3-fJxpiY3Q\" target=\"_blank\" rel=\"nofollow noopener\">http:\/\/areyou-experiencing.fr<\/a><\/div>\n<\/div>","protected":false},"excerpt":{"rendered":"<p>Dans le cadre du festival de photographie \u00ab\u00a0Are you experiencing ?\u00a0\u00bb, le Hangar Z\u00e9ro accueille une exposition d&rsquo;Axelle Cazier. Cette photographe, \u00e9tudiante \u00e0 SciencesPo retranscrit, au travers de ses photos, le mode de vie des agriculteurs Turcs qu&rsquo;elle a rencontr\u00e9s lors de voyages. Elle souhaite \u00e0 travers la photographie, retranscrire le mode de vie de &hellip;<\/p>\n<p class=\"read-more\"> <a class=\"\" href=\"https:\/\/lehangarzero.fr\/en\/events\/les-aperos-du-jeudi-625-300-283\/\"> <span class=\"screen-reader-text\">Exposition photo<\/span> Read More &raquo;<\/a><\/p>","protected":false},"author":1,"featured_media":0,"comment_status":"open","ping_status":"closed","template":"","tags":[],"mec_category":[],"class_list":["post-2477","mec-events","type-mec-events","status-publish","hentry"],"yoast_head":"<!-- This site is optimized with the Yoast SEO plugin v27.5 - https:\/\/yoast.com\/product\/yoast-seo-wordpress\/ -->\n<title>Exposition photo - Le Hangar Z\u00e9ro<\/title>\n<meta name=\"robots\" content=\"index, follow, max-snippet:-1, max-image-preview:large, max-video-preview:-1\" \/>\n<link rel=\"canonical\" href=\"https:\/\/lehangarzero.fr\/en\/events\/les-aperos-du-jeudi-625-300-283\/\" \/>\n<meta property=\"og:locale\" content=\"en_US\" \/>\n<meta property=\"og:type\" content=\"article\" \/>\n<meta property=\"og:title\" content=\"Exposition photo - Le Hangar Z\u00e9ro\" \/>\n<meta property=\"og:description\" content=\"Dans le cadre du festival de photographie \u00ab\u00a0Are you experiencing ?\u00a0\u00bb, le Hangar Z\u00e9ro accueille une exposition d&rsquo;Axelle Cazier. Cette photographe, \u00e9tudiante \u00e0 SciencesPo retranscrit, au travers de ses photos, le mode de vie des agriculteurs Turcs qu&rsquo;elle a rencontr\u00e9s lors de voyages. Elle souhaite \u00e0 travers la photographie, retranscrire le mode de vie de &hellip; Exposition photo Read More &raquo;\" \/>\n<meta property=\"og:url\" content=\"https:\/\/lehangarzero.fr\/en\/events\/les-aperos-du-jeudi-625-300-283\/\" \/>\n<meta property=\"og:site_name\" content=\"Le Hangar Z\u00e9ro\" \/>\n<meta property=\"article:modified_time\" content=\"2022-04-27T18:28:50+00:00\" \/>\n<meta property=\"og:image\" content=\"https:\/\/lehangarzero.fr\/wp-content\/uploads\/2022\/04\/IMG20220328164411-300x225.jpg\" \/>\n<meta name=\"twitter:card\" content=\"summary_large_image\" \/>\n<meta name=\"twitter:label1\" content=\"Est. reading time\" \/>\n\t<meta name=\"twitter:data1\" content=\"1 minute\" \/>\n<script type=\"application\/ld+json\" class=\"yoast-schema-graph\">{\"@context\":\"https:\\\/\\\/schema.org\",\"@graph\":[{\"@type\":\"WebPage\",\"@id\":\"https:\\\/\\\/lehangarzero.fr\\\/events\\\/les-aperos-du-jeudi-625-300-283\\\/\",\"url\":\"https:\\\/\\\/lehangarzero.fr\\\/events\\\/les-aperos-du-jeudi-625-300-283\\\/\",\"name\":\"Exposition photo - Le Hangar Z\u00e9ro\",\"isPartOf\":{\"@id\":\"https:\\\/\\\/lehangarzero.fr\\\/#website\"},\"primaryImageOfPage\":{\"@id\":\"https:\\\/\\\/lehangarzero.fr\\\/events\\\/les-aperos-du-jeudi-625-300-283\\\/#primaryimage\"},\"image\":{\"@id\":\"https:\\\/\\\/lehangarzero.fr\\\/events\\\/les-aperos-du-jeudi-625-300-283\\\/#primaryimage\"},\"thumbnailUrl\":\"https:\\\/\\\/lehangarzero.fr\\\/wp-content\\\/uploads\\\/2022\\\/04\\\/IMG20220328164411-300x225.jpg\",\"datePublished\":\"2022-04-06T16:08:49+00:00\",\"dateModified\":\"2022-04-27T18:28:50+00:00\",\"breadcrumb\":{\"@id\":\"https:\\\/\\\/lehangarzero.fr\\\/events\\\/les-aperos-du-jeudi-625-300-283\\\/#breadcrumb\"},\"inLanguage\":\"en-US\",\"potentialAction\":[{\"@type\":\"ReadAction\",\"target\":[\"https:\\\/\\\/lehangarzero.fr\\\/events\\\/les-aperos-du-jeudi-625-300-283\\\/\"]}]},{\"@type\":\"ImageObject\",\"inLanguage\":\"en-US\",\"@id\":\"https:\\\/\\\/lehangarzero.fr\\\/events\\\/les-aperos-du-jeudi-625-300-283\\\/#primaryimage\",\"url\":\"https:\\\/\\\/lehangarzero.fr\\\/wp-content\\\/uploads\\\/2022\\\/04\\\/IMG20220328164411-300x225.jpg\",\"contentUrl\":\"https:\\\/\\\/lehangarzero.fr\\\/wp-content\\\/uploads\\\/2022\\\/04\\\/IMG20220328164411-300x225.jpg\"},{\"@type\":\"BreadcrumbList\",\"@id\":\"https:\\\/\\\/lehangarzero.fr\\\/events\\\/les-aperos-du-jeudi-625-300-283\\\/#breadcrumb\",\"itemListElement\":[{\"@type\":\"ListItem\",\"position\":1,\"name\":\"Accueil\",\"item\":\"https:\\\/\\\/lehangarzero.fr\\\/\"},{\"@type\":\"ListItem\",\"position\":2,\"name\":\"\u00c9venements\",\"item\":\"https:\\\/\\\/lehangarzero.fr\\\/events\\\/\"},{\"@type\":\"ListItem\",\"position\":3,\"name\":\"Exposition photo\"}]},{\"@type\":\"WebSite\",\"@id\":\"https:\\\/\\\/lehangarzero.fr\\\/#website\",\"url\":\"https:\\\/\\\/lehangarzero.fr\\\/\",\"name\":\"Le Hangar Z\u00e9ro\",\"description\":\"Le laboratoire de la transition \u00e9cologique et citoyenne\",\"publisher\":{\"@id\":\"https:\\\/\\\/lehangarzero.fr\\\/#organization\"},\"potentialAction\":[{\"@type\":\"SearchAction\",\"target\":{\"@type\":\"EntryPoint\",\"urlTemplate\":\"https:\\\/\\\/lehangarzero.fr\\\/?s={search_term_string}\"},\"query-input\":{\"@type\":\"PropertyValueSpecification\",\"valueRequired\":true,\"valueName\":\"search_term_string\"}}],\"inLanguage\":\"en-US\"},{\"@type\":\"Organization\",\"@id\":\"https:\\\/\\\/lehangarzero.fr\\\/#organization\",\"name\":\"Le Hangar Z\u00e9ro\",\"url\":\"https:\\\/\\\/lehangarzero.fr\\\/\",\"logo\":{\"@type\":\"ImageObject\",\"inLanguage\":\"en-US\",\"@id\":\"https:\\\/\\\/lehangarzero.fr\\\/#\\\/schema\\\/logo\\\/image\\\/\",\"url\":\"https:\\\/\\\/lehangarzero.fr\\\/wp-content\\\/uploads\\\/2022\\\/02\\\/cropped-cropped-logo-hz-blanc-1536x977-1.png\",\"contentUrl\":\"https:\\\/\\\/lehangarzero.fr\\\/wp-content\\\/uploads\\\/2022\\\/02\\\/cropped-cropped-logo-hz-blanc-1536x977-1.png\",\"width\":\"1536\",\"height\":\"977\",\"caption\":\"Le Hangar Z\u00e9ro\"},\"image\":{\"@id\":\"https:\\\/\\\/lehangarzero.fr\\\/#\\\/schema\\\/logo\\\/image\\\/\"}}]}<\/script>\n<!-- \/ Yoast SEO plugin. -->","yoast_head_json":{"title":"Exposition photo - Le Hangar Z\u00e9ro","robots":{"index":"index","follow":"follow","max-snippet":"max-snippet:-1","max-image-preview":"max-image-preview:large","max-video-preview":"max-video-preview:-1"},"canonical":"https:\/\/lehangarzero.fr\/en\/events\/les-aperos-du-jeudi-625-300-283\/","og_locale":"en_US","og_type":"article","og_title":"Exposition photo - Le Hangar Z\u00e9ro","og_description":"Dans le cadre du festival de photographie \u00ab\u00a0Are you experiencing ?\u00a0\u00bb, le Hangar Z\u00e9ro accueille une exposition d&rsquo;Axelle Cazier. Cette photographe, \u00e9tudiante \u00e0 SciencesPo retranscrit, au travers de ses photos, le mode de vie des agriculteurs Turcs qu&rsquo;elle a rencontr\u00e9s lors de voyages. Elle souhaite \u00e0 travers la photographie, retranscrire le mode de vie de &hellip; Exposition photo Read More &raquo;","og_url":"https:\/\/lehangarzero.fr\/en\/events\/les-aperos-du-jeudi-625-300-283\/","og_site_name":"Le Hangar Z\u00e9ro","article_modified_time":"2022-04-27T18:28:50+00:00","og_image":[{"url":"https:\/\/lehangarzero.fr\/wp-content\/uploads\/2022\/04\/IMG20220328164411-300x225.jpg","type":"","width":"","height":""}],"twitter_card":"summary_large_image","twitter_misc":{"Est. reading time":"1 minute"},"schema":{"@context":"https:\/\/schema.org","@graph":[{"@type":"WebPage","@id":"https:\/\/lehangarzero.fr\/events\/les-aperos-du-jeudi-625-300-283\/","url":"https:\/\/lehangarzero.fr\/events\/les-aperos-du-jeudi-625-300-283\/","name":"Exposition photo - Le Hangar Z\u00e9ro","isPartOf":{"@id":"https:\/\/lehangarzero.fr\/#website"},"primaryImageOfPage":{"@id":"https:\/\/lehangarzero.fr\/events\/les-aperos-du-jeudi-625-300-283\/#primaryimage"},"image":{"@id":"https:\/\/lehangarzero.fr\/events\/les-aperos-du-jeudi-625-300-283\/#primaryimage"},"thumbnailUrl":"https:\/\/lehangarzero.fr\/wp-content\/uploads\/2022\/04\/IMG20220328164411-300x225.jpg","datePublished":"2022-04-06T16:08:49+00:00","dateModified":"2022-04-27T18:28:50+00:00","breadcrumb":{"@id":"https:\/\/lehangarzero.fr\/events\/les-aperos-du-jeudi-625-300-283\/#breadcrumb"},"inLanguage":"en-US","potentialAction":[{"@type":"ReadAction","target":["https:\/\/lehangarzero.fr\/events\/les-aperos-du-jeudi-625-300-283\/"]}]},{"@type":"ImageObject","inLanguage":"en-US","@id":"https:\/\/lehangarzero.fr\/events\/les-aperos-du-jeudi-625-300-283\/#primaryimage","url":"https:\/\/lehangarzero.fr\/wp-content\/uploads\/2022\/04\/IMG20220328164411-300x225.jpg","contentUrl":"https:\/\/lehangarzero.fr\/wp-content\/uploads\/2022\/04\/IMG20220328164411-300x225.jpg"},{"@type":"BreadcrumbList","@id":"https:\/\/lehangarzero.fr\/events\/les-aperos-du-jeudi-625-300-283\/#breadcrumb","itemListElement":[{"@type":"ListItem","position":1,"name":"Accueil","item":"https:\/\/lehangarzero.fr\/"},{"@type":"ListItem","position":2,"name":"\u00c9venements","item":"https:\/\/lehangarzero.fr\/events\/"},{"@type":"ListItem","position":3,"name":"Exposition photo"}]},{"@type":"WebSite","@id":"https:\/\/lehangarzero.fr\/#website","url":"https:\/\/lehangarzero.fr\/","name":"Le Hangar Z\u00e9ro","description":"Le laboratoire de la transition \u00e9cologique et citoyenne","publisher":{"@id":"https:\/\/lehangarzero.fr\/#organization"},"potentialAction":[{"@type":"SearchAction","target":{"@type":"EntryPoint","urlTemplate":"https:\/\/lehangarzero.fr\/?s={search_term_string}"},"query-input":{"@type":"PropertyValueSpecification","valueRequired":true,"valueName":"search_term_string"}}],"inLanguage":"en-US"},{"@type":"Organization","@id":"https:\/\/lehangarzero.fr\/#organization","name":"Le Hangar Z\u00e9ro","url":"https:\/\/lehangarzero.fr\/","logo":{"@type":"ImageObject","inLanguage":"en-US","@id":"https:\/\/lehangarzero.fr\/#\/schema\/logo\/image\/","url":"https:\/\/lehangarzero.fr\/wp-content\/uploads\/2022\/02\/cropped-cropped-logo-hz-blanc-1536x977-1.png","contentUrl":"https:\/\/lehangarzero.fr\/wp-content\/uploads\/2022\/02\/cropped-cropped-logo-hz-blanc-1536x977-1.png","width":"1536","height":"977","caption":"Le Hangar Z\u00e9ro"},"image":{"@id":"https:\/\/lehangarzero.fr\/#\/schema\/logo\/image\/"}}]}},"_links":{"self":[{"href":"https:\/\/lehangarzero.fr\/en\/wp-json\/wp\/v2\/mec-events\/2477","targetHints":{"allow":["GET"]}}],"collection":[{"href":"https:\/\/lehangarzero.fr\/en\/wp-json\/wp\/v2\/mec-events"}],"about":[{"href":"https:\/\/lehangarzero.fr\/en\/wp-json\/wp\/v2\/types\/mec-events"}],"author":[{"embeddable":true,"href":"https:\/\/lehangarzero.fr\/en\/wp-json\/wp\/v2\/users\/1"}],"replies":[{"embeddable":true,"href":"https:\/\/lehangarzero.fr\/en\/wp-json\/wp\/v2\/comments?post=2477"}],"wp:attachment":[{"href":"https:\/\/lehangarzero.fr\/en\/wp-json\/wp\/v2\/media?parent=2477"}],"wp:term":[{"taxonomy":"post_tag","embeddable":true,"href":"https:\/\/lehangarzero.fr\/en\/wp-json\/wp\/v2\/tags?post=2477"},{"taxonomy":"mec_category","embeddable":true,"href":"https:\/\/lehangarzero.fr\/en\/wp-json\/wp\/v2\/mec_category?post=2477"}],"curies":[{"name":"wp","href":"https:\/\/api.w.org\/{rel}","templated":true}]}}