{"id":2570,"date":"2022-04-27T20:16:42","date_gmt":"2022-04-27T18:16:42","guid":{"rendered":"https:\/\/lehangarzero.fr\/?post_type=mec-events&#038;p=2570"},"modified":"2022-04-27T20:16:42","modified_gmt":"2022-04-27T18:16:42","slug":"le-chemin-des-initiatives","status":"publish","type":"mec-events","link":"https:\/\/lehangarzero.fr\/en\/events\/le-chemin-des-initiatives\/","title":{"rendered":"Le chemin des initiatives"},"content":{"rendered":"<p><img fetchpriority=\"high\" decoding=\"async\" class=\"wp-image-2571 aligncenter\" src=\"https:\/\/lehangarzero.fr\/wp-content\/uploads\/2022\/04\/armelvrac-300x157.jpg\" alt=\"\" width=\"349\" height=\"210\" \/><\/p>\n<p>Le Hangar Z\u00e9ro est la premi\u00e8re \u00e9tape, mais surtout le point de d\u00e9part du projet d\u2019Armel Vrac : Les Chemins des initiatives. C\u2019est un voyage en mobilit\u00e9 douce au c\u0153ur de la Normandie pour aller \u00e0 la rencontre des acteurs du changement li\u00e9s aux transitions \u00e9cologiques, \u00e9nerg\u00e9tiques, culturelles, sociales et \u00e9co-responsables et mettre en avant les exp\u00e9riences et savoir-faire au travers de courtes vid\u00e9os.<\/p>\n<p>Avant son d\u00e9part pr\u00e9vu le samedi 7 mai \u00e0 11h, un temps d\u2019\u00e9change sera partag\u00e9 avec lui pour discuter de son projet, et pourquoi pas, l\u2019accompagner en v\u00e9lo sur quelques m\u00e8tres ou kilom\u00e8tres !<\/p>\n<p><em>Rendez-vous le 7 mai \u00e0 partir de 10h au 37 quai de la Sa\u00f4ne<\/em><\/p>","protected":false},"excerpt":{"rendered":"<p>Le Hangar Z\u00e9ro est la premi\u00e8re \u00e9tape, mais surtout le point de d\u00e9part du projet d\u2019Armel Vrac : Les Chemins des initiatives. C\u2019est un voyage en mobilit\u00e9 douce au c\u0153ur de la Normandie pour aller \u00e0 la rencontre des acteurs du changement li\u00e9s aux transitions \u00e9cologiques, \u00e9nerg\u00e9tiques, culturelles, sociales et \u00e9co-responsables et mettre en avant &hellip;<\/p>\n<p class=\"read-more\"> <a class=\"\" href=\"https:\/\/lehangarzero.fr\/en\/events\/le-chemin-des-initiatives\/\"> <span class=\"screen-reader-text\">Le chemin des initiatives<\/span> Read More &raquo;<\/a><\/p>","protected":false},"author":1,"featured_media":0,"comment_status":"open","ping_status":"closed","template":"","tags":[],"mec_category":[],"class_list":["post-2570","mec-events","type-mec-events","status-publish","hentry"],"yoast_head":"<!-- This site is optimized with the Yoast SEO plugin v27.5 - https:\/\/yoast.com\/product\/yoast-seo-wordpress\/ -->\n<title>Le chemin des initiatives - Le Hangar Z\u00e9ro<\/title>\n<meta name=\"robots\" content=\"index, follow, max-snippet:-1, max-image-preview:large, max-video-preview:-1\" \/>\n<link rel=\"canonical\" href=\"https:\/\/lehangarzero.fr\/en\/events\/le-chemin-des-initiatives\/\" \/>\n<meta property=\"og:locale\" content=\"en_US\" \/>\n<meta property=\"og:type\" content=\"article\" \/>\n<meta property=\"og:title\" content=\"Le chemin des initiatives - Le Hangar Z\u00e9ro\" \/>\n<meta property=\"og:description\" content=\"Le Hangar Z\u00e9ro est la premi\u00e8re \u00e9tape, mais surtout le point de d\u00e9part du projet d\u2019Armel Vrac : Les Chemins des initiatives. C\u2019est un voyage en mobilit\u00e9 douce au c\u0153ur de la Normandie pour aller \u00e0 la rencontre des acteurs du changement li\u00e9s aux transitions \u00e9cologiques, \u00e9nerg\u00e9tiques, culturelles, sociales et \u00e9co-responsables et mettre en avant &hellip; Le chemin des initiatives Read More &raquo;\" \/>\n<meta property=\"og:url\" content=\"https:\/\/lehangarzero.fr\/en\/events\/le-chemin-des-initiatives\/\" \/>\n<meta property=\"og:site_name\" content=\"Le Hangar Z\u00e9ro\" \/>\n<meta property=\"og:image\" content=\"https:\/\/lehangarzero.fr\/wp-content\/uploads\/2022\/04\/armelvrac-300x157.jpg\" \/>\n<meta name=\"twitter:card\" content=\"summary_large_image\" \/>\n<meta name=\"twitter:label1\" content=\"Est. reading time\" \/>\n\t<meta name=\"twitter:data1\" content=\"1 minute\" \/>\n<script type=\"application\/ld+json\" class=\"yoast-schema-graph\">{\"@context\":\"https:\\\/\\\/schema.org\",\"@graph\":[{\"@type\":\"WebPage\",\"@id\":\"https:\\\/\\\/lehangarzero.fr\\\/events\\\/le-chemin-des-initiatives\\\/\",\"url\":\"https:\\\/\\\/lehangarzero.fr\\\/events\\\/le-chemin-des-initiatives\\\/\",\"name\":\"Le chemin des initiatives - Le Hangar Z\u00e9ro\",\"isPartOf\":{\"@id\":\"https:\\\/\\\/lehangarzero.fr\\\/#website\"},\"primaryImageOfPage\":{\"@id\":\"https:\\\/\\\/lehangarzero.fr\\\/events\\\/le-chemin-des-initiatives\\\/#primaryimage\"},\"image\":{\"@id\":\"https:\\\/\\\/lehangarzero.fr\\\/events\\\/le-chemin-des-initiatives\\\/#primaryimage\"},\"thumbnailUrl\":\"https:\\\/\\\/lehangarzero.fr\\\/wp-content\\\/uploads\\\/2022\\\/04\\\/armelvrac-300x157.jpg\",\"datePublished\":\"2022-04-27T18:16:42+00:00\",\"breadcrumb\":{\"@id\":\"https:\\\/\\\/lehangarzero.fr\\\/events\\\/le-chemin-des-initiatives\\\/#breadcrumb\"},\"inLanguage\":\"en-US\",\"potentialAction\":[{\"@type\":\"ReadAction\",\"target\":[\"https:\\\/\\\/lehangarzero.fr\\\/events\\\/le-chemin-des-initiatives\\\/\"]}]},{\"@type\":\"ImageObject\",\"inLanguage\":\"en-US\",\"@id\":\"https:\\\/\\\/lehangarzero.fr\\\/events\\\/le-chemin-des-initiatives\\\/#primaryimage\",\"url\":\"https:\\\/\\\/lehangarzero.fr\\\/wp-content\\\/uploads\\\/2022\\\/04\\\/armelvrac-300x157.jpg\",\"contentUrl\":\"https:\\\/\\\/lehangarzero.fr\\\/wp-content\\\/uploads\\\/2022\\\/04\\\/armelvrac-300x157.jpg\"},{\"@type\":\"BreadcrumbList\",\"@id\":\"https:\\\/\\\/lehangarzero.fr\\\/events\\\/le-chemin-des-initiatives\\\/#breadcrumb\",\"itemListElement\":[{\"@type\":\"ListItem\",\"position\":1,\"name\":\"Accueil\",\"item\":\"https:\\\/\\\/lehangarzero.fr\\\/\"},{\"@type\":\"ListItem\",\"position\":2,\"name\":\"\u00c9venements\",\"item\":\"https:\\\/\\\/lehangarzero.fr\\\/events\\\/\"},{\"@type\":\"ListItem\",\"position\":3,\"name\":\"Le chemin des initiatives\"}]},{\"@type\":\"WebSite\",\"@id\":\"https:\\\/\\\/lehangarzero.fr\\\/#website\",\"url\":\"https:\\\/\\\/lehangarzero.fr\\\/\",\"name\":\"Le Hangar Z\u00e9ro\",\"description\":\"Le laboratoire de la transition \u00e9cologique et citoyenne\",\"publisher\":{\"@id\":\"https:\\\/\\\/lehangarzero.fr\\\/#organization\"},\"potentialAction\":[{\"@type\":\"SearchAction\",\"target\":{\"@type\":\"EntryPoint\",\"urlTemplate\":\"https:\\\/\\\/lehangarzero.fr\\\/?s={search_term_string}\"},\"query-input\":{\"@type\":\"PropertyValueSpecification\",\"valueRequired\":true,\"valueName\":\"search_term_string\"}}],\"inLanguage\":\"en-US\"},{\"@type\":\"Organization\",\"@id\":\"https:\\\/\\\/lehangarzero.fr\\\/#organization\",\"name\":\"Le Hangar Z\u00e9ro\",\"url\":\"https:\\\/\\\/lehangarzero.fr\\\/\",\"logo\":{\"@type\":\"ImageObject\",\"inLanguage\":\"en-US\",\"@id\":\"https:\\\/\\\/lehangarzero.fr\\\/#\\\/schema\\\/logo\\\/image\\\/\",\"url\":\"https:\\\/\\\/lehangarzero.fr\\\/wp-content\\\/uploads\\\/2022\\\/02\\\/cropped-cropped-logo-hz-blanc-1536x977-1.png\",\"contentUrl\":\"https:\\\/\\\/lehangarzero.fr\\\/wp-content\\\/uploads\\\/2022\\\/02\\\/cropped-cropped-logo-hz-blanc-1536x977-1.png\",\"width\":\"1536\",\"height\":\"977\",\"caption\":\"Le Hangar Z\u00e9ro\"},\"image\":{\"@id\":\"https:\\\/\\\/lehangarzero.fr\\\/#\\\/schema\\\/logo\\\/image\\\/\"}}]}<\/script>\n<!-- \/ Yoast SEO plugin. -->","yoast_head_json":{"title":"Le chemin des initiatives - Le Hangar Z\u00e9ro","robots":{"index":"index","follow":"follow","max-snippet":"max-snippet:-1","max-image-preview":"max-image-preview:large","max-video-preview":"max-video-preview:-1"},"canonical":"https:\/\/lehangarzero.fr\/en\/events\/le-chemin-des-initiatives\/","og_locale":"en_US","og_type":"article","og_title":"Le chemin des initiatives - Le Hangar Z\u00e9ro","og_description":"Le Hangar Z\u00e9ro est la premi\u00e8re \u00e9tape, mais surtout le point de d\u00e9part du projet d\u2019Armel Vrac : Les Chemins des initiatives. C\u2019est un voyage en mobilit\u00e9 douce au c\u0153ur de la Normandie pour aller \u00e0 la rencontre des acteurs du changement li\u00e9s aux transitions \u00e9cologiques, \u00e9nerg\u00e9tiques, culturelles, sociales et \u00e9co-responsables et mettre en avant &hellip; Le chemin des initiatives Read More &raquo;","og_url":"https:\/\/lehangarzero.fr\/en\/events\/le-chemin-des-initiatives\/","og_site_name":"Le Hangar Z\u00e9ro","og_image":[{"url":"https:\/\/lehangarzero.fr\/wp-content\/uploads\/2022\/04\/armelvrac-300x157.jpg","type":"","width":"","height":""}],"twitter_card":"summary_large_image","twitter_misc":{"Est. reading time":"1 minute"},"schema":{"@context":"https:\/\/schema.org","@graph":[{"@type":"WebPage","@id":"https:\/\/lehangarzero.fr\/events\/le-chemin-des-initiatives\/","url":"https:\/\/lehangarzero.fr\/events\/le-chemin-des-initiatives\/","name":"Le chemin des initiatives - Le Hangar Z\u00e9ro","isPartOf":{"@id":"https:\/\/lehangarzero.fr\/#website"},"primaryImageOfPage":{"@id":"https:\/\/lehangarzero.fr\/events\/le-chemin-des-initiatives\/#primaryimage"},"image":{"@id":"https:\/\/lehangarzero.fr\/events\/le-chemin-des-initiatives\/#primaryimage"},"thumbnailUrl":"https:\/\/lehangarzero.fr\/wp-content\/uploads\/2022\/04\/armelvrac-300x157.jpg","datePublished":"2022-04-27T18:16:42+00:00","breadcrumb":{"@id":"https:\/\/lehangarzero.fr\/events\/le-chemin-des-initiatives\/#breadcrumb"},"inLanguage":"en-US","potentialAction":[{"@type":"ReadAction","target":["https:\/\/lehangarzero.fr\/events\/le-chemin-des-initiatives\/"]}]},{"@type":"ImageObject","inLanguage":"en-US","@id":"https:\/\/lehangarzero.fr\/events\/le-chemin-des-initiatives\/#primaryimage","url":"https:\/\/lehangarzero.fr\/wp-content\/uploads\/2022\/04\/armelvrac-300x157.jpg","contentUrl":"https:\/\/lehangarzero.fr\/wp-content\/uploads\/2022\/04\/armelvrac-300x157.jpg"},{"@type":"BreadcrumbList","@id":"https:\/\/lehangarzero.fr\/events\/le-chemin-des-initiatives\/#breadcrumb","itemListElement":[{"@type":"ListItem","position":1,"name":"Accueil","item":"https:\/\/lehangarzero.fr\/"},{"@type":"ListItem","position":2,"name":"\u00c9venements","item":"https:\/\/lehangarzero.fr\/events\/"},{"@type":"ListItem","position":3,"name":"Le chemin des initiatives"}]},{"@type":"WebSite","@id":"https:\/\/lehangarzero.fr\/#website","url":"https:\/\/lehangarzero.fr\/","name":"Le Hangar Z\u00e9ro","description":"Le laboratoire de la transition \u00e9cologique et citoyenne","publisher":{"@id":"https:\/\/lehangarzero.fr\/#organization"},"potentialAction":[{"@type":"SearchAction","target":{"@type":"EntryPoint","urlTemplate":"https:\/\/lehangarzero.fr\/?s={search_term_string}"},"query-input":{"@type":"PropertyValueSpecification","valueRequired":true,"valueName":"search_term_string"}}],"inLanguage":"en-US"},{"@type":"Organization","@id":"https:\/\/lehangarzero.fr\/#organization","name":"Le Hangar Z\u00e9ro","url":"https:\/\/lehangarzero.fr\/","logo":{"@type":"ImageObject","inLanguage":"en-US","@id":"https:\/\/lehangarzero.fr\/#\/schema\/logo\/image\/","url":"https:\/\/lehangarzero.fr\/wp-content\/uploads\/2022\/02\/cropped-cropped-logo-hz-blanc-1536x977-1.png","contentUrl":"https:\/\/lehangarzero.fr\/wp-content\/uploads\/2022\/02\/cropped-cropped-logo-hz-blanc-1536x977-1.png","width":"1536","height":"977","caption":"Le Hangar Z\u00e9ro"},"image":{"@id":"https:\/\/lehangarzero.fr\/#\/schema\/logo\/image\/"}}]}},"_links":{"self":[{"href":"https:\/\/lehangarzero.fr\/en\/wp-json\/wp\/v2\/mec-events\/2570","targetHints":{"allow":["GET"]}}],"collection":[{"href":"https:\/\/lehangarzero.fr\/en\/wp-json\/wp\/v2\/mec-events"}],"about":[{"href":"https:\/\/lehangarzero.fr\/en\/wp-json\/wp\/v2\/types\/mec-events"}],"author":[{"embeddable":true,"href":"https:\/\/lehangarzero.fr\/en\/wp-json\/wp\/v2\/users\/1"}],"replies":[{"embeddable":true,"href":"https:\/\/lehangarzero.fr\/en\/wp-json\/wp\/v2\/comments?post=2570"}],"wp:attachment":[{"href":"https:\/\/lehangarzero.fr\/en\/wp-json\/wp\/v2\/media?parent=2570"}],"wp:term":[{"taxonomy":"post_tag","embeddable":true,"href":"https:\/\/lehangarzero.fr\/en\/wp-json\/wp\/v2\/tags?post=2570"},{"taxonomy":"mec_category","embeddable":true,"href":"https:\/\/lehangarzero.fr\/en\/wp-json\/wp\/v2\/mec_category?post=2570"}],"curies":[{"name":"wp","href":"https:\/\/api.w.org\/{rel}","templated":true}]}}