{"id":2958,"date":"2022-11-18T15:49:40","date_gmt":"2022-11-18T14:49:40","guid":{"rendered":"https:\/\/lehangarzero.fr\/?post_type=mec-events&#038;p=2958"},"modified":"2022-12-01T13:28:09","modified_gmt":"2022-12-01T12:28:09","slug":"vernissage-expo-vente-le-sale-calendrier","status":"publish","type":"mec-events","link":"https:\/\/lehangarzero.fr\/en\/events\/vernissage-expo-vente-le-sale-calendrier\/","title":{"rendered":"Vernissage expo &#8211; vente \u201cLe sale calendrier\u201d"},"content":{"rendered":"<p><img fetchpriority=\"high\" decoding=\"async\" class=\"wp-image-2967 aligncenter\" src=\"https:\/\/lehangarzero.fr\/wp-content\/uploads\/2022\/11\/salecalendrier-300x157.jpg\" alt=\"\" width=\"632\" height=\"331\" srcset=\"https:\/\/lehangarzero.fr\/wp-content\/uploads\/2022\/11\/salecalendrier-300x157.jpg 300w, https:\/\/lehangarzero.fr\/wp-content\/uploads\/2022\/11\/salecalendrier.jpg 667w\" sizes=\"(max-width: 632px) 100vw, 632px\" \/><\/p>\n<p>Wings of the Ocean, l&rsquo;association de lutte contre la pollution plastique des oc\u00e9ans lance la 3\u00e8me \u00e9dition de son calendrier.<\/p>\n<p>A cette occasion, le Hangar Z\u00e9ro accueille tout le mois de d\u00e9cembre l&rsquo;exposition des photos de Victor Janjic prises pour le calendrier.<\/p>\n<p>Les clich\u00e9s esth\u00e9tiques opposent la beaut\u00e9 des corps des b\u00e9n\u00e9voles au d\u00e9sordre d&rsquo;un environnement de d\u00e9chets. V\u00e9ritable r\u00e9flexion artistique, ces photos unissent la sensualit\u00e9 et la beaut\u00e9 des corps avec le d\u00e9sordre de la pollution.<\/p>\n<p>Le Sale Calendrier 2023 sera en vente dans le Resto au prix de 20\u20ac (payable uniquement en esp\u00e8ce) ainsi que les tirage des photos. Chaque mois, le calendrier r\u00e9v\u00e8le une photographie des b\u00e9n\u00e9voles avec une citation inspirante ou un chiffre cl\u00e9 sur la pollution plastique.<\/p>\n<p>Une bonne id\u00e9e de cadeau de No\u00ebl !<\/p>\n<p>Exposition du 1er au 23 d\u00e9cembre sur les horaires d&rsquo;ouverture du Resto<\/p>\n<p>Vernissage le jeudi 8 d\u00e9cembre \u00e0 partir de 18h<\/p>","protected":false},"excerpt":{"rendered":"<p>Wings of the Ocean, l&rsquo;association de lutte contre la pollution plastique des oc\u00e9ans lance la 3\u00e8me \u00e9dition de son calendrier. A cette occasion, le Hangar Z\u00e9ro accueille tout le mois de d\u00e9cembre l&rsquo;exposition des photos de Victor Janjic prises pour le calendrier. Les clich\u00e9s esth\u00e9tiques opposent la beaut\u00e9 des corps des b\u00e9n\u00e9voles au d\u00e9sordre d&rsquo;un &hellip;<\/p>\n<p class=\"read-more\"> <a class=\"\" href=\"https:\/\/lehangarzero.fr\/en\/events\/vernissage-expo-vente-le-sale-calendrier\/\"> <span class=\"screen-reader-text\">Vernissage expo &#8211; vente \u201cLe sale calendrier\u201d<\/span> Read More &raquo;<\/a><\/p>","protected":false},"author":1,"featured_media":0,"comment_status":"open","ping_status":"closed","template":"","tags":[],"mec_category":[],"class_list":["post-2958","mec-events","type-mec-events","status-publish","hentry"],"yoast_head":"<!-- This site is optimized with the Yoast SEO plugin v27.5 - https:\/\/yoast.com\/product\/yoast-seo-wordpress\/ -->\n<title>Vernissage expo - vente \u201cLe sale calendrier\u201d - Le Hangar Z\u00e9ro<\/title>\n<meta name=\"robots\" content=\"index, follow, max-snippet:-1, max-image-preview:large, max-video-preview:-1\" \/>\n<link rel=\"canonical\" href=\"https:\/\/lehangarzero.fr\/en\/events\/vernissage-expo-vente-le-sale-calendrier\/\" \/>\n<meta property=\"og:locale\" content=\"en_US\" \/>\n<meta property=\"og:type\" content=\"article\" \/>\n<meta property=\"og:title\" content=\"Vernissage expo - vente \u201cLe sale calendrier\u201d - Le Hangar Z\u00e9ro\" \/>\n<meta property=\"og:description\" content=\"Wings of the Ocean, l&rsquo;association de lutte contre la pollution plastique des oc\u00e9ans lance la 3\u00e8me \u00e9dition de son calendrier. A cette occasion, le Hangar Z\u00e9ro accueille tout le mois de d\u00e9cembre l&rsquo;exposition des photos de Victor Janjic prises pour le calendrier. Les clich\u00e9s esth\u00e9tiques opposent la beaut\u00e9 des corps des b\u00e9n\u00e9voles au d\u00e9sordre d&rsquo;un &hellip; Vernissage expo &#8211; vente \u201cLe sale calendrier\u201d Read More &raquo;\" \/>\n<meta property=\"og:url\" content=\"https:\/\/lehangarzero.fr\/en\/events\/vernissage-expo-vente-le-sale-calendrier\/\" \/>\n<meta property=\"og:site_name\" content=\"Le Hangar Z\u00e9ro\" \/>\n<meta property=\"article:modified_time\" content=\"2022-12-01T12:28:09+00:00\" \/>\n<meta property=\"og:image\" content=\"https:\/\/lehangarzero.fr\/wp-content\/uploads\/2022\/11\/salecalendrier-300x157.jpg\" \/>\n<meta name=\"twitter:card\" content=\"summary_large_image\" \/>\n<meta name=\"twitter:label1\" content=\"Est. reading time\" \/>\n\t<meta name=\"twitter:data1\" content=\"1 minute\" \/>\n<script type=\"application\/ld+json\" class=\"yoast-schema-graph\">{\"@context\":\"https:\\\/\\\/schema.org\",\"@graph\":[{\"@type\":\"WebPage\",\"@id\":\"https:\\\/\\\/lehangarzero.fr\\\/events\\\/vernissage-expo-vente-le-sale-calendrier\\\/\",\"url\":\"https:\\\/\\\/lehangarzero.fr\\\/events\\\/vernissage-expo-vente-le-sale-calendrier\\\/\",\"name\":\"Vernissage expo - vente \u201cLe sale calendrier\u201d - Le Hangar Z\u00e9ro\",\"isPartOf\":{\"@id\":\"https:\\\/\\\/lehangarzero.fr\\\/#website\"},\"primaryImageOfPage\":{\"@id\":\"https:\\\/\\\/lehangarzero.fr\\\/events\\\/vernissage-expo-vente-le-sale-calendrier\\\/#primaryimage\"},\"image\":{\"@id\":\"https:\\\/\\\/lehangarzero.fr\\\/events\\\/vernissage-expo-vente-le-sale-calendrier\\\/#primaryimage\"},\"thumbnailUrl\":\"https:\\\/\\\/lehangarzero.fr\\\/wp-content\\\/uploads\\\/2022\\\/11\\\/salecalendrier-300x157.jpg\",\"datePublished\":\"2022-11-18T14:49:40+00:00\",\"dateModified\":\"2022-12-01T12:28:09+00:00\",\"breadcrumb\":{\"@id\":\"https:\\\/\\\/lehangarzero.fr\\\/events\\\/vernissage-expo-vente-le-sale-calendrier\\\/#breadcrumb\"},\"inLanguage\":\"en-US\",\"potentialAction\":[{\"@type\":\"ReadAction\",\"target\":[\"https:\\\/\\\/lehangarzero.fr\\\/events\\\/vernissage-expo-vente-le-sale-calendrier\\\/\"]}]},{\"@type\":\"ImageObject\",\"inLanguage\":\"en-US\",\"@id\":\"https:\\\/\\\/lehangarzero.fr\\\/events\\\/vernissage-expo-vente-le-sale-calendrier\\\/#primaryimage\",\"url\":\"https:\\\/\\\/lehangarzero.fr\\\/wp-content\\\/uploads\\\/2022\\\/11\\\/salecalendrier-300x157.jpg\",\"contentUrl\":\"https:\\\/\\\/lehangarzero.fr\\\/wp-content\\\/uploads\\\/2022\\\/11\\\/salecalendrier-300x157.jpg\"},{\"@type\":\"BreadcrumbList\",\"@id\":\"https:\\\/\\\/lehangarzero.fr\\\/events\\\/vernissage-expo-vente-le-sale-calendrier\\\/#breadcrumb\",\"itemListElement\":[{\"@type\":\"ListItem\",\"position\":1,\"name\":\"Accueil\",\"item\":\"https:\\\/\\\/lehangarzero.fr\\\/\"},{\"@type\":\"ListItem\",\"position\":2,\"name\":\"\u00c9venements\",\"item\":\"https:\\\/\\\/lehangarzero.fr\\\/events\\\/\"},{\"@type\":\"ListItem\",\"position\":3,\"name\":\"Vernissage expo &#8211; vente \u201cLe sale calendrier\u201d\"}]},{\"@type\":\"WebSite\",\"@id\":\"https:\\\/\\\/lehangarzero.fr\\\/#website\",\"url\":\"https:\\\/\\\/lehangarzero.fr\\\/\",\"name\":\"Le Hangar Z\u00e9ro\",\"description\":\"Le laboratoire de la transition \u00e9cologique et citoyenne\",\"publisher\":{\"@id\":\"https:\\\/\\\/lehangarzero.fr\\\/#organization\"},\"potentialAction\":[{\"@type\":\"SearchAction\",\"target\":{\"@type\":\"EntryPoint\",\"urlTemplate\":\"https:\\\/\\\/lehangarzero.fr\\\/?s={search_term_string}\"},\"query-input\":{\"@type\":\"PropertyValueSpecification\",\"valueRequired\":true,\"valueName\":\"search_term_string\"}}],\"inLanguage\":\"en-US\"},{\"@type\":\"Organization\",\"@id\":\"https:\\\/\\\/lehangarzero.fr\\\/#organization\",\"name\":\"Le Hangar Z\u00e9ro\",\"url\":\"https:\\\/\\\/lehangarzero.fr\\\/\",\"logo\":{\"@type\":\"ImageObject\",\"inLanguage\":\"en-US\",\"@id\":\"https:\\\/\\\/lehangarzero.fr\\\/#\\\/schema\\\/logo\\\/image\\\/\",\"url\":\"https:\\\/\\\/lehangarzero.fr\\\/wp-content\\\/uploads\\\/2022\\\/02\\\/cropped-cropped-logo-hz-blanc-1536x977-1.png\",\"contentUrl\":\"https:\\\/\\\/lehangarzero.fr\\\/wp-content\\\/uploads\\\/2022\\\/02\\\/cropped-cropped-logo-hz-blanc-1536x977-1.png\",\"width\":\"1536\",\"height\":\"977\",\"caption\":\"Le Hangar Z\u00e9ro\"},\"image\":{\"@id\":\"https:\\\/\\\/lehangarzero.fr\\\/#\\\/schema\\\/logo\\\/image\\\/\"}}]}<\/script>\n<!-- \/ Yoast SEO plugin. -->","yoast_head_json":{"title":"Vernissage expo - vente \u201cLe sale calendrier\u201d - Le Hangar Z\u00e9ro","robots":{"index":"index","follow":"follow","max-snippet":"max-snippet:-1","max-image-preview":"max-image-preview:large","max-video-preview":"max-video-preview:-1"},"canonical":"https:\/\/lehangarzero.fr\/en\/events\/vernissage-expo-vente-le-sale-calendrier\/","og_locale":"en_US","og_type":"article","og_title":"Vernissage expo - vente \u201cLe sale calendrier\u201d - Le Hangar Z\u00e9ro","og_description":"Wings of the Ocean, l&rsquo;association de lutte contre la pollution plastique des oc\u00e9ans lance la 3\u00e8me \u00e9dition de son calendrier. A cette occasion, le Hangar Z\u00e9ro accueille tout le mois de d\u00e9cembre l&rsquo;exposition des photos de Victor Janjic prises pour le calendrier. Les clich\u00e9s esth\u00e9tiques opposent la beaut\u00e9 des corps des b\u00e9n\u00e9voles au d\u00e9sordre d&rsquo;un &hellip; Vernissage expo &#8211; vente \u201cLe sale calendrier\u201d Read More &raquo;","og_url":"https:\/\/lehangarzero.fr\/en\/events\/vernissage-expo-vente-le-sale-calendrier\/","og_site_name":"Le Hangar Z\u00e9ro","article_modified_time":"2022-12-01T12:28:09+00:00","og_image":[{"url":"https:\/\/lehangarzero.fr\/wp-content\/uploads\/2022\/11\/salecalendrier-300x157.jpg","type":"","width":"","height":""}],"twitter_card":"summary_large_image","twitter_misc":{"Est. reading time":"1 minute"},"schema":{"@context":"https:\/\/schema.org","@graph":[{"@type":"WebPage","@id":"https:\/\/lehangarzero.fr\/events\/vernissage-expo-vente-le-sale-calendrier\/","url":"https:\/\/lehangarzero.fr\/events\/vernissage-expo-vente-le-sale-calendrier\/","name":"Vernissage expo - vente \u201cLe sale calendrier\u201d - Le Hangar Z\u00e9ro","isPartOf":{"@id":"https:\/\/lehangarzero.fr\/#website"},"primaryImageOfPage":{"@id":"https:\/\/lehangarzero.fr\/events\/vernissage-expo-vente-le-sale-calendrier\/#primaryimage"},"image":{"@id":"https:\/\/lehangarzero.fr\/events\/vernissage-expo-vente-le-sale-calendrier\/#primaryimage"},"thumbnailUrl":"https:\/\/lehangarzero.fr\/wp-content\/uploads\/2022\/11\/salecalendrier-300x157.jpg","datePublished":"2022-11-18T14:49:40+00:00","dateModified":"2022-12-01T12:28:09+00:00","breadcrumb":{"@id":"https:\/\/lehangarzero.fr\/events\/vernissage-expo-vente-le-sale-calendrier\/#breadcrumb"},"inLanguage":"en-US","potentialAction":[{"@type":"ReadAction","target":["https:\/\/lehangarzero.fr\/events\/vernissage-expo-vente-le-sale-calendrier\/"]}]},{"@type":"ImageObject","inLanguage":"en-US","@id":"https:\/\/lehangarzero.fr\/events\/vernissage-expo-vente-le-sale-calendrier\/#primaryimage","url":"https:\/\/lehangarzero.fr\/wp-content\/uploads\/2022\/11\/salecalendrier-300x157.jpg","contentUrl":"https:\/\/lehangarzero.fr\/wp-content\/uploads\/2022\/11\/salecalendrier-300x157.jpg"},{"@type":"BreadcrumbList","@id":"https:\/\/lehangarzero.fr\/events\/vernissage-expo-vente-le-sale-calendrier\/#breadcrumb","itemListElement":[{"@type":"ListItem","position":1,"name":"Accueil","item":"https:\/\/lehangarzero.fr\/"},{"@type":"ListItem","position":2,"name":"\u00c9venements","item":"https:\/\/lehangarzero.fr\/events\/"},{"@type":"ListItem","position":3,"name":"Vernissage expo &#8211; vente \u201cLe sale calendrier\u201d"}]},{"@type":"WebSite","@id":"https:\/\/lehangarzero.fr\/#website","url":"https:\/\/lehangarzero.fr\/","name":"Le Hangar Z\u00e9ro","description":"Le laboratoire de la transition \u00e9cologique et citoyenne","publisher":{"@id":"https:\/\/lehangarzero.fr\/#organization"},"potentialAction":[{"@type":"SearchAction","target":{"@type":"EntryPoint","urlTemplate":"https:\/\/lehangarzero.fr\/?s={search_term_string}"},"query-input":{"@type":"PropertyValueSpecification","valueRequired":true,"valueName":"search_term_string"}}],"inLanguage":"en-US"},{"@type":"Organization","@id":"https:\/\/lehangarzero.fr\/#organization","name":"Le Hangar Z\u00e9ro","url":"https:\/\/lehangarzero.fr\/","logo":{"@type":"ImageObject","inLanguage":"en-US","@id":"https:\/\/lehangarzero.fr\/#\/schema\/logo\/image\/","url":"https:\/\/lehangarzero.fr\/wp-content\/uploads\/2022\/02\/cropped-cropped-logo-hz-blanc-1536x977-1.png","contentUrl":"https:\/\/lehangarzero.fr\/wp-content\/uploads\/2022\/02\/cropped-cropped-logo-hz-blanc-1536x977-1.png","width":"1536","height":"977","caption":"Le Hangar Z\u00e9ro"},"image":{"@id":"https:\/\/lehangarzero.fr\/#\/schema\/logo\/image\/"}}]}},"_links":{"self":[{"href":"https:\/\/lehangarzero.fr\/en\/wp-json\/wp\/v2\/mec-events\/2958","targetHints":{"allow":["GET"]}}],"collection":[{"href":"https:\/\/lehangarzero.fr\/en\/wp-json\/wp\/v2\/mec-events"}],"about":[{"href":"https:\/\/lehangarzero.fr\/en\/wp-json\/wp\/v2\/types\/mec-events"}],"author":[{"embeddable":true,"href":"https:\/\/lehangarzero.fr\/en\/wp-json\/wp\/v2\/users\/1"}],"replies":[{"embeddable":true,"href":"https:\/\/lehangarzero.fr\/en\/wp-json\/wp\/v2\/comments?post=2958"}],"wp:attachment":[{"href":"https:\/\/lehangarzero.fr\/en\/wp-json\/wp\/v2\/media?parent=2958"}],"wp:term":[{"taxonomy":"post_tag","embeddable":true,"href":"https:\/\/lehangarzero.fr\/en\/wp-json\/wp\/v2\/tags?post=2958"},{"taxonomy":"mec_category","embeddable":true,"href":"https:\/\/lehangarzero.fr\/en\/wp-json\/wp\/v2\/mec_category?post=2958"}],"curies":[{"name":"wp","href":"https:\/\/api.w.org\/{rel}","templated":true}]}}