{"id":2959,"date":"2022-11-22T15:05:59","date_gmt":"2022-11-22T14:05:59","guid":{"rendered":"https:\/\/lehangarzero.fr\/?post_type=mec-events&#038;p=2959"},"modified":"2022-11-22T15:21:04","modified_gmt":"2022-11-22T14:21:04","slug":"fete-des-saisons-journee-au-coin-du-feu","status":"publish","type":"mec-events","link":"https:\/\/lehangarzero.fr\/en\/events\/fete-des-saisons-journee-au-coin-du-feu\/","title":{"rendered":"F\u00eate des saisons : Relaxation et bien-\u00eatre\u00a0\u00a0\u00a0\u00a0"},"content":{"rendered":"<p><img fetchpriority=\"high\" decoding=\"async\" class=\"wp-image-2963 aligncenter\" src=\"https:\/\/lehangarzero.fr\/wp-content\/uploads\/2022\/11\/FDShiver-300x157.jpg\" alt=\"\" width=\"671\" height=\"351\" srcset=\"https:\/\/lehangarzero.fr\/wp-content\/uploads\/2022\/11\/FDShiver-300x157.jpg 300w, https:\/\/lehangarzero.fr\/wp-content\/uploads\/2022\/11\/FDShiver.jpg 667w\" sizes=\"(max-width: 671px) 100vw, 671px\" \/><\/p>\n<p>Pour d\u00e9buter la F\u00eate des saisons de l\u2019hiver, rien de tel qu\u2019un apr\u00e8s-midi de relaxation, de renforcement et de d\u00e9couvertes. Des techniques et conseils \u00e0 ramener chez soi pour passer un hiver plus doux.<\/p>\n<p><strong>\u25ba Auto-massage<\/strong><\/p>\n<p>De 14h30 \u00e0 16h :<\/p>\n<p>Atelier d&rsquo;exercices d&rsquo;auto-massage, de relaxation dans le mouvement pour soutenir, pr\u00e9server, nourrir, l&rsquo;\u00e9nergie qui nous anime en hiver.<\/p>\n<p>Atelier anim\u00e9 par Huguette Pornin, R\u00e9flexologue :<a href=\"http:\/\/www.lehavrereflexologie.fr\/?fbclid=IwAR0ePUCoAQMOOTW2jm_zrikujHHsrjKxPXOiq5dRjIyUx84K1TpZ3CNixW8\"> www.lehavrereflexologie.fr<\/a><\/p>\n<p>Sur r\u00e9servation :<a href=\"https:\/\/my.weezevent.com\/atelier-auto-massage-fete-des-saisons-relaxation-et-bien-etre?fbclid=IwAR2jz4emIcEbCD4POVVC3x8ZibJc5oCocu5EeVCDyFqkZBovFiqAEG5iuSg\"> https:\/\/my.weezevent.com\/atelier-auto-massage-fete-des&#8230;<\/a><\/p>\n<p>&nbsp;<\/p>\n<p>\u25ba Yoga<\/p>\n<p>De 16h30 \u00e0 18h :<\/p>\n<p>Cours de yoga pour renforcer son syst\u00e8me immunitaire.<\/p>\n<p>Cours donn\u00e9 par Laurence Mahieu, professeure de yoga :<a href=\"https:\/\/www.facebook.com\/laurence.mahieu.98?__cft__[0]=AZX6i9l95UQggDDNgOfKSWOAKUb6NeOWlACjygKtg7IJ-99CGR5c-zQobY76w844yNkmJpX68TugrvIYbo4SKiKqSCIoGc8y93ppPby8-D1is7aZNwtAzIEqF_LGtIOsPmkGLrqckG1Ub-F0Y7UTM1NHiMWDwDaXeuls8tGPSJyuoQ&amp;__tn__=q\"> https:\/\/www.facebook.com\/laurence.mahieu.98<\/a><\/p>\n<p>Sur r\u00e9servation :<a href=\"https:\/\/l.facebook.com\/l.php?u=https%3A%2F%2Fmy.weezevent.com%2Fcours-de-yoga-fete-des-saisons-relaxation-et-bien-etre%3Ffbclid%3DIwAR08xynQFgQGGaimRI01I1vIXHPBv0tqXE1J1i8dZ2EUrYgrRyHYYvoRycQ&amp;h=AT1fOFOPklmZiGxg_s9RoNw32g9aG0n0Ly7NLWqsq-ViCXNBApsOvySNoKUr3Q7u1pkbBajPPc2wqTh3gxsgZFTtwY2P2mcZm1S2hguqQkDR89Qeo30g0TSMmUscztLTQoIWCtbVydRuYkftPw&amp;__tn__=q&amp;c[0]=AT31BBJGZO6404vI85YO7_n9yqAcmirCnlhNXEeqCcAX0tL0P6W0AjQv71FpZSq5Ug98XOJAq50nzKFrLBbqOA_EhgyVAItcaQpgnMN7vnF-Bh3h0OJp3z0Tm8tWcqNxa5ewYyzqLz4LUcqhwzTwaq69S6h3R2ftVtZgsZUbuyPAA1xrrnhWRQ\"> https:\/\/my.weezevent.com\/cours-de-yoga-fete-des-saisons&#8230;<\/a><\/p>\n<p>&nbsp;<\/p>\n<p><strong>\u25ba Conf\u00e9rence &#8211; d\u00e9bat \u201cRonde des saisons, Ronde des \u00e9nergies : traverser l&rsquo;hiver en soutenant notre vitalit\u00e9\u201d.<\/strong><\/p>\n<p>De 18h30 \u00e0 19h30 :<\/p>\n<p>Lors de cette rencontre, seront abord\u00e9s la compr\u00e9hension des rythmes du corps dans le cycle des saisons au regard de la m\u00e9decine traditionnelle chinoise et l&rsquo;hygi\u00e8ne de vie et des gestes \u00e0 mettre en place dans la vie quotidienne selon les principes de l&rsquo;Ayurv\u00e9da, en lien avec la saison automnale et le d\u00e9but de l&rsquo;hiver.<\/p>\n<p>Conf\u00e9rence co-pr\u00e9sent\u00e9e par Huguette et Laurence.<\/p>\n<p>&nbsp;<\/p>\n<p>Pr\u00e9voyez une tenue confortable (et, si vous en avez un, un tapis de yoga).<\/p>\n<p>Vous pouvez participer \u00e0 une ou plusieurs activit\u00e9s.<\/p>\n<p>Si vous souhaitez plus de renseignements ou si vous avez des questions : evenementiel@lehangarzero.fr<\/p>\n<p>&nbsp;<\/p>\n<p>Les activit\u00e9s sont propos\u00e9es \u00e0 prix libre et en conscience. C\u2019est une fa\u00e7on de payer une prestation qui permet \u00e0 tous.tes de participer \u00e0 la hauteur de ses moyens. Vous donnez la somme que vous estimez juste par rapport \u00e0 ce que vous avez v\u00e9cu lors de l\u2019atelier, conf\u00e9rence, projection ou chantier participatif. Cette participation libre sera remise en esp\u00e8ces \u00e0 la fin de l&rsquo;activit\u00e9 dans une bo\u00eete pr\u00e9vue \u00e0 cet effet.<\/p>\n<p>Le bar sera ouvert et une petite restauration sucr\u00e9e sera propos\u00e9e.<\/p>\n<p>La Boutique sera ouverte, l\u2019occasion de trouver des cadeaux de No\u00ebl locaux et originaux !<\/p>","protected":false},"excerpt":{"rendered":"<p>Pour d\u00e9buter la F\u00eate des saisons de l\u2019hiver, rien de tel qu\u2019un apr\u00e8s-midi de relaxation, de renforcement et de d\u00e9couvertes. Des techniques et conseils \u00e0 ramener chez soi pour passer un hiver plus doux. \u25ba Auto-massage De 14h30 \u00e0 16h : Atelier d&rsquo;exercices d&rsquo;auto-massage, de relaxation dans le mouvement pour soutenir, pr\u00e9server, nourrir, l&rsquo;\u00e9nergie qui &hellip;<\/p>\n<p class=\"read-more\"> <a class=\"\" href=\"https:\/\/lehangarzero.fr\/en\/events\/fete-des-saisons-journee-au-coin-du-feu\/\"> <span class=\"screen-reader-text\">F\u00eate des saisons : Relaxation et bien-\u00eatre\u00a0\u00a0\u00a0\u00a0<\/span> Read More &raquo;<\/a><\/p>","protected":false},"author":1,"featured_media":0,"comment_status":"open","ping_status":"closed","template":"","tags":[],"mec_category":[],"class_list":["post-2959","mec-events","type-mec-events","status-publish","hentry"],"yoast_head":"<!-- This site is optimized with the Yoast SEO plugin v27.5 - https:\/\/yoast.com\/product\/yoast-seo-wordpress\/ -->\n<title>F\u00eate des saisons : Relaxation et bien-\u00eatre\u00a0\u00a0\u00a0\u00a0 - Le Hangar Z\u00e9ro<\/title>\n<meta name=\"robots\" content=\"index, follow, max-snippet:-1, max-image-preview:large, max-video-preview:-1\" \/>\n<link rel=\"canonical\" href=\"https:\/\/lehangarzero.fr\/en\/events\/fete-des-saisons-journee-au-coin-du-feu\/\" \/>\n<meta property=\"og:locale\" content=\"en_US\" \/>\n<meta property=\"og:type\" content=\"article\" \/>\n<meta property=\"og:title\" content=\"F\u00eate des saisons : Relaxation et bien-\u00eatre\u00a0\u00a0\u00a0\u00a0 - Le Hangar Z\u00e9ro\" \/>\n<meta property=\"og:description\" content=\"Pour d\u00e9buter la F\u00eate des saisons de l\u2019hiver, rien de tel qu\u2019un apr\u00e8s-midi de relaxation, de renforcement et de d\u00e9couvertes. Des techniques et conseils \u00e0 ramener chez soi pour passer un hiver plus doux. \u25ba Auto-massage De 14h30 \u00e0 16h : Atelier d&rsquo;exercices d&rsquo;auto-massage, de relaxation dans le mouvement pour soutenir, pr\u00e9server, nourrir, l&rsquo;\u00e9nergie qui &hellip; F\u00eate des saisons : Relaxation et bien-\u00eatre\u00a0\u00a0\u00a0\u00a0 Read More &raquo;\" \/>\n<meta property=\"og:url\" content=\"https:\/\/lehangarzero.fr\/en\/events\/fete-des-saisons-journee-au-coin-du-feu\/\" \/>\n<meta property=\"og:site_name\" content=\"Le Hangar Z\u00e9ro\" \/>\n<meta property=\"article:modified_time\" content=\"2022-11-22T14:21:04+00:00\" \/>\n<meta property=\"og:image\" content=\"https:\/\/lehangarzero.fr\/wp-content\/uploads\/2022\/11\/FDShiver-300x157.jpg\" \/>\n<meta name=\"twitter:card\" content=\"summary_large_image\" \/>\n<meta name=\"twitter:label1\" content=\"Est. reading time\" \/>\n\t<meta name=\"twitter:data1\" content=\"2 minutes\" \/>\n<script type=\"application\/ld+json\" class=\"yoast-schema-graph\">{\"@context\":\"https:\\\/\\\/schema.org\",\"@graph\":[{\"@type\":\"WebPage\",\"@id\":\"https:\\\/\\\/lehangarzero.fr\\\/events\\\/fete-des-saisons-journee-au-coin-du-feu\\\/\",\"url\":\"https:\\\/\\\/lehangarzero.fr\\\/events\\\/fete-des-saisons-journee-au-coin-du-feu\\\/\",\"name\":\"F\u00eate des saisons : Relaxation et bien-\u00eatre\u00a0\u00a0\u00a0\u00a0 - Le Hangar Z\u00e9ro\",\"isPartOf\":{\"@id\":\"https:\\\/\\\/lehangarzero.fr\\\/#website\"},\"primaryImageOfPage\":{\"@id\":\"https:\\\/\\\/lehangarzero.fr\\\/events\\\/fete-des-saisons-journee-au-coin-du-feu\\\/#primaryimage\"},\"image\":{\"@id\":\"https:\\\/\\\/lehangarzero.fr\\\/events\\\/fete-des-saisons-journee-au-coin-du-feu\\\/#primaryimage\"},\"thumbnailUrl\":\"https:\\\/\\\/lehangarzero.fr\\\/wp-content\\\/uploads\\\/2022\\\/11\\\/FDShiver-300x157.jpg\",\"datePublished\":\"2022-11-22T14:05:59+00:00\",\"dateModified\":\"2022-11-22T14:21:04+00:00\",\"breadcrumb\":{\"@id\":\"https:\\\/\\\/lehangarzero.fr\\\/events\\\/fete-des-saisons-journee-au-coin-du-feu\\\/#breadcrumb\"},\"inLanguage\":\"en-US\",\"potentialAction\":[{\"@type\":\"ReadAction\",\"target\":[\"https:\\\/\\\/lehangarzero.fr\\\/events\\\/fete-des-saisons-journee-au-coin-du-feu\\\/\"]}]},{\"@type\":\"ImageObject\",\"inLanguage\":\"en-US\",\"@id\":\"https:\\\/\\\/lehangarzero.fr\\\/events\\\/fete-des-saisons-journee-au-coin-du-feu\\\/#primaryimage\",\"url\":\"https:\\\/\\\/lehangarzero.fr\\\/wp-content\\\/uploads\\\/2022\\\/11\\\/FDShiver-300x157.jpg\",\"contentUrl\":\"https:\\\/\\\/lehangarzero.fr\\\/wp-content\\\/uploads\\\/2022\\\/11\\\/FDShiver-300x157.jpg\"},{\"@type\":\"BreadcrumbList\",\"@id\":\"https:\\\/\\\/lehangarzero.fr\\\/events\\\/fete-des-saisons-journee-au-coin-du-feu\\\/#breadcrumb\",\"itemListElement\":[{\"@type\":\"ListItem\",\"position\":1,\"name\":\"Accueil\",\"item\":\"https:\\\/\\\/lehangarzero.fr\\\/\"},{\"@type\":\"ListItem\",\"position\":2,\"name\":\"\u00c9venements\",\"item\":\"https:\\\/\\\/lehangarzero.fr\\\/events\\\/\"},{\"@type\":\"ListItem\",\"position\":3,\"name\":\"F\u00eate des saisons : Relaxation et bien-\u00eatre\u00a0\u00a0\u00a0\u00a0\"}]},{\"@type\":\"WebSite\",\"@id\":\"https:\\\/\\\/lehangarzero.fr\\\/#website\",\"url\":\"https:\\\/\\\/lehangarzero.fr\\\/\",\"name\":\"Le Hangar Z\u00e9ro\",\"description\":\"Le laboratoire de la transition \u00e9cologique et citoyenne\",\"publisher\":{\"@id\":\"https:\\\/\\\/lehangarzero.fr\\\/#organization\"},\"potentialAction\":[{\"@type\":\"SearchAction\",\"target\":{\"@type\":\"EntryPoint\",\"urlTemplate\":\"https:\\\/\\\/lehangarzero.fr\\\/?s={search_term_string}\"},\"query-input\":{\"@type\":\"PropertyValueSpecification\",\"valueRequired\":true,\"valueName\":\"search_term_string\"}}],\"inLanguage\":\"en-US\"},{\"@type\":\"Organization\",\"@id\":\"https:\\\/\\\/lehangarzero.fr\\\/#organization\",\"name\":\"Le Hangar Z\u00e9ro\",\"url\":\"https:\\\/\\\/lehangarzero.fr\\\/\",\"logo\":{\"@type\":\"ImageObject\",\"inLanguage\":\"en-US\",\"@id\":\"https:\\\/\\\/lehangarzero.fr\\\/#\\\/schema\\\/logo\\\/image\\\/\",\"url\":\"https:\\\/\\\/lehangarzero.fr\\\/wp-content\\\/uploads\\\/2022\\\/02\\\/cropped-cropped-logo-hz-blanc-1536x977-1.png\",\"contentUrl\":\"https:\\\/\\\/lehangarzero.fr\\\/wp-content\\\/uploads\\\/2022\\\/02\\\/cropped-cropped-logo-hz-blanc-1536x977-1.png\",\"width\":\"1536\",\"height\":\"977\",\"caption\":\"Le Hangar Z\u00e9ro\"},\"image\":{\"@id\":\"https:\\\/\\\/lehangarzero.fr\\\/#\\\/schema\\\/logo\\\/image\\\/\"}}]}<\/script>\n<!-- \/ Yoast SEO plugin. -->","yoast_head_json":{"title":"F\u00eate des saisons : Relaxation et bien-\u00eatre\u00a0\u00a0\u00a0\u00a0 - Le Hangar Z\u00e9ro","robots":{"index":"index","follow":"follow","max-snippet":"max-snippet:-1","max-image-preview":"max-image-preview:large","max-video-preview":"max-video-preview:-1"},"canonical":"https:\/\/lehangarzero.fr\/en\/events\/fete-des-saisons-journee-au-coin-du-feu\/","og_locale":"en_US","og_type":"article","og_title":"F\u00eate des saisons : Relaxation et bien-\u00eatre\u00a0\u00a0\u00a0\u00a0 - Le Hangar Z\u00e9ro","og_description":"Pour d\u00e9buter la F\u00eate des saisons de l\u2019hiver, rien de tel qu\u2019un apr\u00e8s-midi de relaxation, de renforcement et de d\u00e9couvertes. Des techniques et conseils \u00e0 ramener chez soi pour passer un hiver plus doux. \u25ba Auto-massage De 14h30 \u00e0 16h : Atelier d&rsquo;exercices d&rsquo;auto-massage, de relaxation dans le mouvement pour soutenir, pr\u00e9server, nourrir, l&rsquo;\u00e9nergie qui &hellip; F\u00eate des saisons : Relaxation et bien-\u00eatre\u00a0\u00a0\u00a0\u00a0 Read More &raquo;","og_url":"https:\/\/lehangarzero.fr\/en\/events\/fete-des-saisons-journee-au-coin-du-feu\/","og_site_name":"Le Hangar Z\u00e9ro","article_modified_time":"2022-11-22T14:21:04+00:00","og_image":[{"url":"https:\/\/lehangarzero.fr\/wp-content\/uploads\/2022\/11\/FDShiver-300x157.jpg","type":"","width":"","height":""}],"twitter_card":"summary_large_image","twitter_misc":{"Est. reading time":"2 minutes"},"schema":{"@context":"https:\/\/schema.org","@graph":[{"@type":"WebPage","@id":"https:\/\/lehangarzero.fr\/events\/fete-des-saisons-journee-au-coin-du-feu\/","url":"https:\/\/lehangarzero.fr\/events\/fete-des-saisons-journee-au-coin-du-feu\/","name":"F\u00eate des saisons : Relaxation et bien-\u00eatre\u00a0\u00a0\u00a0\u00a0 - Le Hangar Z\u00e9ro","isPartOf":{"@id":"https:\/\/lehangarzero.fr\/#website"},"primaryImageOfPage":{"@id":"https:\/\/lehangarzero.fr\/events\/fete-des-saisons-journee-au-coin-du-feu\/#primaryimage"},"image":{"@id":"https:\/\/lehangarzero.fr\/events\/fete-des-saisons-journee-au-coin-du-feu\/#primaryimage"},"thumbnailUrl":"https:\/\/lehangarzero.fr\/wp-content\/uploads\/2022\/11\/FDShiver-300x157.jpg","datePublished":"2022-11-22T14:05:59+00:00","dateModified":"2022-11-22T14:21:04+00:00","breadcrumb":{"@id":"https:\/\/lehangarzero.fr\/events\/fete-des-saisons-journee-au-coin-du-feu\/#breadcrumb"},"inLanguage":"en-US","potentialAction":[{"@type":"ReadAction","target":["https:\/\/lehangarzero.fr\/events\/fete-des-saisons-journee-au-coin-du-feu\/"]}]},{"@type":"ImageObject","inLanguage":"en-US","@id":"https:\/\/lehangarzero.fr\/events\/fete-des-saisons-journee-au-coin-du-feu\/#primaryimage","url":"https:\/\/lehangarzero.fr\/wp-content\/uploads\/2022\/11\/FDShiver-300x157.jpg","contentUrl":"https:\/\/lehangarzero.fr\/wp-content\/uploads\/2022\/11\/FDShiver-300x157.jpg"},{"@type":"BreadcrumbList","@id":"https:\/\/lehangarzero.fr\/events\/fete-des-saisons-journee-au-coin-du-feu\/#breadcrumb","itemListElement":[{"@type":"ListItem","position":1,"name":"Accueil","item":"https:\/\/lehangarzero.fr\/"},{"@type":"ListItem","position":2,"name":"\u00c9venements","item":"https:\/\/lehangarzero.fr\/events\/"},{"@type":"ListItem","position":3,"name":"F\u00eate des saisons : Relaxation et bien-\u00eatre\u00a0\u00a0\u00a0\u00a0"}]},{"@type":"WebSite","@id":"https:\/\/lehangarzero.fr\/#website","url":"https:\/\/lehangarzero.fr\/","name":"Le Hangar Z\u00e9ro","description":"Le laboratoire de la transition \u00e9cologique et citoyenne","publisher":{"@id":"https:\/\/lehangarzero.fr\/#organization"},"potentialAction":[{"@type":"SearchAction","target":{"@type":"EntryPoint","urlTemplate":"https:\/\/lehangarzero.fr\/?s={search_term_string}"},"query-input":{"@type":"PropertyValueSpecification","valueRequired":true,"valueName":"search_term_string"}}],"inLanguage":"en-US"},{"@type":"Organization","@id":"https:\/\/lehangarzero.fr\/#organization","name":"Le Hangar Z\u00e9ro","url":"https:\/\/lehangarzero.fr\/","logo":{"@type":"ImageObject","inLanguage":"en-US","@id":"https:\/\/lehangarzero.fr\/#\/schema\/logo\/image\/","url":"https:\/\/lehangarzero.fr\/wp-content\/uploads\/2022\/02\/cropped-cropped-logo-hz-blanc-1536x977-1.png","contentUrl":"https:\/\/lehangarzero.fr\/wp-content\/uploads\/2022\/02\/cropped-cropped-logo-hz-blanc-1536x977-1.png","width":"1536","height":"977","caption":"Le Hangar Z\u00e9ro"},"image":{"@id":"https:\/\/lehangarzero.fr\/#\/schema\/logo\/image\/"}}]}},"_links":{"self":[{"href":"https:\/\/lehangarzero.fr\/en\/wp-json\/wp\/v2\/mec-events\/2959","targetHints":{"allow":["GET"]}}],"collection":[{"href":"https:\/\/lehangarzero.fr\/en\/wp-json\/wp\/v2\/mec-events"}],"about":[{"href":"https:\/\/lehangarzero.fr\/en\/wp-json\/wp\/v2\/types\/mec-events"}],"author":[{"embeddable":true,"href":"https:\/\/lehangarzero.fr\/en\/wp-json\/wp\/v2\/users\/1"}],"replies":[{"embeddable":true,"href":"https:\/\/lehangarzero.fr\/en\/wp-json\/wp\/v2\/comments?post=2959"}],"wp:attachment":[{"href":"https:\/\/lehangarzero.fr\/en\/wp-json\/wp\/v2\/media?parent=2959"}],"wp:term":[{"taxonomy":"post_tag","embeddable":true,"href":"https:\/\/lehangarzero.fr\/en\/wp-json\/wp\/v2\/tags?post=2959"},{"taxonomy":"mec_category","embeddable":true,"href":"https:\/\/lehangarzero.fr\/en\/wp-json\/wp\/v2\/mec_category?post=2959"}],"curies":[{"name":"wp","href":"https:\/\/api.w.org\/{rel}","templated":true}]}}