{"id":2982,"date":"2022-11-29T17:03:19","date_gmt":"2022-11-29T16:03:19","guid":{"rendered":"https:\/\/lehangarzero.fr\/events\/fete-des-saisons-gourmandises-et-convivialite\/"},"modified":"2022-11-30T11:34:20","modified_gmt":"2022-11-30T10:34:20","slug":"fete-des-saisons-gourmandises-et-convivialite","status":"publish","type":"mec-events","link":"https:\/\/lehangarzero.fr\/en\/events\/fete-des-saisons-gourmandises-et-convivialite\/","title":{"rendered":"F\u00eate des saisons : Gourmandises et convivialit\u00e9"},"content":{"rendered":"<p>Mercredi 21 d\u00e9cembre : F\u00eate des saisons : Gourmandises et convivialit\u00e9<\/p>\n<p>&nbsp;<\/p>\n<p>Le 21 d\u00e9cembre est le premier jour de l&rsquo;hiver. Le Hangar Z\u00e9ro saisit cette occasion pour cl\u00f4turer la F\u00eate des saisons : une apr\u00e8s-midi de pr\u00e9paratifs collectifs gr\u00e2ce \u00e0 un atelier cuisine pour ensuite passer une soir\u00e9e conviviale au coin du feu.<\/p>\n<p>&nbsp;<\/p>\n<p>\u25ba Atelier cuisine participative<\/p>\n<p>A partir de 15h30<\/p>\n<p>Par besoin d\u2019\u00eatre un.e Chef.fe \u00e9toil\u00e9.e pour participer \u00e0 cet atelier, tous les niveaux sont accept\u00e9s ! Autour des produits de saison, un buffet sera concoct\u00e9 par les adultes et le dessert par les enfants (\u00e0 partir de 8 ans). Ensuite, les cr\u00e9ations culinaires seront d\u00e9gust\u00e9es lors d&rsquo;une soir\u00e9e conviviale.<\/p>\n<p>L\u2019atelier \u00e9tant payant (\u00e0 prix libre), le repas vous est offert.<\/p>\n<p>Si vous avez chez vous, un couvre-chef et un tablier, prenez-les !<\/p>\n<p>Atelier anim\u00e9 par Philippe Coste et Nsenga Sebinwa de la Dantine :<a href=\"https:\/\/www.facebook.com\/profile.php?id=100063963915353&amp;__cft__[0]=AZWI-4Ij2vENE2oj8_Rl642fxymnlK8T3Wozuvjl-p6isoV_YbGVsCrtE9XNLNx_LrfbuOH6IKIYLTuQCpKx-Pdt-nEhfjfaiicv_otYE-J_O6zpfQPE_2IKS-lPDMWC2dtuIvsAMZZQjBCj79MszS8X49R1_hkZPi1ULg3nXjgW5w&amp;__tn__=q\"> https:\/\/www.facebook.com\/profile.php?id=100063963915353<\/a><\/p>\n<p>Sur r\u00e9servation :<a href=\"https:\/\/my.weezevent.com\/atelier-cuisine-participative-fete-des-saisons-hiver?fbclid=IwAR1Pooo6IVWMzeO7iMt333RfyhCp0y19lyYyu22AydZLIIk3By-0RpexuiI\"> https:\/\/my.weezevent.com\/atelier-cuisine-participative&#8230;<\/a><\/p>\n<p>&nbsp;<\/p>\n<p>\u25ba Soir\u00e9e conviviale<\/p>\n<p>A partir de 18h<\/p>\n<p>Apr\u00e8s une journ\u00e9e de travail ou une journ\u00e9e de pr\u00e9paratif de No\u00ebl, venez vous d\u00e9tendre au Hangar Z\u00e9ro :<\/p>\n<p>&#8211; \u201cbon son\u201d avec Rickey D\u00e9lic aux platines :<a href=\"https:\/\/www.facebook.com\/rickey.delic?__cft__[0]=AZWI-4Ij2vENE2oj8_Rl642fxymnlK8T3Wozuvjl-p6isoV_YbGVsCrtE9XNLNx_LrfbuOH6IKIYLTuQCpKx-Pdt-nEhfjfaiicv_otYE-J_O6zpfQPE_2IKS-lPDMWC2dtuIvsAMZZQjBCj79MszS8X49R1_hkZPi1ULg3nXjgW5w&amp;__tn__=q\"> https:\/\/www.facebook.com\/rickey.delic<\/a><\/p>\n<p>&#8211; \u201cbonne bouffe\u201d avec les plats pr\u00e9par\u00e9s l\u2019apr\u00e8s-midi par les habitant.e.s<\/p>\n<p>&#8211; \u201cbonne ambiance\u201d au coin du feu au Resto<\/p>\n<p>Bonne soir\u00e9e en perspective pour cl\u00f4turer la F\u00eate des saisons hiver !<\/p>\n<p>&nbsp;<\/p>\n<p>Si vous souhaitez plus de renseignements ou si vous avez des questions : evenementiel@lehangarzero.fr<\/p>\n<p>Les activit\u00e9s sont propos\u00e9es \u00e0 prix libre et en conscience. C\u2019est une fa\u00e7on de payer une prestation qui permet \u00e0 tous.tes de participer \u00e0 la hauteur de ses moyens. Vous donnez la somme que vous estimez juste par rapport \u00e0 ce que vous avez v\u00e9cu lors de l\u2019atelier, conf\u00e9rence, projection ou chantier participatif. Cette participation libre sera remise en esp\u00e8ces \u00e0 la fin de l&rsquo;activit\u00e9 dans une bo\u00eete pr\u00e9vue \u00e0 cet effet.<\/p>\n<p>Le bar sera ouvert.<\/p>\n<p>La Boutique sera ouverte, l\u2019occasion de trouver des cadeaux de No\u00ebl locaux et originaux !<\/p>\n<p>Cr\u00e9dit photo : \u00a9 Fran\u00e7ois Guillotte<\/p>","protected":false},"excerpt":{"rendered":"<p>Mercredi 21 d\u00e9cembre : F\u00eate des saisons : Gourmandises et convivialit\u00e9 &nbsp; Le 21 d\u00e9cembre est le premier jour de l&rsquo;hiver. Le Hangar Z\u00e9ro saisit cette occasion pour cl\u00f4turer la F\u00eate des saisons : une apr\u00e8s-midi de pr\u00e9paratifs collectifs gr\u00e2ce \u00e0 un atelier cuisine pour ensuite passer une soir\u00e9e conviviale au coin du feu. &nbsp; &hellip;<\/p>\n<p class=\"read-more\"> <a class=\"\" href=\"https:\/\/lehangarzero.fr\/en\/events\/fete-des-saisons-gourmandises-et-convivialite\/\"> <span class=\"screen-reader-text\">F\u00eate des saisons : Gourmandises et convivialit\u00e9<\/span> Read More &raquo;<\/a><\/p>","protected":false},"author":1,"featured_media":2980,"comment_status":"open","ping_status":"closed","template":"","tags":[],"mec_category":[23],"class_list":["post-2982","mec-events","type-mec-events","status-publish","has-post-thumbnail","hentry","mec_category-fete-des-saisons"],"yoast_head":"<!-- This site is optimized with the Yoast SEO plugin v27.5 - https:\/\/yoast.com\/product\/yoast-seo-wordpress\/ -->\n<title>F\u00eate des saisons : Gourmandises et convivialit\u00e9 - Le Hangar Z\u00e9ro<\/title>\n<meta name=\"robots\" content=\"index, follow, max-snippet:-1, max-image-preview:large, max-video-preview:-1\" \/>\n<link rel=\"canonical\" href=\"https:\/\/lehangarzero.fr\/en\/events\/fete-des-saisons-gourmandises-et-convivialite\/\" \/>\n<meta property=\"og:locale\" content=\"en_US\" \/>\n<meta property=\"og:type\" content=\"article\" \/>\n<meta property=\"og:title\" content=\"F\u00eate des saisons : Gourmandises et convivialit\u00e9 - Le Hangar Z\u00e9ro\" \/>\n<meta property=\"og:description\" content=\"Mercredi 21 d\u00e9cembre : F\u00eate des saisons : Gourmandises et convivialit\u00e9 &nbsp; Le 21 d\u00e9cembre est le premier jour de l&rsquo;hiver. Le Hangar Z\u00e9ro saisit cette occasion pour cl\u00f4turer la F\u00eate des saisons : une apr\u00e8s-midi de pr\u00e9paratifs collectifs gr\u00e2ce \u00e0 un atelier cuisine pour ensuite passer une soir\u00e9e conviviale au coin du feu. &nbsp; &hellip; F\u00eate des saisons : Gourmandises et convivialit\u00e9 Read More &raquo;\" \/>\n<meta property=\"og:url\" content=\"https:\/\/lehangarzero.fr\/en\/events\/fete-des-saisons-gourmandises-et-convivialite\/\" \/>\n<meta property=\"og:site_name\" content=\"Le Hangar Z\u00e9ro\" \/>\n<meta property=\"article:modified_time\" content=\"2022-11-30T10:34:20+00:00\" \/>\n<meta property=\"og:image\" content=\"https:\/\/lehangarzero.fr\/wp-content\/uploads\/2022\/11\/FDShiver21dec.jpg\" \/>\n\t<meta property=\"og:image:width\" content=\"667\" \/>\n\t<meta property=\"og:image:height\" content=\"349\" \/>\n\t<meta property=\"og:image:type\" content=\"image\/jpeg\" \/>\n<meta name=\"twitter:card\" content=\"summary_large_image\" \/>\n<meta name=\"twitter:label1\" content=\"Est. reading time\" \/>\n\t<meta name=\"twitter:data1\" content=\"2 minutes\" \/>\n<script type=\"application\/ld+json\" class=\"yoast-schema-graph\">{\"@context\":\"https:\\\/\\\/schema.org\",\"@graph\":[{\"@type\":\"WebPage\",\"@id\":\"https:\\\/\\\/lehangarzero.fr\\\/events\\\/fete-des-saisons-gourmandises-et-convivialite\\\/\",\"url\":\"https:\\\/\\\/lehangarzero.fr\\\/events\\\/fete-des-saisons-gourmandises-et-convivialite\\\/\",\"name\":\"F\u00eate des saisons : Gourmandises et convivialit\u00e9 - Le Hangar Z\u00e9ro\",\"isPartOf\":{\"@id\":\"https:\\\/\\\/lehangarzero.fr\\\/#website\"},\"primaryImageOfPage\":{\"@id\":\"https:\\\/\\\/lehangarzero.fr\\\/events\\\/fete-des-saisons-gourmandises-et-convivialite\\\/#primaryimage\"},\"image\":{\"@id\":\"https:\\\/\\\/lehangarzero.fr\\\/events\\\/fete-des-saisons-gourmandises-et-convivialite\\\/#primaryimage\"},\"thumbnailUrl\":\"https:\\\/\\\/lehangarzero.fr\\\/wp-content\\\/uploads\\\/2022\\\/11\\\/FDShiver21dec.jpg\",\"datePublished\":\"2022-11-29T16:03:19+00:00\",\"dateModified\":\"2022-11-30T10:34:20+00:00\",\"breadcrumb\":{\"@id\":\"https:\\\/\\\/lehangarzero.fr\\\/events\\\/fete-des-saisons-gourmandises-et-convivialite\\\/#breadcrumb\"},\"inLanguage\":\"en-US\",\"potentialAction\":[{\"@type\":\"ReadAction\",\"target\":[\"https:\\\/\\\/lehangarzero.fr\\\/events\\\/fete-des-saisons-gourmandises-et-convivialite\\\/\"]}]},{\"@type\":\"ImageObject\",\"inLanguage\":\"en-US\",\"@id\":\"https:\\\/\\\/lehangarzero.fr\\\/events\\\/fete-des-saisons-gourmandises-et-convivialite\\\/#primaryimage\",\"url\":\"https:\\\/\\\/lehangarzero.fr\\\/wp-content\\\/uploads\\\/2022\\\/11\\\/FDShiver21dec.jpg\",\"contentUrl\":\"https:\\\/\\\/lehangarzero.fr\\\/wp-content\\\/uploads\\\/2022\\\/11\\\/FDShiver21dec.jpg\",\"width\":667,\"height\":349},{\"@type\":\"BreadcrumbList\",\"@id\":\"https:\\\/\\\/lehangarzero.fr\\\/events\\\/fete-des-saisons-gourmandises-et-convivialite\\\/#breadcrumb\",\"itemListElement\":[{\"@type\":\"ListItem\",\"position\":1,\"name\":\"Accueil\",\"item\":\"https:\\\/\\\/lehangarzero.fr\\\/\"},{\"@type\":\"ListItem\",\"position\":2,\"name\":\"\u00c9venements\",\"item\":\"https:\\\/\\\/lehangarzero.fr\\\/events\\\/\"},{\"@type\":\"ListItem\",\"position\":3,\"name\":\"F\u00eate des saisons : Gourmandises et convivialit\u00e9\"}]},{\"@type\":\"WebSite\",\"@id\":\"https:\\\/\\\/lehangarzero.fr\\\/#website\",\"url\":\"https:\\\/\\\/lehangarzero.fr\\\/\",\"name\":\"Le Hangar Z\u00e9ro\",\"description\":\"Le laboratoire de la transition \u00e9cologique et citoyenne\",\"publisher\":{\"@id\":\"https:\\\/\\\/lehangarzero.fr\\\/#organization\"},\"potentialAction\":[{\"@type\":\"SearchAction\",\"target\":{\"@type\":\"EntryPoint\",\"urlTemplate\":\"https:\\\/\\\/lehangarzero.fr\\\/?s={search_term_string}\"},\"query-input\":{\"@type\":\"PropertyValueSpecification\",\"valueRequired\":true,\"valueName\":\"search_term_string\"}}],\"inLanguage\":\"en-US\"},{\"@type\":\"Organization\",\"@id\":\"https:\\\/\\\/lehangarzero.fr\\\/#organization\",\"name\":\"Le Hangar Z\u00e9ro\",\"url\":\"https:\\\/\\\/lehangarzero.fr\\\/\",\"logo\":{\"@type\":\"ImageObject\",\"inLanguage\":\"en-US\",\"@id\":\"https:\\\/\\\/lehangarzero.fr\\\/#\\\/schema\\\/logo\\\/image\\\/\",\"url\":\"https:\\\/\\\/lehangarzero.fr\\\/wp-content\\\/uploads\\\/2022\\\/02\\\/cropped-cropped-logo-hz-blanc-1536x977-1.png\",\"contentUrl\":\"https:\\\/\\\/lehangarzero.fr\\\/wp-content\\\/uploads\\\/2022\\\/02\\\/cropped-cropped-logo-hz-blanc-1536x977-1.png\",\"width\":\"1536\",\"height\":\"977\",\"caption\":\"Le Hangar Z\u00e9ro\"},\"image\":{\"@id\":\"https:\\\/\\\/lehangarzero.fr\\\/#\\\/schema\\\/logo\\\/image\\\/\"}}]}<\/script>\n<!-- \/ Yoast SEO plugin. -->","yoast_head_json":{"title":"F\u00eate des saisons : Gourmandises et convivialit\u00e9 - Le Hangar Z\u00e9ro","robots":{"index":"index","follow":"follow","max-snippet":"max-snippet:-1","max-image-preview":"max-image-preview:large","max-video-preview":"max-video-preview:-1"},"canonical":"https:\/\/lehangarzero.fr\/en\/events\/fete-des-saisons-gourmandises-et-convivialite\/","og_locale":"en_US","og_type":"article","og_title":"F\u00eate des saisons : Gourmandises et convivialit\u00e9 - Le Hangar Z\u00e9ro","og_description":"Mercredi 21 d\u00e9cembre : F\u00eate des saisons : Gourmandises et convivialit\u00e9 &nbsp; Le 21 d\u00e9cembre est le premier jour de l&rsquo;hiver. Le Hangar Z\u00e9ro saisit cette occasion pour cl\u00f4turer la F\u00eate des saisons : une apr\u00e8s-midi de pr\u00e9paratifs collectifs gr\u00e2ce \u00e0 un atelier cuisine pour ensuite passer une soir\u00e9e conviviale au coin du feu. &nbsp; &hellip; F\u00eate des saisons : Gourmandises et convivialit\u00e9 Read More &raquo;","og_url":"https:\/\/lehangarzero.fr\/en\/events\/fete-des-saisons-gourmandises-et-convivialite\/","og_site_name":"Le Hangar Z\u00e9ro","article_modified_time":"2022-11-30T10:34:20+00:00","og_image":[{"width":667,"height":349,"url":"https:\/\/lehangarzero.fr\/wp-content\/uploads\/2022\/11\/FDShiver21dec.jpg","type":"image\/jpeg"}],"twitter_card":"summary_large_image","twitter_misc":{"Est. reading time":"2 minutes"},"schema":{"@context":"https:\/\/schema.org","@graph":[{"@type":"WebPage","@id":"https:\/\/lehangarzero.fr\/events\/fete-des-saisons-gourmandises-et-convivialite\/","url":"https:\/\/lehangarzero.fr\/events\/fete-des-saisons-gourmandises-et-convivialite\/","name":"F\u00eate des saisons : Gourmandises et convivialit\u00e9 - Le Hangar Z\u00e9ro","isPartOf":{"@id":"https:\/\/lehangarzero.fr\/#website"},"primaryImageOfPage":{"@id":"https:\/\/lehangarzero.fr\/events\/fete-des-saisons-gourmandises-et-convivialite\/#primaryimage"},"image":{"@id":"https:\/\/lehangarzero.fr\/events\/fete-des-saisons-gourmandises-et-convivialite\/#primaryimage"},"thumbnailUrl":"https:\/\/lehangarzero.fr\/wp-content\/uploads\/2022\/11\/FDShiver21dec.jpg","datePublished":"2022-11-29T16:03:19+00:00","dateModified":"2022-11-30T10:34:20+00:00","breadcrumb":{"@id":"https:\/\/lehangarzero.fr\/events\/fete-des-saisons-gourmandises-et-convivialite\/#breadcrumb"},"inLanguage":"en-US","potentialAction":[{"@type":"ReadAction","target":["https:\/\/lehangarzero.fr\/events\/fete-des-saisons-gourmandises-et-convivialite\/"]}]},{"@type":"ImageObject","inLanguage":"en-US","@id":"https:\/\/lehangarzero.fr\/events\/fete-des-saisons-gourmandises-et-convivialite\/#primaryimage","url":"https:\/\/lehangarzero.fr\/wp-content\/uploads\/2022\/11\/FDShiver21dec.jpg","contentUrl":"https:\/\/lehangarzero.fr\/wp-content\/uploads\/2022\/11\/FDShiver21dec.jpg","width":667,"height":349},{"@type":"BreadcrumbList","@id":"https:\/\/lehangarzero.fr\/events\/fete-des-saisons-gourmandises-et-convivialite\/#breadcrumb","itemListElement":[{"@type":"ListItem","position":1,"name":"Accueil","item":"https:\/\/lehangarzero.fr\/"},{"@type":"ListItem","position":2,"name":"\u00c9venements","item":"https:\/\/lehangarzero.fr\/events\/"},{"@type":"ListItem","position":3,"name":"F\u00eate des saisons : Gourmandises et convivialit\u00e9"}]},{"@type":"WebSite","@id":"https:\/\/lehangarzero.fr\/#website","url":"https:\/\/lehangarzero.fr\/","name":"Le Hangar Z\u00e9ro","description":"Le laboratoire de la transition \u00e9cologique et citoyenne","publisher":{"@id":"https:\/\/lehangarzero.fr\/#organization"},"potentialAction":[{"@type":"SearchAction","target":{"@type":"EntryPoint","urlTemplate":"https:\/\/lehangarzero.fr\/?s={search_term_string}"},"query-input":{"@type":"PropertyValueSpecification","valueRequired":true,"valueName":"search_term_string"}}],"inLanguage":"en-US"},{"@type":"Organization","@id":"https:\/\/lehangarzero.fr\/#organization","name":"Le Hangar Z\u00e9ro","url":"https:\/\/lehangarzero.fr\/","logo":{"@type":"ImageObject","inLanguage":"en-US","@id":"https:\/\/lehangarzero.fr\/#\/schema\/logo\/image\/","url":"https:\/\/lehangarzero.fr\/wp-content\/uploads\/2022\/02\/cropped-cropped-logo-hz-blanc-1536x977-1.png","contentUrl":"https:\/\/lehangarzero.fr\/wp-content\/uploads\/2022\/02\/cropped-cropped-logo-hz-blanc-1536x977-1.png","width":"1536","height":"977","caption":"Le Hangar Z\u00e9ro"},"image":{"@id":"https:\/\/lehangarzero.fr\/#\/schema\/logo\/image\/"}}]}},"_links":{"self":[{"href":"https:\/\/lehangarzero.fr\/en\/wp-json\/wp\/v2\/mec-events\/2982","targetHints":{"allow":["GET"]}}],"collection":[{"href":"https:\/\/lehangarzero.fr\/en\/wp-json\/wp\/v2\/mec-events"}],"about":[{"href":"https:\/\/lehangarzero.fr\/en\/wp-json\/wp\/v2\/types\/mec-events"}],"author":[{"embeddable":true,"href":"https:\/\/lehangarzero.fr\/en\/wp-json\/wp\/v2\/users\/1"}],"replies":[{"embeddable":true,"href":"https:\/\/lehangarzero.fr\/en\/wp-json\/wp\/v2\/comments?post=2982"}],"wp:featuredmedia":[{"embeddable":true,"href":"https:\/\/lehangarzero.fr\/en\/wp-json\/wp\/v2\/media\/2980"}],"wp:attachment":[{"href":"https:\/\/lehangarzero.fr\/en\/wp-json\/wp\/v2\/media?parent=2982"}],"wp:term":[{"taxonomy":"post_tag","embeddable":true,"href":"https:\/\/lehangarzero.fr\/en\/wp-json\/wp\/v2\/tags?post=2982"},{"taxonomy":"mec_category","embeddable":true,"href":"https:\/\/lehangarzero.fr\/en\/wp-json\/wp\/v2\/mec_category?post=2982"}],"curies":[{"name":"wp","href":"https:\/\/api.w.org\/{rel}","templated":true}]}}