{"id":7022,"date":"2025-03-04T11:34:38","date_gmt":"2025-03-04T10:34:38","guid":{"rendered":"https:\/\/lehangarzero.fr\/events\/%f0%9f%a7%b5-atelier-macrame-fabrication-de-porte-cles-%f0%9f%a7%b6%e2%9c%a8\/"},"modified":"2025-03-04T11:34:38","modified_gmt":"2025-03-04T10:34:38","slug":"%f0%9f%a7%b5-atelier-macrame-fabrication-de-porte-cles-%f0%9f%a7%b6%e2%9c%a8","status":"publish","type":"mec-events","link":"https:\/\/lehangarzero.fr\/en\/events\/%f0%9f%a7%b5-atelier-macrame-fabrication-de-porte-cles-%f0%9f%a7%b6%e2%9c%a8\/","title":{"rendered":"\ud83e\uddf5 ATELIER MACRAM\u00c9 : FABRICATION DE PORTE-CL\u00c9S \ud83e\uddf6\u2728"},"content":{"rendered":"<p data-start=\"0\" data-end=\"56\">\ud83e\uddf5 <strong data-start=\"3\" data-end=\"50\">ATELIER MACRAM\u00c9 : FABRICATION DE PORTE-CL\u00c9S<\/strong> \ud83e\uddf6\u2728<\/p>\n<p data-start=\"58\" data-end=\"271\">Envie de d\u00e9couvrir l\u2019art du macram\u00e9 et de repartir avec une cr\u00e9ation unique ? <strong data-start=\"136\" data-end=\"164\">Le Comptoir du Macram\u00e9<\/strong>\u00a0vous propose un <strong data-start=\"181\" data-end=\"232\">atelier de fabrication de porte-cl\u00e9s en macram\u00e9<\/strong> lors de la <strong data-start=\"244\" data-end=\"267\">F\u00eate du Hangar Z\u00e9ro<\/strong> !<\/p>\n<p data-start=\"273\" data-end=\"444\">\ud83c\udfa8 <strong data-start=\"276\" data-end=\"294\">Au programme :<\/strong><br data-start=\"294\" data-end=\"297\" \/>\ud83d\udd39 Apprentissage des <strong data-start=\"318\" data-end=\"335\">n\u0153uds de base<\/strong> du macram\u00e9<br data-start=\"346\" data-end=\"349\" \/>\ud83d\udd39 Cr\u00e9ation d\u2019un <strong data-start=\"366\" data-end=\"393\" data-is-only-node=\"\">porte-cl\u00e9s personnalis\u00e9<\/strong><br data-start=\"393\" data-end=\"396\" \/>\ud83d\udd39 Un moment cr\u00e9atif et convivial \u00e0 partager !<\/p>\n<p data-start=\"446\" data-end=\"555\">\ud83d\udcc5 <strong data-start=\"449\" data-end=\"467\">Samedi 15 mars<\/strong><br data-start=\"467\" data-end=\"470\" \/>\u23f0 <strong data-start=\"472\" data-end=\"485\">15h \u2013 17h<\/strong><br data-start=\"485\" data-end=\"488\" \/>\ud83d\udccd <strong data-start=\"491\" data-end=\"517\">Hangar Z\u00e9ro \u2013 Le Havre<\/strong><br data-start=\"517\" data-end=\"520\" data-is-only-node=\"\" \/>\ud83d\udcb0 <strong data-start=\"523\" data-end=\"553\">Prix libre \u00e0 partir de 5 \u20ac<\/strong><\/p>\n<p data-start=\"557\" data-end=\"671\">\ud83c\udf3f Un atelier accessible \u00e0 tous, id\u00e9al pour s\u2019initier au macram\u00e9 et repartir avec une belle cr\u00e9ation fait-main !<\/p>\n<p data-start=\"673\" data-end=\"733\" data-is-last-node=\"\" data-is-only-node=\"\">#HangarZero #Macram\u00e9 #AtelierCr\u00e9atif #FaitMain #DIY #LeHavre<\/p>\n<p>https:\/\/fb.me\/e\/4rPTyTXnc\u00a0<\/p>","protected":false},"excerpt":{"rendered":"<p>\ud83e\uddf5 ATELIER MACRAM\u00c9 : FABRICATION DE PORTE-CL\u00c9S \ud83e\uddf6\u2728 Envie de d\u00e9couvrir l\u2019art du macram\u00e9 et de repartir avec une cr\u00e9ation unique ? Le Comptoir du Macram\u00e9\u00a0vous propose un atelier de fabrication de porte-cl\u00e9s en macram\u00e9 lors de la F\u00eate du Hangar Z\u00e9ro ! \ud83c\udfa8 Au programme :\ud83d\udd39 Apprentissage des n\u0153uds de base du macram\u00e9\ud83d\udd39 Cr\u00e9ation &hellip;<\/p>\n<p class=\"read-more\"> <a class=\"\" href=\"https:\/\/lehangarzero.fr\/en\/events\/%f0%9f%a7%b5-atelier-macrame-fabrication-de-porte-cles-%f0%9f%a7%b6%e2%9c%a8\/\"> <span class=\"screen-reader-text\">\ud83e\uddf5 ATELIER MACRAM\u00c9 : FABRICATION DE PORTE-CL\u00c9S \ud83e\uddf6\u2728<\/span> Read More &raquo;<\/a><\/p>","protected":false},"author":1,"featured_media":7021,"comment_status":"open","ping_status":"closed","template":"","tags":[],"mec_category":[21],"class_list":["post-7022","mec-events","type-mec-events","status-publish","has-post-thumbnail","hentry","mec_category-atelier"],"yoast_head":"<!-- This site is optimized with the Yoast SEO plugin v27.5 - https:\/\/yoast.com\/product\/yoast-seo-wordpress\/ -->\n<title>\ud83e\uddf5 ATELIER MACRAM\u00c9 : FABRICATION DE PORTE-CL\u00c9S \ud83e\uddf6\u2728 - Le Hangar Z\u00e9ro<\/title>\n<meta name=\"robots\" content=\"index, follow, max-snippet:-1, max-image-preview:large, max-video-preview:-1\" \/>\n<link rel=\"canonical\" href=\"https:\/\/lehangarzero.fr\/en\/events\/\ud83e\uddf5-atelier-macrame-fabrication-de-porte-cles-\ud83e\uddf6\u2728\/\" \/>\n<meta property=\"og:locale\" content=\"en_US\" \/>\n<meta property=\"og:type\" content=\"article\" \/>\n<meta property=\"og:title\" content=\"\ud83e\uddf5 ATELIER MACRAM\u00c9 : FABRICATION DE PORTE-CL\u00c9S \ud83e\uddf6\u2728 - Le Hangar Z\u00e9ro\" \/>\n<meta property=\"og:description\" content=\"\ud83e\uddf5 ATELIER MACRAM\u00c9 : FABRICATION DE PORTE-CL\u00c9S \ud83e\uddf6\u2728 Envie de d\u00e9couvrir l\u2019art du macram\u00e9 et de repartir avec une cr\u00e9ation unique ? Le Comptoir du Macram\u00e9\u00a0vous propose un atelier de fabrication de porte-cl\u00e9s en macram\u00e9 lors de la F\u00eate du Hangar Z\u00e9ro ! \ud83c\udfa8 Au programme :\ud83d\udd39 Apprentissage des n\u0153uds de base du macram\u00e9\ud83d\udd39 Cr\u00e9ation &hellip; \ud83e\uddf5 ATELIER MACRAM\u00c9 : FABRICATION DE PORTE-CL\u00c9S \ud83e\uddf6\u2728 Read More &raquo;\" \/>\n<meta property=\"og:url\" content=\"https:\/\/lehangarzero.fr\/en\/events\/\ud83e\uddf5-atelier-macrame-fabrication-de-porte-cles-\ud83e\uddf6\u2728\/\" \/>\n<meta property=\"og:site_name\" content=\"Le Hangar Z\u00e9ro\" \/>\n<meta name=\"twitter:card\" content=\"summary_large_image\" \/>\n<meta name=\"twitter:label1\" content=\"Est. reading time\" \/>\n\t<meta name=\"twitter:data1\" content=\"1 minute\" \/>\n<script type=\"application\/ld+json\" class=\"yoast-schema-graph\">{\"@context\":\"https:\\\/\\\/schema.org\",\"@graph\":[{\"@type\":\"WebPage\",\"@id\":\"https:\\\/\\\/lehangarzero.fr\\\/events\\\/%f0%9f%a7%b5-atelier-macrame-fabrication-de-porte-cles-%f0%9f%a7%b6%e2%9c%a8\\\/\",\"url\":\"https:\\\/\\\/lehangarzero.fr\\\/events\\\/%f0%9f%a7%b5-atelier-macrame-fabrication-de-porte-cles-%f0%9f%a7%b6%e2%9c%a8\\\/\",\"name\":\"\ud83e\uddf5 ATELIER MACRAM\u00c9 : FABRICATION DE PORTE-CL\u00c9S \ud83e\uddf6\u2728 - Le Hangar Z\u00e9ro\",\"isPartOf\":{\"@id\":\"https:\\\/\\\/lehangarzero.fr\\\/#website\"},\"primaryImageOfPage\":{\"@id\":\"https:\\\/\\\/lehangarzero.fr\\\/events\\\/%f0%9f%a7%b5-atelier-macrame-fabrication-de-porte-cles-%f0%9f%a7%b6%e2%9c%a8\\\/#primaryimage\"},\"image\":{\"@id\":\"https:\\\/\\\/lehangarzero.fr\\\/events\\\/%f0%9f%a7%b5-atelier-macrame-fabrication-de-porte-cles-%f0%9f%a7%b6%e2%9c%a8\\\/#primaryimage\"},\"thumbnailUrl\":\"https:\\\/\\\/lehangarzero.fr\\\/wp-content\\\/uploads\\\/2025\\\/03\\\/Evenement-Facebook-5.png\",\"datePublished\":\"2025-03-04T10:34:38+00:00\",\"breadcrumb\":{\"@id\":\"https:\\\/\\\/lehangarzero.fr\\\/events\\\/%f0%9f%a7%b5-atelier-macrame-fabrication-de-porte-cles-%f0%9f%a7%b6%e2%9c%a8\\\/#breadcrumb\"},\"inLanguage\":\"en-US\",\"potentialAction\":[{\"@type\":\"ReadAction\",\"target\":[\"https:\\\/\\\/lehangarzero.fr\\\/events\\\/%f0%9f%a7%b5-atelier-macrame-fabrication-de-porte-cles-%f0%9f%a7%b6%e2%9c%a8\\\/\"]}]},{\"@type\":\"ImageObject\",\"inLanguage\":\"en-US\",\"@id\":\"https:\\\/\\\/lehangarzero.fr\\\/events\\\/%f0%9f%a7%b5-atelier-macrame-fabrication-de-porte-cles-%f0%9f%a7%b6%e2%9c%a8\\\/#primaryimage\",\"url\":\"https:\\\/\\\/lehangarzero.fr\\\/wp-content\\\/uploads\\\/2025\\\/03\\\/Evenement-Facebook-5.png\",\"contentUrl\":\"https:\\\/\\\/lehangarzero.fr\\\/wp-content\\\/uploads\\\/2025\\\/03\\\/Evenement-Facebook-5.png\",\"width\":1920,\"height\":1080},{\"@type\":\"BreadcrumbList\",\"@id\":\"https:\\\/\\\/lehangarzero.fr\\\/events\\\/%f0%9f%a7%b5-atelier-macrame-fabrication-de-porte-cles-%f0%9f%a7%b6%e2%9c%a8\\\/#breadcrumb\",\"itemListElement\":[{\"@type\":\"ListItem\",\"position\":1,\"name\":\"Accueil\",\"item\":\"https:\\\/\\\/lehangarzero.fr\\\/\"},{\"@type\":\"ListItem\",\"position\":2,\"name\":\"\u00c9venements\",\"item\":\"https:\\\/\\\/lehangarzero.fr\\\/events\\\/\"},{\"@type\":\"ListItem\",\"position\":3,\"name\":\"\ud83e\uddf5 ATELIER MACRAM\u00c9 : FABRICATION DE PORTE-CL\u00c9S \ud83e\uddf6\u2728\"}]},{\"@type\":\"WebSite\",\"@id\":\"https:\\\/\\\/lehangarzero.fr\\\/#website\",\"url\":\"https:\\\/\\\/lehangarzero.fr\\\/\",\"name\":\"Le Hangar Z\u00e9ro\",\"description\":\"Le laboratoire de la transition \u00e9cologique et citoyenne\",\"publisher\":{\"@id\":\"https:\\\/\\\/lehangarzero.fr\\\/#organization\"},\"potentialAction\":[{\"@type\":\"SearchAction\",\"target\":{\"@type\":\"EntryPoint\",\"urlTemplate\":\"https:\\\/\\\/lehangarzero.fr\\\/?s={search_term_string}\"},\"query-input\":{\"@type\":\"PropertyValueSpecification\",\"valueRequired\":true,\"valueName\":\"search_term_string\"}}],\"inLanguage\":\"en-US\"},{\"@type\":\"Organization\",\"@id\":\"https:\\\/\\\/lehangarzero.fr\\\/#organization\",\"name\":\"Le Hangar Z\u00e9ro\",\"url\":\"https:\\\/\\\/lehangarzero.fr\\\/\",\"logo\":{\"@type\":\"ImageObject\",\"inLanguage\":\"en-US\",\"@id\":\"https:\\\/\\\/lehangarzero.fr\\\/#\\\/schema\\\/logo\\\/image\\\/\",\"url\":\"https:\\\/\\\/lehangarzero.fr\\\/wp-content\\\/uploads\\\/2022\\\/02\\\/cropped-cropped-logo-hz-blanc-1536x977-1.png\",\"contentUrl\":\"https:\\\/\\\/lehangarzero.fr\\\/wp-content\\\/uploads\\\/2022\\\/02\\\/cropped-cropped-logo-hz-blanc-1536x977-1.png\",\"width\":\"1536\",\"height\":\"977\",\"caption\":\"Le Hangar Z\u00e9ro\"},\"image\":{\"@id\":\"https:\\\/\\\/lehangarzero.fr\\\/#\\\/schema\\\/logo\\\/image\\\/\"}}]}<\/script>\n<!-- \/ Yoast SEO plugin. -->","yoast_head_json":{"title":"\ud83e\uddf5 ATELIER MACRAM\u00c9 : FABRICATION DE PORTE-CL\u00c9S \ud83e\uddf6\u2728 - Le Hangar Z\u00e9ro","robots":{"index":"index","follow":"follow","max-snippet":"max-snippet:-1","max-image-preview":"max-image-preview:large","max-video-preview":"max-video-preview:-1"},"canonical":"https:\/\/lehangarzero.fr\/en\/events\/\ud83e\uddf5-atelier-macrame-fabrication-de-porte-cles-\ud83e\uddf6\u2728\/","og_locale":"en_US","og_type":"article","og_title":"\ud83e\uddf5 ATELIER MACRAM\u00c9 : FABRICATION DE PORTE-CL\u00c9S \ud83e\uddf6\u2728 - Le Hangar Z\u00e9ro","og_description":"\ud83e\uddf5 ATELIER MACRAM\u00c9 : FABRICATION DE PORTE-CL\u00c9S \ud83e\uddf6\u2728 Envie de d\u00e9couvrir l\u2019art du macram\u00e9 et de repartir avec une cr\u00e9ation unique ? Le Comptoir du Macram\u00e9\u00a0vous propose un atelier de fabrication de porte-cl\u00e9s en macram\u00e9 lors de la F\u00eate du Hangar Z\u00e9ro ! \ud83c\udfa8 Au programme :\ud83d\udd39 Apprentissage des n\u0153uds de base du macram\u00e9\ud83d\udd39 Cr\u00e9ation &hellip; \ud83e\uddf5 ATELIER MACRAM\u00c9 : FABRICATION DE PORTE-CL\u00c9S \ud83e\uddf6\u2728 Read More &raquo;","og_url":"https:\/\/lehangarzero.fr\/en\/events\/\ud83e\uddf5-atelier-macrame-fabrication-de-porte-cles-\ud83e\uddf6\u2728\/","og_site_name":"Le Hangar Z\u00e9ro","twitter_card":"summary_large_image","twitter_misc":{"Est. reading time":"1 minute"},"schema":{"@context":"https:\/\/schema.org","@graph":[{"@type":"WebPage","@id":"https:\/\/lehangarzero.fr\/events\/%f0%9f%a7%b5-atelier-macrame-fabrication-de-porte-cles-%f0%9f%a7%b6%e2%9c%a8\/","url":"https:\/\/lehangarzero.fr\/events\/%f0%9f%a7%b5-atelier-macrame-fabrication-de-porte-cles-%f0%9f%a7%b6%e2%9c%a8\/","name":"\ud83e\uddf5 ATELIER MACRAM\u00c9 : FABRICATION DE PORTE-CL\u00c9S \ud83e\uddf6\u2728 - Le Hangar Z\u00e9ro","isPartOf":{"@id":"https:\/\/lehangarzero.fr\/#website"},"primaryImageOfPage":{"@id":"https:\/\/lehangarzero.fr\/events\/%f0%9f%a7%b5-atelier-macrame-fabrication-de-porte-cles-%f0%9f%a7%b6%e2%9c%a8\/#primaryimage"},"image":{"@id":"https:\/\/lehangarzero.fr\/events\/%f0%9f%a7%b5-atelier-macrame-fabrication-de-porte-cles-%f0%9f%a7%b6%e2%9c%a8\/#primaryimage"},"thumbnailUrl":"https:\/\/lehangarzero.fr\/wp-content\/uploads\/2025\/03\/Evenement-Facebook-5.png","datePublished":"2025-03-04T10:34:38+00:00","breadcrumb":{"@id":"https:\/\/lehangarzero.fr\/events\/%f0%9f%a7%b5-atelier-macrame-fabrication-de-porte-cles-%f0%9f%a7%b6%e2%9c%a8\/#breadcrumb"},"inLanguage":"en-US","potentialAction":[{"@type":"ReadAction","target":["https:\/\/lehangarzero.fr\/events\/%f0%9f%a7%b5-atelier-macrame-fabrication-de-porte-cles-%f0%9f%a7%b6%e2%9c%a8\/"]}]},{"@type":"ImageObject","inLanguage":"en-US","@id":"https:\/\/lehangarzero.fr\/events\/%f0%9f%a7%b5-atelier-macrame-fabrication-de-porte-cles-%f0%9f%a7%b6%e2%9c%a8\/#primaryimage","url":"https:\/\/lehangarzero.fr\/wp-content\/uploads\/2025\/03\/Evenement-Facebook-5.png","contentUrl":"https:\/\/lehangarzero.fr\/wp-content\/uploads\/2025\/03\/Evenement-Facebook-5.png","width":1920,"height":1080},{"@type":"BreadcrumbList","@id":"https:\/\/lehangarzero.fr\/events\/%f0%9f%a7%b5-atelier-macrame-fabrication-de-porte-cles-%f0%9f%a7%b6%e2%9c%a8\/#breadcrumb","itemListElement":[{"@type":"ListItem","position":1,"name":"Accueil","item":"https:\/\/lehangarzero.fr\/"},{"@type":"ListItem","position":2,"name":"\u00c9venements","item":"https:\/\/lehangarzero.fr\/events\/"},{"@type":"ListItem","position":3,"name":"\ud83e\uddf5 ATELIER MACRAM\u00c9 : FABRICATION DE PORTE-CL\u00c9S \ud83e\uddf6\u2728"}]},{"@type":"WebSite","@id":"https:\/\/lehangarzero.fr\/#website","url":"https:\/\/lehangarzero.fr\/","name":"Le Hangar Z\u00e9ro","description":"Le laboratoire de la transition \u00e9cologique et citoyenne","publisher":{"@id":"https:\/\/lehangarzero.fr\/#organization"},"potentialAction":[{"@type":"SearchAction","target":{"@type":"EntryPoint","urlTemplate":"https:\/\/lehangarzero.fr\/?s={search_term_string}"},"query-input":{"@type":"PropertyValueSpecification","valueRequired":true,"valueName":"search_term_string"}}],"inLanguage":"en-US"},{"@type":"Organization","@id":"https:\/\/lehangarzero.fr\/#organization","name":"Le Hangar Z\u00e9ro","url":"https:\/\/lehangarzero.fr\/","logo":{"@type":"ImageObject","inLanguage":"en-US","@id":"https:\/\/lehangarzero.fr\/#\/schema\/logo\/image\/","url":"https:\/\/lehangarzero.fr\/wp-content\/uploads\/2022\/02\/cropped-cropped-logo-hz-blanc-1536x977-1.png","contentUrl":"https:\/\/lehangarzero.fr\/wp-content\/uploads\/2022\/02\/cropped-cropped-logo-hz-blanc-1536x977-1.png","width":"1536","height":"977","caption":"Le Hangar Z\u00e9ro"},"image":{"@id":"https:\/\/lehangarzero.fr\/#\/schema\/logo\/image\/"}}]}},"_links":{"self":[{"href":"https:\/\/lehangarzero.fr\/en\/wp-json\/wp\/v2\/mec-events\/7022","targetHints":{"allow":["GET"]}}],"collection":[{"href":"https:\/\/lehangarzero.fr\/en\/wp-json\/wp\/v2\/mec-events"}],"about":[{"href":"https:\/\/lehangarzero.fr\/en\/wp-json\/wp\/v2\/types\/mec-events"}],"author":[{"embeddable":true,"href":"https:\/\/lehangarzero.fr\/en\/wp-json\/wp\/v2\/users\/1"}],"replies":[{"embeddable":true,"href":"https:\/\/lehangarzero.fr\/en\/wp-json\/wp\/v2\/comments?post=7022"}],"wp:featuredmedia":[{"embeddable":true,"href":"https:\/\/lehangarzero.fr\/en\/wp-json\/wp\/v2\/media\/7021"}],"wp:attachment":[{"href":"https:\/\/lehangarzero.fr\/en\/wp-json\/wp\/v2\/media?parent=7022"}],"wp:term":[{"taxonomy":"post_tag","embeddable":true,"href":"https:\/\/lehangarzero.fr\/en\/wp-json\/wp\/v2\/tags?post=7022"},{"taxonomy":"mec_category","embeddable":true,"href":"https:\/\/lehangarzero.fr\/en\/wp-json\/wp\/v2\/mec_category?post=7022"}],"curies":[{"name":"wp","href":"https:\/\/api.w.org\/{rel}","templated":true}]}}