{"id":7695,"date":"2025-05-09T14:46:55","date_gmt":"2025-05-09T12:46:55","guid":{"rendered":"https:\/\/lehangarzero.fr\/events\/apero-decroissant-la-decroissance-solution-politique-%f0%9f%8d%ba%f0%9f%8e%a4\/"},"modified":"2025-05-09T14:47:32","modified_gmt":"2025-05-09T12:47:32","slug":"apero-decroissant-la-decroissance-solution-politique-%f0%9f%8d%ba%f0%9f%8e%a4","status":"publish","type":"mec-events","link":"https:\/\/lehangarzero.fr\/en\/events\/apero-decroissant-la-decroissance-solution-politique-%f0%9f%8d%ba%f0%9f%8e%a4\/","title":{"rendered":"Ap\u00e9ro D\u00e9croissant : La d\u00e9croissance, solution politique ? \ud83c\udf7a\ud83c\udfa4"},"content":{"rendered":"<p>Ap\u00e9ro D\u00e9croissant : La d\u00e9croissance, solution politique ? \ud83c\udf7a\ud83c\udfa4<\/p>\n<p>\u00ab\u00a0La d\u00e9croissance, solution politique?\u00a0\u00bb \u00ab\u00a0Pour beaucoup, la croissance est la solution. Pourtant, elle est le probl\u00e8me. Alors, si la croissance c&rsquo;est le probl\u00e8me, la d\u00e9croissance, c&rsquo;est la solution?\u00a0\u00bb<\/p>\n<p>En pr\u00e9paration des (F)estives de la d\u00e9croissance qui auront lieu du 18 au 24 ao\u00fbt \u00e0 Briouze (Orne), la Maison Commune de la D\u00e9croissance organise une tourn\u00e9e dans la r\u00e9gion. Venez assister \u00e0 la conf\u00e9rence de Michel Lepesant, fondateur de la Maison Commune de la D\u00e9croissance, et \u00e9changer !<\/p>\n<p>Entr\u00e9e libre et gratuite<br \/>\nLe mercredi 21 mai, 18h \u00e0 20h dans le Resto<\/p>","protected":false},"excerpt":{"rendered":"<p>Ap\u00e9ro D\u00e9croissant : La d\u00e9croissance, solution politique ? \ud83c\udf7a\ud83c\udfa4 \u00ab\u00a0La d\u00e9croissance, solution politique?\u00a0\u00bb \u00ab\u00a0Pour beaucoup, la croissance est la solution. Pourtant, elle est le probl\u00e8me. Alors, si la croissance c&rsquo;est le probl\u00e8me, la d\u00e9croissance, c&rsquo;est la solution?\u00a0\u00bb En pr\u00e9paration des (F)estives de la d\u00e9croissance qui auront lieu du 18 au 24 ao\u00fbt \u00e0 Briouze (Orne), &hellip;<\/p>\n<p class=\"read-more\"> <a class=\"\" href=\"https:\/\/lehangarzero.fr\/en\/events\/apero-decroissant-la-decroissance-solution-politique-%f0%9f%8d%ba%f0%9f%8e%a4\/\"> <span class=\"screen-reader-text\">Ap\u00e9ro D\u00e9croissant : La d\u00e9croissance, solution politique ? \ud83c\udf7a\ud83c\udfa4<\/span> Read More &raquo;<\/a><\/p>","protected":false},"author":1,"featured_media":7694,"comment_status":"open","ping_status":"closed","template":"","tags":[],"mec_category":[26],"class_list":["post-7695","mec-events","type-mec-events","status-publish","has-post-thumbnail","hentry","mec_category-conference-debat-projection"],"yoast_head":"<!-- This site is optimized with the Yoast SEO plugin v27.5 - https:\/\/yoast.com\/product\/yoast-seo-wordpress\/ -->\n<title>Ap\u00e9ro D\u00e9croissant : La d\u00e9croissance, solution politique ? \ud83c\udf7a\ud83c\udfa4 - Le Hangar Z\u00e9ro<\/title>\n<meta name=\"robots\" content=\"index, follow, max-snippet:-1, max-image-preview:large, max-video-preview:-1\" \/>\n<link rel=\"canonical\" href=\"https:\/\/lehangarzero.fr\/en\/events\/apero-decroissant-la-decroissance-solution-politique-\ud83c\udf7a\ud83c\udfa4\/\" \/>\n<meta property=\"og:locale\" content=\"en_US\" \/>\n<meta property=\"og:type\" content=\"article\" \/>\n<meta property=\"og:title\" content=\"Ap\u00e9ro D\u00e9croissant : La d\u00e9croissance, solution politique ? \ud83c\udf7a\ud83c\udfa4 - Le Hangar Z\u00e9ro\" \/>\n<meta property=\"og:description\" content=\"Ap\u00e9ro D\u00e9croissant : La d\u00e9croissance, solution politique ? \ud83c\udf7a\ud83c\udfa4 \u00ab\u00a0La d\u00e9croissance, solution politique?\u00a0\u00bb \u00ab\u00a0Pour beaucoup, la croissance est la solution. Pourtant, elle est le probl\u00e8me. Alors, si la croissance c&rsquo;est le probl\u00e8me, la d\u00e9croissance, c&rsquo;est la solution?\u00a0\u00bb En pr\u00e9paration des (F)estives de la d\u00e9croissance qui auront lieu du 18 au 24 ao\u00fbt \u00e0 Briouze (Orne), &hellip; Ap\u00e9ro D\u00e9croissant : La d\u00e9croissance, solution politique ? \ud83c\udf7a\ud83c\udfa4 Read More &raquo;\" \/>\n<meta property=\"og:url\" content=\"https:\/\/lehangarzero.fr\/en\/events\/apero-decroissant-la-decroissance-solution-politique-\ud83c\udf7a\ud83c\udfa4\/\" \/>\n<meta property=\"og:site_name\" content=\"Le Hangar Z\u00e9ro\" \/>\n<meta property=\"article:modified_time\" content=\"2025-05-09T12:47:32+00:00\" \/>\n<meta property=\"og:image\" content=\"https:\/\/lehangarzero.fr\/wp-content\/uploads\/2025\/05\/UTF-8Affiche-La-decroissance-solution-politique-La-Havre.jpg\" \/>\n\t<meta property=\"og:image:width\" content=\"1414\" \/>\n\t<meta property=\"og:image:height\" content=\"2000\" \/>\n\t<meta property=\"og:image:type\" content=\"image\/jpeg\" \/>\n<meta name=\"twitter:card\" content=\"summary_large_image\" \/>\n<meta name=\"twitter:label1\" content=\"Est. reading time\" \/>\n\t<meta name=\"twitter:data1\" content=\"1 minute\" \/>\n<script type=\"application\/ld+json\" class=\"yoast-schema-graph\">{\"@context\":\"https:\\\/\\\/schema.org\",\"@graph\":[{\"@type\":\"WebPage\",\"@id\":\"https:\\\/\\\/lehangarzero.fr\\\/events\\\/apero-decroissant-la-decroissance-solution-politique-%f0%9f%8d%ba%f0%9f%8e%a4\\\/\",\"url\":\"https:\\\/\\\/lehangarzero.fr\\\/events\\\/apero-decroissant-la-decroissance-solution-politique-%f0%9f%8d%ba%f0%9f%8e%a4\\\/\",\"name\":\"Ap\u00e9ro D\u00e9croissant : La d\u00e9croissance, solution politique ? \ud83c\udf7a\ud83c\udfa4 - Le Hangar Z\u00e9ro\",\"isPartOf\":{\"@id\":\"https:\\\/\\\/lehangarzero.fr\\\/#website\"},\"primaryImageOfPage\":{\"@id\":\"https:\\\/\\\/lehangarzero.fr\\\/events\\\/apero-decroissant-la-decroissance-solution-politique-%f0%9f%8d%ba%f0%9f%8e%a4\\\/#primaryimage\"},\"image\":{\"@id\":\"https:\\\/\\\/lehangarzero.fr\\\/events\\\/apero-decroissant-la-decroissance-solution-politique-%f0%9f%8d%ba%f0%9f%8e%a4\\\/#primaryimage\"},\"thumbnailUrl\":\"https:\\\/\\\/lehangarzero.fr\\\/wp-content\\\/uploads\\\/2025\\\/05\\\/UTF-8Affiche-La-decroissance-solution-politique-La-Havre.jpg\",\"datePublished\":\"2025-05-09T12:46:55+00:00\",\"dateModified\":\"2025-05-09T12:47:32+00:00\",\"breadcrumb\":{\"@id\":\"https:\\\/\\\/lehangarzero.fr\\\/events\\\/apero-decroissant-la-decroissance-solution-politique-%f0%9f%8d%ba%f0%9f%8e%a4\\\/#breadcrumb\"},\"inLanguage\":\"en-US\",\"potentialAction\":[{\"@type\":\"ReadAction\",\"target\":[\"https:\\\/\\\/lehangarzero.fr\\\/events\\\/apero-decroissant-la-decroissance-solution-politique-%f0%9f%8d%ba%f0%9f%8e%a4\\\/\"]}]},{\"@type\":\"ImageObject\",\"inLanguage\":\"en-US\",\"@id\":\"https:\\\/\\\/lehangarzero.fr\\\/events\\\/apero-decroissant-la-decroissance-solution-politique-%f0%9f%8d%ba%f0%9f%8e%a4\\\/#primaryimage\",\"url\":\"https:\\\/\\\/lehangarzero.fr\\\/wp-content\\\/uploads\\\/2025\\\/05\\\/UTF-8Affiche-La-decroissance-solution-politique-La-Havre.jpg\",\"contentUrl\":\"https:\\\/\\\/lehangarzero.fr\\\/wp-content\\\/uploads\\\/2025\\\/05\\\/UTF-8Affiche-La-decroissance-solution-politique-La-Havre.jpg\",\"width\":1414,\"height\":2000},{\"@type\":\"BreadcrumbList\",\"@id\":\"https:\\\/\\\/lehangarzero.fr\\\/events\\\/apero-decroissant-la-decroissance-solution-politique-%f0%9f%8d%ba%f0%9f%8e%a4\\\/#breadcrumb\",\"itemListElement\":[{\"@type\":\"ListItem\",\"position\":1,\"name\":\"Accueil\",\"item\":\"https:\\\/\\\/lehangarzero.fr\\\/\"},{\"@type\":\"ListItem\",\"position\":2,\"name\":\"\u00c9venements\",\"item\":\"https:\\\/\\\/lehangarzero.fr\\\/events\\\/\"},{\"@type\":\"ListItem\",\"position\":3,\"name\":\"Ap\u00e9ro D\u00e9croissant : La d\u00e9croissance, solution politique ? \ud83c\udf7a\ud83c\udfa4\"}]},{\"@type\":\"WebSite\",\"@id\":\"https:\\\/\\\/lehangarzero.fr\\\/#website\",\"url\":\"https:\\\/\\\/lehangarzero.fr\\\/\",\"name\":\"Le Hangar Z\u00e9ro\",\"description\":\"Le laboratoire de la transition \u00e9cologique et citoyenne\",\"publisher\":{\"@id\":\"https:\\\/\\\/lehangarzero.fr\\\/#organization\"},\"potentialAction\":[{\"@type\":\"SearchAction\",\"target\":{\"@type\":\"EntryPoint\",\"urlTemplate\":\"https:\\\/\\\/lehangarzero.fr\\\/?s={search_term_string}\"},\"query-input\":{\"@type\":\"PropertyValueSpecification\",\"valueRequired\":true,\"valueName\":\"search_term_string\"}}],\"inLanguage\":\"en-US\"},{\"@type\":\"Organization\",\"@id\":\"https:\\\/\\\/lehangarzero.fr\\\/#organization\",\"name\":\"Le Hangar Z\u00e9ro\",\"url\":\"https:\\\/\\\/lehangarzero.fr\\\/\",\"logo\":{\"@type\":\"ImageObject\",\"inLanguage\":\"en-US\",\"@id\":\"https:\\\/\\\/lehangarzero.fr\\\/#\\\/schema\\\/logo\\\/image\\\/\",\"url\":\"https:\\\/\\\/lehangarzero.fr\\\/wp-content\\\/uploads\\\/2022\\\/02\\\/cropped-cropped-logo-hz-blanc-1536x977-1.png\",\"contentUrl\":\"https:\\\/\\\/lehangarzero.fr\\\/wp-content\\\/uploads\\\/2022\\\/02\\\/cropped-cropped-logo-hz-blanc-1536x977-1.png\",\"width\":\"1536\",\"height\":\"977\",\"caption\":\"Le Hangar Z\u00e9ro\"},\"image\":{\"@id\":\"https:\\\/\\\/lehangarzero.fr\\\/#\\\/schema\\\/logo\\\/image\\\/\"}}]}<\/script>\n<!-- \/ Yoast SEO plugin. -->","yoast_head_json":{"title":"Ap\u00e9ro D\u00e9croissant : La d\u00e9croissance, solution politique ? \ud83c\udf7a\ud83c\udfa4 - Le Hangar Z\u00e9ro","robots":{"index":"index","follow":"follow","max-snippet":"max-snippet:-1","max-image-preview":"max-image-preview:large","max-video-preview":"max-video-preview:-1"},"canonical":"https:\/\/lehangarzero.fr\/en\/events\/apero-decroissant-la-decroissance-solution-politique-\ud83c\udf7a\ud83c\udfa4\/","og_locale":"en_US","og_type":"article","og_title":"Ap\u00e9ro D\u00e9croissant : La d\u00e9croissance, solution politique ? \ud83c\udf7a\ud83c\udfa4 - Le Hangar Z\u00e9ro","og_description":"Ap\u00e9ro D\u00e9croissant : La d\u00e9croissance, solution politique ? \ud83c\udf7a\ud83c\udfa4 \u00ab\u00a0La d\u00e9croissance, solution politique?\u00a0\u00bb \u00ab\u00a0Pour beaucoup, la croissance est la solution. Pourtant, elle est le probl\u00e8me. Alors, si la croissance c&rsquo;est le probl\u00e8me, la d\u00e9croissance, c&rsquo;est la solution?\u00a0\u00bb En pr\u00e9paration des (F)estives de la d\u00e9croissance qui auront lieu du 18 au 24 ao\u00fbt \u00e0 Briouze (Orne), &hellip; Ap\u00e9ro D\u00e9croissant : La d\u00e9croissance, solution politique ? \ud83c\udf7a\ud83c\udfa4 Read More &raquo;","og_url":"https:\/\/lehangarzero.fr\/en\/events\/apero-decroissant-la-decroissance-solution-politique-\ud83c\udf7a\ud83c\udfa4\/","og_site_name":"Le Hangar Z\u00e9ro","article_modified_time":"2025-05-09T12:47:32+00:00","og_image":[{"width":1414,"height":2000,"url":"https:\/\/lehangarzero.fr\/wp-content\/uploads\/2025\/05\/UTF-8Affiche-La-decroissance-solution-politique-La-Havre.jpg","type":"image\/jpeg"}],"twitter_card":"summary_large_image","twitter_misc":{"Est. reading time":"1 minute"},"schema":{"@context":"https:\/\/schema.org","@graph":[{"@type":"WebPage","@id":"https:\/\/lehangarzero.fr\/events\/apero-decroissant-la-decroissance-solution-politique-%f0%9f%8d%ba%f0%9f%8e%a4\/","url":"https:\/\/lehangarzero.fr\/events\/apero-decroissant-la-decroissance-solution-politique-%f0%9f%8d%ba%f0%9f%8e%a4\/","name":"Ap\u00e9ro D\u00e9croissant : La d\u00e9croissance, solution politique ? \ud83c\udf7a\ud83c\udfa4 - Le Hangar Z\u00e9ro","isPartOf":{"@id":"https:\/\/lehangarzero.fr\/#website"},"primaryImageOfPage":{"@id":"https:\/\/lehangarzero.fr\/events\/apero-decroissant-la-decroissance-solution-politique-%f0%9f%8d%ba%f0%9f%8e%a4\/#primaryimage"},"image":{"@id":"https:\/\/lehangarzero.fr\/events\/apero-decroissant-la-decroissance-solution-politique-%f0%9f%8d%ba%f0%9f%8e%a4\/#primaryimage"},"thumbnailUrl":"https:\/\/lehangarzero.fr\/wp-content\/uploads\/2025\/05\/UTF-8Affiche-La-decroissance-solution-politique-La-Havre.jpg","datePublished":"2025-05-09T12:46:55+00:00","dateModified":"2025-05-09T12:47:32+00:00","breadcrumb":{"@id":"https:\/\/lehangarzero.fr\/events\/apero-decroissant-la-decroissance-solution-politique-%f0%9f%8d%ba%f0%9f%8e%a4\/#breadcrumb"},"inLanguage":"en-US","potentialAction":[{"@type":"ReadAction","target":["https:\/\/lehangarzero.fr\/events\/apero-decroissant-la-decroissance-solution-politique-%f0%9f%8d%ba%f0%9f%8e%a4\/"]}]},{"@type":"ImageObject","inLanguage":"en-US","@id":"https:\/\/lehangarzero.fr\/events\/apero-decroissant-la-decroissance-solution-politique-%f0%9f%8d%ba%f0%9f%8e%a4\/#primaryimage","url":"https:\/\/lehangarzero.fr\/wp-content\/uploads\/2025\/05\/UTF-8Affiche-La-decroissance-solution-politique-La-Havre.jpg","contentUrl":"https:\/\/lehangarzero.fr\/wp-content\/uploads\/2025\/05\/UTF-8Affiche-La-decroissance-solution-politique-La-Havre.jpg","width":1414,"height":2000},{"@type":"BreadcrumbList","@id":"https:\/\/lehangarzero.fr\/events\/apero-decroissant-la-decroissance-solution-politique-%f0%9f%8d%ba%f0%9f%8e%a4\/#breadcrumb","itemListElement":[{"@type":"ListItem","position":1,"name":"Accueil","item":"https:\/\/lehangarzero.fr\/"},{"@type":"ListItem","position":2,"name":"\u00c9venements","item":"https:\/\/lehangarzero.fr\/events\/"},{"@type":"ListItem","position":3,"name":"Ap\u00e9ro D\u00e9croissant : La d\u00e9croissance, solution politique ? \ud83c\udf7a\ud83c\udfa4"}]},{"@type":"WebSite","@id":"https:\/\/lehangarzero.fr\/#website","url":"https:\/\/lehangarzero.fr\/","name":"Le Hangar Z\u00e9ro","description":"Le laboratoire de la transition \u00e9cologique et citoyenne","publisher":{"@id":"https:\/\/lehangarzero.fr\/#organization"},"potentialAction":[{"@type":"SearchAction","target":{"@type":"EntryPoint","urlTemplate":"https:\/\/lehangarzero.fr\/?s={search_term_string}"},"query-input":{"@type":"PropertyValueSpecification","valueRequired":true,"valueName":"search_term_string"}}],"inLanguage":"en-US"},{"@type":"Organization","@id":"https:\/\/lehangarzero.fr\/#organization","name":"Le Hangar Z\u00e9ro","url":"https:\/\/lehangarzero.fr\/","logo":{"@type":"ImageObject","inLanguage":"en-US","@id":"https:\/\/lehangarzero.fr\/#\/schema\/logo\/image\/","url":"https:\/\/lehangarzero.fr\/wp-content\/uploads\/2022\/02\/cropped-cropped-logo-hz-blanc-1536x977-1.png","contentUrl":"https:\/\/lehangarzero.fr\/wp-content\/uploads\/2022\/02\/cropped-cropped-logo-hz-blanc-1536x977-1.png","width":"1536","height":"977","caption":"Le Hangar Z\u00e9ro"},"image":{"@id":"https:\/\/lehangarzero.fr\/#\/schema\/logo\/image\/"}}]}},"_links":{"self":[{"href":"https:\/\/lehangarzero.fr\/en\/wp-json\/wp\/v2\/mec-events\/7695","targetHints":{"allow":["GET"]}}],"collection":[{"href":"https:\/\/lehangarzero.fr\/en\/wp-json\/wp\/v2\/mec-events"}],"about":[{"href":"https:\/\/lehangarzero.fr\/en\/wp-json\/wp\/v2\/types\/mec-events"}],"author":[{"embeddable":true,"href":"https:\/\/lehangarzero.fr\/en\/wp-json\/wp\/v2\/users\/1"}],"replies":[{"embeddable":true,"href":"https:\/\/lehangarzero.fr\/en\/wp-json\/wp\/v2\/comments?post=7695"}],"wp:featuredmedia":[{"embeddable":true,"href":"https:\/\/lehangarzero.fr\/en\/wp-json\/wp\/v2\/media\/7694"}],"wp:attachment":[{"href":"https:\/\/lehangarzero.fr\/en\/wp-json\/wp\/v2\/media?parent=7695"}],"wp:term":[{"taxonomy":"post_tag","embeddable":true,"href":"https:\/\/lehangarzero.fr\/en\/wp-json\/wp\/v2\/tags?post=7695"},{"taxonomy":"mec_category","embeddable":true,"href":"https:\/\/lehangarzero.fr\/en\/wp-json\/wp\/v2\/mec_category?post=7695"}],"curies":[{"name":"wp","href":"https:\/\/api.w.org\/{rel}","templated":true}]}}