{"id":8103,"date":"2025-06-06T10:27:17","date_gmt":"2025-06-06T08:27:17","guid":{"rendered":"https:\/\/lehangarzero.fr\/events\/%f0%9f%a7%b5atelier-macrame-avec-le-comptoir-du-macrame%f0%9f%a7%b5\/"},"modified":"2025-06-06T10:32:22","modified_gmt":"2025-06-06T08:32:22","slug":"%f0%9f%a7%b5atelier-macrame-avec-le-comptoir-du-macrame%f0%9f%a7%b5","status":"publish","type":"mec-events","link":"https:\/\/lehangarzero.fr\/en\/events\/%f0%9f%a7%b5atelier-macrame-avec-le-comptoir-du-macrame%f0%9f%a7%b5\/","title":{"rendered":"\ud83e\uddf5Atelier Macram\u00e9 avec le comptoir du Macram\u00e9\ud83e\uddf5"},"content":{"rendered":"<div class=\"xdj266r x14z9mp xat24cr x1lziwak x1vvkbs\"><span class=\"html-span xexx8yu xyri2b x18d9i69 x1c1uobl x1hl2dhg x16tdsg8 x1vvkbs x3nfvp2 x1j61x8r x1fcty0u xdj266r xat24cr xm2jcoa x1mpyi22 xxymvpz xlup9mm x1kky2od\"><img decoding=\"async\" class=\"xz74otr x168nmei x13lgxp2 x5pf9jr xo71vjh\" src=\"https:\/\/static.xx.fbcdn.net\/images\/emoji.php\/v9\/ta0\/1\/16\/1f9f5.png\" alt=\"\ud83e\uddf5\" width=\"16\" height=\"16\" \/><\/span>\u00a0<strong>Atelier Macram\u00e9<\/strong> avec Le Comptoir du Macram\u00e9<br class=\"html-br\" \/><span class=\"html-span xexx8yu xyri2b x18d9i69 x1c1uobl x1hl2dhg x16tdsg8 x1vvkbs x3nfvp2 x1j61x8r x1fcty0u xdj266r xat24cr xm2jcoa x1mpyi22 xxymvpz xlup9mm x1kky2od\"><img decoding=\"async\" class=\"xz74otr x168nmei x13lgxp2 x5pf9jr xo71vjh\" src=\"https:\/\/static.xx.fbcdn.net\/images\/emoji.php\/v9\/t7e\/1\/16\/1f4c5.png\" alt=\"\ud83d\udcc5\" width=\"16\" height=\"16\" \/><\/span>\u00a0Samedi 10 mai 2025<br class=\"html-br\" \/><span class=\"html-span xexx8yu xyri2b x18d9i69 x1c1uobl x1hl2dhg x16tdsg8 x1vvkbs x3nfvp2 x1j61x8r x1fcty0u xdj266r xat24cr xm2jcoa x1mpyi22 xxymvpz xlup9mm x1kky2od\"><img decoding=\"async\" class=\"xz74otr x168nmei x13lgxp2 x5pf9jr xo71vjh\" src=\"https:\/\/static.xx.fbcdn.net\/images\/emoji.php\/v9\/taa\/1\/16\/1f552.png\" alt=\"\ud83d\udd52\" width=\"16\" height=\"16\" \/><\/span>\u00a0De 15h \u00e0 17h<br class=\"html-br\" \/><span class=\"html-span xexx8yu xyri2b x18d9i69 x1c1uobl x1hl2dhg x16tdsg8 x1vvkbs x3nfvp2 x1j61x8r x1fcty0u xdj266r xat24cr xm2jcoa x1mpyi22 xxymvpz xlup9mm x1kky2od\"><img loading=\"lazy\" decoding=\"async\" class=\"xz74otr x168nmei x13lgxp2 x5pf9jr xo71vjh\" src=\"https:\/\/static.xx.fbcdn.net\/images\/emoji.php\/v9\/t2d\/1\/16\/1f4cd.png\" alt=\"\ud83d\udccd\" width=\"16\" height=\"16\" \/><\/span>\u00a0Hangar Z\u00e9ro \u2013 37 Quai de la Sa\u00f4ne, Le Havre<\/div>\n<div class=\"x14z9mp xat24cr x1lziwak x1vvkbs xtlvy1s\">Vous avez envie de cr\u00e9er de vos mains, de d\u00e9couvrir une technique artisanale accessible \u00e0 toutes et tous, ou simplement de passer un moment convivial et relaxant ?<br class=\"html-br\" \/><span class=\"html-span xexx8yu xyri2b x18d9i69 x1c1uobl x1hl2dhg x16tdsg8 x1vvkbs x3nfvp2 x1j61x8r x1fcty0u xdj266r xat24cr xm2jcoa x1mpyi22 xxymvpz xlup9mm x1kky2od\"><img loading=\"lazy\" decoding=\"async\" class=\"xz74otr x168nmei x13lgxp2 x5pf9jr xo71vjh\" src=\"https:\/\/static.xx.fbcdn.net\/images\/emoji.php\/v9\/t51\/1\/16\/1f449.png\" alt=\"\ud83d\udc49\" width=\"16\" height=\"16\" \/><\/span>\u00a0Rejoignez Le Comptoir du Macram\u00e9 pour un atelier d\u2019initiation ou de perfectionnement autour du macram\u00e9, dans un cadre chaleureux et cr\u00e9atif !<\/div>\n<div class=\"x14z9mp xat24cr x1lziwak x1vvkbs xtlvy1s\"><span class=\"html-span xexx8yu xyri2b x18d9i69 x1c1uobl x1hl2dhg x16tdsg8 x1vvkbs x3nfvp2 x1j61x8r x1fcty0u xdj266r xat24cr xm2jcoa x1mpyi22 xxymvpz xlup9mm x1kky2od\"><img loading=\"lazy\" decoding=\"async\" class=\"xz74otr x168nmei x13lgxp2 x5pf9jr xo71vjh\" src=\"https:\/\/static.xx.fbcdn.net\/images\/emoji.php\/v9\/tf3\/1\/16\/1f539.png\" alt=\"\ud83d\udd39\" width=\"16\" height=\"16\" \/><\/span>\u00a0Atelier ouvert \u00e0 tous niveaux<br class=\"html-br\" \/><span class=\"html-span xexx8yu xyri2b x18d9i69 x1c1uobl x1hl2dhg x16tdsg8 x1vvkbs x3nfvp2 x1j61x8r x1fcty0u xdj266r xat24cr xm2jcoa x1mpyi22 xxymvpz xlup9mm x1kky2od\"><img loading=\"lazy\" decoding=\"async\" class=\"xz74otr x168nmei x13lgxp2 x5pf9jr xo71vjh\" src=\"https:\/\/static.xx.fbcdn.net\/images\/emoji.php\/v9\/tf3\/1\/16\/1f539.png\" alt=\"\ud83d\udd39\" width=\"16\" height=\"16\" \/><\/span>\u00a0Prix libre \u00e0 partir de 5 \u20ac<br class=\"html-br\" \/><span class=\"html-span xexx8yu xyri2b x18d9i69 x1c1uobl x1hl2dhg x16tdsg8 x1vvkbs x3nfvp2 x1j61x8r x1fcty0u xdj266r xat24cr xm2jcoa x1mpyi22 xxymvpz xlup9mm x1kky2od\"><img loading=\"lazy\" decoding=\"async\" class=\"xz74otr x168nmei x13lgxp2 x5pf9jr xo71vjh\" src=\"https:\/\/static.xx.fbcdn.net\/images\/emoji.php\/v9\/tf3\/1\/16\/1f539.png\" alt=\"\ud83d\udd39\" width=\"16\" height=\"16\" \/><\/span>\u00a0Sur r\u00e9servation au 07 69 26 05 80 (places limit\u00e9es)<\/div>\n<div class=\"x14z9mp xat24cr x1lziwak x1vvkbs xtlvy1s\"><span class=\"html-span xexx8yu xyri2b x18d9i69 x1c1uobl x1hl2dhg x16tdsg8 x1vvkbs x3nfvp2 x1j61x8r x1fcty0u xdj266r xat24cr xm2jcoa x1mpyi22 xxymvpz xlup9mm x1kky2od\"><img loading=\"lazy\" decoding=\"async\" class=\"xz74otr x168nmei x13lgxp2 x5pf9jr xo71vjh\" src=\"https:\/\/static.xx.fbcdn.net\/images\/emoji.php\/v9\/t1e\/1\/16\/1f33f.png\" alt=\"\ud83c\udf3f\" width=\"16\" height=\"16\" \/><\/span>\u00a0Repartez avec votre cr\u00e9ation et le sourire, apr\u00e8s deux heures de d\u00e9tente, de tissage et de partage.<\/div>\n<div class=\"x14z9mp xat24cr x1lziwak x1vvkbs xtlvy1s\"><span class=\"html-span xexx8yu xyri2b x18d9i69 x1c1uobl x1hl2dhg x16tdsg8 x1vvkbs x3nfvp2 x1j61x8r x1fcty0u xdj266r xat24cr xm2jcoa x1mpyi22 xxymvpz xlup9mm x1kky2od\"><img loading=\"lazy\" decoding=\"async\" class=\"xz74otr x168nmei x13lgxp2 x5pf9jr xo71vjh\" src=\"https:\/\/static.xx.fbcdn.net\/images\/emoji.php\/v9\/t82\/1\/16\/1f3a8.png\" alt=\"\ud83c\udfa8\" width=\"16\" height=\"16\" \/><\/span>\u00a0Venez nouer, papoter et laisser libre cours \u00e0 votre imagination !<\/div>","protected":false},"excerpt":{"rendered":"<p>Envie de cr\u00e9er, de papoter et de vous d\u00e9tendre ?<br \/>\nLe samedi 10 mai 2025, Le Comptoir du Macram\u00e9 vous invite \u00e0 un atelier tous niveaux pour d\u00e9couvrir (ou red\u00e9couvrir) l\u2019art du macram\u00e9 dans une ambiance chaleureuse.<br \/>\n\ud83c\udfa8 Deux heures de tissage, de partage et de bonne humeur<br \/>\n\ud83d\udcb0 Prix libre \u00e0 partir de 5 \u20ac \u2013 sur r\u00e9servation (places limit\u00e9es)<br \/>\nRepartez avec votre cr\u00e9ation&#8230; et le sourire !<\/p>","protected":false},"author":1,"featured_media":8104,"comment_status":"open","ping_status":"closed","template":"","tags":[],"mec_category":[21],"class_list":["post-8103","mec-events","type-mec-events","status-publish","has-post-thumbnail","hentry","mec_category-atelier"],"yoast_head":"<!-- This site is optimized with the Yoast SEO plugin v27.5 - https:\/\/yoast.com\/product\/yoast-seo-wordpress\/ -->\n<title>\ud83e\uddf5Atelier Macram\u00e9 avec le comptoir du Macram\u00e9\ud83e\uddf5 - Le Hangar Z\u00e9ro<\/title>\n<meta name=\"robots\" content=\"index, follow, max-snippet:-1, max-image-preview:large, max-video-preview:-1\" \/>\n<link rel=\"canonical\" href=\"https:\/\/lehangarzero.fr\/en\/events\/\ud83e\uddf5atelier-macrame-avec-le-comptoir-du-macrame\ud83e\uddf5\/\" \/>\n<meta property=\"og:locale\" content=\"en_US\" \/>\n<meta property=\"og:type\" content=\"article\" \/>\n<meta property=\"og:title\" content=\"\ud83e\uddf5Atelier Macram\u00e9 avec le comptoir du Macram\u00e9\ud83e\uddf5 - Le Hangar Z\u00e9ro\" \/>\n<meta property=\"og:description\" content=\"Envie de cr\u00e9er, de papoter et de vous d\u00e9tendre ? Le samedi 10 mai 2025, Le Comptoir du Macram\u00e9 vous invite \u00e0 un atelier tous niveaux pour d\u00e9couvrir (ou red\u00e9couvrir) l\u2019art du macram\u00e9 dans une ambiance chaleureuse. \ud83c\udfa8 Deux heures de tissage, de partage et de bonne humeur \ud83d\udcb0 Prix libre \u00e0 partir de 5 \u20ac \u2013 sur r\u00e9servation (places limit\u00e9es) Repartez avec votre cr\u00e9ation... et le sourire !\" \/>\n<meta property=\"og:url\" content=\"https:\/\/lehangarzero.fr\/en\/events\/\ud83e\uddf5atelier-macrame-avec-le-comptoir-du-macrame\ud83e\uddf5\/\" \/>\n<meta property=\"og:site_name\" content=\"Le Hangar Z\u00e9ro\" \/>\n<meta property=\"article:modified_time\" content=\"2025-06-06T08:32:22+00:00\" \/>\n<meta property=\"og:image\" content=\"https:\/\/lehangarzero.fr\/wp-content\/uploads\/2025\/06\/Evenement-Facebook-4.png\" \/>\n\t<meta property=\"og:image:width\" content=\"1920\" \/>\n\t<meta property=\"og:image:height\" content=\"1080\" \/>\n\t<meta property=\"og:image:type\" content=\"image\/png\" \/>\n<meta name=\"twitter:card\" content=\"summary_large_image\" \/>\n<meta name=\"twitter:label1\" content=\"Est. reading time\" \/>\n\t<meta name=\"twitter:data1\" content=\"3 minutes\" \/>\n<script type=\"application\/ld+json\" class=\"yoast-schema-graph\">{\"@context\":\"https:\\\/\\\/schema.org\",\"@graph\":[{\"@type\":\"WebPage\",\"@id\":\"https:\\\/\\\/lehangarzero.fr\\\/events\\\/%f0%9f%a7%b5atelier-macrame-avec-le-comptoir-du-macrame%f0%9f%a7%b5\\\/\",\"url\":\"https:\\\/\\\/lehangarzero.fr\\\/events\\\/%f0%9f%a7%b5atelier-macrame-avec-le-comptoir-du-macrame%f0%9f%a7%b5\\\/\",\"name\":\"\ud83e\uddf5Atelier Macram\u00e9 avec le comptoir du Macram\u00e9\ud83e\uddf5 - Le Hangar Z\u00e9ro\",\"isPartOf\":{\"@id\":\"https:\\\/\\\/lehangarzero.fr\\\/#website\"},\"primaryImageOfPage\":{\"@id\":\"https:\\\/\\\/lehangarzero.fr\\\/events\\\/%f0%9f%a7%b5atelier-macrame-avec-le-comptoir-du-macrame%f0%9f%a7%b5\\\/#primaryimage\"},\"image\":{\"@id\":\"https:\\\/\\\/lehangarzero.fr\\\/events\\\/%f0%9f%a7%b5atelier-macrame-avec-le-comptoir-du-macrame%f0%9f%a7%b5\\\/#primaryimage\"},\"thumbnailUrl\":\"https:\\\/\\\/lehangarzero.fr\\\/wp-content\\\/uploads\\\/2025\\\/06\\\/Evenement-Facebook-4.png\",\"datePublished\":\"2025-06-06T08:27:17+00:00\",\"dateModified\":\"2025-06-06T08:32:22+00:00\",\"breadcrumb\":{\"@id\":\"https:\\\/\\\/lehangarzero.fr\\\/events\\\/%f0%9f%a7%b5atelier-macrame-avec-le-comptoir-du-macrame%f0%9f%a7%b5\\\/#breadcrumb\"},\"inLanguage\":\"en-US\",\"potentialAction\":[{\"@type\":\"ReadAction\",\"target\":[\"https:\\\/\\\/lehangarzero.fr\\\/events\\\/%f0%9f%a7%b5atelier-macrame-avec-le-comptoir-du-macrame%f0%9f%a7%b5\\\/\"]}]},{\"@type\":\"ImageObject\",\"inLanguage\":\"en-US\",\"@id\":\"https:\\\/\\\/lehangarzero.fr\\\/events\\\/%f0%9f%a7%b5atelier-macrame-avec-le-comptoir-du-macrame%f0%9f%a7%b5\\\/#primaryimage\",\"url\":\"https:\\\/\\\/lehangarzero.fr\\\/wp-content\\\/uploads\\\/2025\\\/06\\\/Evenement-Facebook-4.png\",\"contentUrl\":\"https:\\\/\\\/lehangarzero.fr\\\/wp-content\\\/uploads\\\/2025\\\/06\\\/Evenement-Facebook-4.png\",\"width\":1920,\"height\":1080},{\"@type\":\"BreadcrumbList\",\"@id\":\"https:\\\/\\\/lehangarzero.fr\\\/events\\\/%f0%9f%a7%b5atelier-macrame-avec-le-comptoir-du-macrame%f0%9f%a7%b5\\\/#breadcrumb\",\"itemListElement\":[{\"@type\":\"ListItem\",\"position\":1,\"name\":\"Accueil\",\"item\":\"https:\\\/\\\/lehangarzero.fr\\\/\"},{\"@type\":\"ListItem\",\"position\":2,\"name\":\"\u00c9venements\",\"item\":\"https:\\\/\\\/lehangarzero.fr\\\/events\\\/\"},{\"@type\":\"ListItem\",\"position\":3,\"name\":\"\ud83e\uddf5Atelier Macram\u00e9 avec le comptoir du Macram\u00e9\ud83e\uddf5\"}]},{\"@type\":\"WebSite\",\"@id\":\"https:\\\/\\\/lehangarzero.fr\\\/#website\",\"url\":\"https:\\\/\\\/lehangarzero.fr\\\/\",\"name\":\"Le Hangar Z\u00e9ro\",\"description\":\"Le laboratoire de la transition \u00e9cologique et citoyenne\",\"publisher\":{\"@id\":\"https:\\\/\\\/lehangarzero.fr\\\/#organization\"},\"potentialAction\":[{\"@type\":\"SearchAction\",\"target\":{\"@type\":\"EntryPoint\",\"urlTemplate\":\"https:\\\/\\\/lehangarzero.fr\\\/?s={search_term_string}\"},\"query-input\":{\"@type\":\"PropertyValueSpecification\",\"valueRequired\":true,\"valueName\":\"search_term_string\"}}],\"inLanguage\":\"en-US\"},{\"@type\":\"Organization\",\"@id\":\"https:\\\/\\\/lehangarzero.fr\\\/#organization\",\"name\":\"Le Hangar Z\u00e9ro\",\"url\":\"https:\\\/\\\/lehangarzero.fr\\\/\",\"logo\":{\"@type\":\"ImageObject\",\"inLanguage\":\"en-US\",\"@id\":\"https:\\\/\\\/lehangarzero.fr\\\/#\\\/schema\\\/logo\\\/image\\\/\",\"url\":\"https:\\\/\\\/lehangarzero.fr\\\/wp-content\\\/uploads\\\/2022\\\/02\\\/cropped-cropped-logo-hz-blanc-1536x977-1.png\",\"contentUrl\":\"https:\\\/\\\/lehangarzero.fr\\\/wp-content\\\/uploads\\\/2022\\\/02\\\/cropped-cropped-logo-hz-blanc-1536x977-1.png\",\"width\":\"1536\",\"height\":\"977\",\"caption\":\"Le Hangar Z\u00e9ro\"},\"image\":{\"@id\":\"https:\\\/\\\/lehangarzero.fr\\\/#\\\/schema\\\/logo\\\/image\\\/\"}}]}<\/script>\n<!-- \/ Yoast SEO plugin. -->","yoast_head_json":{"title":"\ud83e\uddf5Atelier Macram\u00e9 avec le comptoir du Macram\u00e9\ud83e\uddf5 - Le Hangar Z\u00e9ro","robots":{"index":"index","follow":"follow","max-snippet":"max-snippet:-1","max-image-preview":"max-image-preview:large","max-video-preview":"max-video-preview:-1"},"canonical":"https:\/\/lehangarzero.fr\/en\/events\/\ud83e\uddf5atelier-macrame-avec-le-comptoir-du-macrame\ud83e\uddf5\/","og_locale":"en_US","og_type":"article","og_title":"\ud83e\uddf5Atelier Macram\u00e9 avec le comptoir du Macram\u00e9\ud83e\uddf5 - Le Hangar Z\u00e9ro","og_description":"Envie de cr\u00e9er, de papoter et de vous d\u00e9tendre ? Le samedi 10 mai 2025, Le Comptoir du Macram\u00e9 vous invite \u00e0 un atelier tous niveaux pour d\u00e9couvrir (ou red\u00e9couvrir) l\u2019art du macram\u00e9 dans une ambiance chaleureuse. \ud83c\udfa8 Deux heures de tissage, de partage et de bonne humeur \ud83d\udcb0 Prix libre \u00e0 partir de 5 \u20ac \u2013 sur r\u00e9servation (places limit\u00e9es) Repartez avec votre cr\u00e9ation... et le sourire !","og_url":"https:\/\/lehangarzero.fr\/en\/events\/\ud83e\uddf5atelier-macrame-avec-le-comptoir-du-macrame\ud83e\uddf5\/","og_site_name":"Le Hangar Z\u00e9ro","article_modified_time":"2025-06-06T08:32:22+00:00","og_image":[{"width":1920,"height":1080,"url":"https:\/\/lehangarzero.fr\/wp-content\/uploads\/2025\/06\/Evenement-Facebook-4.png","type":"image\/png"}],"twitter_card":"summary_large_image","twitter_misc":{"Est. reading time":"3 minutes"},"schema":{"@context":"https:\/\/schema.org","@graph":[{"@type":"WebPage","@id":"https:\/\/lehangarzero.fr\/events\/%f0%9f%a7%b5atelier-macrame-avec-le-comptoir-du-macrame%f0%9f%a7%b5\/","url":"https:\/\/lehangarzero.fr\/events\/%f0%9f%a7%b5atelier-macrame-avec-le-comptoir-du-macrame%f0%9f%a7%b5\/","name":"\ud83e\uddf5Atelier Macram\u00e9 avec le comptoir du Macram\u00e9\ud83e\uddf5 - Le Hangar Z\u00e9ro","isPartOf":{"@id":"https:\/\/lehangarzero.fr\/#website"},"primaryImageOfPage":{"@id":"https:\/\/lehangarzero.fr\/events\/%f0%9f%a7%b5atelier-macrame-avec-le-comptoir-du-macrame%f0%9f%a7%b5\/#primaryimage"},"image":{"@id":"https:\/\/lehangarzero.fr\/events\/%f0%9f%a7%b5atelier-macrame-avec-le-comptoir-du-macrame%f0%9f%a7%b5\/#primaryimage"},"thumbnailUrl":"https:\/\/lehangarzero.fr\/wp-content\/uploads\/2025\/06\/Evenement-Facebook-4.png","datePublished":"2025-06-06T08:27:17+00:00","dateModified":"2025-06-06T08:32:22+00:00","breadcrumb":{"@id":"https:\/\/lehangarzero.fr\/events\/%f0%9f%a7%b5atelier-macrame-avec-le-comptoir-du-macrame%f0%9f%a7%b5\/#breadcrumb"},"inLanguage":"en-US","potentialAction":[{"@type":"ReadAction","target":["https:\/\/lehangarzero.fr\/events\/%f0%9f%a7%b5atelier-macrame-avec-le-comptoir-du-macrame%f0%9f%a7%b5\/"]}]},{"@type":"ImageObject","inLanguage":"en-US","@id":"https:\/\/lehangarzero.fr\/events\/%f0%9f%a7%b5atelier-macrame-avec-le-comptoir-du-macrame%f0%9f%a7%b5\/#primaryimage","url":"https:\/\/lehangarzero.fr\/wp-content\/uploads\/2025\/06\/Evenement-Facebook-4.png","contentUrl":"https:\/\/lehangarzero.fr\/wp-content\/uploads\/2025\/06\/Evenement-Facebook-4.png","width":1920,"height":1080},{"@type":"BreadcrumbList","@id":"https:\/\/lehangarzero.fr\/events\/%f0%9f%a7%b5atelier-macrame-avec-le-comptoir-du-macrame%f0%9f%a7%b5\/#breadcrumb","itemListElement":[{"@type":"ListItem","position":1,"name":"Accueil","item":"https:\/\/lehangarzero.fr\/"},{"@type":"ListItem","position":2,"name":"\u00c9venements","item":"https:\/\/lehangarzero.fr\/events\/"},{"@type":"ListItem","position":3,"name":"\ud83e\uddf5Atelier Macram\u00e9 avec le comptoir du Macram\u00e9\ud83e\uddf5"}]},{"@type":"WebSite","@id":"https:\/\/lehangarzero.fr\/#website","url":"https:\/\/lehangarzero.fr\/","name":"Le Hangar Z\u00e9ro","description":"Le laboratoire de la transition \u00e9cologique et citoyenne","publisher":{"@id":"https:\/\/lehangarzero.fr\/#organization"},"potentialAction":[{"@type":"SearchAction","target":{"@type":"EntryPoint","urlTemplate":"https:\/\/lehangarzero.fr\/?s={search_term_string}"},"query-input":{"@type":"PropertyValueSpecification","valueRequired":true,"valueName":"search_term_string"}}],"inLanguage":"en-US"},{"@type":"Organization","@id":"https:\/\/lehangarzero.fr\/#organization","name":"Le Hangar Z\u00e9ro","url":"https:\/\/lehangarzero.fr\/","logo":{"@type":"ImageObject","inLanguage":"en-US","@id":"https:\/\/lehangarzero.fr\/#\/schema\/logo\/image\/","url":"https:\/\/lehangarzero.fr\/wp-content\/uploads\/2022\/02\/cropped-cropped-logo-hz-blanc-1536x977-1.png","contentUrl":"https:\/\/lehangarzero.fr\/wp-content\/uploads\/2022\/02\/cropped-cropped-logo-hz-blanc-1536x977-1.png","width":"1536","height":"977","caption":"Le Hangar Z\u00e9ro"},"image":{"@id":"https:\/\/lehangarzero.fr\/#\/schema\/logo\/image\/"}}]}},"_links":{"self":[{"href":"https:\/\/lehangarzero.fr\/en\/wp-json\/wp\/v2\/mec-events\/8103","targetHints":{"allow":["GET"]}}],"collection":[{"href":"https:\/\/lehangarzero.fr\/en\/wp-json\/wp\/v2\/mec-events"}],"about":[{"href":"https:\/\/lehangarzero.fr\/en\/wp-json\/wp\/v2\/types\/mec-events"}],"author":[{"embeddable":true,"href":"https:\/\/lehangarzero.fr\/en\/wp-json\/wp\/v2\/users\/1"}],"replies":[{"embeddable":true,"href":"https:\/\/lehangarzero.fr\/en\/wp-json\/wp\/v2\/comments?post=8103"}],"wp:featuredmedia":[{"embeddable":true,"href":"https:\/\/lehangarzero.fr\/en\/wp-json\/wp\/v2\/media\/8104"}],"wp:attachment":[{"href":"https:\/\/lehangarzero.fr\/en\/wp-json\/wp\/v2\/media?parent=8103"}],"wp:term":[{"taxonomy":"post_tag","embeddable":true,"href":"https:\/\/lehangarzero.fr\/en\/wp-json\/wp\/v2\/tags?post=8103"},{"taxonomy":"mec_category","embeddable":true,"href":"https:\/\/lehangarzero.fr\/en\/wp-json\/wp\/v2\/mec_category?post=8103"}],"curies":[{"name":"wp","href":"https:\/\/api.w.org\/{rel}","templated":true}]}}