{"id":8627,"date":"2025-10-13T11:50:03","date_gmt":"2025-10-13T09:50:03","guid":{"rendered":"https:\/\/lehangarzero.fr\/events\/%f0%9f%8e%ac%f0%9f%8c%b1-cine-debat-demain-des-laube\/"},"modified":"2025-10-13T11:50:35","modified_gmt":"2025-10-13T09:50:35","slug":"%f0%9f%8e%ac%f0%9f%8c%b1-cine-debat-demain-des-laube","status":"publish","type":"mec-events","link":"https:\/\/lehangarzero.fr\/en\/events\/%f0%9f%8e%ac%f0%9f%8c%b1-cine-debat-demain-des-laube\/","title":{"rendered":"\ud83c\udfac\ud83c\udf31 Cin\u00e9-d\u00e9bat \u2013 Demain d\u00e8s l\u2019aube"},"content":{"rendered":"<p>\ud83c\udfac\ud83c\udf31 Cin\u00e9-d\u00e9bat \u2013 Demain d\u00e8s l\u2019aube<\/p>\n<p>\ud83d\udcc5 Jeudi 16 octobre 2025<br \/>\n\ud83d\udd55 18h00<br \/>\n\ud83d\udccd Salle du resto \u2013 Le Hangar Z\u00e9ro, 37 quai de la Sa\u00f4ne, Le Havre<br \/>\n\ud83c\udf9f\ufe0f Entr\u00e9e libre \u2013 sur inscription (40\/50 places max)<\/p>\n<p>Avec Alan Goric, Bryan Morisse et Laurent Bihel.<\/p>\n<p>\ud83d\udca1 Th\u00e9matique : Lutte \u00e9cologique et paysannerie<\/p>\n<p>Le film \u00ab Demain d\u00e8s l\u2019aube \u00bb dresse un portrait sensible et inspirant de Gaspard Manesse, mara\u00eecher et militant \u00e0 la Conf\u00e9d\u00e9ration paysanne.<br \/>\n\u00c0 travers son parcours, c\u2019est toute une r\u00e9flexion sur les luttes paysannes, la d\u00e9fense du vivant et la recherche d\u2019alternatives agricoles durables qui s\u2019esquisse.<\/p>\n<p>\ud83d\udc49 Comment les paysans s\u2019engagent-ils face aux crises \u00e9cologiques ?<br \/>\n\ud83d\udc49 Quels combats m\u00e8nent-ils pour d\u00e9fendre la terre et nourrir autrement ?<br \/>\n\ud83d\udc49 Quelles perspectives collectives pour l\u2019avenir de l\u2019agriculture paysanne ?<\/p>\n<p>Un rendez-vous pour d\u00e9couvrir, r\u00e9fl\u00e9chir et \u00e9changer autour de l\u2019urgence \u00e9cologique et de la solidarit\u00e9 paysanne.<\/p>\n<p>#LeHangarZero #Cin\u00e9D\u00e9bat #Transition\u00c9cologique #Paysannerie #DemainD\u00e8sLAube<\/p>","protected":false},"excerpt":{"rendered":"<p>\ud83c\udfac\ud83c\udf31 Cin\u00e9-d\u00e9bat \u2013 Demain d\u00e8s l\u2019aube \ud83d\udcc5 Jeudi 16 octobre 2025 \ud83d\udd55 18h00 \ud83d\udccd Salle du resto \u2013 Le Hangar Z\u00e9ro, 37 quai de la Sa\u00f4ne, Le Havre \ud83c\udf9f\ufe0f Entr\u00e9e libre \u2013 sur inscription (40\/50 places max) Avec Alan Goric, Bryan Morisse et Laurent Bihel. \ud83d\udca1 Th\u00e9matique : Lutte \u00e9cologique et paysannerie Le film \u00ab &hellip;<\/p>\n<p class=\"read-more\"> <a class=\"\" href=\"https:\/\/lehangarzero.fr\/en\/events\/%f0%9f%8e%ac%f0%9f%8c%b1-cine-debat-demain-des-laube\/\"> <span class=\"screen-reader-text\">\ud83c\udfac\ud83c\udf31 Cin\u00e9-d\u00e9bat \u2013 Demain d\u00e8s l\u2019aube<\/span> Read More &raquo;<\/a><\/p>","protected":false},"author":1,"featured_media":0,"comment_status":"open","ping_status":"closed","template":"","tags":[],"mec_category":[26],"class_list":["post-8627","mec-events","type-mec-events","status-publish","hentry","mec_category-conference-debat-projection"],"yoast_head":"<!-- This site is optimized with the Yoast SEO plugin v27.5 - https:\/\/yoast.com\/product\/yoast-seo-wordpress\/ -->\n<title>\ud83c\udfac\ud83c\udf31 Cin\u00e9-d\u00e9bat \u2013 Demain d\u00e8s l\u2019aube - Le Hangar Z\u00e9ro<\/title>\n<meta name=\"robots\" content=\"index, follow, max-snippet:-1, max-image-preview:large, max-video-preview:-1\" \/>\n<link rel=\"canonical\" href=\"https:\/\/lehangarzero.fr\/en\/events\/\ud83c\udfac\ud83c\udf31-cine-debat-demain-des-laube\/\" \/>\n<meta property=\"og:locale\" content=\"en_US\" \/>\n<meta property=\"og:type\" content=\"article\" \/>\n<meta property=\"og:title\" content=\"\ud83c\udfac\ud83c\udf31 Cin\u00e9-d\u00e9bat \u2013 Demain d\u00e8s l\u2019aube - Le Hangar Z\u00e9ro\" \/>\n<meta property=\"og:description\" content=\"\ud83c\udfac\ud83c\udf31 Cin\u00e9-d\u00e9bat \u2013 Demain d\u00e8s l\u2019aube \ud83d\udcc5 Jeudi 16 octobre 2025 \ud83d\udd55 18h00 \ud83d\udccd Salle du resto \u2013 Le Hangar Z\u00e9ro, 37 quai de la Sa\u00f4ne, Le Havre \ud83c\udf9f\ufe0f Entr\u00e9e libre \u2013 sur inscription (40\/50 places max) Avec Alan Goric, Bryan Morisse et Laurent Bihel. \ud83d\udca1 Th\u00e9matique : Lutte \u00e9cologique et paysannerie Le film \u00ab &hellip; \ud83c\udfac\ud83c\udf31 Cin\u00e9-d\u00e9bat \u2013 Demain d\u00e8s l\u2019aube Read More &raquo;\" \/>\n<meta property=\"og:url\" content=\"https:\/\/lehangarzero.fr\/en\/events\/\ud83c\udfac\ud83c\udf31-cine-debat-demain-des-laube\/\" \/>\n<meta property=\"og:site_name\" content=\"Le Hangar Z\u00e9ro\" \/>\n<meta property=\"article:modified_time\" content=\"2025-10-13T09:50:35+00:00\" \/>\n<meta name=\"twitter:card\" content=\"summary_large_image\" \/>\n<meta name=\"twitter:label1\" content=\"Est. reading time\" \/>\n\t<meta name=\"twitter:data1\" content=\"1 minute\" \/>\n<script type=\"application\/ld+json\" class=\"yoast-schema-graph\">{\"@context\":\"https:\\\/\\\/schema.org\",\"@graph\":[{\"@type\":\"WebPage\",\"@id\":\"https:\\\/\\\/lehangarzero.fr\\\/events\\\/%f0%9f%8e%ac%f0%9f%8c%b1-cine-debat-demain-des-laube\\\/\",\"url\":\"https:\\\/\\\/lehangarzero.fr\\\/events\\\/%f0%9f%8e%ac%f0%9f%8c%b1-cine-debat-demain-des-laube\\\/\",\"name\":\"\ud83c\udfac\ud83c\udf31 Cin\u00e9-d\u00e9bat \u2013 Demain d\u00e8s l\u2019aube - Le Hangar Z\u00e9ro\",\"isPartOf\":{\"@id\":\"https:\\\/\\\/lehangarzero.fr\\\/#website\"},\"datePublished\":\"2025-10-13T09:50:03+00:00\",\"dateModified\":\"2025-10-13T09:50:35+00:00\",\"breadcrumb\":{\"@id\":\"https:\\\/\\\/lehangarzero.fr\\\/events\\\/%f0%9f%8e%ac%f0%9f%8c%b1-cine-debat-demain-des-laube\\\/#breadcrumb\"},\"inLanguage\":\"en-US\",\"potentialAction\":[{\"@type\":\"ReadAction\",\"target\":[\"https:\\\/\\\/lehangarzero.fr\\\/events\\\/%f0%9f%8e%ac%f0%9f%8c%b1-cine-debat-demain-des-laube\\\/\"]}]},{\"@type\":\"BreadcrumbList\",\"@id\":\"https:\\\/\\\/lehangarzero.fr\\\/events\\\/%f0%9f%8e%ac%f0%9f%8c%b1-cine-debat-demain-des-laube\\\/#breadcrumb\",\"itemListElement\":[{\"@type\":\"ListItem\",\"position\":1,\"name\":\"Accueil\",\"item\":\"https:\\\/\\\/lehangarzero.fr\\\/\"},{\"@type\":\"ListItem\",\"position\":2,\"name\":\"\u00c9venements\",\"item\":\"https:\\\/\\\/lehangarzero.fr\\\/events\\\/\"},{\"@type\":\"ListItem\",\"position\":3,\"name\":\"\ud83c\udfac\ud83c\udf31 Cin\u00e9-d\u00e9bat \u2013 Demain d\u00e8s l\u2019aube\"}]},{\"@type\":\"WebSite\",\"@id\":\"https:\\\/\\\/lehangarzero.fr\\\/#website\",\"url\":\"https:\\\/\\\/lehangarzero.fr\\\/\",\"name\":\"Le Hangar Z\u00e9ro\",\"description\":\"Le laboratoire de la transition \u00e9cologique et citoyenne\",\"publisher\":{\"@id\":\"https:\\\/\\\/lehangarzero.fr\\\/#organization\"},\"potentialAction\":[{\"@type\":\"SearchAction\",\"target\":{\"@type\":\"EntryPoint\",\"urlTemplate\":\"https:\\\/\\\/lehangarzero.fr\\\/?s={search_term_string}\"},\"query-input\":{\"@type\":\"PropertyValueSpecification\",\"valueRequired\":true,\"valueName\":\"search_term_string\"}}],\"inLanguage\":\"en-US\"},{\"@type\":\"Organization\",\"@id\":\"https:\\\/\\\/lehangarzero.fr\\\/#organization\",\"name\":\"Le Hangar Z\u00e9ro\",\"url\":\"https:\\\/\\\/lehangarzero.fr\\\/\",\"logo\":{\"@type\":\"ImageObject\",\"inLanguage\":\"en-US\",\"@id\":\"https:\\\/\\\/lehangarzero.fr\\\/#\\\/schema\\\/logo\\\/image\\\/\",\"url\":\"https:\\\/\\\/lehangarzero.fr\\\/wp-content\\\/uploads\\\/2022\\\/02\\\/cropped-cropped-logo-hz-blanc-1536x977-1.png\",\"contentUrl\":\"https:\\\/\\\/lehangarzero.fr\\\/wp-content\\\/uploads\\\/2022\\\/02\\\/cropped-cropped-logo-hz-blanc-1536x977-1.png\",\"width\":\"1536\",\"height\":\"977\",\"caption\":\"Le Hangar Z\u00e9ro\"},\"image\":{\"@id\":\"https:\\\/\\\/lehangarzero.fr\\\/#\\\/schema\\\/logo\\\/image\\\/\"}}]}<\/script>\n<!-- \/ Yoast SEO plugin. -->","yoast_head_json":{"title":"\ud83c\udfac\ud83c\udf31 Cin\u00e9-d\u00e9bat \u2013 Demain d\u00e8s l\u2019aube - Le Hangar Z\u00e9ro","robots":{"index":"index","follow":"follow","max-snippet":"max-snippet:-1","max-image-preview":"max-image-preview:large","max-video-preview":"max-video-preview:-1"},"canonical":"https:\/\/lehangarzero.fr\/en\/events\/\ud83c\udfac\ud83c\udf31-cine-debat-demain-des-laube\/","og_locale":"en_US","og_type":"article","og_title":"\ud83c\udfac\ud83c\udf31 Cin\u00e9-d\u00e9bat \u2013 Demain d\u00e8s l\u2019aube - Le Hangar Z\u00e9ro","og_description":"\ud83c\udfac\ud83c\udf31 Cin\u00e9-d\u00e9bat \u2013 Demain d\u00e8s l\u2019aube \ud83d\udcc5 Jeudi 16 octobre 2025 \ud83d\udd55 18h00 \ud83d\udccd Salle du resto \u2013 Le Hangar Z\u00e9ro, 37 quai de la Sa\u00f4ne, Le Havre \ud83c\udf9f\ufe0f Entr\u00e9e libre \u2013 sur inscription (40\/50 places max) Avec Alan Goric, Bryan Morisse et Laurent Bihel. \ud83d\udca1 Th\u00e9matique : Lutte \u00e9cologique et paysannerie Le film \u00ab &hellip; \ud83c\udfac\ud83c\udf31 Cin\u00e9-d\u00e9bat \u2013 Demain d\u00e8s l\u2019aube Read More &raquo;","og_url":"https:\/\/lehangarzero.fr\/en\/events\/\ud83c\udfac\ud83c\udf31-cine-debat-demain-des-laube\/","og_site_name":"Le Hangar Z\u00e9ro","article_modified_time":"2025-10-13T09:50:35+00:00","twitter_card":"summary_large_image","twitter_misc":{"Est. reading time":"1 minute"},"schema":{"@context":"https:\/\/schema.org","@graph":[{"@type":"WebPage","@id":"https:\/\/lehangarzero.fr\/events\/%f0%9f%8e%ac%f0%9f%8c%b1-cine-debat-demain-des-laube\/","url":"https:\/\/lehangarzero.fr\/events\/%f0%9f%8e%ac%f0%9f%8c%b1-cine-debat-demain-des-laube\/","name":"\ud83c\udfac\ud83c\udf31 Cin\u00e9-d\u00e9bat \u2013 Demain d\u00e8s l\u2019aube - Le Hangar Z\u00e9ro","isPartOf":{"@id":"https:\/\/lehangarzero.fr\/#website"},"datePublished":"2025-10-13T09:50:03+00:00","dateModified":"2025-10-13T09:50:35+00:00","breadcrumb":{"@id":"https:\/\/lehangarzero.fr\/events\/%f0%9f%8e%ac%f0%9f%8c%b1-cine-debat-demain-des-laube\/#breadcrumb"},"inLanguage":"en-US","potentialAction":[{"@type":"ReadAction","target":["https:\/\/lehangarzero.fr\/events\/%f0%9f%8e%ac%f0%9f%8c%b1-cine-debat-demain-des-laube\/"]}]},{"@type":"BreadcrumbList","@id":"https:\/\/lehangarzero.fr\/events\/%f0%9f%8e%ac%f0%9f%8c%b1-cine-debat-demain-des-laube\/#breadcrumb","itemListElement":[{"@type":"ListItem","position":1,"name":"Accueil","item":"https:\/\/lehangarzero.fr\/"},{"@type":"ListItem","position":2,"name":"\u00c9venements","item":"https:\/\/lehangarzero.fr\/events\/"},{"@type":"ListItem","position":3,"name":"\ud83c\udfac\ud83c\udf31 Cin\u00e9-d\u00e9bat \u2013 Demain d\u00e8s l\u2019aube"}]},{"@type":"WebSite","@id":"https:\/\/lehangarzero.fr\/#website","url":"https:\/\/lehangarzero.fr\/","name":"Le Hangar Z\u00e9ro","description":"Le laboratoire de la transition \u00e9cologique et citoyenne","publisher":{"@id":"https:\/\/lehangarzero.fr\/#organization"},"potentialAction":[{"@type":"SearchAction","target":{"@type":"EntryPoint","urlTemplate":"https:\/\/lehangarzero.fr\/?s={search_term_string}"},"query-input":{"@type":"PropertyValueSpecification","valueRequired":true,"valueName":"search_term_string"}}],"inLanguage":"en-US"},{"@type":"Organization","@id":"https:\/\/lehangarzero.fr\/#organization","name":"Le Hangar Z\u00e9ro","url":"https:\/\/lehangarzero.fr\/","logo":{"@type":"ImageObject","inLanguage":"en-US","@id":"https:\/\/lehangarzero.fr\/#\/schema\/logo\/image\/","url":"https:\/\/lehangarzero.fr\/wp-content\/uploads\/2022\/02\/cropped-cropped-logo-hz-blanc-1536x977-1.png","contentUrl":"https:\/\/lehangarzero.fr\/wp-content\/uploads\/2022\/02\/cropped-cropped-logo-hz-blanc-1536x977-1.png","width":"1536","height":"977","caption":"Le Hangar Z\u00e9ro"},"image":{"@id":"https:\/\/lehangarzero.fr\/#\/schema\/logo\/image\/"}}]}},"_links":{"self":[{"href":"https:\/\/lehangarzero.fr\/en\/wp-json\/wp\/v2\/mec-events\/8627","targetHints":{"allow":["GET"]}}],"collection":[{"href":"https:\/\/lehangarzero.fr\/en\/wp-json\/wp\/v2\/mec-events"}],"about":[{"href":"https:\/\/lehangarzero.fr\/en\/wp-json\/wp\/v2\/types\/mec-events"}],"author":[{"embeddable":true,"href":"https:\/\/lehangarzero.fr\/en\/wp-json\/wp\/v2\/users\/1"}],"replies":[{"embeddable":true,"href":"https:\/\/lehangarzero.fr\/en\/wp-json\/wp\/v2\/comments?post=8627"}],"wp:attachment":[{"href":"https:\/\/lehangarzero.fr\/en\/wp-json\/wp\/v2\/media?parent=8627"}],"wp:term":[{"taxonomy":"post_tag","embeddable":true,"href":"https:\/\/lehangarzero.fr\/en\/wp-json\/wp\/v2\/tags?post=8627"},{"taxonomy":"mec_category","embeddable":true,"href":"https:\/\/lehangarzero.fr\/en\/wp-json\/wp\/v2\/mec_category?post=8627"}],"curies":[{"name":"wp","href":"https:\/\/api.w.org\/{rel}","templated":true}]}}