{"id":8651,"date":"2025-10-17T14:53:01","date_gmt":"2025-10-17T12:53:01","guid":{"rendered":"https:\/\/lehangarzero.fr\/events\/%f0%9f%91%97-defile-de-mode-du-havre-vers-la-martinique-%e2%9a%93\/"},"modified":"2025-10-17T14:57:35","modified_gmt":"2025-10-17T12:57:35","slug":"%f0%9f%91%97-defile-de-mode-du-havre-vers-la-martinique-%e2%9a%93","status":"publish","type":"mec-events","link":"https:\/\/lehangarzero.fr\/en\/events\/%f0%9f%91%97-defile-de-mode-du-havre-vers-la-martinique-%e2%9a%93\/","title":{"rendered":"\ud83d\udc57 D\u00e9fil\u00e9 de mode \u00ab\u00a0Du Havre vers la Martinique\u00a0\u00bb \u2693"},"content":{"rendered":"<p>\ud83d\udc57 D\u00e9fil\u00e9 de mode \u00ab\u00a0Du Havre vers la Martinique\u00a0\u00bb \u2693<\/p>\n<p>\ud83d\uddd3\ufe0f Dimanche 19 octobre \u00e0 15h<br \/>\n\ud83d\udccd Chez Hector \u2013 Village de la Transat Caf\u00e9 L&rsquo;Or, Le Havre<\/p>\n<p>Sur invitation du Transat Caf\u00e9 L\u2019Or, les soci\u00e9taires cr\u00e9atrices, couturi\u00e8res et stylistes du Hangar Z\u00e9ro vous proposent un d\u00e9fil\u00e9 \u201ccapsule\u201d \u00e9co-responsable : un v\u00e9ritable voyage du Havre vers la Martinique \ud83c\udf3a<\/p>\n<p>\ud83e\uddf5 D\u00e9couvrez les cr\u00e9ations de Kadia (Tout autant by Winsawax) et les pi\u00e8ces de Mich\u00e8le (Tikayli Boutique), sublim\u00e9es par le talent des couturi\u00e8res, customisatrices et accessoiristes Sabrina (Le comptoir du macram\u00e9), Catherine, Patricia, Carine et Ingrid.<\/p>\n<p>\ud83d\udc84 La maquilleuse Anne-Laure viendra parfaire chaque silhouette de sa touche color\u00e9e et lumineuse.<\/p>\n<p>Un rendez-vous mode Havrais, \u00e9co-responsable et culturel \u00e0 ne pas manquer \u2014 entre cr\u00e9ation locale, savoir-faire artisanal et esprit des \u00eeles \ud83c\udf34\ud83d\udc83<\/p>\n<p>#Mode #D\u00e9fil\u00e9 #Martinique #Cr\u00e9ationLocale #\u00c9coResponsable #Winsawax #TikayliBoutique #LeHavre #LeHangarZ\u00e9ro #Caf\u00e9LOr<\/p>","protected":false},"excerpt":{"rendered":"<p>\ud83d\udc57 D\u00e9fil\u00e9 de mode \u00ab\u00a0Du Havre vers la Martinique\u00a0\u00bb \u2693 \ud83d\uddd3\ufe0f Dimanche 19 octobre \u00e0 15h \ud83d\udccd Chez Hector \u2013 Village de la Transat Caf\u00e9 L&rsquo;Or, Le Havre Sur invitation du Transat Caf\u00e9 L\u2019Or, les soci\u00e9taires cr\u00e9atrices, couturi\u00e8res et stylistes du Hangar Z\u00e9ro vous proposent un d\u00e9fil\u00e9 \u201ccapsule\u201d \u00e9co-responsable : un v\u00e9ritable voyage du Havre &hellip;<\/p>\n<p class=\"read-more\"> <a class=\"\" href=\"https:\/\/lehangarzero.fr\/en\/events\/%f0%9f%91%97-defile-de-mode-du-havre-vers-la-martinique-%e2%9a%93\/\"> <span class=\"screen-reader-text\">\ud83d\udc57 D\u00e9fil\u00e9 de mode \u00ab\u00a0Du Havre vers la Martinique\u00a0\u00bb \u2693<\/span> Read More &raquo;<\/a><\/p>","protected":false},"author":1,"featured_media":8652,"comment_status":"open","ping_status":"closed","template":"","tags":[],"mec_category":[24],"class_list":["post-8651","mec-events","type-mec-events","status-publish","has-post-thumbnail","hentry","mec_category-temps-convivial"],"yoast_head":"<!-- This site is optimized with the Yoast SEO plugin v27.5 - https:\/\/yoast.com\/product\/yoast-seo-wordpress\/ -->\n<title>\ud83d\udc57 D\u00e9fil\u00e9 de mode &quot;Du Havre vers la Martinique&quot; \u2693 - Le Hangar Z\u00e9ro<\/title>\n<meta name=\"description\" content=\"Sur invitation du Transat Caf\u00e9 L\u2019Or, les soci\u00e9taires cr\u00e9atrices, couturi\u00e8res et stylistes du Hangar Z\u00e9ro vous proposent un d\u00e9fil\u00e9 \u201ccapsule\u201d \u00e9co-responsable : un v\u00e9ritable voyage du Havre vers la Martinique\" \/>\n<meta name=\"robots\" content=\"index, follow, max-snippet:-1, max-image-preview:large, max-video-preview:-1\" \/>\n<link rel=\"canonical\" href=\"https:\/\/lehangarzero.fr\/en\/events\/\ud83d\udc57-defile-de-mode-du-havre-vers-la-martinique-\u2693\/\" \/>\n<meta property=\"og:locale\" content=\"en_US\" \/>\n<meta property=\"og:type\" content=\"article\" \/>\n<meta property=\"og:title\" content=\"\ud83d\udc57 D\u00e9fil\u00e9 de mode &quot;Du Havre vers la Martinique&quot; \u2693 - Le Hangar Z\u00e9ro\" \/>\n<meta property=\"og:description\" content=\"Sur invitation du Transat Caf\u00e9 L\u2019Or, les soci\u00e9taires cr\u00e9atrices, couturi\u00e8res et stylistes du Hangar Z\u00e9ro vous proposent un d\u00e9fil\u00e9 \u201ccapsule\u201d \u00e9co-responsable : un v\u00e9ritable voyage du Havre vers la Martinique\" \/>\n<meta property=\"og:url\" content=\"https:\/\/lehangarzero.fr\/en\/events\/\ud83d\udc57-defile-de-mode-du-havre-vers-la-martinique-\u2693\/\" \/>\n<meta property=\"og:site_name\" content=\"Le Hangar Z\u00e9ro\" \/>\n<meta property=\"article:modified_time\" content=\"2025-10-17T12:57:35+00:00\" \/>\n<meta property=\"og:image\" content=\"https:\/\/lehangarzero.fr\/wp-content\/uploads\/2025\/10\/Defile-Transat-Cafe-LOr.png\" \/>\n\t<meta property=\"og:image:width\" content=\"1920\" \/>\n\t<meta property=\"og:image:height\" content=\"1080\" \/>\n\t<meta property=\"og:image:type\" content=\"image\/png\" \/>\n<meta name=\"twitter:card\" content=\"summary_large_image\" \/>\n<meta name=\"twitter:label1\" content=\"Est. reading time\" \/>\n\t<meta name=\"twitter:data1\" content=\"1 minute\" \/>\n<script type=\"application\/ld+json\" class=\"yoast-schema-graph\">{\"@context\":\"https:\\\/\\\/schema.org\",\"@graph\":[{\"@type\":\"WebPage\",\"@id\":\"https:\\\/\\\/lehangarzero.fr\\\/events\\\/%f0%9f%91%97-defile-de-mode-du-havre-vers-la-martinique-%e2%9a%93\\\/\",\"url\":\"https:\\\/\\\/lehangarzero.fr\\\/events\\\/%f0%9f%91%97-defile-de-mode-du-havre-vers-la-martinique-%e2%9a%93\\\/\",\"name\":\"\ud83d\udc57 D\u00e9fil\u00e9 de mode \\\"Du Havre vers la Martinique\\\" \u2693 - Le Hangar Z\u00e9ro\",\"isPartOf\":{\"@id\":\"https:\\\/\\\/lehangarzero.fr\\\/#website\"},\"primaryImageOfPage\":{\"@id\":\"https:\\\/\\\/lehangarzero.fr\\\/events\\\/%f0%9f%91%97-defile-de-mode-du-havre-vers-la-martinique-%e2%9a%93\\\/#primaryimage\"},\"image\":{\"@id\":\"https:\\\/\\\/lehangarzero.fr\\\/events\\\/%f0%9f%91%97-defile-de-mode-du-havre-vers-la-martinique-%e2%9a%93\\\/#primaryimage\"},\"thumbnailUrl\":\"https:\\\/\\\/lehangarzero.fr\\\/wp-content\\\/uploads\\\/2025\\\/10\\\/Defile-Transat-Cafe-LOr.png\",\"datePublished\":\"2025-10-17T12:53:01+00:00\",\"dateModified\":\"2025-10-17T12:57:35+00:00\",\"description\":\"Sur invitation du Transat Caf\u00e9 L\u2019Or, les soci\u00e9taires cr\u00e9atrices, couturi\u00e8res et stylistes du Hangar Z\u00e9ro vous proposent un d\u00e9fil\u00e9 \u201ccapsule\u201d \u00e9co-responsable : un v\u00e9ritable voyage du Havre vers la Martinique\",\"breadcrumb\":{\"@id\":\"https:\\\/\\\/lehangarzero.fr\\\/events\\\/%f0%9f%91%97-defile-de-mode-du-havre-vers-la-martinique-%e2%9a%93\\\/#breadcrumb\"},\"inLanguage\":\"en-US\",\"potentialAction\":[{\"@type\":\"ReadAction\",\"target\":[\"https:\\\/\\\/lehangarzero.fr\\\/events\\\/%f0%9f%91%97-defile-de-mode-du-havre-vers-la-martinique-%e2%9a%93\\\/\"]}]},{\"@type\":\"ImageObject\",\"inLanguage\":\"en-US\",\"@id\":\"https:\\\/\\\/lehangarzero.fr\\\/events\\\/%f0%9f%91%97-defile-de-mode-du-havre-vers-la-martinique-%e2%9a%93\\\/#primaryimage\",\"url\":\"https:\\\/\\\/lehangarzero.fr\\\/wp-content\\\/uploads\\\/2025\\\/10\\\/Defile-Transat-Cafe-LOr.png\",\"contentUrl\":\"https:\\\/\\\/lehangarzero.fr\\\/wp-content\\\/uploads\\\/2025\\\/10\\\/Defile-Transat-Cafe-LOr.png\",\"width\":1920,\"height\":1080},{\"@type\":\"BreadcrumbList\",\"@id\":\"https:\\\/\\\/lehangarzero.fr\\\/events\\\/%f0%9f%91%97-defile-de-mode-du-havre-vers-la-martinique-%e2%9a%93\\\/#breadcrumb\",\"itemListElement\":[{\"@type\":\"ListItem\",\"position\":1,\"name\":\"Accueil\",\"item\":\"https:\\\/\\\/lehangarzero.fr\\\/\"},{\"@type\":\"ListItem\",\"position\":2,\"name\":\"\u00c9venements\",\"item\":\"https:\\\/\\\/lehangarzero.fr\\\/events\\\/\"},{\"@type\":\"ListItem\",\"position\":3,\"name\":\"\ud83d\udc57 D\u00e9fil\u00e9 de mode \u00ab\u00a0Du Havre vers la Martinique\u00a0\u00bb \u2693\"}]},{\"@type\":\"WebSite\",\"@id\":\"https:\\\/\\\/lehangarzero.fr\\\/#website\",\"url\":\"https:\\\/\\\/lehangarzero.fr\\\/\",\"name\":\"Le Hangar Z\u00e9ro\",\"description\":\"Le laboratoire de la transition \u00e9cologique et citoyenne\",\"publisher\":{\"@id\":\"https:\\\/\\\/lehangarzero.fr\\\/#organization\"},\"potentialAction\":[{\"@type\":\"SearchAction\",\"target\":{\"@type\":\"EntryPoint\",\"urlTemplate\":\"https:\\\/\\\/lehangarzero.fr\\\/?s={search_term_string}\"},\"query-input\":{\"@type\":\"PropertyValueSpecification\",\"valueRequired\":true,\"valueName\":\"search_term_string\"}}],\"inLanguage\":\"en-US\"},{\"@type\":\"Organization\",\"@id\":\"https:\\\/\\\/lehangarzero.fr\\\/#organization\",\"name\":\"Le Hangar Z\u00e9ro\",\"url\":\"https:\\\/\\\/lehangarzero.fr\\\/\",\"logo\":{\"@type\":\"ImageObject\",\"inLanguage\":\"en-US\",\"@id\":\"https:\\\/\\\/lehangarzero.fr\\\/#\\\/schema\\\/logo\\\/image\\\/\",\"url\":\"https:\\\/\\\/lehangarzero.fr\\\/wp-content\\\/uploads\\\/2022\\\/02\\\/cropped-cropped-logo-hz-blanc-1536x977-1.png\",\"contentUrl\":\"https:\\\/\\\/lehangarzero.fr\\\/wp-content\\\/uploads\\\/2022\\\/02\\\/cropped-cropped-logo-hz-blanc-1536x977-1.png\",\"width\":\"1536\",\"height\":\"977\",\"caption\":\"Le Hangar Z\u00e9ro\"},\"image\":{\"@id\":\"https:\\\/\\\/lehangarzero.fr\\\/#\\\/schema\\\/logo\\\/image\\\/\"}}]}<\/script>\n<!-- \/ Yoast SEO plugin. -->","yoast_head_json":{"title":"\ud83d\udc57 D\u00e9fil\u00e9 de mode \"Du Havre vers la Martinique\" \u2693 - Le Hangar Z\u00e9ro","description":"Sur invitation du Transat Caf\u00e9 L\u2019Or, les soci\u00e9taires cr\u00e9atrices, couturi\u00e8res et stylistes du Hangar Z\u00e9ro vous proposent un d\u00e9fil\u00e9 \u201ccapsule\u201d \u00e9co-responsable : un v\u00e9ritable voyage du Havre vers la Martinique","robots":{"index":"index","follow":"follow","max-snippet":"max-snippet:-1","max-image-preview":"max-image-preview:large","max-video-preview":"max-video-preview:-1"},"canonical":"https:\/\/lehangarzero.fr\/en\/events\/\ud83d\udc57-defile-de-mode-du-havre-vers-la-martinique-\u2693\/","og_locale":"en_US","og_type":"article","og_title":"\ud83d\udc57 D\u00e9fil\u00e9 de mode \"Du Havre vers la Martinique\" \u2693 - Le Hangar Z\u00e9ro","og_description":"Sur invitation du Transat Caf\u00e9 L\u2019Or, les soci\u00e9taires cr\u00e9atrices, couturi\u00e8res et stylistes du Hangar Z\u00e9ro vous proposent un d\u00e9fil\u00e9 \u201ccapsule\u201d \u00e9co-responsable : un v\u00e9ritable voyage du Havre vers la Martinique","og_url":"https:\/\/lehangarzero.fr\/en\/events\/\ud83d\udc57-defile-de-mode-du-havre-vers-la-martinique-\u2693\/","og_site_name":"Le Hangar Z\u00e9ro","article_modified_time":"2025-10-17T12:57:35+00:00","og_image":[{"width":1920,"height":1080,"url":"https:\/\/lehangarzero.fr\/wp-content\/uploads\/2025\/10\/Defile-Transat-Cafe-LOr.png","type":"image\/png"}],"twitter_card":"summary_large_image","twitter_misc":{"Est. reading time":"1 minute"},"schema":{"@context":"https:\/\/schema.org","@graph":[{"@type":"WebPage","@id":"https:\/\/lehangarzero.fr\/events\/%f0%9f%91%97-defile-de-mode-du-havre-vers-la-martinique-%e2%9a%93\/","url":"https:\/\/lehangarzero.fr\/events\/%f0%9f%91%97-defile-de-mode-du-havre-vers-la-martinique-%e2%9a%93\/","name":"\ud83d\udc57 D\u00e9fil\u00e9 de mode \"Du Havre vers la Martinique\" \u2693 - Le Hangar Z\u00e9ro","isPartOf":{"@id":"https:\/\/lehangarzero.fr\/#website"},"primaryImageOfPage":{"@id":"https:\/\/lehangarzero.fr\/events\/%f0%9f%91%97-defile-de-mode-du-havre-vers-la-martinique-%e2%9a%93\/#primaryimage"},"image":{"@id":"https:\/\/lehangarzero.fr\/events\/%f0%9f%91%97-defile-de-mode-du-havre-vers-la-martinique-%e2%9a%93\/#primaryimage"},"thumbnailUrl":"https:\/\/lehangarzero.fr\/wp-content\/uploads\/2025\/10\/Defile-Transat-Cafe-LOr.png","datePublished":"2025-10-17T12:53:01+00:00","dateModified":"2025-10-17T12:57:35+00:00","description":"Sur invitation du Transat Caf\u00e9 L\u2019Or, les soci\u00e9taires cr\u00e9atrices, couturi\u00e8res et stylistes du Hangar Z\u00e9ro vous proposent un d\u00e9fil\u00e9 \u201ccapsule\u201d \u00e9co-responsable : un v\u00e9ritable voyage du Havre vers la Martinique","breadcrumb":{"@id":"https:\/\/lehangarzero.fr\/events\/%f0%9f%91%97-defile-de-mode-du-havre-vers-la-martinique-%e2%9a%93\/#breadcrumb"},"inLanguage":"en-US","potentialAction":[{"@type":"ReadAction","target":["https:\/\/lehangarzero.fr\/events\/%f0%9f%91%97-defile-de-mode-du-havre-vers-la-martinique-%e2%9a%93\/"]}]},{"@type":"ImageObject","inLanguage":"en-US","@id":"https:\/\/lehangarzero.fr\/events\/%f0%9f%91%97-defile-de-mode-du-havre-vers-la-martinique-%e2%9a%93\/#primaryimage","url":"https:\/\/lehangarzero.fr\/wp-content\/uploads\/2025\/10\/Defile-Transat-Cafe-LOr.png","contentUrl":"https:\/\/lehangarzero.fr\/wp-content\/uploads\/2025\/10\/Defile-Transat-Cafe-LOr.png","width":1920,"height":1080},{"@type":"BreadcrumbList","@id":"https:\/\/lehangarzero.fr\/events\/%f0%9f%91%97-defile-de-mode-du-havre-vers-la-martinique-%e2%9a%93\/#breadcrumb","itemListElement":[{"@type":"ListItem","position":1,"name":"Accueil","item":"https:\/\/lehangarzero.fr\/"},{"@type":"ListItem","position":2,"name":"\u00c9venements","item":"https:\/\/lehangarzero.fr\/events\/"},{"@type":"ListItem","position":3,"name":"\ud83d\udc57 D\u00e9fil\u00e9 de mode \u00ab\u00a0Du Havre vers la Martinique\u00a0\u00bb \u2693"}]},{"@type":"WebSite","@id":"https:\/\/lehangarzero.fr\/#website","url":"https:\/\/lehangarzero.fr\/","name":"Le Hangar Z\u00e9ro","description":"Le laboratoire de la transition \u00e9cologique et citoyenne","publisher":{"@id":"https:\/\/lehangarzero.fr\/#organization"},"potentialAction":[{"@type":"SearchAction","target":{"@type":"EntryPoint","urlTemplate":"https:\/\/lehangarzero.fr\/?s={search_term_string}"},"query-input":{"@type":"PropertyValueSpecification","valueRequired":true,"valueName":"search_term_string"}}],"inLanguage":"en-US"},{"@type":"Organization","@id":"https:\/\/lehangarzero.fr\/#organization","name":"Le Hangar Z\u00e9ro","url":"https:\/\/lehangarzero.fr\/","logo":{"@type":"ImageObject","inLanguage":"en-US","@id":"https:\/\/lehangarzero.fr\/#\/schema\/logo\/image\/","url":"https:\/\/lehangarzero.fr\/wp-content\/uploads\/2022\/02\/cropped-cropped-logo-hz-blanc-1536x977-1.png","contentUrl":"https:\/\/lehangarzero.fr\/wp-content\/uploads\/2022\/02\/cropped-cropped-logo-hz-blanc-1536x977-1.png","width":"1536","height":"977","caption":"Le Hangar Z\u00e9ro"},"image":{"@id":"https:\/\/lehangarzero.fr\/#\/schema\/logo\/image\/"}}]}},"_links":{"self":[{"href":"https:\/\/lehangarzero.fr\/en\/wp-json\/wp\/v2\/mec-events\/8651","targetHints":{"allow":["GET"]}}],"collection":[{"href":"https:\/\/lehangarzero.fr\/en\/wp-json\/wp\/v2\/mec-events"}],"about":[{"href":"https:\/\/lehangarzero.fr\/en\/wp-json\/wp\/v2\/types\/mec-events"}],"author":[{"embeddable":true,"href":"https:\/\/lehangarzero.fr\/en\/wp-json\/wp\/v2\/users\/1"}],"replies":[{"embeddable":true,"href":"https:\/\/lehangarzero.fr\/en\/wp-json\/wp\/v2\/comments?post=8651"}],"wp:featuredmedia":[{"embeddable":true,"href":"https:\/\/lehangarzero.fr\/en\/wp-json\/wp\/v2\/media\/8652"}],"wp:attachment":[{"href":"https:\/\/lehangarzero.fr\/en\/wp-json\/wp\/v2\/media?parent=8651"}],"wp:term":[{"taxonomy":"post_tag","embeddable":true,"href":"https:\/\/lehangarzero.fr\/en\/wp-json\/wp\/v2\/tags?post=8651"},{"taxonomy":"mec_category","embeddable":true,"href":"https:\/\/lehangarzero.fr\/en\/wp-json\/wp\/v2\/mec_category?post=8651"}],"curies":[{"name":"wp","href":"https:\/\/api.w.org\/{rel}","templated":true}]}}