{"id":8836,"date":"2026-01-07T15:51:26","date_gmt":"2026-01-07T14:51:26","guid":{"rendered":"https:\/\/lehangarzero.fr\/events\/%f0%9f%8f%97%ef%b8%8f-permanence-architecte-construction-renovation-ecologique-%f0%9f%8c%b1\/"},"modified":"2026-01-07T15:51:55","modified_gmt":"2026-01-07T14:51:55","slug":"%f0%9f%8f%97%ef%b8%8f-permanence-architecte-construction-renovation-ecologique-%f0%9f%8c%b1","status":"publish","type":"mec-events","link":"https:\/\/lehangarzero.fr\/en\/events\/%f0%9f%8f%97%ef%b8%8f-permanence-architecte-construction-renovation-ecologique-%f0%9f%8c%b1\/","title":{"rendered":"\ud83c\udfd7\ufe0f Permanence architecte \u2013 Construction &#038; r\u00e9novation \u00e9cologique \ud83c\udf31"},"content":{"rendered":"<p>\u00c9change autour de votre projet architectural<\/p>\n<p>Vous \u00eates particulier\u00b7e, professionnel\u00b7le ou association et vous portez un projet de construction ou de r\u00e9novation \u00e9cologique ?<\/p>\n<p>Le Hangar Z\u00e9ro vous ouvre ses portes le temps d\u2019une soir\u00e9e pour un temps d\u2019\u00e9change personnalis\u00e9 autour de votre projet architectural.<\/p>\n<p>Lors de cet atelier, nous prendrons le temps d\u2019\u00e9tudier votre projet, d\u2019analyser vos besoins et de vous proposer des solutions constructives \u00e9cologiques, saines et adapt\u00e9es, afin de concevoir une construction performante, durable et respectueuse de l\u2019environnement.<\/p>\n<p>\ud83d\uddc2\ufe0f Afin de favoriser la qualit\u00e9 des \u00e9changes, nous vous invitons \u00e0 venir avec vos questions et l\u2019ensemble des documents utiles \u00e0 la compr\u00e9hension de votre projet :<br \/>\nphotos, plans, diagnostics, esquisses, id\u00e9es, contraintes, etc.<\/p>\n<p>\ud83d\udcc5 Lundi 26 janvier 2026<br \/>\n\ud83d\udd53 16h \u2013 20h<br \/>\n\ud83d\udccd Le Hangar Z\u00e9ro<br \/>\n\ud83d\udccc 37 quai de la Sa\u00f4ne \u2013 76600 Le Havre<\/p>\n<p>\ud83c\udf9f\ufe0f \u00c9v\u00e9nement gratuit sur inscription<br \/>\n\ud83d\udc49 Lien en biographie ou sur le site du @lehangar.zero<\/p>","protected":false},"excerpt":{"rendered":"<p>\u00c9change autour de votre projet architectural Vous \u00eates particulier\u00b7e, professionnel\u00b7le ou association et vous portez un projet de construction ou de r\u00e9novation \u00e9cologique ? Le Hangar Z\u00e9ro vous ouvre ses portes le temps d\u2019une soir\u00e9e pour un temps d\u2019\u00e9change personnalis\u00e9 autour de votre projet architectural. Lors de cet atelier, nous prendrons le temps d\u2019\u00e9tudier votre &hellip;<\/p>\n<p class=\"read-more\"> <a class=\"\" href=\"https:\/\/lehangarzero.fr\/en\/events\/%f0%9f%8f%97%ef%b8%8f-permanence-architecte-construction-renovation-ecologique-%f0%9f%8c%b1\/\"> <span class=\"screen-reader-text\">\ud83c\udfd7\ufe0f Permanence architecte \u2013 Construction &#038; r\u00e9novation \u00e9cologique \ud83c\udf31<\/span> Read More &raquo;<\/a><\/p>","protected":false},"author":1,"featured_media":0,"comment_status":"open","ping_status":"closed","template":"","tags":[],"mec_category":[29],"class_list":["post-8836","mec-events","type-mec-events","status-publish","hentry","mec_category-permanences"],"yoast_head":"<!-- This site is optimized with the Yoast SEO plugin v27.5 - https:\/\/yoast.com\/product\/yoast-seo-wordpress\/ -->\n<title>\ud83c\udfd7\ufe0f Permanence architecte \u2013 Construction &amp; r\u00e9novation \u00e9cologique \ud83c\udf31 - Le Hangar Z\u00e9ro<\/title>\n<meta name=\"robots\" content=\"index, follow, max-snippet:-1, max-image-preview:large, max-video-preview:-1\" \/>\n<link rel=\"canonical\" href=\"https:\/\/lehangarzero.fr\/en\/events\/\ud83c\udfd7\ufe0f-permanence-architecte-construction-renovation-ecologique-\ud83c\udf31\/\" \/>\n<meta property=\"og:locale\" content=\"en_US\" \/>\n<meta property=\"og:type\" content=\"article\" \/>\n<meta property=\"og:title\" content=\"\ud83c\udfd7\ufe0f Permanence architecte \u2013 Construction &amp; r\u00e9novation \u00e9cologique \ud83c\udf31 - Le Hangar Z\u00e9ro\" \/>\n<meta property=\"og:description\" content=\"\u00c9change autour de votre projet architectural Vous \u00eates particulier\u00b7e, professionnel\u00b7le ou association et vous portez un projet de construction ou de r\u00e9novation \u00e9cologique ? Le Hangar Z\u00e9ro vous ouvre ses portes le temps d\u2019une soir\u00e9e pour un temps d\u2019\u00e9change personnalis\u00e9 autour de votre projet architectural. Lors de cet atelier, nous prendrons le temps d\u2019\u00e9tudier votre &hellip; \ud83c\udfd7\ufe0f Permanence architecte \u2013 Construction &#038; r\u00e9novation \u00e9cologique \ud83c\udf31 Read More &raquo;\" \/>\n<meta property=\"og:url\" content=\"https:\/\/lehangarzero.fr\/en\/events\/\ud83c\udfd7\ufe0f-permanence-architecte-construction-renovation-ecologique-\ud83c\udf31\/\" \/>\n<meta property=\"og:site_name\" content=\"Le Hangar Z\u00e9ro\" \/>\n<meta property=\"article:modified_time\" content=\"2026-01-07T14:51:55+00:00\" \/>\n<meta name=\"twitter:card\" content=\"summary_large_image\" \/>\n<meta name=\"twitter:label1\" content=\"Est. reading time\" \/>\n\t<meta name=\"twitter:data1\" content=\"1 minute\" \/>\n<script type=\"application\/ld+json\" class=\"yoast-schema-graph\">{\"@context\":\"https:\\\/\\\/schema.org\",\"@graph\":[{\"@type\":\"WebPage\",\"@id\":\"https:\\\/\\\/lehangarzero.fr\\\/events\\\/%f0%9f%8f%97%ef%b8%8f-permanence-architecte-construction-renovation-ecologique-%f0%9f%8c%b1\\\/\",\"url\":\"https:\\\/\\\/lehangarzero.fr\\\/events\\\/%f0%9f%8f%97%ef%b8%8f-permanence-architecte-construction-renovation-ecologique-%f0%9f%8c%b1\\\/\",\"name\":\"\ud83c\udfd7\ufe0f Permanence architecte \u2013 Construction & r\u00e9novation \u00e9cologique \ud83c\udf31 - Le Hangar Z\u00e9ro\",\"isPartOf\":{\"@id\":\"https:\\\/\\\/lehangarzero.fr\\\/#website\"},\"datePublished\":\"2026-01-07T14:51:26+00:00\",\"dateModified\":\"2026-01-07T14:51:55+00:00\",\"breadcrumb\":{\"@id\":\"https:\\\/\\\/lehangarzero.fr\\\/events\\\/%f0%9f%8f%97%ef%b8%8f-permanence-architecte-construction-renovation-ecologique-%f0%9f%8c%b1\\\/#breadcrumb\"},\"inLanguage\":\"en-US\",\"potentialAction\":[{\"@type\":\"ReadAction\",\"target\":[\"https:\\\/\\\/lehangarzero.fr\\\/events\\\/%f0%9f%8f%97%ef%b8%8f-permanence-architecte-construction-renovation-ecologique-%f0%9f%8c%b1\\\/\"]}]},{\"@type\":\"BreadcrumbList\",\"@id\":\"https:\\\/\\\/lehangarzero.fr\\\/events\\\/%f0%9f%8f%97%ef%b8%8f-permanence-architecte-construction-renovation-ecologique-%f0%9f%8c%b1\\\/#breadcrumb\",\"itemListElement\":[{\"@type\":\"ListItem\",\"position\":1,\"name\":\"Accueil\",\"item\":\"https:\\\/\\\/lehangarzero.fr\\\/\"},{\"@type\":\"ListItem\",\"position\":2,\"name\":\"\u00c9venements\",\"item\":\"https:\\\/\\\/lehangarzero.fr\\\/events\\\/\"},{\"@type\":\"ListItem\",\"position\":3,\"name\":\"\ud83c\udfd7\ufe0f Permanence architecte \u2013 Construction &#038; r\u00e9novation \u00e9cologique \ud83c\udf31\"}]},{\"@type\":\"WebSite\",\"@id\":\"https:\\\/\\\/lehangarzero.fr\\\/#website\",\"url\":\"https:\\\/\\\/lehangarzero.fr\\\/\",\"name\":\"Le Hangar Z\u00e9ro\",\"description\":\"Le laboratoire de la transition \u00e9cologique et citoyenne\",\"publisher\":{\"@id\":\"https:\\\/\\\/lehangarzero.fr\\\/#organization\"},\"potentialAction\":[{\"@type\":\"SearchAction\",\"target\":{\"@type\":\"EntryPoint\",\"urlTemplate\":\"https:\\\/\\\/lehangarzero.fr\\\/?s={search_term_string}\"},\"query-input\":{\"@type\":\"PropertyValueSpecification\",\"valueRequired\":true,\"valueName\":\"search_term_string\"}}],\"inLanguage\":\"en-US\"},{\"@type\":\"Organization\",\"@id\":\"https:\\\/\\\/lehangarzero.fr\\\/#organization\",\"name\":\"Le Hangar Z\u00e9ro\",\"url\":\"https:\\\/\\\/lehangarzero.fr\\\/\",\"logo\":{\"@type\":\"ImageObject\",\"inLanguage\":\"en-US\",\"@id\":\"https:\\\/\\\/lehangarzero.fr\\\/#\\\/schema\\\/logo\\\/image\\\/\",\"url\":\"https:\\\/\\\/lehangarzero.fr\\\/wp-content\\\/uploads\\\/2022\\\/02\\\/cropped-cropped-logo-hz-blanc-1536x977-1.png\",\"contentUrl\":\"https:\\\/\\\/lehangarzero.fr\\\/wp-content\\\/uploads\\\/2022\\\/02\\\/cropped-cropped-logo-hz-blanc-1536x977-1.png\",\"width\":\"1536\",\"height\":\"977\",\"caption\":\"Le Hangar Z\u00e9ro\"},\"image\":{\"@id\":\"https:\\\/\\\/lehangarzero.fr\\\/#\\\/schema\\\/logo\\\/image\\\/\"}}]}<\/script>\n<!-- \/ Yoast SEO plugin. -->","yoast_head_json":{"title":"\ud83c\udfd7\ufe0f Permanence architecte \u2013 Construction & r\u00e9novation \u00e9cologique \ud83c\udf31 - Le Hangar Z\u00e9ro","robots":{"index":"index","follow":"follow","max-snippet":"max-snippet:-1","max-image-preview":"max-image-preview:large","max-video-preview":"max-video-preview:-1"},"canonical":"https:\/\/lehangarzero.fr\/en\/events\/\ud83c\udfd7\ufe0f-permanence-architecte-construction-renovation-ecologique-\ud83c\udf31\/","og_locale":"en_US","og_type":"article","og_title":"\ud83c\udfd7\ufe0f Permanence architecte \u2013 Construction & r\u00e9novation \u00e9cologique \ud83c\udf31 - Le Hangar Z\u00e9ro","og_description":"\u00c9change autour de votre projet architectural Vous \u00eates particulier\u00b7e, professionnel\u00b7le ou association et vous portez un projet de construction ou de r\u00e9novation \u00e9cologique ? Le Hangar Z\u00e9ro vous ouvre ses portes le temps d\u2019une soir\u00e9e pour un temps d\u2019\u00e9change personnalis\u00e9 autour de votre projet architectural. Lors de cet atelier, nous prendrons le temps d\u2019\u00e9tudier votre &hellip; \ud83c\udfd7\ufe0f Permanence architecte \u2013 Construction &#038; r\u00e9novation \u00e9cologique \ud83c\udf31 Read More &raquo;","og_url":"https:\/\/lehangarzero.fr\/en\/events\/\ud83c\udfd7\ufe0f-permanence-architecte-construction-renovation-ecologique-\ud83c\udf31\/","og_site_name":"Le Hangar Z\u00e9ro","article_modified_time":"2026-01-07T14:51:55+00:00","twitter_card":"summary_large_image","twitter_misc":{"Est. reading time":"1 minute"},"schema":{"@context":"https:\/\/schema.org","@graph":[{"@type":"WebPage","@id":"https:\/\/lehangarzero.fr\/events\/%f0%9f%8f%97%ef%b8%8f-permanence-architecte-construction-renovation-ecologique-%f0%9f%8c%b1\/","url":"https:\/\/lehangarzero.fr\/events\/%f0%9f%8f%97%ef%b8%8f-permanence-architecte-construction-renovation-ecologique-%f0%9f%8c%b1\/","name":"\ud83c\udfd7\ufe0f Permanence architecte \u2013 Construction & r\u00e9novation \u00e9cologique \ud83c\udf31 - Le Hangar Z\u00e9ro","isPartOf":{"@id":"https:\/\/lehangarzero.fr\/#website"},"datePublished":"2026-01-07T14:51:26+00:00","dateModified":"2026-01-07T14:51:55+00:00","breadcrumb":{"@id":"https:\/\/lehangarzero.fr\/events\/%f0%9f%8f%97%ef%b8%8f-permanence-architecte-construction-renovation-ecologique-%f0%9f%8c%b1\/#breadcrumb"},"inLanguage":"en-US","potentialAction":[{"@type":"ReadAction","target":["https:\/\/lehangarzero.fr\/events\/%f0%9f%8f%97%ef%b8%8f-permanence-architecte-construction-renovation-ecologique-%f0%9f%8c%b1\/"]}]},{"@type":"BreadcrumbList","@id":"https:\/\/lehangarzero.fr\/events\/%f0%9f%8f%97%ef%b8%8f-permanence-architecte-construction-renovation-ecologique-%f0%9f%8c%b1\/#breadcrumb","itemListElement":[{"@type":"ListItem","position":1,"name":"Accueil","item":"https:\/\/lehangarzero.fr\/"},{"@type":"ListItem","position":2,"name":"\u00c9venements","item":"https:\/\/lehangarzero.fr\/events\/"},{"@type":"ListItem","position":3,"name":"\ud83c\udfd7\ufe0f Permanence architecte \u2013 Construction &#038; r\u00e9novation \u00e9cologique \ud83c\udf31"}]},{"@type":"WebSite","@id":"https:\/\/lehangarzero.fr\/#website","url":"https:\/\/lehangarzero.fr\/","name":"Le Hangar Z\u00e9ro","description":"Le laboratoire de la transition \u00e9cologique et citoyenne","publisher":{"@id":"https:\/\/lehangarzero.fr\/#organization"},"potentialAction":[{"@type":"SearchAction","target":{"@type":"EntryPoint","urlTemplate":"https:\/\/lehangarzero.fr\/?s={search_term_string}"},"query-input":{"@type":"PropertyValueSpecification","valueRequired":true,"valueName":"search_term_string"}}],"inLanguage":"en-US"},{"@type":"Organization","@id":"https:\/\/lehangarzero.fr\/#organization","name":"Le Hangar Z\u00e9ro","url":"https:\/\/lehangarzero.fr\/","logo":{"@type":"ImageObject","inLanguage":"en-US","@id":"https:\/\/lehangarzero.fr\/#\/schema\/logo\/image\/","url":"https:\/\/lehangarzero.fr\/wp-content\/uploads\/2022\/02\/cropped-cropped-logo-hz-blanc-1536x977-1.png","contentUrl":"https:\/\/lehangarzero.fr\/wp-content\/uploads\/2022\/02\/cropped-cropped-logo-hz-blanc-1536x977-1.png","width":"1536","height":"977","caption":"Le Hangar Z\u00e9ro"},"image":{"@id":"https:\/\/lehangarzero.fr\/#\/schema\/logo\/image\/"}}]}},"_links":{"self":[{"href":"https:\/\/lehangarzero.fr\/en\/wp-json\/wp\/v2\/mec-events\/8836","targetHints":{"allow":["GET"]}}],"collection":[{"href":"https:\/\/lehangarzero.fr\/en\/wp-json\/wp\/v2\/mec-events"}],"about":[{"href":"https:\/\/lehangarzero.fr\/en\/wp-json\/wp\/v2\/types\/mec-events"}],"author":[{"embeddable":true,"href":"https:\/\/lehangarzero.fr\/en\/wp-json\/wp\/v2\/users\/1"}],"replies":[{"embeddable":true,"href":"https:\/\/lehangarzero.fr\/en\/wp-json\/wp\/v2\/comments?post=8836"}],"wp:attachment":[{"href":"https:\/\/lehangarzero.fr\/en\/wp-json\/wp\/v2\/media?parent=8836"}],"wp:term":[{"taxonomy":"post_tag","embeddable":true,"href":"https:\/\/lehangarzero.fr\/en\/wp-json\/wp\/v2\/tags?post=8836"},{"taxonomy":"mec_category","embeddable":true,"href":"https:\/\/lehangarzero.fr\/en\/wp-json\/wp\/v2\/mec_category?post=8836"}],"curies":[{"name":"wp","href":"https:\/\/api.w.org\/{rel}","templated":true}]}}