{"id":8916,"date":"2026-01-30T13:13:56","date_gmt":"2026-01-30T12:13:56","guid":{"rendered":"https:\/\/lehangarzero.fr\/events\/%f0%9f%94%a5girl-power-journee-des-droits-de-la-femme-%f0%9f%94%a5\/"},"modified":"2026-01-30T13:13:56","modified_gmt":"2026-01-30T12:13:56","slug":"%f0%9f%94%a5girl-power-journee-des-droits-de-la-femme-%f0%9f%94%a5","status":"publish","type":"mec-events","link":"https:\/\/lehangarzero.fr\/en\/events\/%f0%9f%94%a5girl-power-journee-des-droits-de-la-femme-%f0%9f%94%a5\/","title":{"rendered":"\ud83d\udd25GIRL POWER \u2013 (Journ\u00e9e des Droits de la Femme) \ud83d\udd25"},"content":{"rendered":"<p>\ud83d\udd25GIRL POWER \u2013 (Journ\u00e9e des Droits de la Femme) \ud83d\udd25<\/p>\n<p>Le 7 mars, le Hangar Z\u00e9ro \u2013<\/p>\n<p>Le Havre vibrera au rythme du Girl Power \ud83d\udc83\ud83c\udffe\u2728<\/p>\n<p>Une soir\u00e9e d\u00e9di\u00e9e \u00e0 la force, \u00e0 la voix et \u00e0 l\u2019\u00e9nergie des femmes, dans une ambiance musicale intense et positive.<\/p>\n<p>\ud83c\udfa4 Chanteuses invit\u00e9es :<br \/>&#8211; Sista Jahan (Paris)<br \/>&#8211; Tess (Paris)<br \/>&#8211; Jamila (Le Havre)<br \/>&#8211;   guests surprises<br \/>&#8211; <br \/>\ud83c\udfa7 Aux platines :<br \/>La redoutable DJ Charlie Gyal<\/p>\n<p>pour enflammer le dancefloor de 20h \u00e0 02h \ud83d\udd25<\/p>\n<p>\ud83d\udcb8 Entr\u00e9e :<br \/>10\u20ac sur place<br \/>8\u20ac en pr\u00e9ventes<\/p>\n<p>\ud83d\udcf2 Pr\u00e9ventes <\/p>","protected":false},"excerpt":{"rendered":"<p>\ud83d\udd25GIRL POWER \u2013 (Journ\u00e9e des Droits de la Femme) \ud83d\udd25 Le 7 mars, le Hangar Z\u00e9ro \u2013 Le Havre vibrera au rythme du Girl Power \ud83d\udc83\ud83c\udffe\u2728 Une soir\u00e9e d\u00e9di\u00e9e \u00e0 la force, \u00e0 la voix et \u00e0 l\u2019\u00e9nergie des femmes, dans une ambiance musicale intense et positive. \ud83c\udfa4 Chanteuses invit\u00e9es :&#8211; Sista Jahan (Paris)&#8211; Tess &hellip;<\/p>\n<p class=\"read-more\"> <a class=\"\" href=\"https:\/\/lehangarzero.fr\/en\/events\/%f0%9f%94%a5girl-power-journee-des-droits-de-la-femme-%f0%9f%94%a5\/\"> <span class=\"screen-reader-text\">\ud83d\udd25GIRL POWER \u2013 (Journ\u00e9e des Droits de la Femme) \ud83d\udd25<\/span> Read More &raquo;<\/a><\/p>","protected":false},"author":1,"featured_media":8915,"comment_status":"open","ping_status":"closed","template":"","tags":[],"mec_category":[22],"class_list":["post-8916","mec-events","type-mec-events","status-publish","has-post-thumbnail","hentry","mec_category-concert"],"yoast_head":"<!-- This site is optimized with the Yoast SEO plugin v27.5 - https:\/\/yoast.com\/product\/yoast-seo-wordpress\/ -->\n<title>\ud83d\udd25GIRL POWER \u2013 (Journ\u00e9e des Droits de la Femme) \ud83d\udd25 - Le Hangar Z\u00e9ro<\/title>\n<meta name=\"robots\" content=\"index, follow, max-snippet:-1, max-image-preview:large, max-video-preview:-1\" \/>\n<link rel=\"canonical\" href=\"https:\/\/lehangarzero.fr\/en\/events\/\ud83d\udd25girl-power-journee-des-droits-de-la-femme-\ud83d\udd25\/\" \/>\n<meta property=\"og:locale\" content=\"en_US\" \/>\n<meta property=\"og:type\" content=\"article\" \/>\n<meta property=\"og:title\" content=\"\ud83d\udd25GIRL POWER \u2013 (Journ\u00e9e des Droits de la Femme) \ud83d\udd25 - Le Hangar Z\u00e9ro\" \/>\n<meta property=\"og:description\" content=\"\ud83d\udd25GIRL POWER \u2013 (Journ\u00e9e des Droits de la Femme) \ud83d\udd25 Le 7 mars, le Hangar Z\u00e9ro \u2013 Le Havre vibrera au rythme du Girl Power \ud83d\udc83\ud83c\udffe\u2728 Une soir\u00e9e d\u00e9di\u00e9e \u00e0 la force, \u00e0 la voix et \u00e0 l\u2019\u00e9nergie des femmes, dans une ambiance musicale intense et positive. \ud83c\udfa4 Chanteuses invit\u00e9es :&#8211; Sista Jahan (Paris)&#8211; Tess &hellip; \ud83d\udd25GIRL POWER \u2013 (Journ\u00e9e des Droits de la Femme) \ud83d\udd25 Read More &raquo;\" \/>\n<meta property=\"og:url\" content=\"https:\/\/lehangarzero.fr\/en\/events\/\ud83d\udd25girl-power-journee-des-droits-de-la-femme-\ud83d\udd25\/\" \/>\n<meta property=\"og:site_name\" content=\"Le Hangar Z\u00e9ro\" \/>\n<meta name=\"twitter:card\" content=\"summary_large_image\" \/>\n<script type=\"application\/ld+json\" class=\"yoast-schema-graph\">{\"@context\":\"https:\\\/\\\/schema.org\",\"@graph\":[{\"@type\":\"WebPage\",\"@id\":\"https:\\\/\\\/lehangarzero.fr\\\/events\\\/%f0%9f%94%a5girl-power-journee-des-droits-de-la-femme-%f0%9f%94%a5\\\/\",\"url\":\"https:\\\/\\\/lehangarzero.fr\\\/events\\\/%f0%9f%94%a5girl-power-journee-des-droits-de-la-femme-%f0%9f%94%a5\\\/\",\"name\":\"\ud83d\udd25GIRL POWER \u2013 (Journ\u00e9e des Droits de la Femme) \ud83d\udd25 - Le Hangar Z\u00e9ro\",\"isPartOf\":{\"@id\":\"https:\\\/\\\/lehangarzero.fr\\\/#website\"},\"primaryImageOfPage\":{\"@id\":\"https:\\\/\\\/lehangarzero.fr\\\/events\\\/%f0%9f%94%a5girl-power-journee-des-droits-de-la-femme-%f0%9f%94%a5\\\/#primaryimage\"},\"image\":{\"@id\":\"https:\\\/\\\/lehangarzero.fr\\\/events\\\/%f0%9f%94%a5girl-power-journee-des-droits-de-la-femme-%f0%9f%94%a5\\\/#primaryimage\"},\"thumbnailUrl\":\"https:\\\/\\\/lehangarzero.fr\\\/wp-content\\\/uploads\\\/2026\\\/01\\\/LH-reggea-Night-Mars.jpeg\",\"datePublished\":\"2026-01-30T12:13:56+00:00\",\"breadcrumb\":{\"@id\":\"https:\\\/\\\/lehangarzero.fr\\\/events\\\/%f0%9f%94%a5girl-power-journee-des-droits-de-la-femme-%f0%9f%94%a5\\\/#breadcrumb\"},\"inLanguage\":\"en-US\",\"potentialAction\":[{\"@type\":\"ReadAction\",\"target\":[\"https:\\\/\\\/lehangarzero.fr\\\/events\\\/%f0%9f%94%a5girl-power-journee-des-droits-de-la-femme-%f0%9f%94%a5\\\/\"]}]},{\"@type\":\"ImageObject\",\"inLanguage\":\"en-US\",\"@id\":\"https:\\\/\\\/lehangarzero.fr\\\/events\\\/%f0%9f%94%a5girl-power-journee-des-droits-de-la-femme-%f0%9f%94%a5\\\/#primaryimage\",\"url\":\"https:\\\/\\\/lehangarzero.fr\\\/wp-content\\\/uploads\\\/2026\\\/01\\\/LH-reggea-Night-Mars.jpeg\",\"contentUrl\":\"https:\\\/\\\/lehangarzero.fr\\\/wp-content\\\/uploads\\\/2026\\\/01\\\/LH-reggea-Night-Mars.jpeg\",\"width\":1131,\"height\":1600},{\"@type\":\"BreadcrumbList\",\"@id\":\"https:\\\/\\\/lehangarzero.fr\\\/events\\\/%f0%9f%94%a5girl-power-journee-des-droits-de-la-femme-%f0%9f%94%a5\\\/#breadcrumb\",\"itemListElement\":[{\"@type\":\"ListItem\",\"position\":1,\"name\":\"Accueil\",\"item\":\"https:\\\/\\\/lehangarzero.fr\\\/\"},{\"@type\":\"ListItem\",\"position\":2,\"name\":\"\u00c9venements\",\"item\":\"https:\\\/\\\/lehangarzero.fr\\\/events\\\/\"},{\"@type\":\"ListItem\",\"position\":3,\"name\":\"\ud83d\udd25GIRL POWER \u2013 (Journ\u00e9e des Droits de la Femme) \ud83d\udd25\"}]},{\"@type\":\"WebSite\",\"@id\":\"https:\\\/\\\/lehangarzero.fr\\\/#website\",\"url\":\"https:\\\/\\\/lehangarzero.fr\\\/\",\"name\":\"Le Hangar Z\u00e9ro\",\"description\":\"Le laboratoire de la transition \u00e9cologique et citoyenne\",\"publisher\":{\"@id\":\"https:\\\/\\\/lehangarzero.fr\\\/#organization\"},\"potentialAction\":[{\"@type\":\"SearchAction\",\"target\":{\"@type\":\"EntryPoint\",\"urlTemplate\":\"https:\\\/\\\/lehangarzero.fr\\\/?s={search_term_string}\"},\"query-input\":{\"@type\":\"PropertyValueSpecification\",\"valueRequired\":true,\"valueName\":\"search_term_string\"}}],\"inLanguage\":\"en-US\"},{\"@type\":\"Organization\",\"@id\":\"https:\\\/\\\/lehangarzero.fr\\\/#organization\",\"name\":\"Le Hangar Z\u00e9ro\",\"url\":\"https:\\\/\\\/lehangarzero.fr\\\/\",\"logo\":{\"@type\":\"ImageObject\",\"inLanguage\":\"en-US\",\"@id\":\"https:\\\/\\\/lehangarzero.fr\\\/#\\\/schema\\\/logo\\\/image\\\/\",\"url\":\"https:\\\/\\\/lehangarzero.fr\\\/wp-content\\\/uploads\\\/2022\\\/02\\\/cropped-cropped-logo-hz-blanc-1536x977-1.png\",\"contentUrl\":\"https:\\\/\\\/lehangarzero.fr\\\/wp-content\\\/uploads\\\/2022\\\/02\\\/cropped-cropped-logo-hz-blanc-1536x977-1.png\",\"width\":\"1536\",\"height\":\"977\",\"caption\":\"Le Hangar Z\u00e9ro\"},\"image\":{\"@id\":\"https:\\\/\\\/lehangarzero.fr\\\/#\\\/schema\\\/logo\\\/image\\\/\"}}]}<\/script>\n<!-- \/ Yoast SEO plugin. -->","yoast_head_json":{"title":"\ud83d\udd25GIRL POWER \u2013 (Journ\u00e9e des Droits de la Femme) \ud83d\udd25 - Le Hangar Z\u00e9ro","robots":{"index":"index","follow":"follow","max-snippet":"max-snippet:-1","max-image-preview":"max-image-preview:large","max-video-preview":"max-video-preview:-1"},"canonical":"https:\/\/lehangarzero.fr\/en\/events\/\ud83d\udd25girl-power-journee-des-droits-de-la-femme-\ud83d\udd25\/","og_locale":"en_US","og_type":"article","og_title":"\ud83d\udd25GIRL POWER \u2013 (Journ\u00e9e des Droits de la Femme) \ud83d\udd25 - Le Hangar Z\u00e9ro","og_description":"\ud83d\udd25GIRL POWER \u2013 (Journ\u00e9e des Droits de la Femme) \ud83d\udd25 Le 7 mars, le Hangar Z\u00e9ro \u2013 Le Havre vibrera au rythme du Girl Power \ud83d\udc83\ud83c\udffe\u2728 Une soir\u00e9e d\u00e9di\u00e9e \u00e0 la force, \u00e0 la voix et \u00e0 l\u2019\u00e9nergie des femmes, dans une ambiance musicale intense et positive. \ud83c\udfa4 Chanteuses invit\u00e9es :&#8211; Sista Jahan (Paris)&#8211; Tess &hellip; \ud83d\udd25GIRL POWER \u2013 (Journ\u00e9e des Droits de la Femme) \ud83d\udd25 Read More &raquo;","og_url":"https:\/\/lehangarzero.fr\/en\/events\/\ud83d\udd25girl-power-journee-des-droits-de-la-femme-\ud83d\udd25\/","og_site_name":"Le Hangar Z\u00e9ro","twitter_card":"summary_large_image","schema":{"@context":"https:\/\/schema.org","@graph":[{"@type":"WebPage","@id":"https:\/\/lehangarzero.fr\/events\/%f0%9f%94%a5girl-power-journee-des-droits-de-la-femme-%f0%9f%94%a5\/","url":"https:\/\/lehangarzero.fr\/events\/%f0%9f%94%a5girl-power-journee-des-droits-de-la-femme-%f0%9f%94%a5\/","name":"\ud83d\udd25GIRL POWER \u2013 (Journ\u00e9e des Droits de la Femme) \ud83d\udd25 - Le Hangar Z\u00e9ro","isPartOf":{"@id":"https:\/\/lehangarzero.fr\/#website"},"primaryImageOfPage":{"@id":"https:\/\/lehangarzero.fr\/events\/%f0%9f%94%a5girl-power-journee-des-droits-de-la-femme-%f0%9f%94%a5\/#primaryimage"},"image":{"@id":"https:\/\/lehangarzero.fr\/events\/%f0%9f%94%a5girl-power-journee-des-droits-de-la-femme-%f0%9f%94%a5\/#primaryimage"},"thumbnailUrl":"https:\/\/lehangarzero.fr\/wp-content\/uploads\/2026\/01\/LH-reggea-Night-Mars.jpeg","datePublished":"2026-01-30T12:13:56+00:00","breadcrumb":{"@id":"https:\/\/lehangarzero.fr\/events\/%f0%9f%94%a5girl-power-journee-des-droits-de-la-femme-%f0%9f%94%a5\/#breadcrumb"},"inLanguage":"en-US","potentialAction":[{"@type":"ReadAction","target":["https:\/\/lehangarzero.fr\/events\/%f0%9f%94%a5girl-power-journee-des-droits-de-la-femme-%f0%9f%94%a5\/"]}]},{"@type":"ImageObject","inLanguage":"en-US","@id":"https:\/\/lehangarzero.fr\/events\/%f0%9f%94%a5girl-power-journee-des-droits-de-la-femme-%f0%9f%94%a5\/#primaryimage","url":"https:\/\/lehangarzero.fr\/wp-content\/uploads\/2026\/01\/LH-reggea-Night-Mars.jpeg","contentUrl":"https:\/\/lehangarzero.fr\/wp-content\/uploads\/2026\/01\/LH-reggea-Night-Mars.jpeg","width":1131,"height":1600},{"@type":"BreadcrumbList","@id":"https:\/\/lehangarzero.fr\/events\/%f0%9f%94%a5girl-power-journee-des-droits-de-la-femme-%f0%9f%94%a5\/#breadcrumb","itemListElement":[{"@type":"ListItem","position":1,"name":"Accueil","item":"https:\/\/lehangarzero.fr\/"},{"@type":"ListItem","position":2,"name":"\u00c9venements","item":"https:\/\/lehangarzero.fr\/events\/"},{"@type":"ListItem","position":3,"name":"\ud83d\udd25GIRL POWER \u2013 (Journ\u00e9e des Droits de la Femme) \ud83d\udd25"}]},{"@type":"WebSite","@id":"https:\/\/lehangarzero.fr\/#website","url":"https:\/\/lehangarzero.fr\/","name":"Le Hangar Z\u00e9ro","description":"Le laboratoire de la transition \u00e9cologique et citoyenne","publisher":{"@id":"https:\/\/lehangarzero.fr\/#organization"},"potentialAction":[{"@type":"SearchAction","target":{"@type":"EntryPoint","urlTemplate":"https:\/\/lehangarzero.fr\/?s={search_term_string}"},"query-input":{"@type":"PropertyValueSpecification","valueRequired":true,"valueName":"search_term_string"}}],"inLanguage":"en-US"},{"@type":"Organization","@id":"https:\/\/lehangarzero.fr\/#organization","name":"Le Hangar Z\u00e9ro","url":"https:\/\/lehangarzero.fr\/","logo":{"@type":"ImageObject","inLanguage":"en-US","@id":"https:\/\/lehangarzero.fr\/#\/schema\/logo\/image\/","url":"https:\/\/lehangarzero.fr\/wp-content\/uploads\/2022\/02\/cropped-cropped-logo-hz-blanc-1536x977-1.png","contentUrl":"https:\/\/lehangarzero.fr\/wp-content\/uploads\/2022\/02\/cropped-cropped-logo-hz-blanc-1536x977-1.png","width":"1536","height":"977","caption":"Le Hangar Z\u00e9ro"},"image":{"@id":"https:\/\/lehangarzero.fr\/#\/schema\/logo\/image\/"}}]}},"_links":{"self":[{"href":"https:\/\/lehangarzero.fr\/en\/wp-json\/wp\/v2\/mec-events\/8916","targetHints":{"allow":["GET"]}}],"collection":[{"href":"https:\/\/lehangarzero.fr\/en\/wp-json\/wp\/v2\/mec-events"}],"about":[{"href":"https:\/\/lehangarzero.fr\/en\/wp-json\/wp\/v2\/types\/mec-events"}],"author":[{"embeddable":true,"href":"https:\/\/lehangarzero.fr\/en\/wp-json\/wp\/v2\/users\/1"}],"replies":[{"embeddable":true,"href":"https:\/\/lehangarzero.fr\/en\/wp-json\/wp\/v2\/comments?post=8916"}],"wp:featuredmedia":[{"embeddable":true,"href":"https:\/\/lehangarzero.fr\/en\/wp-json\/wp\/v2\/media\/8915"}],"wp:attachment":[{"href":"https:\/\/lehangarzero.fr\/en\/wp-json\/wp\/v2\/media?parent=8916"}],"wp:term":[{"taxonomy":"post_tag","embeddable":true,"href":"https:\/\/lehangarzero.fr\/en\/wp-json\/wp\/v2\/tags?post=8916"},{"taxonomy":"mec_category","embeddable":true,"href":"https:\/\/lehangarzero.fr\/en\/wp-json\/wp\/v2\/mec_category?post=8916"}],"curies":[{"name":"wp","href":"https:\/\/api.w.org\/{rel}","templated":true}]}}