{"id":8931,"date":"2026-02-03T14:56:51","date_gmt":"2026-02-03T13:56:51","guid":{"rendered":"https:\/\/lehangarzero.fr\/events\/%f0%9f%8e%b6-concert-%c2%b7-nina-harker\/"},"modified":"2026-02-03T14:56:51","modified_gmt":"2026-02-03T13:56:51","slug":"%f0%9f%8e%b6-concert-%c2%b7-nina-harker","status":"publish","type":"mec-events","link":"https:\/\/lehangarzero.fr\/en\/events\/%f0%9f%8e%b6-concert-%c2%b7-nina-harker\/","title":{"rendered":"\ud83c\udfb6 Concert \u00b7 Nina Harker"},"content":{"rendered":"<p>\ud83c\udfb6 Concert \u00b7 Nina Harker<\/p>\n<p>Musique exp\u00e9rimentale<\/p>\n<p>\ud83d\uddd3 Jeudi 12 f\u00e9vrier 2026<br \/>\ud83d\udd62 19h30 \u2013 21h00<br \/>\ud83d\udcb8 Prix : au chapeau<br \/>\ud83e\ude91 Disposition : format cabaret<\/p>\n<p>Un jeudi soir d\u2019hiver propice \u00e0 la d\u00e9rive.<br \/>Feuilleter, \u00e9couter, traverser des fronti\u00e8res \u2014 par le papier et par la voix.<\/p>\n<p>Nina Harker et Zines of the Zone combinent leurs pratiques pour une soir\u00e9e plac\u00e9e sous le signe du DIY, de l\u2019\u00e9dition ind\u00e9pendante et de l\u2019exp\u00e9rimentation sonore.<br \/>Au programme : une biblioth\u00e8que vivante de zines venus de toute l\u2019Europe, \u00e0 consulter librement, et un concert chant\u00e9 en plusieurs langues, entre intimit\u00e9 acoustique et fulgurances amplifi\u00e9es.<\/p>\n<p>Un moment suspendu, \u00e0 la crois\u00e9e des formes : musique, \u00e9dition, contre-culture et rencontres.<\/p>\n<p>\ud83d\udcda Zines of the Zone<\/p>\n<p>Collection itin\u00e9rante de publications photographiques auto-\u00e9dit\u00e9es, Zines of the Zone sillonne les routes d\u2019Europe \u00e0 la recherche de micro-\u00e9ditions et de projets \u00e9ditoriaux peu visibles.<br \/>Le collectif organise des expositions \u00e9ph\u00e9m\u00e8res \u00e0 partir de son fonds et d\u00e9fend des pratiques alternatives li\u00e9es \u00e0 la contre-culture et au Do It Yourself.<\/p>\n<p>Venez feuilleter, discuter, montrer vos propres productions, \u00e9changer et contribuer au projet si le c\u0153ur vous en dit.<br \/>\ud83d\udc49 www.zinesofthezone.net<\/p>\n<p>\ud83c\udfa4 Nina Harker<\/p>\n<p>Concert ? Petit th\u00e9\u00e2tre ? Exp\u00e9rience sonore non identifi\u00e9e ?<\/p>\n<p>Form\u00e9 par Apolline Sch\u00f6ser et Nocola Henry, le duo Nina Harker compose depuis plus de 10 ans des chansons en plusieurs langues, m\u00ealant collages, contrastes et tours de magie sonore.<br \/>Leurs concerts explorent autant la mise en sc\u00e8ne que les silences entre deux notes de guitare : de douces ritournelles acoustiques peuvent soudain \u00e9merger des secousses \u00e9lectriques et amplifi\u00e9es.<\/p>\n<p>Un espace de jeu, d\u2019\u00e9coute et de transformation.<br \/>\u00a1 taucht ein ! \u2014 plongez.<\/p>\n<p>\ud83c\udfa7 \u00c9couter leur troisi\u00e8me album :<br \/>\ud83d\udc49 www.aguirrerecords.bandcamp.com\/album\/nina-harker<\/p>","protected":false},"excerpt":{"rendered":"<p>\ud83c\udfb6 Concert \u00b7 Nina Harker Musique exp\u00e9rimentale \ud83d\uddd3 Jeudi 12 f\u00e9vrier 2026\ud83d\udd62 19h30 \u2013 21h00\ud83d\udcb8 Prix : au chapeau\ud83e\ude91 Disposition : format cabaret Un jeudi soir d\u2019hiver propice \u00e0 la d\u00e9rive.Feuilleter, \u00e9couter, traverser des fronti\u00e8res \u2014 par le papier et par la voix. Nina Harker et Zines of the Zone combinent leurs pratiques pour une &hellip;<\/p>\n<p class=\"read-more\"> <a class=\"\" href=\"https:\/\/lehangarzero.fr\/en\/events\/%f0%9f%8e%b6-concert-%c2%b7-nina-harker\/\"> <span class=\"screen-reader-text\">\ud83c\udfb6 Concert \u00b7 Nina Harker<\/span> Read More &raquo;<\/a><\/p>","protected":false},"author":1,"featured_media":8930,"comment_status":"open","ping_status":"closed","template":"","tags":[],"mec_category":[22],"class_list":["post-8931","mec-events","type-mec-events","status-publish","has-post-thumbnail","hentry","mec_category-concert"],"yoast_head":"<!-- This site is optimized with the Yoast SEO plugin v27.5 - https:\/\/yoast.com\/product\/yoast-seo-wordpress\/ -->\n<title>\ud83c\udfb6 Concert \u00b7 Nina Harker - Le Hangar Z\u00e9ro<\/title>\n<meta name=\"robots\" content=\"index, follow, max-snippet:-1, max-image-preview:large, max-video-preview:-1\" \/>\n<link rel=\"canonical\" href=\"https:\/\/lehangarzero.fr\/en\/events\/\ud83c\udfb6-concert-\u00b7-nina-harker\/\" \/>\n<meta property=\"og:locale\" content=\"en_US\" \/>\n<meta property=\"og:type\" content=\"article\" \/>\n<meta property=\"og:title\" content=\"\ud83c\udfb6 Concert \u00b7 Nina Harker - Le Hangar Z\u00e9ro\" \/>\n<meta property=\"og:description\" content=\"\ud83c\udfb6 Concert \u00b7 Nina Harker Musique exp\u00e9rimentale \ud83d\uddd3 Jeudi 12 f\u00e9vrier 2026\ud83d\udd62 19h30 \u2013 21h00\ud83d\udcb8 Prix : au chapeau\ud83e\ude91 Disposition : format cabaret Un jeudi soir d\u2019hiver propice \u00e0 la d\u00e9rive.Feuilleter, \u00e9couter, traverser des fronti\u00e8res \u2014 par le papier et par la voix. Nina Harker et Zines of the Zone combinent leurs pratiques pour une &hellip; \ud83c\udfb6 Concert \u00b7 Nina Harker Read More &raquo;\" \/>\n<meta property=\"og:url\" content=\"https:\/\/lehangarzero.fr\/en\/events\/\ud83c\udfb6-concert-\u00b7-nina-harker\/\" \/>\n<meta property=\"og:site_name\" content=\"Le Hangar Z\u00e9ro\" \/>\n<meta name=\"twitter:card\" content=\"summary_large_image\" \/>\n<meta name=\"twitter:label1\" content=\"Est. reading time\" \/>\n\t<meta name=\"twitter:data1\" content=\"1 minute\" \/>\n<script type=\"application\/ld+json\" class=\"yoast-schema-graph\">{\"@context\":\"https:\\\/\\\/schema.org\",\"@graph\":[{\"@type\":\"WebPage\",\"@id\":\"https:\\\/\\\/lehangarzero.fr\\\/events\\\/%f0%9f%8e%b6-concert-%c2%b7-nina-harker\\\/\",\"url\":\"https:\\\/\\\/lehangarzero.fr\\\/events\\\/%f0%9f%8e%b6-concert-%c2%b7-nina-harker\\\/\",\"name\":\"\ud83c\udfb6 Concert \u00b7 Nina Harker - Le Hangar Z\u00e9ro\",\"isPartOf\":{\"@id\":\"https:\\\/\\\/lehangarzero.fr\\\/#website\"},\"primaryImageOfPage\":{\"@id\":\"https:\\\/\\\/lehangarzero.fr\\\/events\\\/%f0%9f%8e%b6-concert-%c2%b7-nina-harker\\\/#primaryimage\"},\"image\":{\"@id\":\"https:\\\/\\\/lehangarzero.fr\\\/events\\\/%f0%9f%8e%b6-concert-%c2%b7-nina-harker\\\/#primaryimage\"},\"thumbnailUrl\":\"https:\\\/\\\/lehangarzero.fr\\\/wp-content\\\/uploads\\\/2026\\\/02\\\/post-carre-1.jpg\",\"datePublished\":\"2026-02-03T13:56:51+00:00\",\"breadcrumb\":{\"@id\":\"https:\\\/\\\/lehangarzero.fr\\\/events\\\/%f0%9f%8e%b6-concert-%c2%b7-nina-harker\\\/#breadcrumb\"},\"inLanguage\":\"en-US\",\"potentialAction\":[{\"@type\":\"ReadAction\",\"target\":[\"https:\\\/\\\/lehangarzero.fr\\\/events\\\/%f0%9f%8e%b6-concert-%c2%b7-nina-harker\\\/\"]}]},{\"@type\":\"ImageObject\",\"inLanguage\":\"en-US\",\"@id\":\"https:\\\/\\\/lehangarzero.fr\\\/events\\\/%f0%9f%8e%b6-concert-%c2%b7-nina-harker\\\/#primaryimage\",\"url\":\"https:\\\/\\\/lehangarzero.fr\\\/wp-content\\\/uploads\\\/2026\\\/02\\\/post-carre-1.jpg\",\"contentUrl\":\"https:\\\/\\\/lehangarzero.fr\\\/wp-content\\\/uploads\\\/2026\\\/02\\\/post-carre-1.jpg\",\"width\":1500,\"height\":1500},{\"@type\":\"BreadcrumbList\",\"@id\":\"https:\\\/\\\/lehangarzero.fr\\\/events\\\/%f0%9f%8e%b6-concert-%c2%b7-nina-harker\\\/#breadcrumb\",\"itemListElement\":[{\"@type\":\"ListItem\",\"position\":1,\"name\":\"Accueil\",\"item\":\"https:\\\/\\\/lehangarzero.fr\\\/\"},{\"@type\":\"ListItem\",\"position\":2,\"name\":\"\u00c9venements\",\"item\":\"https:\\\/\\\/lehangarzero.fr\\\/events\\\/\"},{\"@type\":\"ListItem\",\"position\":3,\"name\":\"\ud83c\udfb6 Concert \u00b7 Nina Harker\"}]},{\"@type\":\"WebSite\",\"@id\":\"https:\\\/\\\/lehangarzero.fr\\\/#website\",\"url\":\"https:\\\/\\\/lehangarzero.fr\\\/\",\"name\":\"Le Hangar Z\u00e9ro\",\"description\":\"Le laboratoire de la transition \u00e9cologique et citoyenne\",\"publisher\":{\"@id\":\"https:\\\/\\\/lehangarzero.fr\\\/#organization\"},\"potentialAction\":[{\"@type\":\"SearchAction\",\"target\":{\"@type\":\"EntryPoint\",\"urlTemplate\":\"https:\\\/\\\/lehangarzero.fr\\\/?s={search_term_string}\"},\"query-input\":{\"@type\":\"PropertyValueSpecification\",\"valueRequired\":true,\"valueName\":\"search_term_string\"}}],\"inLanguage\":\"en-US\"},{\"@type\":\"Organization\",\"@id\":\"https:\\\/\\\/lehangarzero.fr\\\/#organization\",\"name\":\"Le Hangar Z\u00e9ro\",\"url\":\"https:\\\/\\\/lehangarzero.fr\\\/\",\"logo\":{\"@type\":\"ImageObject\",\"inLanguage\":\"en-US\",\"@id\":\"https:\\\/\\\/lehangarzero.fr\\\/#\\\/schema\\\/logo\\\/image\\\/\",\"url\":\"https:\\\/\\\/lehangarzero.fr\\\/wp-content\\\/uploads\\\/2022\\\/02\\\/cropped-cropped-logo-hz-blanc-1536x977-1.png\",\"contentUrl\":\"https:\\\/\\\/lehangarzero.fr\\\/wp-content\\\/uploads\\\/2022\\\/02\\\/cropped-cropped-logo-hz-blanc-1536x977-1.png\",\"width\":\"1536\",\"height\":\"977\",\"caption\":\"Le Hangar Z\u00e9ro\"},\"image\":{\"@id\":\"https:\\\/\\\/lehangarzero.fr\\\/#\\\/schema\\\/logo\\\/image\\\/\"}}]}<\/script>\n<!-- \/ Yoast SEO plugin. -->","yoast_head_json":{"title":"\ud83c\udfb6 Concert \u00b7 Nina Harker - Le Hangar Z\u00e9ro","robots":{"index":"index","follow":"follow","max-snippet":"max-snippet:-1","max-image-preview":"max-image-preview:large","max-video-preview":"max-video-preview:-1"},"canonical":"https:\/\/lehangarzero.fr\/en\/events\/\ud83c\udfb6-concert-\u00b7-nina-harker\/","og_locale":"en_US","og_type":"article","og_title":"\ud83c\udfb6 Concert \u00b7 Nina Harker - Le Hangar Z\u00e9ro","og_description":"\ud83c\udfb6 Concert \u00b7 Nina Harker Musique exp\u00e9rimentale \ud83d\uddd3 Jeudi 12 f\u00e9vrier 2026\ud83d\udd62 19h30 \u2013 21h00\ud83d\udcb8 Prix : au chapeau\ud83e\ude91 Disposition : format cabaret Un jeudi soir d\u2019hiver propice \u00e0 la d\u00e9rive.Feuilleter, \u00e9couter, traverser des fronti\u00e8res \u2014 par le papier et par la voix. Nina Harker et Zines of the Zone combinent leurs pratiques pour une &hellip; \ud83c\udfb6 Concert \u00b7 Nina Harker Read More &raquo;","og_url":"https:\/\/lehangarzero.fr\/en\/events\/\ud83c\udfb6-concert-\u00b7-nina-harker\/","og_site_name":"Le Hangar Z\u00e9ro","twitter_card":"summary_large_image","twitter_misc":{"Est. reading time":"1 minute"},"schema":{"@context":"https:\/\/schema.org","@graph":[{"@type":"WebPage","@id":"https:\/\/lehangarzero.fr\/events\/%f0%9f%8e%b6-concert-%c2%b7-nina-harker\/","url":"https:\/\/lehangarzero.fr\/events\/%f0%9f%8e%b6-concert-%c2%b7-nina-harker\/","name":"\ud83c\udfb6 Concert \u00b7 Nina Harker - Le Hangar Z\u00e9ro","isPartOf":{"@id":"https:\/\/lehangarzero.fr\/#website"},"primaryImageOfPage":{"@id":"https:\/\/lehangarzero.fr\/events\/%f0%9f%8e%b6-concert-%c2%b7-nina-harker\/#primaryimage"},"image":{"@id":"https:\/\/lehangarzero.fr\/events\/%f0%9f%8e%b6-concert-%c2%b7-nina-harker\/#primaryimage"},"thumbnailUrl":"https:\/\/lehangarzero.fr\/wp-content\/uploads\/2026\/02\/post-carre-1.jpg","datePublished":"2026-02-03T13:56:51+00:00","breadcrumb":{"@id":"https:\/\/lehangarzero.fr\/events\/%f0%9f%8e%b6-concert-%c2%b7-nina-harker\/#breadcrumb"},"inLanguage":"en-US","potentialAction":[{"@type":"ReadAction","target":["https:\/\/lehangarzero.fr\/events\/%f0%9f%8e%b6-concert-%c2%b7-nina-harker\/"]}]},{"@type":"ImageObject","inLanguage":"en-US","@id":"https:\/\/lehangarzero.fr\/events\/%f0%9f%8e%b6-concert-%c2%b7-nina-harker\/#primaryimage","url":"https:\/\/lehangarzero.fr\/wp-content\/uploads\/2026\/02\/post-carre-1.jpg","contentUrl":"https:\/\/lehangarzero.fr\/wp-content\/uploads\/2026\/02\/post-carre-1.jpg","width":1500,"height":1500},{"@type":"BreadcrumbList","@id":"https:\/\/lehangarzero.fr\/events\/%f0%9f%8e%b6-concert-%c2%b7-nina-harker\/#breadcrumb","itemListElement":[{"@type":"ListItem","position":1,"name":"Accueil","item":"https:\/\/lehangarzero.fr\/"},{"@type":"ListItem","position":2,"name":"\u00c9venements","item":"https:\/\/lehangarzero.fr\/events\/"},{"@type":"ListItem","position":3,"name":"\ud83c\udfb6 Concert \u00b7 Nina Harker"}]},{"@type":"WebSite","@id":"https:\/\/lehangarzero.fr\/#website","url":"https:\/\/lehangarzero.fr\/","name":"Le Hangar Z\u00e9ro","description":"Le laboratoire de la transition \u00e9cologique et citoyenne","publisher":{"@id":"https:\/\/lehangarzero.fr\/#organization"},"potentialAction":[{"@type":"SearchAction","target":{"@type":"EntryPoint","urlTemplate":"https:\/\/lehangarzero.fr\/?s={search_term_string}"},"query-input":{"@type":"PropertyValueSpecification","valueRequired":true,"valueName":"search_term_string"}}],"inLanguage":"en-US"},{"@type":"Organization","@id":"https:\/\/lehangarzero.fr\/#organization","name":"Le Hangar Z\u00e9ro","url":"https:\/\/lehangarzero.fr\/","logo":{"@type":"ImageObject","inLanguage":"en-US","@id":"https:\/\/lehangarzero.fr\/#\/schema\/logo\/image\/","url":"https:\/\/lehangarzero.fr\/wp-content\/uploads\/2022\/02\/cropped-cropped-logo-hz-blanc-1536x977-1.png","contentUrl":"https:\/\/lehangarzero.fr\/wp-content\/uploads\/2022\/02\/cropped-cropped-logo-hz-blanc-1536x977-1.png","width":"1536","height":"977","caption":"Le Hangar Z\u00e9ro"},"image":{"@id":"https:\/\/lehangarzero.fr\/#\/schema\/logo\/image\/"}}]}},"_links":{"self":[{"href":"https:\/\/lehangarzero.fr\/en\/wp-json\/wp\/v2\/mec-events\/8931","targetHints":{"allow":["GET"]}}],"collection":[{"href":"https:\/\/lehangarzero.fr\/en\/wp-json\/wp\/v2\/mec-events"}],"about":[{"href":"https:\/\/lehangarzero.fr\/en\/wp-json\/wp\/v2\/types\/mec-events"}],"author":[{"embeddable":true,"href":"https:\/\/lehangarzero.fr\/en\/wp-json\/wp\/v2\/users\/1"}],"replies":[{"embeddable":true,"href":"https:\/\/lehangarzero.fr\/en\/wp-json\/wp\/v2\/comments?post=8931"}],"wp:featuredmedia":[{"embeddable":true,"href":"https:\/\/lehangarzero.fr\/en\/wp-json\/wp\/v2\/media\/8930"}],"wp:attachment":[{"href":"https:\/\/lehangarzero.fr\/en\/wp-json\/wp\/v2\/media?parent=8931"}],"wp:term":[{"taxonomy":"post_tag","embeddable":true,"href":"https:\/\/lehangarzero.fr\/en\/wp-json\/wp\/v2\/tags?post=8931"},{"taxonomy":"mec_category","embeddable":true,"href":"https:\/\/lehangarzero.fr\/en\/wp-json\/wp\/v2\/mec_category?post=8931"}],"curies":[{"name":"wp","href":"https:\/\/api.w.org\/{rel}","templated":true}]}}