{"id":9010,"date":"2026-02-17T16:58:34","date_gmt":"2026-02-17T15:58:34","guid":{"rendered":"https:\/\/lehangarzero.fr\/events\/spectacle-droit-au-coeur-%e2%9d%a4%ef%b8%8f-recit-de-vie-de-robert-badinter-par-laetitia-bloud\/"},"modified":"2026-02-17T16:58:34","modified_gmt":"2026-02-17T15:58:34","slug":"spectacle-droit-au-coeur-%e2%9d%a4%ef%b8%8f-recit-de-vie-de-robert-badinter-par-laetitia-bloud","status":"publish","type":"mec-events","link":"https:\/\/lehangarzero.fr\/en\/events\/spectacle-droit-au-coeur-%e2%9d%a4%ef%b8%8f-recit-de-vie-de-robert-badinter-par-laetitia-bloud\/","title":{"rendered":"Spectacle : DROIT AU C\u0152UR ! \u2764\ufe0f R\u00e9cit de vie de Robert Badinter par Laetitia BLOUD"},"content":{"rendered":"<p>DROIT AU C\u0152UR ! \u2764\ufe0f<br \/>R\u00e9cit de vie de Robert Badinter<br \/>par Laetitia Bloud<\/p>\n<p>Le Jeudi 26 F\u00e9vrier 2026 \u00e0 20h<\/p>\n<p>Le Spectacle<br \/>En 1981, l\u2019abolition de la peine de mort marque un tournant dans l\u2019histoire de notre pays. \u00c0 l\u2019heure o\u00f9 Robert Badinter est accueilli au Panth\u00e9on, Laetitia Bloud revient sur un sujet qui fait d\u00e9bat depuis des si\u00e8cles et reste, aujourd\u2019hui encore, d\u2019une actualit\u00e9 criante.<\/p>\n<p>Ancienne avocate devenue conteuse, elle s&#8217;empare de cette question existentielle avec flamme et vitalit\u00e9. Elle nous invite \u00e0 suivre les p\u00e9r\u00e9grinations int\u00e9rieures de Robert Badinter et l\u2019odyss\u00e9e personnelle de cet homme juste qui pr\u00f4nait : \u00ab La vie avant tout ! \u00bb.<\/p>\n<p>Une immersion au c\u0153ur de la Justice<br \/>Au-del\u00e0 du parcours de cet humaniste, Droit au c\u0153ur ! s\u2019aventure avec p\u00e9dagogie dans les arcanes de la justice. Le spectacle nous questionne sur ce qui se joue en chacun de nous lorsque la justice est confront\u00e9e \u00e0 la violence et au crime.<\/p>\n<p>Un spectacle essentiel qui traverse l\u2019histoire d\u2019un homme et de la justice en France.<\/p>\n<p>Infos Pratiques<br \/>Public : Ados-Adultes (d\u00e8s 12 ans)<\/p>\n<p>Dur\u00e9e : 1h20<br \/>Entr\u00e9e : 8\u20ac (Esp\u00e8ces) &#8211; Billetterie sur place<\/p>\n<p>Note : Les photographies de ce support ont \u00e9t\u00e9 r\u00e9alis\u00e9es au Panth\u00e9on, o\u00f9 le spectacle a \u00e9t\u00e9 pr\u00e9sent\u00e9 \u00e0 7 reprises lors de la Panth\u00e9onisation de Robert Badinter en octobre 2025.<\/p>","protected":false},"excerpt":{"rendered":"<p>DROIT AU C\u0152UR ! \u2764\ufe0fR\u00e9cit de vie de Robert Badinterpar Laetitia Bloud Le Jeudi 26 F\u00e9vrier 2026 \u00e0 20h Le SpectacleEn 1981, l\u2019abolition de la peine de mort marque un tournant dans l\u2019histoire de notre pays. \u00c0 l\u2019heure o\u00f9 Robert Badinter est accueilli au Panth\u00e9on, Laetitia Bloud revient sur un sujet qui fait d\u00e9bat depuis &hellip;<\/p>\n<p class=\"read-more\"> <a class=\"\" href=\"https:\/\/lehangarzero.fr\/en\/events\/spectacle-droit-au-coeur-%e2%9d%a4%ef%b8%8f-recit-de-vie-de-robert-badinter-par-laetitia-bloud\/\"> <span class=\"screen-reader-text\">Spectacle : DROIT AU C\u0152UR ! \u2764\ufe0f R\u00e9cit de vie de Robert Badinter par Laetitia BLOUD<\/span> Read More &raquo;<\/a><\/p>","protected":false},"author":1,"featured_media":9009,"comment_status":"open","ping_status":"closed","template":"","tags":[],"mec_category":[27],"class_list":["post-9010","mec-events","type-mec-events","status-publish","has-post-thumbnail","hentry","mec_category-spectacle"],"yoast_head":"<!-- This site is optimized with the Yoast SEO plugin v27.5 - https:\/\/yoast.com\/product\/yoast-seo-wordpress\/ -->\n<title>Spectacle : DROIT AU C\u0152UR ! \u2764\ufe0f R\u00e9cit de vie de Robert Badinter par Laetitia BLOUD - Le Hangar Z\u00e9ro<\/title>\n<meta name=\"robots\" content=\"index, follow, max-snippet:-1, max-image-preview:large, max-video-preview:-1\" \/>\n<link rel=\"canonical\" href=\"https:\/\/lehangarzero.fr\/en\/events\/spectacle-droit-au-coeur-\u2764\ufe0f-recit-de-vie-de-robert-badinter-par-laetitia-bloud\/\" \/>\n<meta property=\"og:locale\" content=\"en_US\" \/>\n<meta property=\"og:type\" content=\"article\" \/>\n<meta property=\"og:title\" content=\"Spectacle : DROIT AU C\u0152UR ! \u2764\ufe0f R\u00e9cit de vie de Robert Badinter par Laetitia BLOUD - Le Hangar Z\u00e9ro\" \/>\n<meta property=\"og:description\" content=\"DROIT AU C\u0152UR ! \u2764\ufe0fR\u00e9cit de vie de Robert Badinterpar Laetitia Bloud Le Jeudi 26 F\u00e9vrier 2026 \u00e0 20h Le SpectacleEn 1981, l\u2019abolition de la peine de mort marque un tournant dans l\u2019histoire de notre pays. \u00c0 l\u2019heure o\u00f9 Robert Badinter est accueilli au Panth\u00e9on, Laetitia Bloud revient sur un sujet qui fait d\u00e9bat depuis &hellip; Spectacle : DROIT AU C\u0152UR ! \u2764\ufe0f R\u00e9cit de vie de Robert Badinter par Laetitia BLOUD Read More &raquo;\" \/>\n<meta property=\"og:url\" content=\"https:\/\/lehangarzero.fr\/en\/events\/spectacle-droit-au-coeur-\u2764\ufe0f-recit-de-vie-de-robert-badinter-par-laetitia-bloud\/\" \/>\n<meta property=\"og:site_name\" content=\"Le Hangar Z\u00e9ro\" \/>\n<meta name=\"twitter:card\" content=\"summary_large_image\" \/>\n<meta name=\"twitter:label1\" content=\"Est. reading time\" \/>\n\t<meta name=\"twitter:data1\" content=\"1 minute\" \/>\n<script type=\"application\/ld+json\" class=\"yoast-schema-graph\">{\"@context\":\"https:\\\/\\\/schema.org\",\"@graph\":[{\"@type\":\"WebPage\",\"@id\":\"https:\\\/\\\/lehangarzero.fr\\\/events\\\/spectacle-droit-au-coeur-%e2%9d%a4%ef%b8%8f-recit-de-vie-de-robert-badinter-par-laetitia-bloud\\\/\",\"url\":\"https:\\\/\\\/lehangarzero.fr\\\/events\\\/spectacle-droit-au-coeur-%e2%9d%a4%ef%b8%8f-recit-de-vie-de-robert-badinter-par-laetitia-bloud\\\/\",\"name\":\"Spectacle : DROIT AU C\u0152UR ! \u2764\ufe0f R\u00e9cit de vie de Robert Badinter par Laetitia BLOUD - Le Hangar Z\u00e9ro\",\"isPartOf\":{\"@id\":\"https:\\\/\\\/lehangarzero.fr\\\/#website\"},\"primaryImageOfPage\":{\"@id\":\"https:\\\/\\\/lehangarzero.fr\\\/events\\\/spectacle-droit-au-coeur-%e2%9d%a4%ef%b8%8f-recit-de-vie-de-robert-badinter-par-laetitia-bloud\\\/#primaryimage\"},\"image\":{\"@id\":\"https:\\\/\\\/lehangarzero.fr\\\/events\\\/spectacle-droit-au-coeur-%e2%9d%a4%ef%b8%8f-recit-de-vie-de-robert-badinter-par-laetitia-bloud\\\/#primaryimage\"},\"thumbnailUrl\":\"https:\\\/\\\/lehangarzero.fr\\\/wp-content\\\/uploads\\\/2026\\\/02\\\/Evenement-Facebook-2.jpg\",\"datePublished\":\"2026-02-17T15:58:34+00:00\",\"breadcrumb\":{\"@id\":\"https:\\\/\\\/lehangarzero.fr\\\/events\\\/spectacle-droit-au-coeur-%e2%9d%a4%ef%b8%8f-recit-de-vie-de-robert-badinter-par-laetitia-bloud\\\/#breadcrumb\"},\"inLanguage\":\"en-US\",\"potentialAction\":[{\"@type\":\"ReadAction\",\"target\":[\"https:\\\/\\\/lehangarzero.fr\\\/events\\\/spectacle-droit-au-coeur-%e2%9d%a4%ef%b8%8f-recit-de-vie-de-robert-badinter-par-laetitia-bloud\\\/\"]}]},{\"@type\":\"ImageObject\",\"inLanguage\":\"en-US\",\"@id\":\"https:\\\/\\\/lehangarzero.fr\\\/events\\\/spectacle-droit-au-coeur-%e2%9d%a4%ef%b8%8f-recit-de-vie-de-robert-badinter-par-laetitia-bloud\\\/#primaryimage\",\"url\":\"https:\\\/\\\/lehangarzero.fr\\\/wp-content\\\/uploads\\\/2026\\\/02\\\/Evenement-Facebook-2.jpg\",\"contentUrl\":\"https:\\\/\\\/lehangarzero.fr\\\/wp-content\\\/uploads\\\/2026\\\/02\\\/Evenement-Facebook-2.jpg\",\"width\":1920,\"height\":1080},{\"@type\":\"BreadcrumbList\",\"@id\":\"https:\\\/\\\/lehangarzero.fr\\\/events\\\/spectacle-droit-au-coeur-%e2%9d%a4%ef%b8%8f-recit-de-vie-de-robert-badinter-par-laetitia-bloud\\\/#breadcrumb\",\"itemListElement\":[{\"@type\":\"ListItem\",\"position\":1,\"name\":\"Accueil\",\"item\":\"https:\\\/\\\/lehangarzero.fr\\\/\"},{\"@type\":\"ListItem\",\"position\":2,\"name\":\"\u00c9venements\",\"item\":\"https:\\\/\\\/lehangarzero.fr\\\/events\\\/\"},{\"@type\":\"ListItem\",\"position\":3,\"name\":\"Spectacle : DROIT AU C\u0152UR ! \u2764\ufe0f R\u00e9cit de vie de Robert Badinter par Laetitia BLOUD\"}]},{\"@type\":\"WebSite\",\"@id\":\"https:\\\/\\\/lehangarzero.fr\\\/#website\",\"url\":\"https:\\\/\\\/lehangarzero.fr\\\/\",\"name\":\"Le Hangar Z\u00e9ro\",\"description\":\"Le laboratoire de la transition \u00e9cologique et citoyenne\",\"publisher\":{\"@id\":\"https:\\\/\\\/lehangarzero.fr\\\/#organization\"},\"potentialAction\":[{\"@type\":\"SearchAction\",\"target\":{\"@type\":\"EntryPoint\",\"urlTemplate\":\"https:\\\/\\\/lehangarzero.fr\\\/?s={search_term_string}\"},\"query-input\":{\"@type\":\"PropertyValueSpecification\",\"valueRequired\":true,\"valueName\":\"search_term_string\"}}],\"inLanguage\":\"en-US\"},{\"@type\":\"Organization\",\"@id\":\"https:\\\/\\\/lehangarzero.fr\\\/#organization\",\"name\":\"Le Hangar Z\u00e9ro\",\"url\":\"https:\\\/\\\/lehangarzero.fr\\\/\",\"logo\":{\"@type\":\"ImageObject\",\"inLanguage\":\"en-US\",\"@id\":\"https:\\\/\\\/lehangarzero.fr\\\/#\\\/schema\\\/logo\\\/image\\\/\",\"url\":\"https:\\\/\\\/lehangarzero.fr\\\/wp-content\\\/uploads\\\/2022\\\/02\\\/cropped-cropped-logo-hz-blanc-1536x977-1.png\",\"contentUrl\":\"https:\\\/\\\/lehangarzero.fr\\\/wp-content\\\/uploads\\\/2022\\\/02\\\/cropped-cropped-logo-hz-blanc-1536x977-1.png\",\"width\":\"1536\",\"height\":\"977\",\"caption\":\"Le Hangar Z\u00e9ro\"},\"image\":{\"@id\":\"https:\\\/\\\/lehangarzero.fr\\\/#\\\/schema\\\/logo\\\/image\\\/\"}}]}<\/script>\n<!-- \/ Yoast SEO plugin. -->","yoast_head_json":{"title":"Spectacle : DROIT AU C\u0152UR ! \u2764\ufe0f R\u00e9cit de vie de Robert Badinter par Laetitia BLOUD - Le Hangar Z\u00e9ro","robots":{"index":"index","follow":"follow","max-snippet":"max-snippet:-1","max-image-preview":"max-image-preview:large","max-video-preview":"max-video-preview:-1"},"canonical":"https:\/\/lehangarzero.fr\/en\/events\/spectacle-droit-au-coeur-\u2764\ufe0f-recit-de-vie-de-robert-badinter-par-laetitia-bloud\/","og_locale":"en_US","og_type":"article","og_title":"Spectacle : DROIT AU C\u0152UR ! \u2764\ufe0f R\u00e9cit de vie de Robert Badinter par Laetitia BLOUD - Le Hangar Z\u00e9ro","og_description":"DROIT AU C\u0152UR ! \u2764\ufe0fR\u00e9cit de vie de Robert Badinterpar Laetitia Bloud Le Jeudi 26 F\u00e9vrier 2026 \u00e0 20h Le SpectacleEn 1981, l\u2019abolition de la peine de mort marque un tournant dans l\u2019histoire de notre pays. \u00c0 l\u2019heure o\u00f9 Robert Badinter est accueilli au Panth\u00e9on, Laetitia Bloud revient sur un sujet qui fait d\u00e9bat depuis &hellip; Spectacle : DROIT AU C\u0152UR ! \u2764\ufe0f R\u00e9cit de vie de Robert Badinter par Laetitia BLOUD Read More &raquo;","og_url":"https:\/\/lehangarzero.fr\/en\/events\/spectacle-droit-au-coeur-\u2764\ufe0f-recit-de-vie-de-robert-badinter-par-laetitia-bloud\/","og_site_name":"Le Hangar Z\u00e9ro","twitter_card":"summary_large_image","twitter_misc":{"Est. reading time":"1 minute"},"schema":{"@context":"https:\/\/schema.org","@graph":[{"@type":"WebPage","@id":"https:\/\/lehangarzero.fr\/events\/spectacle-droit-au-coeur-%e2%9d%a4%ef%b8%8f-recit-de-vie-de-robert-badinter-par-laetitia-bloud\/","url":"https:\/\/lehangarzero.fr\/events\/spectacle-droit-au-coeur-%e2%9d%a4%ef%b8%8f-recit-de-vie-de-robert-badinter-par-laetitia-bloud\/","name":"Spectacle : DROIT AU C\u0152UR ! \u2764\ufe0f R\u00e9cit de vie de Robert Badinter par Laetitia BLOUD - Le Hangar Z\u00e9ro","isPartOf":{"@id":"https:\/\/lehangarzero.fr\/#website"},"primaryImageOfPage":{"@id":"https:\/\/lehangarzero.fr\/events\/spectacle-droit-au-coeur-%e2%9d%a4%ef%b8%8f-recit-de-vie-de-robert-badinter-par-laetitia-bloud\/#primaryimage"},"image":{"@id":"https:\/\/lehangarzero.fr\/events\/spectacle-droit-au-coeur-%e2%9d%a4%ef%b8%8f-recit-de-vie-de-robert-badinter-par-laetitia-bloud\/#primaryimage"},"thumbnailUrl":"https:\/\/lehangarzero.fr\/wp-content\/uploads\/2026\/02\/Evenement-Facebook-2.jpg","datePublished":"2026-02-17T15:58:34+00:00","breadcrumb":{"@id":"https:\/\/lehangarzero.fr\/events\/spectacle-droit-au-coeur-%e2%9d%a4%ef%b8%8f-recit-de-vie-de-robert-badinter-par-laetitia-bloud\/#breadcrumb"},"inLanguage":"en-US","potentialAction":[{"@type":"ReadAction","target":["https:\/\/lehangarzero.fr\/events\/spectacle-droit-au-coeur-%e2%9d%a4%ef%b8%8f-recit-de-vie-de-robert-badinter-par-laetitia-bloud\/"]}]},{"@type":"ImageObject","inLanguage":"en-US","@id":"https:\/\/lehangarzero.fr\/events\/spectacle-droit-au-coeur-%e2%9d%a4%ef%b8%8f-recit-de-vie-de-robert-badinter-par-laetitia-bloud\/#primaryimage","url":"https:\/\/lehangarzero.fr\/wp-content\/uploads\/2026\/02\/Evenement-Facebook-2.jpg","contentUrl":"https:\/\/lehangarzero.fr\/wp-content\/uploads\/2026\/02\/Evenement-Facebook-2.jpg","width":1920,"height":1080},{"@type":"BreadcrumbList","@id":"https:\/\/lehangarzero.fr\/events\/spectacle-droit-au-coeur-%e2%9d%a4%ef%b8%8f-recit-de-vie-de-robert-badinter-par-laetitia-bloud\/#breadcrumb","itemListElement":[{"@type":"ListItem","position":1,"name":"Accueil","item":"https:\/\/lehangarzero.fr\/"},{"@type":"ListItem","position":2,"name":"\u00c9venements","item":"https:\/\/lehangarzero.fr\/events\/"},{"@type":"ListItem","position":3,"name":"Spectacle : DROIT AU C\u0152UR ! \u2764\ufe0f R\u00e9cit de vie de Robert Badinter par Laetitia BLOUD"}]},{"@type":"WebSite","@id":"https:\/\/lehangarzero.fr\/#website","url":"https:\/\/lehangarzero.fr\/","name":"Le Hangar Z\u00e9ro","description":"Le laboratoire de la transition \u00e9cologique et citoyenne","publisher":{"@id":"https:\/\/lehangarzero.fr\/#organization"},"potentialAction":[{"@type":"SearchAction","target":{"@type":"EntryPoint","urlTemplate":"https:\/\/lehangarzero.fr\/?s={search_term_string}"},"query-input":{"@type":"PropertyValueSpecification","valueRequired":true,"valueName":"search_term_string"}}],"inLanguage":"en-US"},{"@type":"Organization","@id":"https:\/\/lehangarzero.fr\/#organization","name":"Le Hangar Z\u00e9ro","url":"https:\/\/lehangarzero.fr\/","logo":{"@type":"ImageObject","inLanguage":"en-US","@id":"https:\/\/lehangarzero.fr\/#\/schema\/logo\/image\/","url":"https:\/\/lehangarzero.fr\/wp-content\/uploads\/2022\/02\/cropped-cropped-logo-hz-blanc-1536x977-1.png","contentUrl":"https:\/\/lehangarzero.fr\/wp-content\/uploads\/2022\/02\/cropped-cropped-logo-hz-blanc-1536x977-1.png","width":"1536","height":"977","caption":"Le Hangar Z\u00e9ro"},"image":{"@id":"https:\/\/lehangarzero.fr\/#\/schema\/logo\/image\/"}}]}},"_links":{"self":[{"href":"https:\/\/lehangarzero.fr\/en\/wp-json\/wp\/v2\/mec-events\/9010","targetHints":{"allow":["GET"]}}],"collection":[{"href":"https:\/\/lehangarzero.fr\/en\/wp-json\/wp\/v2\/mec-events"}],"about":[{"href":"https:\/\/lehangarzero.fr\/en\/wp-json\/wp\/v2\/types\/mec-events"}],"author":[{"embeddable":true,"href":"https:\/\/lehangarzero.fr\/en\/wp-json\/wp\/v2\/users\/1"}],"replies":[{"embeddable":true,"href":"https:\/\/lehangarzero.fr\/en\/wp-json\/wp\/v2\/comments?post=9010"}],"wp:featuredmedia":[{"embeddable":true,"href":"https:\/\/lehangarzero.fr\/en\/wp-json\/wp\/v2\/media\/9009"}],"wp:attachment":[{"href":"https:\/\/lehangarzero.fr\/en\/wp-json\/wp\/v2\/media?parent=9010"}],"wp:term":[{"taxonomy":"post_tag","embeddable":true,"href":"https:\/\/lehangarzero.fr\/en\/wp-json\/wp\/v2\/tags?post=9010"},{"taxonomy":"mec_category","embeddable":true,"href":"https:\/\/lehangarzero.fr\/en\/wp-json\/wp\/v2\/mec_category?post=9010"}],"curies":[{"name":"wp","href":"https:\/\/api.w.org\/{rel}","templated":true}]}}