{"id":9042,"date":"2026-03-02T16:52:35","date_gmt":"2026-03-02T15:52:35","guid":{"rendered":"https:\/\/lehangarzero.fr\/?post_type=mec-events&#038;p=9042"},"modified":"2026-03-02T16:53:44","modified_gmt":"2026-03-02T15:53:44","slug":"%f0%9f%8e%a8-vernissage-exposition-andre-boggio-pasqua","status":"publish","type":"mec-events","link":"https:\/\/lehangarzero.fr\/en\/events\/%f0%9f%8e%a8-vernissage-exposition-andre-boggio-pasqua\/","title":{"rendered":"\ud83c\udfa8 Vernissage \u2013 Exposition Andr\u00e9 Boggio-Pasqua"},"content":{"rendered":"<p>\ud83c\udfa8 Vernissage \u2013 Exposition Andr\u00e9 Boggio-Pasqua<\/p>\n<p>\ud83d\uddd3 Jeudi 12 mars 2026<br \/>\n\ud83d\udd55 18h \u2013 21h<br \/>\n\ud83c\udf9f Entr\u00e9e libre<br \/>\n\ud83d\udccdLe Hangar Z\u00e9ro \u2013 Le Havre<\/p>\n<p>Du 13 f\u00e9vrier au 31 mars 2026, le Hangar Z\u00e9ro vous invite \u00e0 plonger dans l\u2019univers d\u2019Andr\u00e9 Boggio-Pasqua, un artiste qui a fait du Havre et de la mati\u00e8re son territoire d\u2019expression.<br \/>\nN\u00e9 face aux falaises d\u2019\u00c9tretat, Andr\u00e9 grandit en observant les peintres travailler sur le perr\u00e9. Peintre en lettres-d\u00e9corateur de m\u00e9tier, il a longtemps peint \u00e0 m\u00eame le sol les rideaux de cin\u00e9mas \u00e0 travers la France \u2014 une relation directe, physique, presque charnelle \u00e0 la mati\u00e8re qu\u2019il n\u2019a jamais quitt\u00e9e.<\/p>\n<p>\u2728 Ce que vous d\u00e9couvrirez :<br \/>\n\ud83c\udfa8 Une d\u00e9marche contemplative<br \/>\nDes marines peintes sur le motif, sans chevalet, au plus pr\u00e8s des quais, du vent et de l\u2019\u00e9cume.<\/p>\n<p>\ud83e\udea8 L\u2019empreinte de la terre<br \/>\nDes \u0153uvres inspir\u00e9es par les fossiles et min\u00e9raux glan\u00e9s au pied des falaises normandes.<\/p>\n<p>\ud83d\udd8b L\u2019art de l\u2019estampe<br \/>\nSa passion exigeante pour la gravure, d\u00e9velopp\u00e9e aux c\u00f4t\u00e9s du collectif L\u2019Estampe.<\/p>\n<p>\ud83c\udfc6 Un artiste reconnu<br \/>\nLaur\u00e9at de nombreux premiers prix (F\u00e9camp, Harfleur, Le Havre), Andr\u00e9 Boggio-Pasqua pr\u00e9sente ici une \u0153uvre sinc\u00e8re, libre, o\u00f9 le geste dialogue avec l\u2019histoire de notre littoral.<\/p>\n<p>\ud83c\udf77 Le vernissage aura lieu jeudi 12 mars de 18h \u00e0 21h au Hangar Z\u00e9ro.Un moment convivial pour rencontrer l\u2019artiste et d\u00e9couvrir son travail.<\/p>\n<p>Venez rencontrer l\u2019homme qui r\u00eavait d\u2019embarquer et qui, rest\u00e9 \u00e0 terre, a su transformer l\u2019horizon en art.<\/p>\n<p>\ud83d\udcc5 Exposition visible du 13 f\u00e9vrier au 31 mars 2026<br \/>\n\u2709\ufe0f Contact artiste : andre.boggiopasqua@free.fr<br \/>\n\ud83d\udcde 06 85 38 43 69<\/p>","protected":false},"excerpt":{"rendered":"<p>\ud83c\udfa8 Vernissage \u2013 Exposition Andr\u00e9 Boggio-Pasqua \ud83d\uddd3 Jeudi 12 mars 2026 \ud83d\udd55 18h \u2013 21h \ud83c\udf9f Entr\u00e9e libre \ud83d\udccdLe Hangar Z\u00e9ro \u2013 Le Havre Du 13 f\u00e9vrier au 31 mars 2026, le Hangar Z\u00e9ro vous invite \u00e0 plonger dans l\u2019univers d\u2019Andr\u00e9 Boggio-Pasqua, un artiste qui a fait du Havre et de la mati\u00e8re son territoire &hellip;<\/p>\n<p class=\"read-more\"> <a class=\"\" href=\"https:\/\/lehangarzero.fr\/en\/events\/%f0%9f%8e%a8-vernissage-exposition-andre-boggio-pasqua\/\"> <span class=\"screen-reader-text\">\ud83c\udfa8 Vernissage \u2013 Exposition Andr\u00e9 Boggio-Pasqua<\/span> Read More &raquo;<\/a><\/p>","protected":false},"author":1,"featured_media":9043,"comment_status":"open","ping_status":"closed","template":"","tags":[],"mec_category":[31],"class_list":["post-9042","mec-events","type-mec-events","status-publish","has-post-thumbnail","hentry","mec_category-expositions"],"yoast_head":"<!-- This site is optimized with the Yoast SEO plugin v27.5 - https:\/\/yoast.com\/product\/yoast-seo-wordpress\/ -->\n<title>\ud83c\udfa8 Vernissage \u2013 Exposition Andr\u00e9 Boggio-Pasqua - Le Hangar Z\u00e9ro<\/title>\n<meta name=\"description\" content=\"Du 13 f\u00e9vrier au 31 mars 2026, le Hangar Z\u00e9ro vous invite \u00e0 plonger dans l\u2019univers d\u2019Andr\u00e9 Boggio-Pasqua, un artiste qui a fait du Havre et de la mati\u00e8re son territoire d\u2019expression.\" \/>\n<meta name=\"robots\" content=\"index, follow, max-snippet:-1, max-image-preview:large, max-video-preview:-1\" \/>\n<link rel=\"canonical\" href=\"https:\/\/lehangarzero.fr\/en\/events\/\ud83c\udfa8-vernissage-exposition-andre-boggio-pasqua\/\" \/>\n<meta property=\"og:locale\" content=\"en_US\" \/>\n<meta property=\"og:type\" content=\"article\" \/>\n<meta property=\"og:title\" content=\"\ud83c\udfa8 Vernissage \u2013 Exposition Andr\u00e9 Boggio-Pasqua - Le Hangar Z\u00e9ro\" \/>\n<meta property=\"og:description\" content=\"Du 13 f\u00e9vrier au 31 mars 2026, le Hangar Z\u00e9ro vous invite \u00e0 plonger dans l\u2019univers d\u2019Andr\u00e9 Boggio-Pasqua, un artiste qui a fait du Havre et de la mati\u00e8re son territoire d\u2019expression.\" \/>\n<meta property=\"og:url\" content=\"https:\/\/lehangarzero.fr\/en\/events\/\ud83c\udfa8-vernissage-exposition-andre-boggio-pasqua\/\" \/>\n<meta property=\"og:site_name\" content=\"Le Hangar Z\u00e9ro\" \/>\n<meta property=\"article:modified_time\" content=\"2026-03-02T15:53:44+00:00\" \/>\n<meta property=\"og:image\" content=\"https:\/\/lehangarzero.fr\/wp-content\/uploads\/2026\/03\/Evenement-Facebook-11.jpg\" \/>\n\t<meta property=\"og:image:width\" content=\"1920\" \/>\n\t<meta property=\"og:image:height\" content=\"1080\" \/>\n\t<meta property=\"og:image:type\" content=\"image\/jpeg\" \/>\n<meta name=\"twitter:card\" content=\"summary_large_image\" \/>\n<meta name=\"twitter:label1\" content=\"Est. reading time\" \/>\n\t<meta name=\"twitter:data1\" content=\"2 minutes\" \/>\n<script type=\"application\/ld+json\" class=\"yoast-schema-graph\">{\"@context\":\"https:\\\/\\\/schema.org\",\"@graph\":[{\"@type\":\"WebPage\",\"@id\":\"https:\\\/\\\/lehangarzero.fr\\\/events\\\/%f0%9f%8e%a8-vernissage-exposition-andre-boggio-pasqua\\\/\",\"url\":\"https:\\\/\\\/lehangarzero.fr\\\/events\\\/%f0%9f%8e%a8-vernissage-exposition-andre-boggio-pasqua\\\/\",\"name\":\"\ud83c\udfa8 Vernissage \u2013 Exposition Andr\u00e9 Boggio-Pasqua - Le Hangar Z\u00e9ro\",\"isPartOf\":{\"@id\":\"https:\\\/\\\/lehangarzero.fr\\\/#website\"},\"primaryImageOfPage\":{\"@id\":\"https:\\\/\\\/lehangarzero.fr\\\/events\\\/%f0%9f%8e%a8-vernissage-exposition-andre-boggio-pasqua\\\/#primaryimage\"},\"image\":{\"@id\":\"https:\\\/\\\/lehangarzero.fr\\\/events\\\/%f0%9f%8e%a8-vernissage-exposition-andre-boggio-pasqua\\\/#primaryimage\"},\"thumbnailUrl\":\"https:\\\/\\\/lehangarzero.fr\\\/wp-content\\\/uploads\\\/2026\\\/03\\\/Evenement-Facebook-11.jpg\",\"datePublished\":\"2026-03-02T15:52:35+00:00\",\"dateModified\":\"2026-03-02T15:53:44+00:00\",\"description\":\"Du 13 f\u00e9vrier au 31 mars 2026, le Hangar Z\u00e9ro vous invite \u00e0 plonger dans l\u2019univers d\u2019Andr\u00e9 Boggio-Pasqua, un artiste qui a fait du Havre et de la mati\u00e8re son territoire d\u2019expression.\",\"breadcrumb\":{\"@id\":\"https:\\\/\\\/lehangarzero.fr\\\/events\\\/%f0%9f%8e%a8-vernissage-exposition-andre-boggio-pasqua\\\/#breadcrumb\"},\"inLanguage\":\"en-US\",\"potentialAction\":[{\"@type\":\"ReadAction\",\"target\":[\"https:\\\/\\\/lehangarzero.fr\\\/events\\\/%f0%9f%8e%a8-vernissage-exposition-andre-boggio-pasqua\\\/\"]}]},{\"@type\":\"ImageObject\",\"inLanguage\":\"en-US\",\"@id\":\"https:\\\/\\\/lehangarzero.fr\\\/events\\\/%f0%9f%8e%a8-vernissage-exposition-andre-boggio-pasqua\\\/#primaryimage\",\"url\":\"https:\\\/\\\/lehangarzero.fr\\\/wp-content\\\/uploads\\\/2026\\\/03\\\/Evenement-Facebook-11.jpg\",\"contentUrl\":\"https:\\\/\\\/lehangarzero.fr\\\/wp-content\\\/uploads\\\/2026\\\/03\\\/Evenement-Facebook-11.jpg\",\"width\":1920,\"height\":1080},{\"@type\":\"BreadcrumbList\",\"@id\":\"https:\\\/\\\/lehangarzero.fr\\\/events\\\/%f0%9f%8e%a8-vernissage-exposition-andre-boggio-pasqua\\\/#breadcrumb\",\"itemListElement\":[{\"@type\":\"ListItem\",\"position\":1,\"name\":\"Accueil\",\"item\":\"https:\\\/\\\/lehangarzero.fr\\\/\"},{\"@type\":\"ListItem\",\"position\":2,\"name\":\"\u00c9venements\",\"item\":\"https:\\\/\\\/lehangarzero.fr\\\/events\\\/\"},{\"@type\":\"ListItem\",\"position\":3,\"name\":\"\ud83c\udfa8 Vernissage \u2013 Exposition Andr\u00e9 Boggio-Pasqua\"}]},{\"@type\":\"WebSite\",\"@id\":\"https:\\\/\\\/lehangarzero.fr\\\/#website\",\"url\":\"https:\\\/\\\/lehangarzero.fr\\\/\",\"name\":\"Le Hangar Z\u00e9ro\",\"description\":\"Le laboratoire de la transition \u00e9cologique et citoyenne\",\"publisher\":{\"@id\":\"https:\\\/\\\/lehangarzero.fr\\\/#organization\"},\"potentialAction\":[{\"@type\":\"SearchAction\",\"target\":{\"@type\":\"EntryPoint\",\"urlTemplate\":\"https:\\\/\\\/lehangarzero.fr\\\/?s={search_term_string}\"},\"query-input\":{\"@type\":\"PropertyValueSpecification\",\"valueRequired\":true,\"valueName\":\"search_term_string\"}}],\"inLanguage\":\"en-US\"},{\"@type\":\"Organization\",\"@id\":\"https:\\\/\\\/lehangarzero.fr\\\/#organization\",\"name\":\"Le Hangar Z\u00e9ro\",\"url\":\"https:\\\/\\\/lehangarzero.fr\\\/\",\"logo\":{\"@type\":\"ImageObject\",\"inLanguage\":\"en-US\",\"@id\":\"https:\\\/\\\/lehangarzero.fr\\\/#\\\/schema\\\/logo\\\/image\\\/\",\"url\":\"https:\\\/\\\/lehangarzero.fr\\\/wp-content\\\/uploads\\\/2022\\\/02\\\/cropped-cropped-logo-hz-blanc-1536x977-1.png\",\"contentUrl\":\"https:\\\/\\\/lehangarzero.fr\\\/wp-content\\\/uploads\\\/2022\\\/02\\\/cropped-cropped-logo-hz-blanc-1536x977-1.png\",\"width\":\"1536\",\"height\":\"977\",\"caption\":\"Le Hangar Z\u00e9ro\"},\"image\":{\"@id\":\"https:\\\/\\\/lehangarzero.fr\\\/#\\\/schema\\\/logo\\\/image\\\/\"}}]}<\/script>\n<!-- \/ Yoast SEO plugin. -->","yoast_head_json":{"title":"\ud83c\udfa8 Vernissage \u2013 Exposition Andr\u00e9 Boggio-Pasqua - Le Hangar Z\u00e9ro","description":"Du 13 f\u00e9vrier au 31 mars 2026, le Hangar Z\u00e9ro vous invite \u00e0 plonger dans l\u2019univers d\u2019Andr\u00e9 Boggio-Pasqua, un artiste qui a fait du Havre et de la mati\u00e8re son territoire d\u2019expression.","robots":{"index":"index","follow":"follow","max-snippet":"max-snippet:-1","max-image-preview":"max-image-preview:large","max-video-preview":"max-video-preview:-1"},"canonical":"https:\/\/lehangarzero.fr\/en\/events\/\ud83c\udfa8-vernissage-exposition-andre-boggio-pasqua\/","og_locale":"en_US","og_type":"article","og_title":"\ud83c\udfa8 Vernissage \u2013 Exposition Andr\u00e9 Boggio-Pasqua - Le Hangar Z\u00e9ro","og_description":"Du 13 f\u00e9vrier au 31 mars 2026, le Hangar Z\u00e9ro vous invite \u00e0 plonger dans l\u2019univers d\u2019Andr\u00e9 Boggio-Pasqua, un artiste qui a fait du Havre et de la mati\u00e8re son territoire d\u2019expression.","og_url":"https:\/\/lehangarzero.fr\/en\/events\/\ud83c\udfa8-vernissage-exposition-andre-boggio-pasqua\/","og_site_name":"Le Hangar Z\u00e9ro","article_modified_time":"2026-03-02T15:53:44+00:00","og_image":[{"width":1920,"height":1080,"url":"https:\/\/lehangarzero.fr\/wp-content\/uploads\/2026\/03\/Evenement-Facebook-11.jpg","type":"image\/jpeg"}],"twitter_card":"summary_large_image","twitter_misc":{"Est. reading time":"2 minutes"},"schema":{"@context":"https:\/\/schema.org","@graph":[{"@type":"WebPage","@id":"https:\/\/lehangarzero.fr\/events\/%f0%9f%8e%a8-vernissage-exposition-andre-boggio-pasqua\/","url":"https:\/\/lehangarzero.fr\/events\/%f0%9f%8e%a8-vernissage-exposition-andre-boggio-pasqua\/","name":"\ud83c\udfa8 Vernissage \u2013 Exposition Andr\u00e9 Boggio-Pasqua - Le Hangar Z\u00e9ro","isPartOf":{"@id":"https:\/\/lehangarzero.fr\/#website"},"primaryImageOfPage":{"@id":"https:\/\/lehangarzero.fr\/events\/%f0%9f%8e%a8-vernissage-exposition-andre-boggio-pasqua\/#primaryimage"},"image":{"@id":"https:\/\/lehangarzero.fr\/events\/%f0%9f%8e%a8-vernissage-exposition-andre-boggio-pasqua\/#primaryimage"},"thumbnailUrl":"https:\/\/lehangarzero.fr\/wp-content\/uploads\/2026\/03\/Evenement-Facebook-11.jpg","datePublished":"2026-03-02T15:52:35+00:00","dateModified":"2026-03-02T15:53:44+00:00","description":"Du 13 f\u00e9vrier au 31 mars 2026, le Hangar Z\u00e9ro vous invite \u00e0 plonger dans l\u2019univers d\u2019Andr\u00e9 Boggio-Pasqua, un artiste qui a fait du Havre et de la mati\u00e8re son territoire d\u2019expression.","breadcrumb":{"@id":"https:\/\/lehangarzero.fr\/events\/%f0%9f%8e%a8-vernissage-exposition-andre-boggio-pasqua\/#breadcrumb"},"inLanguage":"en-US","potentialAction":[{"@type":"ReadAction","target":["https:\/\/lehangarzero.fr\/events\/%f0%9f%8e%a8-vernissage-exposition-andre-boggio-pasqua\/"]}]},{"@type":"ImageObject","inLanguage":"en-US","@id":"https:\/\/lehangarzero.fr\/events\/%f0%9f%8e%a8-vernissage-exposition-andre-boggio-pasqua\/#primaryimage","url":"https:\/\/lehangarzero.fr\/wp-content\/uploads\/2026\/03\/Evenement-Facebook-11.jpg","contentUrl":"https:\/\/lehangarzero.fr\/wp-content\/uploads\/2026\/03\/Evenement-Facebook-11.jpg","width":1920,"height":1080},{"@type":"BreadcrumbList","@id":"https:\/\/lehangarzero.fr\/events\/%f0%9f%8e%a8-vernissage-exposition-andre-boggio-pasqua\/#breadcrumb","itemListElement":[{"@type":"ListItem","position":1,"name":"Accueil","item":"https:\/\/lehangarzero.fr\/"},{"@type":"ListItem","position":2,"name":"\u00c9venements","item":"https:\/\/lehangarzero.fr\/events\/"},{"@type":"ListItem","position":3,"name":"\ud83c\udfa8 Vernissage \u2013 Exposition Andr\u00e9 Boggio-Pasqua"}]},{"@type":"WebSite","@id":"https:\/\/lehangarzero.fr\/#website","url":"https:\/\/lehangarzero.fr\/","name":"Le Hangar Z\u00e9ro","description":"Le laboratoire de la transition \u00e9cologique et citoyenne","publisher":{"@id":"https:\/\/lehangarzero.fr\/#organization"},"potentialAction":[{"@type":"SearchAction","target":{"@type":"EntryPoint","urlTemplate":"https:\/\/lehangarzero.fr\/?s={search_term_string}"},"query-input":{"@type":"PropertyValueSpecification","valueRequired":true,"valueName":"search_term_string"}}],"inLanguage":"en-US"},{"@type":"Organization","@id":"https:\/\/lehangarzero.fr\/#organization","name":"Le Hangar Z\u00e9ro","url":"https:\/\/lehangarzero.fr\/","logo":{"@type":"ImageObject","inLanguage":"en-US","@id":"https:\/\/lehangarzero.fr\/#\/schema\/logo\/image\/","url":"https:\/\/lehangarzero.fr\/wp-content\/uploads\/2022\/02\/cropped-cropped-logo-hz-blanc-1536x977-1.png","contentUrl":"https:\/\/lehangarzero.fr\/wp-content\/uploads\/2022\/02\/cropped-cropped-logo-hz-blanc-1536x977-1.png","width":"1536","height":"977","caption":"Le Hangar Z\u00e9ro"},"image":{"@id":"https:\/\/lehangarzero.fr\/#\/schema\/logo\/image\/"}}]}},"_links":{"self":[{"href":"https:\/\/lehangarzero.fr\/en\/wp-json\/wp\/v2\/mec-events\/9042","targetHints":{"allow":["GET"]}}],"collection":[{"href":"https:\/\/lehangarzero.fr\/en\/wp-json\/wp\/v2\/mec-events"}],"about":[{"href":"https:\/\/lehangarzero.fr\/en\/wp-json\/wp\/v2\/types\/mec-events"}],"author":[{"embeddable":true,"href":"https:\/\/lehangarzero.fr\/en\/wp-json\/wp\/v2\/users\/1"}],"replies":[{"embeddable":true,"href":"https:\/\/lehangarzero.fr\/en\/wp-json\/wp\/v2\/comments?post=9042"}],"wp:featuredmedia":[{"embeddable":true,"href":"https:\/\/lehangarzero.fr\/en\/wp-json\/wp\/v2\/media\/9043"}],"wp:attachment":[{"href":"https:\/\/lehangarzero.fr\/en\/wp-json\/wp\/v2\/media?parent=9042"}],"wp:term":[{"taxonomy":"post_tag","embeddable":true,"href":"https:\/\/lehangarzero.fr\/en\/wp-json\/wp\/v2\/tags?post=9042"},{"taxonomy":"mec_category","embeddable":true,"href":"https:\/\/lehangarzero.fr\/en\/wp-json\/wp\/v2\/mec_category?post=9042"}],"curies":[{"name":"wp","href":"https:\/\/api.w.org\/{rel}","templated":true}]}}