{"id":9046,"date":"2026-03-04T10:14:04","date_gmt":"2026-03-04T09:14:04","guid":{"rendered":"https:\/\/lehangarzero.fr\/events\/%f0%9f%8e%b8-concert-eigengrau-x-kindergarden-odyssey-x-dyg-fete-du-hangar-zero\/"},"modified":"2026-03-04T10:19:58","modified_gmt":"2026-03-04T09:19:58","slug":"%f0%9f%8e%b8-concert-eigengrau-x-kindergarden-odyssey-x-dyg-fete-du-hangar-zero","status":"publish","type":"mec-events","link":"https:\/\/lehangarzero.fr\/en\/events\/%f0%9f%8e%b8-concert-eigengrau-x-kindergarden-odyssey-x-dyg-fete-du-hangar-zero\/","title":{"rendered":"\ud83c\udfb8 Concert \u2013 EIGENGRAU x Kindergarden Odyssey x DYG &#8211; F\u00eate du Hangar Z\u00e9ro"},"content":{"rendered":"<p>\ud83c\udfb8 Concert \u2013 EIGENGRAU x Kindergarden Odyssey x DYG<br \/>\nF\u00eate du Hangar Z\u00e9ro<\/p>\n<p>\u26a1 EIGENGRAU<br \/>\nL\u2019objectif est clair : planter des riffs \u00e9nergiques, des m\u00e9lodies planantes et des nappes abyssales dans l\u2019esprit fertile de leurs spectateurs.<br \/>\nAvec la sortie de leur premier EP autoproduit Citrus Spells (mars 2025), le groupe affirme un univers nourri par SLIFT, Osees et King Gizzard.Sur sc\u00e8ne, place aux jams hypnotiques, aux envol\u00e9es psych\u00e9d\u00e9liques et \u00e0 une \u00e9nergie aussi brute qu\u2019organique.<\/p>\n<p>\ud83c\udf08 Kindergarden Odyssey<br \/>\nGroupe de rock psych\u00e9 rouennais, Kindergarden Odyssey navigue entre guitares planantes, synth\u00e9s lumineux et voix r\u00eaveuses.<br \/>\n\u00c0 la crois\u00e9e de Tame Impala, R.E.M. et Melody\u2019s Echo Chamber, le groupe propose un voyage sonore color\u00e9 et immersif, entre douceur cosmique et intensit\u00e9 ma\u00eetris\u00e9e.<\/p>\n<p>\ud83d\udd25 DYG<br \/>\nN\u00e9 de la rencontre entre Khalil et Jonah, DYG fusionne l\u2019\u00e9nergie du rock avec une approche bruitiste de la techno.<br \/>\nUn kick omnipr\u00e9sent, un accordage bien trop bas, des boucles instrumentales r\u00e9p\u00e9titives et hypnotiques : en live, le duo havrais installe une transe minimale et millim\u00e9tr\u00e9e.<br \/>\nInfluenc\u00e9s par La Jungle et Maquina, ils reviennent d\u2019une tourn\u00e9e suite \u00e0 leur victoire au Tremplin Ph\u00e9nix Normandie.Pr\u00e9parez-vous \u00e0 une d\u00e9charge d\u2019\u00e9nergie sous tension.<\/p>\n<p>\ud83c\udf9f\ufe0f Infos pratiques<br \/>\nEntr\u00e9e : 10\u20ac<br \/>\n\ud83c\udfab Billetterie en ligne :https:\/\/www.helloasso.com\/associations\/eigengrau\/evenements\/eigengrau-x-kindergarden-odyssey-x-dyg-21-02-2026<\/p>\n<p>\ud83c\udf2a\ufe0f Trois univers. Une seule soir\u00e9e.<br \/>\nRendez-vous au Hangar Z\u00e9ro pour une immersion psych\u00e9, brute et vibrante.<\/p>","protected":false},"excerpt":{"rendered":"<p>\ud83c\udfb8 Concert \u2013 EIGENGRAU x Kindergarden Odyssey x DYG F\u00eate du Hangar Z\u00e9ro \u26a1 EIGENGRAU L\u2019objectif est clair : planter des riffs \u00e9nergiques, des m\u00e9lodies planantes et des nappes abyssales dans l\u2019esprit fertile de leurs spectateurs. Avec la sortie de leur premier EP autoproduit Citrus Spells (mars 2025), le groupe affirme un univers nourri par &hellip;<\/p>\n<p class=\"read-more\"> <a class=\"\" href=\"https:\/\/lehangarzero.fr\/en\/events\/%f0%9f%8e%b8-concert-eigengrau-x-kindergarden-odyssey-x-dyg-fete-du-hangar-zero\/\"> <span class=\"screen-reader-text\">\ud83c\udfb8 Concert \u2013 EIGENGRAU x Kindergarden Odyssey x DYG &#8211; F\u00eate du Hangar Z\u00e9ro<\/span> Read More &raquo;<\/a><\/p>","protected":false},"author":1,"featured_media":0,"comment_status":"open","ping_status":"closed","template":"","tags":[],"mec_category":[22],"class_list":["post-9046","mec-events","type-mec-events","status-publish","hentry","mec_category-concert"],"yoast_head":"<!-- This site is optimized with the Yoast SEO plugin v27.5 - https:\/\/yoast.com\/product\/yoast-seo-wordpress\/ -->\n<title>\ud83c\udfb8 Concert \u2013 EIGENGRAU x Kindergarden Odyssey x DYG - F\u00eate du Hangar Z\u00e9ro - Le Hangar Z\u00e9ro<\/title>\n<meta name=\"robots\" content=\"index, follow, max-snippet:-1, max-image-preview:large, max-video-preview:-1\" \/>\n<link rel=\"canonical\" href=\"https:\/\/lehangarzero.fr\/en\/events\/\ud83c\udfb8-concert-eigengrau-x-kindergarden-odyssey-x-dyg-fete-du-hangar-zero\/\" \/>\n<meta property=\"og:locale\" content=\"en_US\" \/>\n<meta property=\"og:type\" content=\"article\" \/>\n<meta property=\"og:title\" content=\"\ud83c\udfb8 Concert \u2013 EIGENGRAU x Kindergarden Odyssey x DYG - F\u00eate du Hangar Z\u00e9ro - Le Hangar Z\u00e9ro\" \/>\n<meta property=\"og:description\" content=\"\ud83c\udfb8 Concert \u2013 EIGENGRAU x Kindergarden Odyssey x DYG F\u00eate du Hangar Z\u00e9ro \u26a1 EIGENGRAU L\u2019objectif est clair : planter des riffs \u00e9nergiques, des m\u00e9lodies planantes et des nappes abyssales dans l\u2019esprit fertile de leurs spectateurs. Avec la sortie de leur premier EP autoproduit Citrus Spells (mars 2025), le groupe affirme un univers nourri par &hellip; \ud83c\udfb8 Concert \u2013 EIGENGRAU x Kindergarden Odyssey x DYG &#8211; F\u00eate du Hangar Z\u00e9ro Read More &raquo;\" \/>\n<meta property=\"og:url\" content=\"https:\/\/lehangarzero.fr\/en\/events\/\ud83c\udfb8-concert-eigengrau-x-kindergarden-odyssey-x-dyg-fete-du-hangar-zero\/\" \/>\n<meta property=\"og:site_name\" content=\"Le Hangar Z\u00e9ro\" \/>\n<meta property=\"article:modified_time\" content=\"2026-03-04T09:19:58+00:00\" \/>\n<meta name=\"twitter:card\" content=\"summary_large_image\" \/>\n<meta name=\"twitter:label1\" content=\"Est. reading time\" \/>\n\t<meta name=\"twitter:data1\" content=\"2 minutes\" \/>\n<script type=\"application\/ld+json\" class=\"yoast-schema-graph\">{\"@context\":\"https:\\\/\\\/schema.org\",\"@graph\":[{\"@type\":\"WebPage\",\"@id\":\"https:\\\/\\\/lehangarzero.fr\\\/events\\\/%f0%9f%8e%b8-concert-eigengrau-x-kindergarden-odyssey-x-dyg-fete-du-hangar-zero\\\/\",\"url\":\"https:\\\/\\\/lehangarzero.fr\\\/events\\\/%f0%9f%8e%b8-concert-eigengrau-x-kindergarden-odyssey-x-dyg-fete-du-hangar-zero\\\/\",\"name\":\"\ud83c\udfb8 Concert \u2013 EIGENGRAU x Kindergarden Odyssey x DYG - F\u00eate du Hangar Z\u00e9ro - Le Hangar Z\u00e9ro\",\"isPartOf\":{\"@id\":\"https:\\\/\\\/lehangarzero.fr\\\/#website\"},\"datePublished\":\"2026-03-04T09:14:04+00:00\",\"dateModified\":\"2026-03-04T09:19:58+00:00\",\"breadcrumb\":{\"@id\":\"https:\\\/\\\/lehangarzero.fr\\\/events\\\/%f0%9f%8e%b8-concert-eigengrau-x-kindergarden-odyssey-x-dyg-fete-du-hangar-zero\\\/#breadcrumb\"},\"inLanguage\":\"en-US\",\"potentialAction\":[{\"@type\":\"ReadAction\",\"target\":[\"https:\\\/\\\/lehangarzero.fr\\\/events\\\/%f0%9f%8e%b8-concert-eigengrau-x-kindergarden-odyssey-x-dyg-fete-du-hangar-zero\\\/\"]}]},{\"@type\":\"BreadcrumbList\",\"@id\":\"https:\\\/\\\/lehangarzero.fr\\\/events\\\/%f0%9f%8e%b8-concert-eigengrau-x-kindergarden-odyssey-x-dyg-fete-du-hangar-zero\\\/#breadcrumb\",\"itemListElement\":[{\"@type\":\"ListItem\",\"position\":1,\"name\":\"Accueil\",\"item\":\"https:\\\/\\\/lehangarzero.fr\\\/\"},{\"@type\":\"ListItem\",\"position\":2,\"name\":\"\u00c9venements\",\"item\":\"https:\\\/\\\/lehangarzero.fr\\\/events\\\/\"},{\"@type\":\"ListItem\",\"position\":3,\"name\":\"\ud83c\udfb8 Concert \u2013 EIGENGRAU x Kindergarden Odyssey x DYG &#8211; F\u00eate du Hangar Z\u00e9ro\"}]},{\"@type\":\"WebSite\",\"@id\":\"https:\\\/\\\/lehangarzero.fr\\\/#website\",\"url\":\"https:\\\/\\\/lehangarzero.fr\\\/\",\"name\":\"Le Hangar Z\u00e9ro\",\"description\":\"Le laboratoire de la transition \u00e9cologique et citoyenne\",\"publisher\":{\"@id\":\"https:\\\/\\\/lehangarzero.fr\\\/#organization\"},\"potentialAction\":[{\"@type\":\"SearchAction\",\"target\":{\"@type\":\"EntryPoint\",\"urlTemplate\":\"https:\\\/\\\/lehangarzero.fr\\\/?s={search_term_string}\"},\"query-input\":{\"@type\":\"PropertyValueSpecification\",\"valueRequired\":true,\"valueName\":\"search_term_string\"}}],\"inLanguage\":\"en-US\"},{\"@type\":\"Organization\",\"@id\":\"https:\\\/\\\/lehangarzero.fr\\\/#organization\",\"name\":\"Le Hangar Z\u00e9ro\",\"url\":\"https:\\\/\\\/lehangarzero.fr\\\/\",\"logo\":{\"@type\":\"ImageObject\",\"inLanguage\":\"en-US\",\"@id\":\"https:\\\/\\\/lehangarzero.fr\\\/#\\\/schema\\\/logo\\\/image\\\/\",\"url\":\"https:\\\/\\\/lehangarzero.fr\\\/wp-content\\\/uploads\\\/2022\\\/02\\\/cropped-cropped-logo-hz-blanc-1536x977-1.png\",\"contentUrl\":\"https:\\\/\\\/lehangarzero.fr\\\/wp-content\\\/uploads\\\/2022\\\/02\\\/cropped-cropped-logo-hz-blanc-1536x977-1.png\",\"width\":\"1536\",\"height\":\"977\",\"caption\":\"Le Hangar Z\u00e9ro\"},\"image\":{\"@id\":\"https:\\\/\\\/lehangarzero.fr\\\/#\\\/schema\\\/logo\\\/image\\\/\"}}]}<\/script>\n<!-- \/ Yoast SEO plugin. -->","yoast_head_json":{"title":"\ud83c\udfb8 Concert \u2013 EIGENGRAU x Kindergarden Odyssey x DYG - F\u00eate du Hangar Z\u00e9ro - Le Hangar Z\u00e9ro","robots":{"index":"index","follow":"follow","max-snippet":"max-snippet:-1","max-image-preview":"max-image-preview:large","max-video-preview":"max-video-preview:-1"},"canonical":"https:\/\/lehangarzero.fr\/en\/events\/\ud83c\udfb8-concert-eigengrau-x-kindergarden-odyssey-x-dyg-fete-du-hangar-zero\/","og_locale":"en_US","og_type":"article","og_title":"\ud83c\udfb8 Concert \u2013 EIGENGRAU x Kindergarden Odyssey x DYG - F\u00eate du Hangar Z\u00e9ro - Le Hangar Z\u00e9ro","og_description":"\ud83c\udfb8 Concert \u2013 EIGENGRAU x Kindergarden Odyssey x DYG F\u00eate du Hangar Z\u00e9ro \u26a1 EIGENGRAU L\u2019objectif est clair : planter des riffs \u00e9nergiques, des m\u00e9lodies planantes et des nappes abyssales dans l\u2019esprit fertile de leurs spectateurs. Avec la sortie de leur premier EP autoproduit Citrus Spells (mars 2025), le groupe affirme un univers nourri par &hellip; \ud83c\udfb8 Concert \u2013 EIGENGRAU x Kindergarden Odyssey x DYG &#8211; F\u00eate du Hangar Z\u00e9ro Read More &raquo;","og_url":"https:\/\/lehangarzero.fr\/en\/events\/\ud83c\udfb8-concert-eigengrau-x-kindergarden-odyssey-x-dyg-fete-du-hangar-zero\/","og_site_name":"Le Hangar Z\u00e9ro","article_modified_time":"2026-03-04T09:19:58+00:00","twitter_card":"summary_large_image","twitter_misc":{"Est. reading time":"2 minutes"},"schema":{"@context":"https:\/\/schema.org","@graph":[{"@type":"WebPage","@id":"https:\/\/lehangarzero.fr\/events\/%f0%9f%8e%b8-concert-eigengrau-x-kindergarden-odyssey-x-dyg-fete-du-hangar-zero\/","url":"https:\/\/lehangarzero.fr\/events\/%f0%9f%8e%b8-concert-eigengrau-x-kindergarden-odyssey-x-dyg-fete-du-hangar-zero\/","name":"\ud83c\udfb8 Concert \u2013 EIGENGRAU x Kindergarden Odyssey x DYG - F\u00eate du Hangar Z\u00e9ro - Le Hangar Z\u00e9ro","isPartOf":{"@id":"https:\/\/lehangarzero.fr\/#website"},"datePublished":"2026-03-04T09:14:04+00:00","dateModified":"2026-03-04T09:19:58+00:00","breadcrumb":{"@id":"https:\/\/lehangarzero.fr\/events\/%f0%9f%8e%b8-concert-eigengrau-x-kindergarden-odyssey-x-dyg-fete-du-hangar-zero\/#breadcrumb"},"inLanguage":"en-US","potentialAction":[{"@type":"ReadAction","target":["https:\/\/lehangarzero.fr\/events\/%f0%9f%8e%b8-concert-eigengrau-x-kindergarden-odyssey-x-dyg-fete-du-hangar-zero\/"]}]},{"@type":"BreadcrumbList","@id":"https:\/\/lehangarzero.fr\/events\/%f0%9f%8e%b8-concert-eigengrau-x-kindergarden-odyssey-x-dyg-fete-du-hangar-zero\/#breadcrumb","itemListElement":[{"@type":"ListItem","position":1,"name":"Accueil","item":"https:\/\/lehangarzero.fr\/"},{"@type":"ListItem","position":2,"name":"\u00c9venements","item":"https:\/\/lehangarzero.fr\/events\/"},{"@type":"ListItem","position":3,"name":"\ud83c\udfb8 Concert \u2013 EIGENGRAU x Kindergarden Odyssey x DYG &#8211; F\u00eate du Hangar Z\u00e9ro"}]},{"@type":"WebSite","@id":"https:\/\/lehangarzero.fr\/#website","url":"https:\/\/lehangarzero.fr\/","name":"Le Hangar Z\u00e9ro","description":"Le laboratoire de la transition \u00e9cologique et citoyenne","publisher":{"@id":"https:\/\/lehangarzero.fr\/#organization"},"potentialAction":[{"@type":"SearchAction","target":{"@type":"EntryPoint","urlTemplate":"https:\/\/lehangarzero.fr\/?s={search_term_string}"},"query-input":{"@type":"PropertyValueSpecification","valueRequired":true,"valueName":"search_term_string"}}],"inLanguage":"en-US"},{"@type":"Organization","@id":"https:\/\/lehangarzero.fr\/#organization","name":"Le Hangar Z\u00e9ro","url":"https:\/\/lehangarzero.fr\/","logo":{"@type":"ImageObject","inLanguage":"en-US","@id":"https:\/\/lehangarzero.fr\/#\/schema\/logo\/image\/","url":"https:\/\/lehangarzero.fr\/wp-content\/uploads\/2022\/02\/cropped-cropped-logo-hz-blanc-1536x977-1.png","contentUrl":"https:\/\/lehangarzero.fr\/wp-content\/uploads\/2022\/02\/cropped-cropped-logo-hz-blanc-1536x977-1.png","width":"1536","height":"977","caption":"Le Hangar Z\u00e9ro"},"image":{"@id":"https:\/\/lehangarzero.fr\/#\/schema\/logo\/image\/"}}]}},"_links":{"self":[{"href":"https:\/\/lehangarzero.fr\/en\/wp-json\/wp\/v2\/mec-events\/9046","targetHints":{"allow":["GET"]}}],"collection":[{"href":"https:\/\/lehangarzero.fr\/en\/wp-json\/wp\/v2\/mec-events"}],"about":[{"href":"https:\/\/lehangarzero.fr\/en\/wp-json\/wp\/v2\/types\/mec-events"}],"author":[{"embeddable":true,"href":"https:\/\/lehangarzero.fr\/en\/wp-json\/wp\/v2\/users\/1"}],"replies":[{"embeddable":true,"href":"https:\/\/lehangarzero.fr\/en\/wp-json\/wp\/v2\/comments?post=9046"}],"wp:attachment":[{"href":"https:\/\/lehangarzero.fr\/en\/wp-json\/wp\/v2\/media?parent=9046"}],"wp:term":[{"taxonomy":"post_tag","embeddable":true,"href":"https:\/\/lehangarzero.fr\/en\/wp-json\/wp\/v2\/tags?post=9046"},{"taxonomy":"mec_category","embeddable":true,"href":"https:\/\/lehangarzero.fr\/en\/wp-json\/wp\/v2\/mec_category?post=9046"}],"curies":[{"name":"wp","href":"https:\/\/api.w.org\/{rel}","templated":true}]}}