{"id":9175,"date":"2026-03-25T17:40:10","date_gmt":"2026-03-25T16:40:10","guid":{"rendered":"https:\/\/lehangarzero.fr\/?post_type=mec-events&#038;p=9175"},"modified":"2026-03-25T17:41:42","modified_gmt":"2026-03-25T16:41:42","slug":"%f0%9f%a7%b5-exposition-la-fabrique-a-souvenirs-mes-moires","status":"publish","type":"mec-events","link":"https:\/\/lehangarzero.fr\/en\/events\/%f0%9f%a7%b5-exposition-la-fabrique-a-souvenirs-mes-moires\/","title":{"rendered":"\ud83e\uddf5 Exposition : La fabrique \u00e0 souvenirs : Mes Moires"},"content":{"rendered":"<p>\ud83e\uddf5 Exposition : La fabrique \u00e0 souvenirs : Mes Moires<br \/>\n\ud83d\udcc5 Du 9 avril au 31 mai 2026<\/p>\n<p>Le Hangar Z\u00e9ro accueille une exposition singuli\u00e8re et pleine de m\u00e9moire imagin\u00e9e par M. Lacaille, com\u00e9dien de rue au sein de la compagnie SDF.<\/p>\n<p>Passionn\u00e9 d\u2019objets anciens, il explore depuis des ann\u00e9es les histoires qu\u2019ils racontent. Avec La fabrique \u00e0 souvenirs, il donne vie \u00e0 un mus\u00e9e de curiosit\u00e9s participatif, inspir\u00e9 de sa collection foisonnante.<\/p>\n<p>Objets du quotidien, tr\u00e9sors insolites et fragments d\u2019histoire li\u00e9s au Havre, \u00e0 la mer et au port composent ce cabinet de curiosit\u00e9s unique, o\u00f9 chaque pi\u00e8ce devient pr\u00e9texte \u00e0 raconter, imaginer et partager.<\/p>\n<p>\ud83d\udccd Le Hangar Z\u00e9ro \u2013 Le Havre<\/p>\n<p>Une exposition vivante, entre souvenirs intimes et m\u00e9moire collective, \u00e0 d\u00e9couvrir et \u00e0 enrichir ensemble \u2728<\/p>","protected":false},"excerpt":{"rendered":"<p>\ud83e\uddf5 Exposition : La fabrique \u00e0 souvenirs : Mes Moires \ud83d\udcc5 Du 9 avril au 31 mai 2026 Le Hangar Z\u00e9ro accueille une exposition singuli\u00e8re et pleine de m\u00e9moire imagin\u00e9e par M. Lacaille, com\u00e9dien de rue au sein de la compagnie SDF. Passionn\u00e9 d\u2019objets anciens, il explore depuis des ann\u00e9es les histoires qu\u2019ils racontent. Avec &hellip;<\/p>\n<p class=\"read-more\"> <a class=\"\" href=\"https:\/\/lehangarzero.fr\/en\/events\/%f0%9f%a7%b5-exposition-la-fabrique-a-souvenirs-mes-moires\/\"> <span class=\"screen-reader-text\">\ud83e\uddf5 Exposition : La fabrique \u00e0 souvenirs : Mes Moires<\/span> Read More &raquo;<\/a><\/p>","protected":false},"author":1,"featured_media":9176,"comment_status":"open","ping_status":"closed","template":"","tags":[],"mec_category":[31],"class_list":["post-9175","mec-events","type-mec-events","status-publish","has-post-thumbnail","hentry","mec_category-expositions"],"yoast_head":"<!-- This site is optimized with the Yoast SEO plugin v27.5 - https:\/\/yoast.com\/product\/yoast-seo-wordpress\/ -->\n<title>\ud83e\uddf5 Exposition : La fabrique \u00e0 souvenirs : Mes Moires - Le Hangar Z\u00e9ro<\/title>\n<meta name=\"description\" content=\"Le Hangar Z\u00e9ro accueille une exposition singuli\u00e8re et pleine de m\u00e9moire imagin\u00e9e par M. Lacaille, com\u00e9dien de rue au sein de la compagnie SDF.\" \/>\n<meta name=\"robots\" content=\"index, follow, max-snippet:-1, max-image-preview:large, max-video-preview:-1\" \/>\n<link rel=\"canonical\" href=\"https:\/\/lehangarzero.fr\/en\/events\/\ud83e\uddf5-exposition-la-fabrique-a-souvenirs-mes-moires\/\" \/>\n<meta property=\"og:locale\" content=\"en_US\" \/>\n<meta property=\"og:type\" content=\"article\" \/>\n<meta property=\"og:title\" content=\"\ud83e\uddf5 Exposition : La fabrique \u00e0 souvenirs : Mes Moires - Le Hangar Z\u00e9ro\" \/>\n<meta property=\"og:description\" content=\"Le Hangar Z\u00e9ro accueille une exposition singuli\u00e8re et pleine de m\u00e9moire imagin\u00e9e par M. Lacaille, com\u00e9dien de rue au sein de la compagnie SDF.\" \/>\n<meta property=\"og:url\" content=\"https:\/\/lehangarzero.fr\/en\/events\/\ud83e\uddf5-exposition-la-fabrique-a-souvenirs-mes-moires\/\" \/>\n<meta property=\"og:site_name\" content=\"Le Hangar Z\u00e9ro\" \/>\n<meta property=\"article:modified_time\" content=\"2026-03-25T16:41:42+00:00\" \/>\n<meta property=\"og:image\" content=\"https:\/\/lehangarzero.fr\/wp-content\/uploads\/2026\/03\/Evenement-Facebook-60.jpg\" \/>\n\t<meta property=\"og:image:width\" content=\"1920\" \/>\n\t<meta property=\"og:image:height\" content=\"1080\" \/>\n\t<meta property=\"og:image:type\" content=\"image\/jpeg\" \/>\n<meta name=\"twitter:card\" content=\"summary_large_image\" \/>\n<meta name=\"twitter:label1\" content=\"Est. reading time\" \/>\n\t<meta name=\"twitter:data1\" content=\"1 minute\" \/>\n<script type=\"application\/ld+json\" class=\"yoast-schema-graph\">{\"@context\":\"https:\\\/\\\/schema.org\",\"@graph\":[{\"@type\":\"WebPage\",\"@id\":\"https:\\\/\\\/lehangarzero.fr\\\/events\\\/%f0%9f%a7%b5-exposition-la-fabrique-a-souvenirs-mes-moires\\\/\",\"url\":\"https:\\\/\\\/lehangarzero.fr\\\/events\\\/%f0%9f%a7%b5-exposition-la-fabrique-a-souvenirs-mes-moires\\\/\",\"name\":\"\ud83e\uddf5 Exposition : La fabrique \u00e0 souvenirs : Mes Moires - Le Hangar Z\u00e9ro\",\"isPartOf\":{\"@id\":\"https:\\\/\\\/lehangarzero.fr\\\/#website\"},\"primaryImageOfPage\":{\"@id\":\"https:\\\/\\\/lehangarzero.fr\\\/events\\\/%f0%9f%a7%b5-exposition-la-fabrique-a-souvenirs-mes-moires\\\/#primaryimage\"},\"image\":{\"@id\":\"https:\\\/\\\/lehangarzero.fr\\\/events\\\/%f0%9f%a7%b5-exposition-la-fabrique-a-souvenirs-mes-moires\\\/#primaryimage\"},\"thumbnailUrl\":\"https:\\\/\\\/lehangarzero.fr\\\/wp-content\\\/uploads\\\/2026\\\/03\\\/Evenement-Facebook-60.jpg\",\"datePublished\":\"2026-03-25T16:40:10+00:00\",\"dateModified\":\"2026-03-25T16:41:42+00:00\",\"description\":\"Le Hangar Z\u00e9ro accueille une exposition singuli\u00e8re et pleine de m\u00e9moire imagin\u00e9e par M. Lacaille, com\u00e9dien de rue au sein de la compagnie SDF.\",\"breadcrumb\":{\"@id\":\"https:\\\/\\\/lehangarzero.fr\\\/events\\\/%f0%9f%a7%b5-exposition-la-fabrique-a-souvenirs-mes-moires\\\/#breadcrumb\"},\"inLanguage\":\"en-US\",\"potentialAction\":[{\"@type\":\"ReadAction\",\"target\":[\"https:\\\/\\\/lehangarzero.fr\\\/events\\\/%f0%9f%a7%b5-exposition-la-fabrique-a-souvenirs-mes-moires\\\/\"]}]},{\"@type\":\"ImageObject\",\"inLanguage\":\"en-US\",\"@id\":\"https:\\\/\\\/lehangarzero.fr\\\/events\\\/%f0%9f%a7%b5-exposition-la-fabrique-a-souvenirs-mes-moires\\\/#primaryimage\",\"url\":\"https:\\\/\\\/lehangarzero.fr\\\/wp-content\\\/uploads\\\/2026\\\/03\\\/Evenement-Facebook-60.jpg\",\"contentUrl\":\"https:\\\/\\\/lehangarzero.fr\\\/wp-content\\\/uploads\\\/2026\\\/03\\\/Evenement-Facebook-60.jpg\",\"width\":1920,\"height\":1080},{\"@type\":\"BreadcrumbList\",\"@id\":\"https:\\\/\\\/lehangarzero.fr\\\/events\\\/%f0%9f%a7%b5-exposition-la-fabrique-a-souvenirs-mes-moires\\\/#breadcrumb\",\"itemListElement\":[{\"@type\":\"ListItem\",\"position\":1,\"name\":\"Accueil\",\"item\":\"https:\\\/\\\/lehangarzero.fr\\\/\"},{\"@type\":\"ListItem\",\"position\":2,\"name\":\"\u00c9venements\",\"item\":\"https:\\\/\\\/lehangarzero.fr\\\/events\\\/\"},{\"@type\":\"ListItem\",\"position\":3,\"name\":\"\ud83e\uddf5 Exposition : La fabrique \u00e0 souvenirs : Mes Moires\"}]},{\"@type\":\"WebSite\",\"@id\":\"https:\\\/\\\/lehangarzero.fr\\\/#website\",\"url\":\"https:\\\/\\\/lehangarzero.fr\\\/\",\"name\":\"Le Hangar Z\u00e9ro\",\"description\":\"Le laboratoire de la transition \u00e9cologique et citoyenne\",\"publisher\":{\"@id\":\"https:\\\/\\\/lehangarzero.fr\\\/#organization\"},\"potentialAction\":[{\"@type\":\"SearchAction\",\"target\":{\"@type\":\"EntryPoint\",\"urlTemplate\":\"https:\\\/\\\/lehangarzero.fr\\\/?s={search_term_string}\"},\"query-input\":{\"@type\":\"PropertyValueSpecification\",\"valueRequired\":true,\"valueName\":\"search_term_string\"}}],\"inLanguage\":\"en-US\"},{\"@type\":\"Organization\",\"@id\":\"https:\\\/\\\/lehangarzero.fr\\\/#organization\",\"name\":\"Le Hangar Z\u00e9ro\",\"url\":\"https:\\\/\\\/lehangarzero.fr\\\/\",\"logo\":{\"@type\":\"ImageObject\",\"inLanguage\":\"en-US\",\"@id\":\"https:\\\/\\\/lehangarzero.fr\\\/#\\\/schema\\\/logo\\\/image\\\/\",\"url\":\"https:\\\/\\\/lehangarzero.fr\\\/wp-content\\\/uploads\\\/2022\\\/02\\\/cropped-cropped-logo-hz-blanc-1536x977-1.png\",\"contentUrl\":\"https:\\\/\\\/lehangarzero.fr\\\/wp-content\\\/uploads\\\/2022\\\/02\\\/cropped-cropped-logo-hz-blanc-1536x977-1.png\",\"width\":\"1536\",\"height\":\"977\",\"caption\":\"Le Hangar Z\u00e9ro\"},\"image\":{\"@id\":\"https:\\\/\\\/lehangarzero.fr\\\/#\\\/schema\\\/logo\\\/image\\\/\"}}]}<\/script>\n<!-- \/ Yoast SEO plugin. -->","yoast_head_json":{"title":"\ud83e\uddf5 Exposition : La fabrique \u00e0 souvenirs : Mes Moires - Le Hangar Z\u00e9ro","description":"Le Hangar Z\u00e9ro accueille une exposition singuli\u00e8re et pleine de m\u00e9moire imagin\u00e9e par M. Lacaille, com\u00e9dien de rue au sein de la compagnie SDF.","robots":{"index":"index","follow":"follow","max-snippet":"max-snippet:-1","max-image-preview":"max-image-preview:large","max-video-preview":"max-video-preview:-1"},"canonical":"https:\/\/lehangarzero.fr\/en\/events\/\ud83e\uddf5-exposition-la-fabrique-a-souvenirs-mes-moires\/","og_locale":"en_US","og_type":"article","og_title":"\ud83e\uddf5 Exposition : La fabrique \u00e0 souvenirs : Mes Moires - Le Hangar Z\u00e9ro","og_description":"Le Hangar Z\u00e9ro accueille une exposition singuli\u00e8re et pleine de m\u00e9moire imagin\u00e9e par M. Lacaille, com\u00e9dien de rue au sein de la compagnie SDF.","og_url":"https:\/\/lehangarzero.fr\/en\/events\/\ud83e\uddf5-exposition-la-fabrique-a-souvenirs-mes-moires\/","og_site_name":"Le Hangar Z\u00e9ro","article_modified_time":"2026-03-25T16:41:42+00:00","og_image":[{"width":1920,"height":1080,"url":"https:\/\/lehangarzero.fr\/wp-content\/uploads\/2026\/03\/Evenement-Facebook-60.jpg","type":"image\/jpeg"}],"twitter_card":"summary_large_image","twitter_misc":{"Est. reading time":"1 minute"},"schema":{"@context":"https:\/\/schema.org","@graph":[{"@type":"WebPage","@id":"https:\/\/lehangarzero.fr\/events\/%f0%9f%a7%b5-exposition-la-fabrique-a-souvenirs-mes-moires\/","url":"https:\/\/lehangarzero.fr\/events\/%f0%9f%a7%b5-exposition-la-fabrique-a-souvenirs-mes-moires\/","name":"\ud83e\uddf5 Exposition : La fabrique \u00e0 souvenirs : Mes Moires - Le Hangar Z\u00e9ro","isPartOf":{"@id":"https:\/\/lehangarzero.fr\/#website"},"primaryImageOfPage":{"@id":"https:\/\/lehangarzero.fr\/events\/%f0%9f%a7%b5-exposition-la-fabrique-a-souvenirs-mes-moires\/#primaryimage"},"image":{"@id":"https:\/\/lehangarzero.fr\/events\/%f0%9f%a7%b5-exposition-la-fabrique-a-souvenirs-mes-moires\/#primaryimage"},"thumbnailUrl":"https:\/\/lehangarzero.fr\/wp-content\/uploads\/2026\/03\/Evenement-Facebook-60.jpg","datePublished":"2026-03-25T16:40:10+00:00","dateModified":"2026-03-25T16:41:42+00:00","description":"Le Hangar Z\u00e9ro accueille une exposition singuli\u00e8re et pleine de m\u00e9moire imagin\u00e9e par M. Lacaille, com\u00e9dien de rue au sein de la compagnie SDF.","breadcrumb":{"@id":"https:\/\/lehangarzero.fr\/events\/%f0%9f%a7%b5-exposition-la-fabrique-a-souvenirs-mes-moires\/#breadcrumb"},"inLanguage":"en-US","potentialAction":[{"@type":"ReadAction","target":["https:\/\/lehangarzero.fr\/events\/%f0%9f%a7%b5-exposition-la-fabrique-a-souvenirs-mes-moires\/"]}]},{"@type":"ImageObject","inLanguage":"en-US","@id":"https:\/\/lehangarzero.fr\/events\/%f0%9f%a7%b5-exposition-la-fabrique-a-souvenirs-mes-moires\/#primaryimage","url":"https:\/\/lehangarzero.fr\/wp-content\/uploads\/2026\/03\/Evenement-Facebook-60.jpg","contentUrl":"https:\/\/lehangarzero.fr\/wp-content\/uploads\/2026\/03\/Evenement-Facebook-60.jpg","width":1920,"height":1080},{"@type":"BreadcrumbList","@id":"https:\/\/lehangarzero.fr\/events\/%f0%9f%a7%b5-exposition-la-fabrique-a-souvenirs-mes-moires\/#breadcrumb","itemListElement":[{"@type":"ListItem","position":1,"name":"Accueil","item":"https:\/\/lehangarzero.fr\/"},{"@type":"ListItem","position":2,"name":"\u00c9venements","item":"https:\/\/lehangarzero.fr\/events\/"},{"@type":"ListItem","position":3,"name":"\ud83e\uddf5 Exposition : La fabrique \u00e0 souvenirs : Mes Moires"}]},{"@type":"WebSite","@id":"https:\/\/lehangarzero.fr\/#website","url":"https:\/\/lehangarzero.fr\/","name":"Le Hangar Z\u00e9ro","description":"Le laboratoire de la transition \u00e9cologique et citoyenne","publisher":{"@id":"https:\/\/lehangarzero.fr\/#organization"},"potentialAction":[{"@type":"SearchAction","target":{"@type":"EntryPoint","urlTemplate":"https:\/\/lehangarzero.fr\/?s={search_term_string}"},"query-input":{"@type":"PropertyValueSpecification","valueRequired":true,"valueName":"search_term_string"}}],"inLanguage":"en-US"},{"@type":"Organization","@id":"https:\/\/lehangarzero.fr\/#organization","name":"Le Hangar Z\u00e9ro","url":"https:\/\/lehangarzero.fr\/","logo":{"@type":"ImageObject","inLanguage":"en-US","@id":"https:\/\/lehangarzero.fr\/#\/schema\/logo\/image\/","url":"https:\/\/lehangarzero.fr\/wp-content\/uploads\/2022\/02\/cropped-cropped-logo-hz-blanc-1536x977-1.png","contentUrl":"https:\/\/lehangarzero.fr\/wp-content\/uploads\/2022\/02\/cropped-cropped-logo-hz-blanc-1536x977-1.png","width":"1536","height":"977","caption":"Le Hangar Z\u00e9ro"},"image":{"@id":"https:\/\/lehangarzero.fr\/#\/schema\/logo\/image\/"}}]}},"_links":{"self":[{"href":"https:\/\/lehangarzero.fr\/en\/wp-json\/wp\/v2\/mec-events\/9175","targetHints":{"allow":["GET"]}}],"collection":[{"href":"https:\/\/lehangarzero.fr\/en\/wp-json\/wp\/v2\/mec-events"}],"about":[{"href":"https:\/\/lehangarzero.fr\/en\/wp-json\/wp\/v2\/types\/mec-events"}],"author":[{"embeddable":true,"href":"https:\/\/lehangarzero.fr\/en\/wp-json\/wp\/v2\/users\/1"}],"replies":[{"embeddable":true,"href":"https:\/\/lehangarzero.fr\/en\/wp-json\/wp\/v2\/comments?post=9175"}],"wp:featuredmedia":[{"embeddable":true,"href":"https:\/\/lehangarzero.fr\/en\/wp-json\/wp\/v2\/media\/9176"}],"wp:attachment":[{"href":"https:\/\/lehangarzero.fr\/en\/wp-json\/wp\/v2\/media?parent=9175"}],"wp:term":[{"taxonomy":"post_tag","embeddable":true,"href":"https:\/\/lehangarzero.fr\/en\/wp-json\/wp\/v2\/tags?post=9175"},{"taxonomy":"mec_category","embeddable":true,"href":"https:\/\/lehangarzero.fr\/en\/wp-json\/wp\/v2\/mec_category?post=9175"}],"curies":[{"name":"wp","href":"https:\/\/api.w.org\/{rel}","templated":true}]}}