{"id":9180,"date":"2026-03-27T12:34:20","date_gmt":"2026-03-27T11:34:20","guid":{"rendered":"https:\/\/lehangarzero.fr\/events\/%f0%9f%8e%ac-projection-documentaire-le-temps-des-femmes\/"},"modified":"2026-03-27T12:34:20","modified_gmt":"2026-03-27T11:34:20","slug":"%f0%9f%8e%ac-projection-documentaire-le-temps-des-femmes","status":"publish","type":"mec-events","link":"https:\/\/lehangarzero.fr\/en\/events\/%f0%9f%8e%ac-projection-documentaire-le-temps-des-femmes\/","title":{"rendered":"\ud83c\udfac Projection documentaire \u2013 \u00ab\u00a0Le Temps des femmes\u00a0\u00bb"},"content":{"rendered":"<p>\ud83c\udfac Projection documentaire \u2013 Le Temps des femmes<\/p>\n<p>Le jeudi 30 avril 2026 \u00e0 18h15, le Hangar Z\u00e9ro vous propose la projection du documentaire \u00ab Le Temps des femmes \u00bb, r\u00e9alis\u00e9 par Agn\u00e8s Jaoui.<\/p>\n<p>\u00c0 travers des archives personnelles et historiques, et les t\u00e9moignages de femmes anonymes ou c\u00e9l\u00e8bres, ce film retrace l\u2019\u00e9volution de la place des femmes des ann\u00e9es 1960 \u00e0 aujourd\u2019hui. <\/p>\n<p>Entre humour, \u00e9nergie et regards lucides, le documentaire explore les avanc\u00e9es, les combats et les chemins qu\u2019il reste encore \u00e0 parcourir.<\/p>\n<p>Une invitation \u00e0 r\u00e9fl\u00e9chir ensemble :\u00ab Le Temps des femmes \u00bb est-il enfin venu ?<\/p>\n<p>\ud83d\udccd Le Hangar Z\u00e9ro \u2013 Le Havre<\/p>\n<p>Un moment de cin\u00e9ma engag\u00e9, \u00e0 voir et \u00e0 partager \ud83c\udfa5\u2728<\/p>","protected":false},"excerpt":{"rendered":"<p>\ud83c\udfac Projection documentaire \u2013 Le Temps des femmes Le jeudi 30 avril 2026 \u00e0 18h15, le Hangar Z\u00e9ro vous propose la projection du documentaire \u00ab Le Temps des femmes \u00bb, r\u00e9alis\u00e9 par Agn\u00e8s Jaoui. \u00c0 travers des archives personnelles et historiques, et les t\u00e9moignages de femmes anonymes ou c\u00e9l\u00e8bres, ce film retrace l\u2019\u00e9volution de la &hellip;<\/p>\n<p class=\"read-more\"> <a class=\"\" href=\"https:\/\/lehangarzero.fr\/en\/events\/%f0%9f%8e%ac-projection-documentaire-le-temps-des-femmes\/\"> <span class=\"screen-reader-text\">\ud83c\udfac Projection documentaire \u2013 \u00ab\u00a0Le Temps des femmes\u00a0\u00bb<\/span> Read More &raquo;<\/a><\/p>","protected":false},"author":1,"featured_media":0,"comment_status":"open","ping_status":"closed","template":"","tags":[],"mec_category":[26],"class_list":["post-9180","mec-events","type-mec-events","status-publish","hentry","mec_category-conference-debat-projection"],"yoast_head":"<!-- This site is optimized with the Yoast SEO plugin v27.5 - https:\/\/yoast.com\/product\/yoast-seo-wordpress\/ -->\n<title>\ud83c\udfac Projection documentaire \u2013 &quot;Le Temps des femmes&quot; - Le Hangar Z\u00e9ro<\/title>\n<meta name=\"robots\" content=\"index, follow, max-snippet:-1, max-image-preview:large, max-video-preview:-1\" \/>\n<link rel=\"canonical\" href=\"https:\/\/lehangarzero.fr\/en\/events\/\ud83c\udfac-projection-documentaire-le-temps-des-femmes\/\" \/>\n<meta property=\"og:locale\" content=\"en_US\" \/>\n<meta property=\"og:type\" content=\"article\" \/>\n<meta property=\"og:title\" content=\"\ud83c\udfac Projection documentaire \u2013 &quot;Le Temps des femmes&quot; - Le Hangar Z\u00e9ro\" \/>\n<meta property=\"og:description\" content=\"\ud83c\udfac Projection documentaire \u2013 Le Temps des femmes Le jeudi 30 avril 2026 \u00e0 18h15, le Hangar Z\u00e9ro vous propose la projection du documentaire \u00ab Le Temps des femmes \u00bb, r\u00e9alis\u00e9 par Agn\u00e8s Jaoui. \u00c0 travers des archives personnelles et historiques, et les t\u00e9moignages de femmes anonymes ou c\u00e9l\u00e8bres, ce film retrace l\u2019\u00e9volution de la &hellip; \ud83c\udfac Projection documentaire \u2013 \u00ab\u00a0Le Temps des femmes\u00a0\u00bb Read More &raquo;\" \/>\n<meta property=\"og:url\" content=\"https:\/\/lehangarzero.fr\/en\/events\/\ud83c\udfac-projection-documentaire-le-temps-des-femmes\/\" \/>\n<meta property=\"og:site_name\" content=\"Le Hangar Z\u00e9ro\" \/>\n<meta name=\"twitter:card\" content=\"summary_large_image\" \/>\n<meta name=\"twitter:label1\" content=\"Est. reading time\" \/>\n\t<meta name=\"twitter:data1\" content=\"1 minute\" \/>\n<script type=\"application\/ld+json\" class=\"yoast-schema-graph\">{\"@context\":\"https:\\\/\\\/schema.org\",\"@graph\":[{\"@type\":\"WebPage\",\"@id\":\"https:\\\/\\\/lehangarzero.fr\\\/events\\\/%f0%9f%8e%ac-projection-documentaire-le-temps-des-femmes\\\/\",\"url\":\"https:\\\/\\\/lehangarzero.fr\\\/events\\\/%f0%9f%8e%ac-projection-documentaire-le-temps-des-femmes\\\/\",\"name\":\"\ud83c\udfac Projection documentaire \u2013 \\\"Le Temps des femmes\\\" - Le Hangar Z\u00e9ro\",\"isPartOf\":{\"@id\":\"https:\\\/\\\/lehangarzero.fr\\\/#website\"},\"datePublished\":\"2026-03-27T11:34:20+00:00\",\"breadcrumb\":{\"@id\":\"https:\\\/\\\/lehangarzero.fr\\\/events\\\/%f0%9f%8e%ac-projection-documentaire-le-temps-des-femmes\\\/#breadcrumb\"},\"inLanguage\":\"en-US\",\"potentialAction\":[{\"@type\":\"ReadAction\",\"target\":[\"https:\\\/\\\/lehangarzero.fr\\\/events\\\/%f0%9f%8e%ac-projection-documentaire-le-temps-des-femmes\\\/\"]}]},{\"@type\":\"BreadcrumbList\",\"@id\":\"https:\\\/\\\/lehangarzero.fr\\\/events\\\/%f0%9f%8e%ac-projection-documentaire-le-temps-des-femmes\\\/#breadcrumb\",\"itemListElement\":[{\"@type\":\"ListItem\",\"position\":1,\"name\":\"Accueil\",\"item\":\"https:\\\/\\\/lehangarzero.fr\\\/\"},{\"@type\":\"ListItem\",\"position\":2,\"name\":\"\u00c9venements\",\"item\":\"https:\\\/\\\/lehangarzero.fr\\\/events\\\/\"},{\"@type\":\"ListItem\",\"position\":3,\"name\":\"\ud83c\udfac Projection documentaire \u2013 \u00ab\u00a0Le Temps des femmes\u00a0\u00bb\"}]},{\"@type\":\"WebSite\",\"@id\":\"https:\\\/\\\/lehangarzero.fr\\\/#website\",\"url\":\"https:\\\/\\\/lehangarzero.fr\\\/\",\"name\":\"Le Hangar Z\u00e9ro\",\"description\":\"Le laboratoire de la transition \u00e9cologique et citoyenne\",\"publisher\":{\"@id\":\"https:\\\/\\\/lehangarzero.fr\\\/#organization\"},\"potentialAction\":[{\"@type\":\"SearchAction\",\"target\":{\"@type\":\"EntryPoint\",\"urlTemplate\":\"https:\\\/\\\/lehangarzero.fr\\\/?s={search_term_string}\"},\"query-input\":{\"@type\":\"PropertyValueSpecification\",\"valueRequired\":true,\"valueName\":\"search_term_string\"}}],\"inLanguage\":\"en-US\"},{\"@type\":\"Organization\",\"@id\":\"https:\\\/\\\/lehangarzero.fr\\\/#organization\",\"name\":\"Le Hangar Z\u00e9ro\",\"url\":\"https:\\\/\\\/lehangarzero.fr\\\/\",\"logo\":{\"@type\":\"ImageObject\",\"inLanguage\":\"en-US\",\"@id\":\"https:\\\/\\\/lehangarzero.fr\\\/#\\\/schema\\\/logo\\\/image\\\/\",\"url\":\"https:\\\/\\\/lehangarzero.fr\\\/wp-content\\\/uploads\\\/2022\\\/02\\\/cropped-cropped-logo-hz-blanc-1536x977-1.png\",\"contentUrl\":\"https:\\\/\\\/lehangarzero.fr\\\/wp-content\\\/uploads\\\/2022\\\/02\\\/cropped-cropped-logo-hz-blanc-1536x977-1.png\",\"width\":\"1536\",\"height\":\"977\",\"caption\":\"Le Hangar Z\u00e9ro\"},\"image\":{\"@id\":\"https:\\\/\\\/lehangarzero.fr\\\/#\\\/schema\\\/logo\\\/image\\\/\"}}]}<\/script>\n<!-- \/ Yoast SEO plugin. -->","yoast_head_json":{"title":"\ud83c\udfac Projection documentaire \u2013 \"Le Temps des femmes\" - Le Hangar Z\u00e9ro","robots":{"index":"index","follow":"follow","max-snippet":"max-snippet:-1","max-image-preview":"max-image-preview:large","max-video-preview":"max-video-preview:-1"},"canonical":"https:\/\/lehangarzero.fr\/en\/events\/\ud83c\udfac-projection-documentaire-le-temps-des-femmes\/","og_locale":"en_US","og_type":"article","og_title":"\ud83c\udfac Projection documentaire \u2013 \"Le Temps des femmes\" - Le Hangar Z\u00e9ro","og_description":"\ud83c\udfac Projection documentaire \u2013 Le Temps des femmes Le jeudi 30 avril 2026 \u00e0 18h15, le Hangar Z\u00e9ro vous propose la projection du documentaire \u00ab Le Temps des femmes \u00bb, r\u00e9alis\u00e9 par Agn\u00e8s Jaoui. \u00c0 travers des archives personnelles et historiques, et les t\u00e9moignages de femmes anonymes ou c\u00e9l\u00e8bres, ce film retrace l\u2019\u00e9volution de la &hellip; \ud83c\udfac Projection documentaire \u2013 \u00ab\u00a0Le Temps des femmes\u00a0\u00bb Read More &raquo;","og_url":"https:\/\/lehangarzero.fr\/en\/events\/\ud83c\udfac-projection-documentaire-le-temps-des-femmes\/","og_site_name":"Le Hangar Z\u00e9ro","twitter_card":"summary_large_image","twitter_misc":{"Est. reading time":"1 minute"},"schema":{"@context":"https:\/\/schema.org","@graph":[{"@type":"WebPage","@id":"https:\/\/lehangarzero.fr\/events\/%f0%9f%8e%ac-projection-documentaire-le-temps-des-femmes\/","url":"https:\/\/lehangarzero.fr\/events\/%f0%9f%8e%ac-projection-documentaire-le-temps-des-femmes\/","name":"\ud83c\udfac Projection documentaire \u2013 \"Le Temps des femmes\" - Le Hangar Z\u00e9ro","isPartOf":{"@id":"https:\/\/lehangarzero.fr\/#website"},"datePublished":"2026-03-27T11:34:20+00:00","breadcrumb":{"@id":"https:\/\/lehangarzero.fr\/events\/%f0%9f%8e%ac-projection-documentaire-le-temps-des-femmes\/#breadcrumb"},"inLanguage":"en-US","potentialAction":[{"@type":"ReadAction","target":["https:\/\/lehangarzero.fr\/events\/%f0%9f%8e%ac-projection-documentaire-le-temps-des-femmes\/"]}]},{"@type":"BreadcrumbList","@id":"https:\/\/lehangarzero.fr\/events\/%f0%9f%8e%ac-projection-documentaire-le-temps-des-femmes\/#breadcrumb","itemListElement":[{"@type":"ListItem","position":1,"name":"Accueil","item":"https:\/\/lehangarzero.fr\/"},{"@type":"ListItem","position":2,"name":"\u00c9venements","item":"https:\/\/lehangarzero.fr\/events\/"},{"@type":"ListItem","position":3,"name":"\ud83c\udfac Projection documentaire \u2013 \u00ab\u00a0Le Temps des femmes\u00a0\u00bb"}]},{"@type":"WebSite","@id":"https:\/\/lehangarzero.fr\/#website","url":"https:\/\/lehangarzero.fr\/","name":"Le Hangar Z\u00e9ro","description":"Le laboratoire de la transition \u00e9cologique et citoyenne","publisher":{"@id":"https:\/\/lehangarzero.fr\/#organization"},"potentialAction":[{"@type":"SearchAction","target":{"@type":"EntryPoint","urlTemplate":"https:\/\/lehangarzero.fr\/?s={search_term_string}"},"query-input":{"@type":"PropertyValueSpecification","valueRequired":true,"valueName":"search_term_string"}}],"inLanguage":"en-US"},{"@type":"Organization","@id":"https:\/\/lehangarzero.fr\/#organization","name":"Le Hangar Z\u00e9ro","url":"https:\/\/lehangarzero.fr\/","logo":{"@type":"ImageObject","inLanguage":"en-US","@id":"https:\/\/lehangarzero.fr\/#\/schema\/logo\/image\/","url":"https:\/\/lehangarzero.fr\/wp-content\/uploads\/2022\/02\/cropped-cropped-logo-hz-blanc-1536x977-1.png","contentUrl":"https:\/\/lehangarzero.fr\/wp-content\/uploads\/2022\/02\/cropped-cropped-logo-hz-blanc-1536x977-1.png","width":"1536","height":"977","caption":"Le Hangar Z\u00e9ro"},"image":{"@id":"https:\/\/lehangarzero.fr\/#\/schema\/logo\/image\/"}}]}},"_links":{"self":[{"href":"https:\/\/lehangarzero.fr\/en\/wp-json\/wp\/v2\/mec-events\/9180","targetHints":{"allow":["GET"]}}],"collection":[{"href":"https:\/\/lehangarzero.fr\/en\/wp-json\/wp\/v2\/mec-events"}],"about":[{"href":"https:\/\/lehangarzero.fr\/en\/wp-json\/wp\/v2\/types\/mec-events"}],"author":[{"embeddable":true,"href":"https:\/\/lehangarzero.fr\/en\/wp-json\/wp\/v2\/users\/1"}],"replies":[{"embeddable":true,"href":"https:\/\/lehangarzero.fr\/en\/wp-json\/wp\/v2\/comments?post=9180"}],"wp:attachment":[{"href":"https:\/\/lehangarzero.fr\/en\/wp-json\/wp\/v2\/media?parent=9180"}],"wp:term":[{"taxonomy":"post_tag","embeddable":true,"href":"https:\/\/lehangarzero.fr\/en\/wp-json\/wp\/v2\/tags?post=9180"},{"taxonomy":"mec_category","embeddable":true,"href":"https:\/\/lehangarzero.fr\/en\/wp-json\/wp\/v2\/mec_category?post=9180"}],"curies":[{"name":"wp","href":"https:\/\/api.w.org\/{rel}","templated":true}]}}