{"id":9190,"date":"2026-03-30T15:01:00","date_gmt":"2026-03-30T13:01:00","guid":{"rendered":"https:\/\/lehangarzero.fr\/?post_type=mec-events&#038;p=9190"},"modified":"2026-03-30T15:01:00","modified_gmt":"2026-03-30T13:01:00","slug":"%f0%9f%9b%8d%ef%b8%8f-marche-des-createurs%c2%b7rices-du-reemploi-la-boutique-du-hangar-zero-383","status":"publish","type":"mec-events","link":"https:\/\/lehangarzero.fr\/en\/events\/%f0%9f%9b%8d%ef%b8%8f-marche-des-createurs%c2%b7rices-du-reemploi-la-boutique-du-hangar-zero-383\/","title":{"rendered":"\ud83d\udecd\ufe0f March\u00e9 des cr\u00e9ateurs\u00b7rices du R\u00e9emploi &#8211; La Boutique du Hangar Z\u00e9ro"},"content":{"rendered":"<p>\ud83d\udecd\ufe0f March\u00e9 des cr\u00e9ateurs\u00b7rices du R\u00e9emploi<\/p>\n<p>Le Hangar Z\u00e9ro accueille un week-end d\u00e9di\u00e9 \u00e0 la cr\u00e9ation responsable et \u00e0 l\u2019imagination sans limite \ud83e\uddf5<\/p>\n<p>\ud83d\udcc5 Les 18 &amp; 19 avril 2026<br \/>\n\ud83d\udd59 De 10h \u00e0 18h<br \/>\n\ud83d\udccd Le Hangar Z\u00e9ro \u2013 Le Havre<br \/>\n\ud83c\udf9f\ufe0f Entr\u00e9e gratuite<\/p>\n<p>Venez rencontrer des cr\u00e9ateurs et cr\u00e9atrices engag\u00e9\u00b7es qui transforment, d\u00e9tournent et r\u00e9inventent la mati\u00e8re pour lui offrir une seconde vie \u267b\ufe0f<\/p>\n<p>Objets uniques, pi\u00e8ces artisanales, cr\u00e9ations originales\u2026 Chaque stand est une invitation \u00e0 consommer autrement et \u00e0 d\u00e9couvrir des savoir-faire inspirants.<\/p>\n<p>\ud83c\udf3f Mode, design, d\u00e9coration, accessoires et bien plus encore vous attendent dans une ambiance conviviale et engag\u00e9e.<\/p>\n<p>\ud83d\udc49 Un \u00e9v\u00e9nement pour chiner, \u00e9changer, s\u2019inspirer et soutenir la cr\u00e9ation locale durable.<\/p>\n<p>On vous attend nombreux\u00b7ses !<\/p>","protected":false},"excerpt":{"rendered":"<p>\ud83d\udecd\ufe0f March\u00e9 des cr\u00e9ateurs\u00b7rices du R\u00e9emploi Le Hangar Z\u00e9ro accueille un week-end d\u00e9di\u00e9 \u00e0 la cr\u00e9ation responsable et \u00e0 l\u2019imagination sans limite \ud83e\uddf5 \ud83d\udcc5 Les 18 &amp; 19 avril 2026 \ud83d\udd59 De 10h \u00e0 18h \ud83d\udccd Le Hangar Z\u00e9ro \u2013 Le Havre \ud83c\udf9f\ufe0f Entr\u00e9e gratuite Venez rencontrer des cr\u00e9ateurs et cr\u00e9atrices engag\u00e9\u00b7es qui transforment, d\u00e9tournent &hellip;<\/p>\n<p class=\"read-more\"> <a class=\"\" href=\"https:\/\/lehangarzero.fr\/en\/events\/%f0%9f%9b%8d%ef%b8%8f-marche-des-createurs%c2%b7rices-du-reemploi-la-boutique-du-hangar-zero-383\/\"> <span class=\"screen-reader-text\">\ud83d\udecd\ufe0f March\u00e9 des cr\u00e9ateurs\u00b7rices du R\u00e9emploi &#8211; La Boutique du Hangar Z\u00e9ro<\/span> Read More &raquo;<\/a><\/p>","protected":false},"author":1,"featured_media":9188,"comment_status":"open","ping_status":"closed","template":"","tags":[],"mec_category":[30],"class_list":["post-9190","mec-events","type-mec-events","status-publish","has-post-thumbnail","hentry","mec_category-evenements-thematiques"],"yoast_head":"<!-- This site is optimized with the Yoast SEO plugin v27.5 - https:\/\/yoast.com\/product\/yoast-seo-wordpress\/ -->\n<title>\ud83d\udecd\ufe0f March\u00e9 des cr\u00e9ateurs\u00b7rices du R\u00e9emploi - La Boutique du Hangar Z\u00e9ro - Le Hangar Z\u00e9ro<\/title>\n<meta name=\"description\" content=\"Venez rencontrer des cr\u00e9ateurs et cr\u00e9atrices engag\u00e9\u00b7es qui transforment, d\u00e9tournent et r\u00e9inventent la mati\u00e8re pour lui offrir une seconde vie\" \/>\n<meta name=\"robots\" content=\"index, follow, max-snippet:-1, max-image-preview:large, max-video-preview:-1\" \/>\n<link rel=\"canonical\" href=\"https:\/\/lehangarzero.fr\/en\/events\/\ud83d\udecd\ufe0f-marche-des-createurs\u00b7rices-du-reemploi-la-boutique-du-hangar-zero-383\/\" \/>\n<meta property=\"og:locale\" content=\"en_US\" \/>\n<meta property=\"og:type\" content=\"article\" \/>\n<meta property=\"og:title\" content=\"\ud83d\udecd\ufe0f March\u00e9 des cr\u00e9ateurs\u00b7rices du R\u00e9emploi - La Boutique du Hangar Z\u00e9ro - Le Hangar Z\u00e9ro\" \/>\n<meta property=\"og:description\" content=\"Venez rencontrer des cr\u00e9ateurs et cr\u00e9atrices engag\u00e9\u00b7es qui transforment, d\u00e9tournent et r\u00e9inventent la mati\u00e8re pour lui offrir une seconde vie\" \/>\n<meta property=\"og:url\" content=\"https:\/\/lehangarzero.fr\/en\/events\/\ud83d\udecd\ufe0f-marche-des-createurs\u00b7rices-du-reemploi-la-boutique-du-hangar-zero-383\/\" \/>\n<meta property=\"og:site_name\" content=\"Le Hangar Z\u00e9ro\" \/>\n<meta property=\"og:image\" content=\"https:\/\/lehangarzero.fr\/wp-content\/uploads\/2026\/03\/Affiche-marche-des-createurs.rices_.png\" \/>\n\t<meta property=\"og:image:width\" content=\"1080\" \/>\n\t<meta property=\"og:image:height\" content=\"1350\" \/>\n\t<meta property=\"og:image:type\" content=\"image\/png\" \/>\n<meta name=\"twitter:card\" content=\"summary_large_image\" \/>\n<meta name=\"twitter:label1\" content=\"Est. reading time\" \/>\n\t<meta name=\"twitter:data1\" content=\"1 minute\" \/>\n<script type=\"application\/ld+json\" class=\"yoast-schema-graph\">{\"@context\":\"https:\\\/\\\/schema.org\",\"@graph\":[{\"@type\":\"WebPage\",\"@id\":\"https:\\\/\\\/lehangarzero.fr\\\/events\\\/%f0%9f%9b%8d%ef%b8%8f-marche-des-createurs%c2%b7rices-du-reemploi-la-boutique-du-hangar-zero-383\\\/\",\"url\":\"https:\\\/\\\/lehangarzero.fr\\\/events\\\/%f0%9f%9b%8d%ef%b8%8f-marche-des-createurs%c2%b7rices-du-reemploi-la-boutique-du-hangar-zero-383\\\/\",\"name\":\"\ud83d\udecd\ufe0f March\u00e9 des cr\u00e9ateurs\u00b7rices du R\u00e9emploi - La Boutique du Hangar Z\u00e9ro - Le Hangar Z\u00e9ro\",\"isPartOf\":{\"@id\":\"https:\\\/\\\/lehangarzero.fr\\\/#website\"},\"primaryImageOfPage\":{\"@id\":\"https:\\\/\\\/lehangarzero.fr\\\/events\\\/%f0%9f%9b%8d%ef%b8%8f-marche-des-createurs%c2%b7rices-du-reemploi-la-boutique-du-hangar-zero-383\\\/#primaryimage\"},\"image\":{\"@id\":\"https:\\\/\\\/lehangarzero.fr\\\/events\\\/%f0%9f%9b%8d%ef%b8%8f-marche-des-createurs%c2%b7rices-du-reemploi-la-boutique-du-hangar-zero-383\\\/#primaryimage\"},\"thumbnailUrl\":\"https:\\\/\\\/lehangarzero.fr\\\/wp-content\\\/uploads\\\/2026\\\/03\\\/Affiche-marche-des-createurs.rices_.png\",\"datePublished\":\"2026-03-30T13:01:00+00:00\",\"description\":\"Venez rencontrer des cr\u00e9ateurs et cr\u00e9atrices engag\u00e9\u00b7es qui transforment, d\u00e9tournent et r\u00e9inventent la mati\u00e8re pour lui offrir une seconde vie\",\"breadcrumb\":{\"@id\":\"https:\\\/\\\/lehangarzero.fr\\\/events\\\/%f0%9f%9b%8d%ef%b8%8f-marche-des-createurs%c2%b7rices-du-reemploi-la-boutique-du-hangar-zero-383\\\/#breadcrumb\"},\"inLanguage\":\"en-US\",\"potentialAction\":[{\"@type\":\"ReadAction\",\"target\":[\"https:\\\/\\\/lehangarzero.fr\\\/events\\\/%f0%9f%9b%8d%ef%b8%8f-marche-des-createurs%c2%b7rices-du-reemploi-la-boutique-du-hangar-zero-383\\\/\"]}]},{\"@type\":\"ImageObject\",\"inLanguage\":\"en-US\",\"@id\":\"https:\\\/\\\/lehangarzero.fr\\\/events\\\/%f0%9f%9b%8d%ef%b8%8f-marche-des-createurs%c2%b7rices-du-reemploi-la-boutique-du-hangar-zero-383\\\/#primaryimage\",\"url\":\"https:\\\/\\\/lehangarzero.fr\\\/wp-content\\\/uploads\\\/2026\\\/03\\\/Affiche-marche-des-createurs.rices_.png\",\"contentUrl\":\"https:\\\/\\\/lehangarzero.fr\\\/wp-content\\\/uploads\\\/2026\\\/03\\\/Affiche-marche-des-createurs.rices_.png\",\"width\":1080,\"height\":1350},{\"@type\":\"BreadcrumbList\",\"@id\":\"https:\\\/\\\/lehangarzero.fr\\\/events\\\/%f0%9f%9b%8d%ef%b8%8f-marche-des-createurs%c2%b7rices-du-reemploi-la-boutique-du-hangar-zero-383\\\/#breadcrumb\",\"itemListElement\":[{\"@type\":\"ListItem\",\"position\":1,\"name\":\"Accueil\",\"item\":\"https:\\\/\\\/lehangarzero.fr\\\/\"},{\"@type\":\"ListItem\",\"position\":2,\"name\":\"\u00c9venements\",\"item\":\"https:\\\/\\\/lehangarzero.fr\\\/events\\\/\"},{\"@type\":\"ListItem\",\"position\":3,\"name\":\"\ud83d\udecd\ufe0f March\u00e9 des cr\u00e9ateurs\u00b7rices du R\u00e9emploi &#8211; La Boutique du Hangar Z\u00e9ro\"}]},{\"@type\":\"WebSite\",\"@id\":\"https:\\\/\\\/lehangarzero.fr\\\/#website\",\"url\":\"https:\\\/\\\/lehangarzero.fr\\\/\",\"name\":\"Le Hangar Z\u00e9ro\",\"description\":\"Le laboratoire de la transition \u00e9cologique et citoyenne\",\"publisher\":{\"@id\":\"https:\\\/\\\/lehangarzero.fr\\\/#organization\"},\"potentialAction\":[{\"@type\":\"SearchAction\",\"target\":{\"@type\":\"EntryPoint\",\"urlTemplate\":\"https:\\\/\\\/lehangarzero.fr\\\/?s={search_term_string}\"},\"query-input\":{\"@type\":\"PropertyValueSpecification\",\"valueRequired\":true,\"valueName\":\"search_term_string\"}}],\"inLanguage\":\"en-US\"},{\"@type\":\"Organization\",\"@id\":\"https:\\\/\\\/lehangarzero.fr\\\/#organization\",\"name\":\"Le Hangar Z\u00e9ro\",\"url\":\"https:\\\/\\\/lehangarzero.fr\\\/\",\"logo\":{\"@type\":\"ImageObject\",\"inLanguage\":\"en-US\",\"@id\":\"https:\\\/\\\/lehangarzero.fr\\\/#\\\/schema\\\/logo\\\/image\\\/\",\"url\":\"https:\\\/\\\/lehangarzero.fr\\\/wp-content\\\/uploads\\\/2022\\\/02\\\/cropped-cropped-logo-hz-blanc-1536x977-1.png\",\"contentUrl\":\"https:\\\/\\\/lehangarzero.fr\\\/wp-content\\\/uploads\\\/2022\\\/02\\\/cropped-cropped-logo-hz-blanc-1536x977-1.png\",\"width\":\"1536\",\"height\":\"977\",\"caption\":\"Le Hangar Z\u00e9ro\"},\"image\":{\"@id\":\"https:\\\/\\\/lehangarzero.fr\\\/#\\\/schema\\\/logo\\\/image\\\/\"}}]}<\/script>\n<!-- \/ Yoast SEO plugin. -->","yoast_head_json":{"title":"\ud83d\udecd\ufe0f March\u00e9 des cr\u00e9ateurs\u00b7rices du R\u00e9emploi - La Boutique du Hangar Z\u00e9ro - Le Hangar Z\u00e9ro","description":"Venez rencontrer des cr\u00e9ateurs et cr\u00e9atrices engag\u00e9\u00b7es qui transforment, d\u00e9tournent et r\u00e9inventent la mati\u00e8re pour lui offrir une seconde vie","robots":{"index":"index","follow":"follow","max-snippet":"max-snippet:-1","max-image-preview":"max-image-preview:large","max-video-preview":"max-video-preview:-1"},"canonical":"https:\/\/lehangarzero.fr\/en\/events\/\ud83d\udecd\ufe0f-marche-des-createurs\u00b7rices-du-reemploi-la-boutique-du-hangar-zero-383\/","og_locale":"en_US","og_type":"article","og_title":"\ud83d\udecd\ufe0f March\u00e9 des cr\u00e9ateurs\u00b7rices du R\u00e9emploi - La Boutique du Hangar Z\u00e9ro - Le Hangar Z\u00e9ro","og_description":"Venez rencontrer des cr\u00e9ateurs et cr\u00e9atrices engag\u00e9\u00b7es qui transforment, d\u00e9tournent et r\u00e9inventent la mati\u00e8re pour lui offrir une seconde vie","og_url":"https:\/\/lehangarzero.fr\/en\/events\/\ud83d\udecd\ufe0f-marche-des-createurs\u00b7rices-du-reemploi-la-boutique-du-hangar-zero-383\/","og_site_name":"Le Hangar Z\u00e9ro","og_image":[{"width":1080,"height":1350,"url":"https:\/\/lehangarzero.fr\/wp-content\/uploads\/2026\/03\/Affiche-marche-des-createurs.rices_.png","type":"image\/png"}],"twitter_card":"summary_large_image","twitter_misc":{"Est. reading time":"1 minute"},"schema":{"@context":"https:\/\/schema.org","@graph":[{"@type":"WebPage","@id":"https:\/\/lehangarzero.fr\/events\/%f0%9f%9b%8d%ef%b8%8f-marche-des-createurs%c2%b7rices-du-reemploi-la-boutique-du-hangar-zero-383\/","url":"https:\/\/lehangarzero.fr\/events\/%f0%9f%9b%8d%ef%b8%8f-marche-des-createurs%c2%b7rices-du-reemploi-la-boutique-du-hangar-zero-383\/","name":"\ud83d\udecd\ufe0f March\u00e9 des cr\u00e9ateurs\u00b7rices du R\u00e9emploi - La Boutique du Hangar Z\u00e9ro - Le Hangar Z\u00e9ro","isPartOf":{"@id":"https:\/\/lehangarzero.fr\/#website"},"primaryImageOfPage":{"@id":"https:\/\/lehangarzero.fr\/events\/%f0%9f%9b%8d%ef%b8%8f-marche-des-createurs%c2%b7rices-du-reemploi-la-boutique-du-hangar-zero-383\/#primaryimage"},"image":{"@id":"https:\/\/lehangarzero.fr\/events\/%f0%9f%9b%8d%ef%b8%8f-marche-des-createurs%c2%b7rices-du-reemploi-la-boutique-du-hangar-zero-383\/#primaryimage"},"thumbnailUrl":"https:\/\/lehangarzero.fr\/wp-content\/uploads\/2026\/03\/Affiche-marche-des-createurs.rices_.png","datePublished":"2026-03-30T13:01:00+00:00","description":"Venez rencontrer des cr\u00e9ateurs et cr\u00e9atrices engag\u00e9\u00b7es qui transforment, d\u00e9tournent et r\u00e9inventent la mati\u00e8re pour lui offrir une seconde vie","breadcrumb":{"@id":"https:\/\/lehangarzero.fr\/events\/%f0%9f%9b%8d%ef%b8%8f-marche-des-createurs%c2%b7rices-du-reemploi-la-boutique-du-hangar-zero-383\/#breadcrumb"},"inLanguage":"en-US","potentialAction":[{"@type":"ReadAction","target":["https:\/\/lehangarzero.fr\/events\/%f0%9f%9b%8d%ef%b8%8f-marche-des-createurs%c2%b7rices-du-reemploi-la-boutique-du-hangar-zero-383\/"]}]},{"@type":"ImageObject","inLanguage":"en-US","@id":"https:\/\/lehangarzero.fr\/events\/%f0%9f%9b%8d%ef%b8%8f-marche-des-createurs%c2%b7rices-du-reemploi-la-boutique-du-hangar-zero-383\/#primaryimage","url":"https:\/\/lehangarzero.fr\/wp-content\/uploads\/2026\/03\/Affiche-marche-des-createurs.rices_.png","contentUrl":"https:\/\/lehangarzero.fr\/wp-content\/uploads\/2026\/03\/Affiche-marche-des-createurs.rices_.png","width":1080,"height":1350},{"@type":"BreadcrumbList","@id":"https:\/\/lehangarzero.fr\/events\/%f0%9f%9b%8d%ef%b8%8f-marche-des-createurs%c2%b7rices-du-reemploi-la-boutique-du-hangar-zero-383\/#breadcrumb","itemListElement":[{"@type":"ListItem","position":1,"name":"Accueil","item":"https:\/\/lehangarzero.fr\/"},{"@type":"ListItem","position":2,"name":"\u00c9venements","item":"https:\/\/lehangarzero.fr\/events\/"},{"@type":"ListItem","position":3,"name":"\ud83d\udecd\ufe0f March\u00e9 des cr\u00e9ateurs\u00b7rices du R\u00e9emploi &#8211; La Boutique du Hangar Z\u00e9ro"}]},{"@type":"WebSite","@id":"https:\/\/lehangarzero.fr\/#website","url":"https:\/\/lehangarzero.fr\/","name":"Le Hangar Z\u00e9ro","description":"Le laboratoire de la transition \u00e9cologique et citoyenne","publisher":{"@id":"https:\/\/lehangarzero.fr\/#organization"},"potentialAction":[{"@type":"SearchAction","target":{"@type":"EntryPoint","urlTemplate":"https:\/\/lehangarzero.fr\/?s={search_term_string}"},"query-input":{"@type":"PropertyValueSpecification","valueRequired":true,"valueName":"search_term_string"}}],"inLanguage":"en-US"},{"@type":"Organization","@id":"https:\/\/lehangarzero.fr\/#organization","name":"Le Hangar Z\u00e9ro","url":"https:\/\/lehangarzero.fr\/","logo":{"@type":"ImageObject","inLanguage":"en-US","@id":"https:\/\/lehangarzero.fr\/#\/schema\/logo\/image\/","url":"https:\/\/lehangarzero.fr\/wp-content\/uploads\/2022\/02\/cropped-cropped-logo-hz-blanc-1536x977-1.png","contentUrl":"https:\/\/lehangarzero.fr\/wp-content\/uploads\/2022\/02\/cropped-cropped-logo-hz-blanc-1536x977-1.png","width":"1536","height":"977","caption":"Le Hangar Z\u00e9ro"},"image":{"@id":"https:\/\/lehangarzero.fr\/#\/schema\/logo\/image\/"}}]}},"_links":{"self":[{"href":"https:\/\/lehangarzero.fr\/en\/wp-json\/wp\/v2\/mec-events\/9190","targetHints":{"allow":["GET"]}}],"collection":[{"href":"https:\/\/lehangarzero.fr\/en\/wp-json\/wp\/v2\/mec-events"}],"about":[{"href":"https:\/\/lehangarzero.fr\/en\/wp-json\/wp\/v2\/types\/mec-events"}],"author":[{"embeddable":true,"href":"https:\/\/lehangarzero.fr\/en\/wp-json\/wp\/v2\/users\/1"}],"replies":[{"embeddable":true,"href":"https:\/\/lehangarzero.fr\/en\/wp-json\/wp\/v2\/comments?post=9190"}],"wp:featuredmedia":[{"embeddable":true,"href":"https:\/\/lehangarzero.fr\/en\/wp-json\/wp\/v2\/media\/9188"}],"wp:attachment":[{"href":"https:\/\/lehangarzero.fr\/en\/wp-json\/wp\/v2\/media?parent=9190"}],"wp:term":[{"taxonomy":"post_tag","embeddable":true,"href":"https:\/\/lehangarzero.fr\/en\/wp-json\/wp\/v2\/tags?post=9190"},{"taxonomy":"mec_category","embeddable":true,"href":"https:\/\/lehangarzero.fr\/en\/wp-json\/wp\/v2\/mec_category?post=9190"}],"curies":[{"name":"wp","href":"https:\/\/api.w.org\/{rel}","templated":true}]}}