{"id":9220,"date":"2026-04-20T12:14:24","date_gmt":"2026-04-20T10:14:24","guid":{"rendered":"https:\/\/lehangarzero.fr\/events\/fete-de-la-solidarite-internationale-du-lien-entre-ville-et-campagne\/"},"modified":"2026-04-23T12:13:47","modified_gmt":"2026-04-23T10:13:47","slug":"fete-de-la-solidarite-internationale-du-lien-entre-ville-et-campagne","status":"publish","type":"mec-events","link":"https:\/\/lehangarzero.fr\/en\/events\/fete-de-la-solidarite-internationale-du-lien-entre-ville-et-campagne\/","title":{"rendered":"F\u00caTE DE LA SOLIDARIT\u00c9 INTERNATIONALE &#038; DU LIEN ENTRE VILLE ET CAMPAGNE"},"content":{"rendered":"<p>SAMEDI 30 MAI 2026 A PARTIR DE 14H AU HANGAR ZERO &#8211; LE HAVRE (76)<\/p>\n<p>F\u00caTE DE LA SOLIDARIT\u00c9 INTERNATIONALE &amp; DU LIEN ENTRE VILLE ET CAMPAGNE<br \/>\nORGANISEE PAR LE CCFD-TERRE SOLIDAIRE<\/p>\n<p>Dans le cadre de la tourn\u00e9e en Normandie de son partenaire br\u00e9silien l&rsquo;ASSESOAR ( Association d\u2019\u00e9tudes, d\u2019orientation et d\u2019assistance rurale), le CCFD \u2013 Terre Solidaire vous invite le samedi 30 mai 2026 \u00e0 partir de 14h au Hangar Z\u00e9ro pour une f\u00eate de la solidarit\u00e9 internationale et du lien entre villes et campagnes autour des questions d&rsquo;agro\u00e9cologie, et d&rsquo;alimentation durable.<br \/>\nL&rsquo;ASSESOAR est une association br\u00e9silienne qui regroupe des petits producteurs issues de l\u2019agriculture familiale. Sa mission depuis plus de 50 ans est de promouvoir un mod\u00e8le de soci\u00e9t\u00e9 rurale bas\u00e9e sur l\u2019agro\u00e9cologie, des valeurs d\u00e9mocratiques et solidaires, et capable de proposer aux nouvelles g\u00e9n\u00e9rations un vrai projet de vie.C&rsquo;est aujourd&rsquo;hui la r\u00e9f\u00e9rence du monde paysan contre l&rsquo;agrobusiness au Br\u00e9sil.<\/p>\n<p>\ud83c\udfaf L\u2019objectif de cet \u00e9v\u00e9nement ? Appr\u00e9hender l&rsquo;agro\u00e9cologie et l&rsquo;alimentation durable et leurs enjeux \u00e0 travers des regards et des exp\u00e9riences crois\u00e9s entre acteurs internationaux et acteurs locaux engag\u00e9s sur le territoire de la Seine Maritime sur ces sujets, repenser le lien entre villes et campagnes et entretenir le dialogue Nord\u2013Sud-<br \/>\nCette visite en France s&rsquo;int\u00e8gre dans le projet r\u00e9gional du CCFD Normandie \u00ab De La Semence \u00e0 l\u2019Assiette \u00bb qui organise depuis 2022 des \u00e9v\u00e9nements de sensibilisation du grand public sur les pratiques agro\u00e9cologiques et l&rsquo;alimentation durable.<\/p>\n<p>\ud83e\udde9 Au programme : Pr\u00e9sentation des actions du CCFD-Terre Solidaire au Br\u00e9sil avec Assesoar &#8211; Introduction aux enjeux de l&rsquo;agro\u00e9cologie et de l&rsquo;alimentation durable par l&rsquo;\u00e9quipe du CCFD-Terre Solidaire &#8211; Table-ronde et temps d\u2019\u00e9changes entre des intervenants issus du monde agricole sur le territoire et les acteurs br\u00e9siliens &#8211; atelier cr\u00e9atif pour les enfants &#8211; pot convivial de cl\u00f4ture<br \/>\n20H libre participation au concert du groupe havrais The Ska Flakes organis\u00e9 par le Hangar Z\u00e9ro.<\/p>\n<p>Lieu : Hangar Z\u00e9ro, 37 Quai de la Sa\u00f4ne, 76600 Le Havre<\/p>\n<p>En partenariat avec LOGOS AFD &#8211; ASSESOAR &#8211; DELASA<\/p>","protected":false},"excerpt":{"rendered":"<p>SAMEDI 30 MAI 2026 A PARTIR DE 14H AU HANGAR ZERO &#8211; LE HAVRE (76) F\u00caTE DE LA SOLIDARIT\u00c9 INTERNATIONALE &amp; DU LIEN ENTRE VILLE ET CAMPAGNE ORGANISEE PAR LE CCFD-TERRE SOLIDAIRE Dans le cadre de la tourn\u00e9e en Normandie de son partenaire br\u00e9silien l&rsquo;ASSESOAR ( Association d\u2019\u00e9tudes, d\u2019orientation et d\u2019assistance rurale), le CCFD \u2013 &hellip;<\/p>\n<p class=\"read-more\"> <a class=\"\" href=\"https:\/\/lehangarzero.fr\/en\/events\/fete-de-la-solidarite-internationale-du-lien-entre-ville-et-campagne\/\"> <span class=\"screen-reader-text\">F\u00caTE DE LA SOLIDARIT\u00c9 INTERNATIONALE &#038; DU LIEN ENTRE VILLE ET CAMPAGNE<\/span> Read More &raquo;<\/a><\/p>","protected":false},"author":1,"featured_media":9219,"comment_status":"open","ping_status":"closed","template":"","tags":[],"mec_category":[30],"class_list":["post-9220","mec-events","type-mec-events","status-publish","has-post-thumbnail","hentry","mec_category-evenements-thematiques"],"yoast_head":"<!-- This site is optimized with the Yoast SEO plugin v27.5 - https:\/\/yoast.com\/product\/yoast-seo-wordpress\/ -->\n<title>F\u00caTE DE LA SOLIDARIT\u00c9 INTERNATIONALE &amp; DU LIEN ENTRE VILLE ET CAMPAGNE - Le Hangar Z\u00e9ro<\/title>\n<meta name=\"description\" content=\"F\u00caTE DE LA SOLIDARIT\u00c9 INTERNATIONALE &amp; DU LIEN ENTRE VILLE ET CAMPAGNE ORGANISEE PAR LE CCFD-TERRE SOLIDAIRE\" \/>\n<meta name=\"robots\" content=\"index, follow, max-snippet:-1, max-image-preview:large, max-video-preview:-1\" \/>\n<link rel=\"canonical\" href=\"https:\/\/lehangarzero.fr\/en\/events\/fete-de-la-solidarite-internationale-du-lien-entre-ville-et-campagne\/\" \/>\n<meta property=\"og:locale\" content=\"en_US\" \/>\n<meta property=\"og:type\" content=\"article\" \/>\n<meta property=\"og:title\" content=\"F\u00caTE DE LA SOLIDARIT\u00c9 INTERNATIONALE &amp; DU LIEN ENTRE VILLE ET CAMPAGNE - Le Hangar Z\u00e9ro\" \/>\n<meta property=\"og:description\" content=\"F\u00caTE DE LA SOLIDARIT\u00c9 INTERNATIONALE &amp; DU LIEN ENTRE VILLE ET CAMPAGNE ORGANISEE PAR LE CCFD-TERRE SOLIDAIRE\" \/>\n<meta property=\"og:url\" content=\"https:\/\/lehangarzero.fr\/en\/events\/fete-de-la-solidarite-internationale-du-lien-entre-ville-et-campagne\/\" \/>\n<meta property=\"og:site_name\" content=\"Le Hangar Z\u00e9ro\" \/>\n<meta property=\"article:modified_time\" content=\"2026-04-23T10:13:47+00:00\" \/>\n<meta property=\"og:image\" content=\"https:\/\/lehangarzero.fr\/wp-content\/uploads\/2026\/04\/Evenement-Facebook-1.jpg\" \/>\n\t<meta property=\"og:image:width\" content=\"1920\" \/>\n\t<meta property=\"og:image:height\" content=\"1080\" \/>\n\t<meta property=\"og:image:type\" content=\"image\/jpeg\" \/>\n<meta name=\"twitter:card\" content=\"summary_large_image\" \/>\n<meta name=\"twitter:label1\" content=\"Est. reading time\" \/>\n\t<meta name=\"twitter:data1\" content=\"2 minutes\" \/>\n<script type=\"application\/ld+json\" class=\"yoast-schema-graph\">{\"@context\":\"https:\\\/\\\/schema.org\",\"@graph\":[{\"@type\":\"WebPage\",\"@id\":\"https:\\\/\\\/lehangarzero.fr\\\/events\\\/fete-de-la-solidarite-internationale-du-lien-entre-ville-et-campagne\\\/\",\"url\":\"https:\\\/\\\/lehangarzero.fr\\\/events\\\/fete-de-la-solidarite-internationale-du-lien-entre-ville-et-campagne\\\/\",\"name\":\"F\u00caTE DE LA SOLIDARIT\u00c9 INTERNATIONALE & DU LIEN ENTRE VILLE ET CAMPAGNE - Le Hangar Z\u00e9ro\",\"isPartOf\":{\"@id\":\"https:\\\/\\\/lehangarzero.fr\\\/#website\"},\"primaryImageOfPage\":{\"@id\":\"https:\\\/\\\/lehangarzero.fr\\\/events\\\/fete-de-la-solidarite-internationale-du-lien-entre-ville-et-campagne\\\/#primaryimage\"},\"image\":{\"@id\":\"https:\\\/\\\/lehangarzero.fr\\\/events\\\/fete-de-la-solidarite-internationale-du-lien-entre-ville-et-campagne\\\/#primaryimage\"},\"thumbnailUrl\":\"https:\\\/\\\/lehangarzero.fr\\\/wp-content\\\/uploads\\\/2026\\\/04\\\/Evenement-Facebook-1.jpg\",\"datePublished\":\"2026-04-20T10:14:24+00:00\",\"dateModified\":\"2026-04-23T10:13:47+00:00\",\"description\":\"F\u00caTE DE LA SOLIDARIT\u00c9 INTERNATIONALE & DU LIEN ENTRE VILLE ET CAMPAGNE ORGANISEE PAR LE CCFD-TERRE SOLIDAIRE\",\"breadcrumb\":{\"@id\":\"https:\\\/\\\/lehangarzero.fr\\\/events\\\/fete-de-la-solidarite-internationale-du-lien-entre-ville-et-campagne\\\/#breadcrumb\"},\"inLanguage\":\"en-US\",\"potentialAction\":[{\"@type\":\"ReadAction\",\"target\":[\"https:\\\/\\\/lehangarzero.fr\\\/events\\\/fete-de-la-solidarite-internationale-du-lien-entre-ville-et-campagne\\\/\"]}]},{\"@type\":\"ImageObject\",\"inLanguage\":\"en-US\",\"@id\":\"https:\\\/\\\/lehangarzero.fr\\\/events\\\/fete-de-la-solidarite-internationale-du-lien-entre-ville-et-campagne\\\/#primaryimage\",\"url\":\"https:\\\/\\\/lehangarzero.fr\\\/wp-content\\\/uploads\\\/2026\\\/04\\\/Evenement-Facebook-1.jpg\",\"contentUrl\":\"https:\\\/\\\/lehangarzero.fr\\\/wp-content\\\/uploads\\\/2026\\\/04\\\/Evenement-Facebook-1.jpg\",\"width\":1920,\"height\":1080},{\"@type\":\"BreadcrumbList\",\"@id\":\"https:\\\/\\\/lehangarzero.fr\\\/events\\\/fete-de-la-solidarite-internationale-du-lien-entre-ville-et-campagne\\\/#breadcrumb\",\"itemListElement\":[{\"@type\":\"ListItem\",\"position\":1,\"name\":\"Accueil\",\"item\":\"https:\\\/\\\/lehangarzero.fr\\\/\"},{\"@type\":\"ListItem\",\"position\":2,\"name\":\"\u00c9venements\",\"item\":\"https:\\\/\\\/lehangarzero.fr\\\/events\\\/\"},{\"@type\":\"ListItem\",\"position\":3,\"name\":\"F\u00caTE DE LA SOLIDARIT\u00c9 INTERNATIONALE &#038; DU LIEN ENTRE VILLE ET CAMPAGNE\"}]},{\"@type\":\"WebSite\",\"@id\":\"https:\\\/\\\/lehangarzero.fr\\\/#website\",\"url\":\"https:\\\/\\\/lehangarzero.fr\\\/\",\"name\":\"Le Hangar Z\u00e9ro\",\"description\":\"Le laboratoire de la transition \u00e9cologique et citoyenne\",\"publisher\":{\"@id\":\"https:\\\/\\\/lehangarzero.fr\\\/#organization\"},\"potentialAction\":[{\"@type\":\"SearchAction\",\"target\":{\"@type\":\"EntryPoint\",\"urlTemplate\":\"https:\\\/\\\/lehangarzero.fr\\\/?s={search_term_string}\"},\"query-input\":{\"@type\":\"PropertyValueSpecification\",\"valueRequired\":true,\"valueName\":\"search_term_string\"}}],\"inLanguage\":\"en-US\"},{\"@type\":\"Organization\",\"@id\":\"https:\\\/\\\/lehangarzero.fr\\\/#organization\",\"name\":\"Le Hangar Z\u00e9ro\",\"url\":\"https:\\\/\\\/lehangarzero.fr\\\/\",\"logo\":{\"@type\":\"ImageObject\",\"inLanguage\":\"en-US\",\"@id\":\"https:\\\/\\\/lehangarzero.fr\\\/#\\\/schema\\\/logo\\\/image\\\/\",\"url\":\"https:\\\/\\\/lehangarzero.fr\\\/wp-content\\\/uploads\\\/2022\\\/02\\\/cropped-cropped-logo-hz-blanc-1536x977-1.png\",\"contentUrl\":\"https:\\\/\\\/lehangarzero.fr\\\/wp-content\\\/uploads\\\/2022\\\/02\\\/cropped-cropped-logo-hz-blanc-1536x977-1.png\",\"width\":\"1536\",\"height\":\"977\",\"caption\":\"Le Hangar Z\u00e9ro\"},\"image\":{\"@id\":\"https:\\\/\\\/lehangarzero.fr\\\/#\\\/schema\\\/logo\\\/image\\\/\"}}]}<\/script>\n<!-- \/ Yoast SEO plugin. -->","yoast_head_json":{"title":"F\u00caTE DE LA SOLIDARIT\u00c9 INTERNATIONALE & DU LIEN ENTRE VILLE ET CAMPAGNE - Le Hangar Z\u00e9ro","description":"F\u00caTE DE LA SOLIDARIT\u00c9 INTERNATIONALE & DU LIEN ENTRE VILLE ET CAMPAGNE ORGANISEE PAR LE CCFD-TERRE SOLIDAIRE","robots":{"index":"index","follow":"follow","max-snippet":"max-snippet:-1","max-image-preview":"max-image-preview:large","max-video-preview":"max-video-preview:-1"},"canonical":"https:\/\/lehangarzero.fr\/en\/events\/fete-de-la-solidarite-internationale-du-lien-entre-ville-et-campagne\/","og_locale":"en_US","og_type":"article","og_title":"F\u00caTE DE LA SOLIDARIT\u00c9 INTERNATIONALE & DU LIEN ENTRE VILLE ET CAMPAGNE - Le Hangar Z\u00e9ro","og_description":"F\u00caTE DE LA SOLIDARIT\u00c9 INTERNATIONALE & DU LIEN ENTRE VILLE ET CAMPAGNE ORGANISEE PAR LE CCFD-TERRE SOLIDAIRE","og_url":"https:\/\/lehangarzero.fr\/en\/events\/fete-de-la-solidarite-internationale-du-lien-entre-ville-et-campagne\/","og_site_name":"Le Hangar Z\u00e9ro","article_modified_time":"2026-04-23T10:13:47+00:00","og_image":[{"width":1920,"height":1080,"url":"https:\/\/lehangarzero.fr\/wp-content\/uploads\/2026\/04\/Evenement-Facebook-1.jpg","type":"image\/jpeg"}],"twitter_card":"summary_large_image","twitter_misc":{"Est. reading time":"2 minutes"},"schema":{"@context":"https:\/\/schema.org","@graph":[{"@type":"WebPage","@id":"https:\/\/lehangarzero.fr\/events\/fete-de-la-solidarite-internationale-du-lien-entre-ville-et-campagne\/","url":"https:\/\/lehangarzero.fr\/events\/fete-de-la-solidarite-internationale-du-lien-entre-ville-et-campagne\/","name":"F\u00caTE DE LA SOLIDARIT\u00c9 INTERNATIONALE & DU LIEN ENTRE VILLE ET CAMPAGNE - Le Hangar Z\u00e9ro","isPartOf":{"@id":"https:\/\/lehangarzero.fr\/#website"},"primaryImageOfPage":{"@id":"https:\/\/lehangarzero.fr\/events\/fete-de-la-solidarite-internationale-du-lien-entre-ville-et-campagne\/#primaryimage"},"image":{"@id":"https:\/\/lehangarzero.fr\/events\/fete-de-la-solidarite-internationale-du-lien-entre-ville-et-campagne\/#primaryimage"},"thumbnailUrl":"https:\/\/lehangarzero.fr\/wp-content\/uploads\/2026\/04\/Evenement-Facebook-1.jpg","datePublished":"2026-04-20T10:14:24+00:00","dateModified":"2026-04-23T10:13:47+00:00","description":"F\u00caTE DE LA SOLIDARIT\u00c9 INTERNATIONALE & DU LIEN ENTRE VILLE ET CAMPAGNE ORGANISEE PAR LE CCFD-TERRE SOLIDAIRE","breadcrumb":{"@id":"https:\/\/lehangarzero.fr\/events\/fete-de-la-solidarite-internationale-du-lien-entre-ville-et-campagne\/#breadcrumb"},"inLanguage":"en-US","potentialAction":[{"@type":"ReadAction","target":["https:\/\/lehangarzero.fr\/events\/fete-de-la-solidarite-internationale-du-lien-entre-ville-et-campagne\/"]}]},{"@type":"ImageObject","inLanguage":"en-US","@id":"https:\/\/lehangarzero.fr\/events\/fete-de-la-solidarite-internationale-du-lien-entre-ville-et-campagne\/#primaryimage","url":"https:\/\/lehangarzero.fr\/wp-content\/uploads\/2026\/04\/Evenement-Facebook-1.jpg","contentUrl":"https:\/\/lehangarzero.fr\/wp-content\/uploads\/2026\/04\/Evenement-Facebook-1.jpg","width":1920,"height":1080},{"@type":"BreadcrumbList","@id":"https:\/\/lehangarzero.fr\/events\/fete-de-la-solidarite-internationale-du-lien-entre-ville-et-campagne\/#breadcrumb","itemListElement":[{"@type":"ListItem","position":1,"name":"Accueil","item":"https:\/\/lehangarzero.fr\/"},{"@type":"ListItem","position":2,"name":"\u00c9venements","item":"https:\/\/lehangarzero.fr\/events\/"},{"@type":"ListItem","position":3,"name":"F\u00caTE DE LA SOLIDARIT\u00c9 INTERNATIONALE &#038; DU LIEN ENTRE VILLE ET CAMPAGNE"}]},{"@type":"WebSite","@id":"https:\/\/lehangarzero.fr\/#website","url":"https:\/\/lehangarzero.fr\/","name":"Le Hangar Z\u00e9ro","description":"Le laboratoire de la transition \u00e9cologique et citoyenne","publisher":{"@id":"https:\/\/lehangarzero.fr\/#organization"},"potentialAction":[{"@type":"SearchAction","target":{"@type":"EntryPoint","urlTemplate":"https:\/\/lehangarzero.fr\/?s={search_term_string}"},"query-input":{"@type":"PropertyValueSpecification","valueRequired":true,"valueName":"search_term_string"}}],"inLanguage":"en-US"},{"@type":"Organization","@id":"https:\/\/lehangarzero.fr\/#organization","name":"Le Hangar Z\u00e9ro","url":"https:\/\/lehangarzero.fr\/","logo":{"@type":"ImageObject","inLanguage":"en-US","@id":"https:\/\/lehangarzero.fr\/#\/schema\/logo\/image\/","url":"https:\/\/lehangarzero.fr\/wp-content\/uploads\/2022\/02\/cropped-cropped-logo-hz-blanc-1536x977-1.png","contentUrl":"https:\/\/lehangarzero.fr\/wp-content\/uploads\/2022\/02\/cropped-cropped-logo-hz-blanc-1536x977-1.png","width":"1536","height":"977","caption":"Le Hangar Z\u00e9ro"},"image":{"@id":"https:\/\/lehangarzero.fr\/#\/schema\/logo\/image\/"}}]}},"_links":{"self":[{"href":"https:\/\/lehangarzero.fr\/en\/wp-json\/wp\/v2\/mec-events\/9220","targetHints":{"allow":["GET"]}}],"collection":[{"href":"https:\/\/lehangarzero.fr\/en\/wp-json\/wp\/v2\/mec-events"}],"about":[{"href":"https:\/\/lehangarzero.fr\/en\/wp-json\/wp\/v2\/types\/mec-events"}],"author":[{"embeddable":true,"href":"https:\/\/lehangarzero.fr\/en\/wp-json\/wp\/v2\/users\/1"}],"replies":[{"embeddable":true,"href":"https:\/\/lehangarzero.fr\/en\/wp-json\/wp\/v2\/comments?post=9220"}],"wp:featuredmedia":[{"embeddable":true,"href":"https:\/\/lehangarzero.fr\/en\/wp-json\/wp\/v2\/media\/9219"}],"wp:attachment":[{"href":"https:\/\/lehangarzero.fr\/en\/wp-json\/wp\/v2\/media?parent=9220"}],"wp:term":[{"taxonomy":"post_tag","embeddable":true,"href":"https:\/\/lehangarzero.fr\/en\/wp-json\/wp\/v2\/tags?post=9220"},{"taxonomy":"mec_category","embeddable":true,"href":"https:\/\/lehangarzero.fr\/en\/wp-json\/wp\/v2\/mec_category?post=9220"}],"curies":[{"name":"wp","href":"https:\/\/api.w.org\/{rel}","templated":true}]}}