{"id":9292,"date":"2026-04-30T15:31:08","date_gmt":"2026-04-30T13:31:08","guid":{"rendered":"https:\/\/lehangarzero.fr\/events\/%f0%9f%8e%b8-makers-en-live-au-hangar-zero\/"},"modified":"2026-04-30T16:31:15","modified_gmt":"2026-04-30T14:31:15","slug":"%f0%9f%8e%b8-makers-en-live-au-hangar-zero","status":"publish","type":"mec-events","link":"https:\/\/lehangarzero.fr\/en\/events\/%f0%9f%8e%b8-makers-en-live-au-hangar-zero\/","title":{"rendered":"\ud83c\udfb8 Makers + REDD en live au Hangar Z\u00e9ro \ud83d\udd25"},"content":{"rendered":"<p>\ud83c\udfb8 Makers + REDD en live au Hangar Z\u00e9ro \ud83d\udd25<\/p>\n<p>\ud83d\udcc5 Samedi 23 mai 2026<br \/>\nDeux univers, une m\u00eame \u00e9nergie : le rock sous toutes ses formes d\u00e9barque au Hangar Z\u00e9ro \u26a1<\/p>\n<p>\ud83c\udfb6 Makers<br \/>\nLes compositions d\u2019Alain Blanchard auraient pu rester dans l\u2019ombre\u2026 jusqu\u2019\u00e0 cette rencontre d\u00e9cisive qui donne naissance \u00e0 Makers.<br \/>\nDepuis 2023, le projet s\u2019acc\u00e9l\u00e8re : r\u00e9p\u00e8tes, cr\u00e9ation, sc\u00e8ne\u2026 et un premier concert tr\u00e8s remarqu\u00e9.Influenc\u00e9 par Radiohead, Jeff Buckley ou Archive, Makers propose un rock ind\u00e9 hybride entre songwriting, \u00e9lectro et intensit\u00e9 brute.<br \/>\nDes morceaux oniriques et habit\u00e9s, entre \u00e9motions, questionnements et \u00e9clats de col\u00e8re.<\/p>\n<p>\ud83c\udfa4 REDD<br \/>\nOriginaire de Rouen, REDD puise ses racines dans le rock anglais (The Beatles, The Police) et l\u2019ind\u00e9 am\u00e9ricain (Ben Kweller, Ben Folds).<br \/>\nUn groupe solide, construit autour d\u2019un trio complice depuis plus de 30 ans, qui prend toute son ampleur sur sc\u00e8ne en formation \u00e9largie.Leur musique refl\u00e8te cette richesse d\u2019influences, avec des compositions cisel\u00e9es et une vraie maturit\u00e9 musicale.<\/p>\n<p>\u2728 Une soir\u00e9e live \u00e0 ne pas manquer<br \/>\nEntre sensibilit\u00e9, puissance et exp\u00e9rience sc\u00e9nique, Makers et REDD promettent une soir\u00e9e riche en \u00e9motions et en vibrations.<\/p>\n<p>\ud83d\udccd Hangar Z\u00e9ro \u2014 Le Havre<br \/>\nViens d\u00e9couvrir deux projets qui ne laissent pas indiff\u00e9rent \ud83d\udc40\ud83d\udd25<\/p>","protected":false},"excerpt":{"rendered":"<p>\ud83c\udfb8 Makers + REDD en live au Hangar Z\u00e9ro \ud83d\udd25 \ud83d\udcc5 Samedi 23 mai 2026 Deux univers, une m\u00eame \u00e9nergie : le rock sous toutes ses formes d\u00e9barque au Hangar Z\u00e9ro \u26a1 \ud83c\udfb6 Makers Les compositions d\u2019Alain Blanchard auraient pu rester dans l\u2019ombre\u2026 jusqu\u2019\u00e0 cette rencontre d\u00e9cisive qui donne naissance \u00e0 Makers. Depuis 2023, le &hellip;<\/p>\n<p class=\"read-more\"> <a class=\"\" href=\"https:\/\/lehangarzero.fr\/en\/events\/%f0%9f%8e%b8-makers-en-live-au-hangar-zero\/\"> <span class=\"screen-reader-text\">\ud83c\udfb8 Makers + REDD en live au Hangar Z\u00e9ro \ud83d\udd25<\/span> Read More &raquo;<\/a><\/p>","protected":false},"author":1,"featured_media":9291,"comment_status":"open","ping_status":"closed","template":"","tags":[],"mec_category":[22],"class_list":["post-9292","mec-events","type-mec-events","status-publish","has-post-thumbnail","hentry","mec_category-concert"],"yoast_head":"<!-- This site is optimized with the Yoast SEO plugin v27.5 - https:\/\/yoast.com\/product\/yoast-seo-wordpress\/ -->\n<title>\ud83c\udfb8 Makers + REDD en live au Hangar Z\u00e9ro \ud83d\udd25 - Le Hangar Z\u00e9ro<\/title>\n<meta name=\"robots\" content=\"index, follow, max-snippet:-1, max-image-preview:large, max-video-preview:-1\" \/>\n<link rel=\"canonical\" href=\"https:\/\/lehangarzero.fr\/en\/events\/\ud83c\udfb8-makers-en-live-au-hangar-zero\/\" \/>\n<meta property=\"og:locale\" content=\"en_US\" \/>\n<meta property=\"og:type\" content=\"article\" \/>\n<meta property=\"og:title\" content=\"\ud83c\udfb8 Makers + REDD en live au Hangar Z\u00e9ro \ud83d\udd25 - Le Hangar Z\u00e9ro\" \/>\n<meta property=\"og:description\" content=\"\ud83c\udfb8 Makers + REDD en live au Hangar Z\u00e9ro \ud83d\udd25 \ud83d\udcc5 Samedi 23 mai 2026 Deux univers, une m\u00eame \u00e9nergie : le rock sous toutes ses formes d\u00e9barque au Hangar Z\u00e9ro \u26a1 \ud83c\udfb6 Makers Les compositions d\u2019Alain Blanchard auraient pu rester dans l\u2019ombre\u2026 jusqu\u2019\u00e0 cette rencontre d\u00e9cisive qui donne naissance \u00e0 Makers. Depuis 2023, le &hellip; \ud83c\udfb8 Makers + REDD en live au Hangar Z\u00e9ro \ud83d\udd25 Read More &raquo;\" \/>\n<meta property=\"og:url\" content=\"https:\/\/lehangarzero.fr\/en\/events\/\ud83c\udfb8-makers-en-live-au-hangar-zero\/\" \/>\n<meta property=\"og:site_name\" content=\"Le Hangar Z\u00e9ro\" \/>\n<meta property=\"article:modified_time\" content=\"2026-04-30T14:31:15+00:00\" \/>\n<meta property=\"og:image\" content=\"https:\/\/lehangarzero.fr\/wp-content\/uploads\/2026\/04\/Lightroom-2.jpg\" \/>\n\t<meta property=\"og:image:width\" content=\"1920\" \/>\n\t<meta property=\"og:image:height\" content=\"1080\" \/>\n\t<meta property=\"og:image:type\" content=\"image\/jpeg\" \/>\n<meta name=\"twitter:card\" content=\"summary_large_image\" \/>\n<meta name=\"twitter:label1\" content=\"Est. reading time\" \/>\n\t<meta name=\"twitter:data1\" content=\"2 minutes\" \/>\n<script type=\"application\/ld+json\" class=\"yoast-schema-graph\">{\"@context\":\"https:\\\/\\\/schema.org\",\"@graph\":[{\"@type\":\"WebPage\",\"@id\":\"https:\\\/\\\/lehangarzero.fr\\\/events\\\/%f0%9f%8e%b8-makers-en-live-au-hangar-zero\\\/\",\"url\":\"https:\\\/\\\/lehangarzero.fr\\\/events\\\/%f0%9f%8e%b8-makers-en-live-au-hangar-zero\\\/\",\"name\":\"\ud83c\udfb8 Makers + REDD en live au Hangar Z\u00e9ro \ud83d\udd25 - Le Hangar Z\u00e9ro\",\"isPartOf\":{\"@id\":\"https:\\\/\\\/lehangarzero.fr\\\/#website\"},\"primaryImageOfPage\":{\"@id\":\"https:\\\/\\\/lehangarzero.fr\\\/events\\\/%f0%9f%8e%b8-makers-en-live-au-hangar-zero\\\/#primaryimage\"},\"image\":{\"@id\":\"https:\\\/\\\/lehangarzero.fr\\\/events\\\/%f0%9f%8e%b8-makers-en-live-au-hangar-zero\\\/#primaryimage\"},\"thumbnailUrl\":\"https:\\\/\\\/lehangarzero.fr\\\/wp-content\\\/uploads\\\/2026\\\/04\\\/Lightroom-2.jpg\",\"datePublished\":\"2026-04-30T13:31:08+00:00\",\"dateModified\":\"2026-04-30T14:31:15+00:00\",\"breadcrumb\":{\"@id\":\"https:\\\/\\\/lehangarzero.fr\\\/events\\\/%f0%9f%8e%b8-makers-en-live-au-hangar-zero\\\/#breadcrumb\"},\"inLanguage\":\"en-US\",\"potentialAction\":[{\"@type\":\"ReadAction\",\"target\":[\"https:\\\/\\\/lehangarzero.fr\\\/events\\\/%f0%9f%8e%b8-makers-en-live-au-hangar-zero\\\/\"]}]},{\"@type\":\"ImageObject\",\"inLanguage\":\"en-US\",\"@id\":\"https:\\\/\\\/lehangarzero.fr\\\/events\\\/%f0%9f%8e%b8-makers-en-live-au-hangar-zero\\\/#primaryimage\",\"url\":\"https:\\\/\\\/lehangarzero.fr\\\/wp-content\\\/uploads\\\/2026\\\/04\\\/Lightroom-2.jpg\",\"contentUrl\":\"https:\\\/\\\/lehangarzero.fr\\\/wp-content\\\/uploads\\\/2026\\\/04\\\/Lightroom-2.jpg\",\"width\":1920,\"height\":1080},{\"@type\":\"BreadcrumbList\",\"@id\":\"https:\\\/\\\/lehangarzero.fr\\\/events\\\/%f0%9f%8e%b8-makers-en-live-au-hangar-zero\\\/#breadcrumb\",\"itemListElement\":[{\"@type\":\"ListItem\",\"position\":1,\"name\":\"Accueil\",\"item\":\"https:\\\/\\\/lehangarzero.fr\\\/\"},{\"@type\":\"ListItem\",\"position\":2,\"name\":\"\u00c9venements\",\"item\":\"https:\\\/\\\/lehangarzero.fr\\\/events\\\/\"},{\"@type\":\"ListItem\",\"position\":3,\"name\":\"\ud83c\udfb8 Makers + REDD en live au Hangar Z\u00e9ro \ud83d\udd25\"}]},{\"@type\":\"WebSite\",\"@id\":\"https:\\\/\\\/lehangarzero.fr\\\/#website\",\"url\":\"https:\\\/\\\/lehangarzero.fr\\\/\",\"name\":\"Le Hangar Z\u00e9ro\",\"description\":\"Le laboratoire de la transition \u00e9cologique et citoyenne\",\"publisher\":{\"@id\":\"https:\\\/\\\/lehangarzero.fr\\\/#organization\"},\"potentialAction\":[{\"@type\":\"SearchAction\",\"target\":{\"@type\":\"EntryPoint\",\"urlTemplate\":\"https:\\\/\\\/lehangarzero.fr\\\/?s={search_term_string}\"},\"query-input\":{\"@type\":\"PropertyValueSpecification\",\"valueRequired\":true,\"valueName\":\"search_term_string\"}}],\"inLanguage\":\"en-US\"},{\"@type\":\"Organization\",\"@id\":\"https:\\\/\\\/lehangarzero.fr\\\/#organization\",\"name\":\"Le Hangar Z\u00e9ro\",\"url\":\"https:\\\/\\\/lehangarzero.fr\\\/\",\"logo\":{\"@type\":\"ImageObject\",\"inLanguage\":\"en-US\",\"@id\":\"https:\\\/\\\/lehangarzero.fr\\\/#\\\/schema\\\/logo\\\/image\\\/\",\"url\":\"https:\\\/\\\/lehangarzero.fr\\\/wp-content\\\/uploads\\\/2022\\\/02\\\/cropped-cropped-logo-hz-blanc-1536x977-1.png\",\"contentUrl\":\"https:\\\/\\\/lehangarzero.fr\\\/wp-content\\\/uploads\\\/2022\\\/02\\\/cropped-cropped-logo-hz-blanc-1536x977-1.png\",\"width\":\"1536\",\"height\":\"977\",\"caption\":\"Le Hangar Z\u00e9ro\"},\"image\":{\"@id\":\"https:\\\/\\\/lehangarzero.fr\\\/#\\\/schema\\\/logo\\\/image\\\/\"}}]}<\/script>\n<!-- \/ Yoast SEO plugin. -->","yoast_head_json":{"title":"\ud83c\udfb8 Makers + REDD en live au Hangar Z\u00e9ro \ud83d\udd25 - Le Hangar Z\u00e9ro","robots":{"index":"index","follow":"follow","max-snippet":"max-snippet:-1","max-image-preview":"max-image-preview:large","max-video-preview":"max-video-preview:-1"},"canonical":"https:\/\/lehangarzero.fr\/en\/events\/\ud83c\udfb8-makers-en-live-au-hangar-zero\/","og_locale":"en_US","og_type":"article","og_title":"\ud83c\udfb8 Makers + REDD en live au Hangar Z\u00e9ro \ud83d\udd25 - Le Hangar Z\u00e9ro","og_description":"\ud83c\udfb8 Makers + REDD en live au Hangar Z\u00e9ro \ud83d\udd25 \ud83d\udcc5 Samedi 23 mai 2026 Deux univers, une m\u00eame \u00e9nergie : le rock sous toutes ses formes d\u00e9barque au Hangar Z\u00e9ro \u26a1 \ud83c\udfb6 Makers Les compositions d\u2019Alain Blanchard auraient pu rester dans l\u2019ombre\u2026 jusqu\u2019\u00e0 cette rencontre d\u00e9cisive qui donne naissance \u00e0 Makers. Depuis 2023, le &hellip; \ud83c\udfb8 Makers + REDD en live au Hangar Z\u00e9ro \ud83d\udd25 Read More &raquo;","og_url":"https:\/\/lehangarzero.fr\/en\/events\/\ud83c\udfb8-makers-en-live-au-hangar-zero\/","og_site_name":"Le Hangar Z\u00e9ro","article_modified_time":"2026-04-30T14:31:15+00:00","og_image":[{"width":1920,"height":1080,"url":"https:\/\/lehangarzero.fr\/wp-content\/uploads\/2026\/04\/Lightroom-2.jpg","type":"image\/jpeg"}],"twitter_card":"summary_large_image","twitter_misc":{"Est. reading time":"2 minutes"},"schema":{"@context":"https:\/\/schema.org","@graph":[{"@type":"WebPage","@id":"https:\/\/lehangarzero.fr\/events\/%f0%9f%8e%b8-makers-en-live-au-hangar-zero\/","url":"https:\/\/lehangarzero.fr\/events\/%f0%9f%8e%b8-makers-en-live-au-hangar-zero\/","name":"\ud83c\udfb8 Makers + REDD en live au Hangar Z\u00e9ro \ud83d\udd25 - Le Hangar Z\u00e9ro","isPartOf":{"@id":"https:\/\/lehangarzero.fr\/#website"},"primaryImageOfPage":{"@id":"https:\/\/lehangarzero.fr\/events\/%f0%9f%8e%b8-makers-en-live-au-hangar-zero\/#primaryimage"},"image":{"@id":"https:\/\/lehangarzero.fr\/events\/%f0%9f%8e%b8-makers-en-live-au-hangar-zero\/#primaryimage"},"thumbnailUrl":"https:\/\/lehangarzero.fr\/wp-content\/uploads\/2026\/04\/Lightroom-2.jpg","datePublished":"2026-04-30T13:31:08+00:00","dateModified":"2026-04-30T14:31:15+00:00","breadcrumb":{"@id":"https:\/\/lehangarzero.fr\/events\/%f0%9f%8e%b8-makers-en-live-au-hangar-zero\/#breadcrumb"},"inLanguage":"en-US","potentialAction":[{"@type":"ReadAction","target":["https:\/\/lehangarzero.fr\/events\/%f0%9f%8e%b8-makers-en-live-au-hangar-zero\/"]}]},{"@type":"ImageObject","inLanguage":"en-US","@id":"https:\/\/lehangarzero.fr\/events\/%f0%9f%8e%b8-makers-en-live-au-hangar-zero\/#primaryimage","url":"https:\/\/lehangarzero.fr\/wp-content\/uploads\/2026\/04\/Lightroom-2.jpg","contentUrl":"https:\/\/lehangarzero.fr\/wp-content\/uploads\/2026\/04\/Lightroom-2.jpg","width":1920,"height":1080},{"@type":"BreadcrumbList","@id":"https:\/\/lehangarzero.fr\/events\/%f0%9f%8e%b8-makers-en-live-au-hangar-zero\/#breadcrumb","itemListElement":[{"@type":"ListItem","position":1,"name":"Accueil","item":"https:\/\/lehangarzero.fr\/"},{"@type":"ListItem","position":2,"name":"\u00c9venements","item":"https:\/\/lehangarzero.fr\/events\/"},{"@type":"ListItem","position":3,"name":"\ud83c\udfb8 Makers + REDD en live au Hangar Z\u00e9ro \ud83d\udd25"}]},{"@type":"WebSite","@id":"https:\/\/lehangarzero.fr\/#website","url":"https:\/\/lehangarzero.fr\/","name":"Le Hangar Z\u00e9ro","description":"Le laboratoire de la transition \u00e9cologique et citoyenne","publisher":{"@id":"https:\/\/lehangarzero.fr\/#organization"},"potentialAction":[{"@type":"SearchAction","target":{"@type":"EntryPoint","urlTemplate":"https:\/\/lehangarzero.fr\/?s={search_term_string}"},"query-input":{"@type":"PropertyValueSpecification","valueRequired":true,"valueName":"search_term_string"}}],"inLanguage":"en-US"},{"@type":"Organization","@id":"https:\/\/lehangarzero.fr\/#organization","name":"Le Hangar Z\u00e9ro","url":"https:\/\/lehangarzero.fr\/","logo":{"@type":"ImageObject","inLanguage":"en-US","@id":"https:\/\/lehangarzero.fr\/#\/schema\/logo\/image\/","url":"https:\/\/lehangarzero.fr\/wp-content\/uploads\/2022\/02\/cropped-cropped-logo-hz-blanc-1536x977-1.png","contentUrl":"https:\/\/lehangarzero.fr\/wp-content\/uploads\/2022\/02\/cropped-cropped-logo-hz-blanc-1536x977-1.png","width":"1536","height":"977","caption":"Le Hangar Z\u00e9ro"},"image":{"@id":"https:\/\/lehangarzero.fr\/#\/schema\/logo\/image\/"}}]}},"_links":{"self":[{"href":"https:\/\/lehangarzero.fr\/en\/wp-json\/wp\/v2\/mec-events\/9292","targetHints":{"allow":["GET"]}}],"collection":[{"href":"https:\/\/lehangarzero.fr\/en\/wp-json\/wp\/v2\/mec-events"}],"about":[{"href":"https:\/\/lehangarzero.fr\/en\/wp-json\/wp\/v2\/types\/mec-events"}],"author":[{"embeddable":true,"href":"https:\/\/lehangarzero.fr\/en\/wp-json\/wp\/v2\/users\/1"}],"replies":[{"embeddable":true,"href":"https:\/\/lehangarzero.fr\/en\/wp-json\/wp\/v2\/comments?post=9292"}],"wp:featuredmedia":[{"embeddable":true,"href":"https:\/\/lehangarzero.fr\/en\/wp-json\/wp\/v2\/media\/9291"}],"wp:attachment":[{"href":"https:\/\/lehangarzero.fr\/en\/wp-json\/wp\/v2\/media?parent=9292"}],"wp:term":[{"taxonomy":"post_tag","embeddable":true,"href":"https:\/\/lehangarzero.fr\/en\/wp-json\/wp\/v2\/tags?post=9292"},{"taxonomy":"mec_category","embeddable":true,"href":"https:\/\/lehangarzero.fr\/en\/wp-json\/wp\/v2\/mec_category?post=9292"}],"curies":[{"name":"wp","href":"https:\/\/api.w.org\/{rel}","templated":true}]}}